{"id":1345,"date":"2025-09-09T09:22:39","date_gmt":"2025-09-09T09:22:39","guid":{"rendered":"https:\/\/www.myportugalexperience.com\/blog\/?p=1345"},"modified":"2026-01-15T15:28:50","modified_gmt":"2026-01-15T15:28:50","slug":"apartamentos-turisticos-no-algarve","status":"publish","type":"page","link":"https:\/\/www.myportugalexperience.com\/blog\/apartamentos-turisticos-no-algarve\/","title":{"rendered":"Reserve agora apartamentos tur\u00edsticos no Algarve"},"content":{"rendered":"\t\t<div data-elementor-type=\"wp-post\" data-elementor-id=\"1345\" class=\"elementor elementor-1345 elementor-1332\" data-elementor-post-type=\"page\">\n\t\t\t\t<div class=\"elementor-element elementor-element-181e816e e-flex e-con-boxed e-con e-parent\" data-id=\"181e816e\" data-element_type=\"container\" data-e-type=\"container\">\n\t\t\t\t\t<div class=\"e-con-inner\">\n\t\t<div class=\"elementor-element elementor-element-468218d8 e-con-full e-flex e-con e-child\" data-id=\"468218d8\" data-element_type=\"container\" data-e-type=\"container\">\n\t\t<div class=\"elementor-element elementor-element-5c6efe4c e-con-full e-flex e-con e-child\" data-id=\"5c6efe4c\" data-element_type=\"container\" data-e-type=\"container\">\n\t\t\t\t<div class=\"elementor-element elementor-element-5cb5fae2 elementor-widget__width-initial elementor-widget elementor-widget-text-editor\" data-id=\"5cb5fae2\" data-element_type=\"widget\" data-e-type=\"widget\" data-widget_type=\"text-editor.default\">\n\t\t\t\t<div class=\"elementor-widget-container\">\n\t\t\t\t\t\t\t\t\t<p>EXPLORE O ALGARVE<\/p>\t\t\t\t\t\t\t\t<\/div>\n\t\t\t\t<\/div>\n\t\t\t\t<div class=\"elementor-element elementor-element-7afa3bbf elementor-widget elementor-widget-heading\" data-id=\"7afa3bbf\" data-element_type=\"widget\" data-e-type=\"widget\" data-widget_type=\"heading.default\">\n\t\t\t\t<div class=\"elementor-widget-container\">\n\t\t\t\t\t<h1 class=\"elementor-heading-title elementor-size-default\">Apartamentos tur\u00edsticos no Algarve<\/h1>\t\t\t\t<\/div>\n\t\t\t\t<\/div>\n\t\t\t\t<\/div>\n\t\t<div class=\"elementor-element elementor-element-572af695 e-con-full elementor-hidden-tablet e-flex e-con e-child\" data-id=\"572af695\" data-element_type=\"container\" data-e-type=\"container\">\n\t\t<div class=\"elementor-element elementor-element-30b42752 e-con-full e-flex e-con e-child\" data-id=\"30b42752\" data-element_type=\"container\" data-e-type=\"container\">\n\t\t\t\t<div class=\"elementor-element elementor-element-60074179 elementor-widget-tablet__width-initial elementor-invisible elementor-widget elementor-widget-image\" data-id=\"60074179\" data-element_type=\"widget\" data-e-type=\"widget\" data-settings=\"{&quot;_animation&quot;:&quot;fadeInUp&quot;,&quot;_animation_mobile&quot;:&quot;fadeIn&quot;,&quot;_animation_delay&quot;:200}\" data-widget_type=\"image.default\">\n\t\t\t\t<div class=\"elementor-widget-container\">\n\t\t\t\t\t\t\t\t\t\t\t\t\t\t\t\t<a href=\"https:\/\/www.myportugalexperience.com\/blog\/wp-content\/uploads\/2025\/09\/apartment-in-algarve-2.webp\" data-elementor-open-lightbox=\"no\">\n\t\t\t\t\t\t\t<img fetchpriority=\"high\" decoding=\"async\" width=\"800\" height=\"800\" src=\"https:\/\/www.myportugalexperience.com\/blog\/wp-content\/uploads\/2025\/09\/apartment-in-algarve-2.webp\" class=\"attachment-full size-full wp-image-1337\" alt=\"\" srcset=\"https:\/\/www.myportugalexperience.com\/blog\/wp-content\/uploads\/2025\/09\/apartment-in-algarve-2.webp 800w, https:\/\/www.myportugalexperience.com\/blog\/wp-content\/uploads\/2025\/09\/apartment-in-algarve-2-300x300.webp 300w, https:\/\/www.myportugalexperience.com\/blog\/wp-content\/uploads\/2025\/09\/apartment-in-algarve-2-150x150.webp 150w, https:\/\/www.myportugalexperience.com\/blog\/wp-content\/uploads\/2025\/09\/apartment-in-algarve-2-768x768.webp 768w\" sizes=\"(max-width: 800px) 100vw, 800px\" \/>\t\t\t\t\t\t\t\t<\/a>\n\t\t\t\t\t\t\t\t\t\t\t\t\t\t\t<\/div>\n\t\t\t\t<\/div>\n\t\t\t\t<div class=\"elementor-element elementor-element-407c4f0c elementor-widget-tablet__width-initial elementor-invisible elementor-widget elementor-widget-image\" data-id=\"407c4f0c\" data-element_type=\"widget\" data-e-type=\"widget\" data-settings=\"{&quot;_animation&quot;:&quot;fadeInUp&quot;,&quot;_animation_mobile&quot;:&quot;fadeIn&quot;,&quot;_animation_delay&quot;:400}\" data-widget_type=\"image.default\">\n\t\t\t\t<div class=\"elementor-widget-container\">\n\t\t\t\t\t\t\t\t\t\t\t\t\t\t\t\t<a href=\"https:\/\/www.myportugalexperience.com\/blog\/wp-content\/uploads\/2025\/09\/apartment-in-algarve-1.webp\" data-elementor-open-lightbox=\"no\">\n\t\t\t\t\t\t\t<img decoding=\"async\" width=\"800\" height=\"800\" src=\"https:\/\/www.myportugalexperience.com\/blog\/wp-content\/uploads\/2025\/09\/apartment-in-algarve-1.webp\" class=\"attachment-full size-full wp-image-1335\" alt=\"\" srcset=\"https:\/\/www.myportugalexperience.com\/blog\/wp-content\/uploads\/2025\/09\/apartment-in-algarve-1.webp 800w, https:\/\/www.myportugalexperience.com\/blog\/wp-content\/uploads\/2025\/09\/apartment-in-algarve-1-300x300.webp 300w, https:\/\/www.myportugalexperience.com\/blog\/wp-content\/uploads\/2025\/09\/apartment-in-algarve-1-150x150.webp 150w, https:\/\/www.myportugalexperience.com\/blog\/wp-content\/uploads\/2025\/09\/apartment-in-algarve-1-768x768.webp 768w\" sizes=\"(max-width: 800px) 100vw, 800px\" \/>\t\t\t\t\t\t\t\t<\/a>\n\t\t\t\t\t\t\t\t\t\t\t\t\t\t\t<\/div>\n\t\t\t\t<\/div>\n\t\t\t\t<\/div>\n\t\t\t\t<\/div>\n\t\t\t\t<\/div>\n\t\t\t\t\t<\/div>\n\t\t\t\t<\/div>\n\t\t<div class=\"elementor-element elementor-element-207980d7 e-flex e-con-boxed e-con e-parent\" data-id=\"207980d7\" data-element_type=\"container\" data-e-type=\"container\">\n\t\t\t\t\t<div class=\"e-con-inner\">\n\t\t<div class=\"elementor-element elementor-element-478a08d4 e-con-full e-flex e-con e-child\" data-id=\"478a08d4\" data-element_type=\"container\" data-e-type=\"container\">\n\t\t\t\t<div class=\"elementor-element elementor-element-7da6e0b6 elementor-widget elementor-widget-grid\" data-id=\"7da6e0b6\" data-element_type=\"widget\" data-e-type=\"widget\" data-widget_type=\"grid.default\">\n\t\t\t\t<div class=\"elementor-widget-container\">\n\t\t\t\t\t\t\t<div class=\"its--row alojamientos-recomendados\">\n\n\t\t\t<div class=\"alojamientos-recomendados-container\">\n\n\t\t\t\t\t\n\t\t\t\t\t<a href=\"https:\/\/www.myportugalexperience.com\/aluguer\/apartamento-albufeira-roma-vista-mar-5-min-baixa-albufeira-ac-268214.html\" rel=\"nofollow\" style=\"width: 32%;\">\n\t\t\t\t\t\t<div class=\"apartamento-box\">\n\t\t\t\t\t\t\t<div class=\"imagen_recomendados\">\n\t\t\t\t\t\t\t\t<img decoding=\"async\" src=\"https:\/\/crs.avantio.com\/fotos\/2\/1543610749351ae2e39ca7119cf5f41d686df599f0\/big1707911291a0dadcb75acabf35dcfd91e43fae01dc.jpg\" alt=\"Apt. Rom\u00e3 OCV - Vista Mar\">\n\t\t\t\t\t\t\t<\/div>\n\t\t\t\t\t\t\t<div class=\"info\">\n\t\t\t\t\t\t\t\t<div class=\"ubicacion\">\n\t\t\t\t\t\t\t\t\t<i class=\"fa-solid fa-location-dot icono-mapa\"><\/i><span class=\"ubicacion-texto\">Albufeira - Algarve<\/span>\n\t\t\t\t\t\t\t\t<\/div>\n\t\t\t\t\t\t\t\t<H4 class=\"titulo-alojamiento\">\n\t\t\t\t\t\t\t\t\tApt. Rom\u00e3 OCV - Vista Mar\t\t\t\t\t\t\t\t<\/H4>\n\t\t\t\t\t\t\t\t<p class=\"precio-alojamiento\">De <span class=\"precio\">57.00\u20ac<\/span> por noite<\/p>\n\t\t\t\t\t\t\t<\/div>\n\t\t\t\t\t\t<\/div>\n\t\t\t\t\t<\/a> \n\t\t\t\t\t\t\n\t\t\t\t\t<a href=\"https:\/\/www.myportugalexperience.com\/aluguer\/apartamento-albufeira-figo-apartamento-luxuoso-5-min-baixa-albufeira-268215.html\" rel=\"nofollow\" style=\"width: 32%;\">\n\t\t\t\t\t\t<div class=\"apartamento-box\">\n\t\t\t\t\t\t\t<div class=\"imagen_recomendados\">\n\t\t\t\t\t\t\t\t<img decoding=\"async\" src=\"https:\/\/crs.avantio.com\/fotos\/2\/15436106751f93c44194055f322b47be2f3ea0fe30\/big15446959844c51e5c9ac34fb01d784c715b0118505.jpg\" alt=\"Apt. Figo OCV - Vista Mar\">\n\t\t\t\t\t\t\t<\/div>\n\t\t\t\t\t\t\t<div class=\"info\">\n\t\t\t\t\t\t\t\t<div class=\"ubicacion\">\n\t\t\t\t\t\t\t\t\t<i class=\"fa-solid fa-location-dot icono-mapa\"><\/i><span class=\"ubicacion-texto\">Albufeira - Algarve<\/span>\n\t\t\t\t\t\t\t\t<\/div>\n\t\t\t\t\t\t\t\t<H4 class=\"titulo-alojamiento\">\n\t\t\t\t\t\t\t\t\tApt. Figo OCV - Vista Mar\t\t\t\t\t\t\t\t<\/H4>\n\t\t\t\t\t\t\t\t<p class=\"precio-alojamiento\">De <span class=\"precio\">61.00\u20ac<\/span> por noite<\/p>\n\t\t\t\t\t\t\t<\/div>\n\t\t\t\t\t\t<\/div>\n\t\t\t\t\t<\/a> \n\t\t\t\t\t\t\n\t\t\t\t\t<a href=\"https:\/\/www.myportugalexperience.com\/aluguer\/apartamento-albufeira-alfarroba-apt-com-terraco-5min-baixa-albufeira-268216.html\" rel=\"nofollow\" style=\"width: 32%;\">\n\t\t\t\t\t\t<div class=\"apartamento-box\">\n\t\t\t\t\t\t\t<div class=\"imagen_recomendados\">\n\t\t\t\t\t\t\t\t<img decoding=\"async\" src=\"https:\/\/crs.avantio.com\/fotos\/2\/1543610715f0d15cbbe01b3e13ffb7a4ae0ffeae4f\/big170790723086871f86e388769feff1a0670a42eda4.jpg\" alt=\"Apt. Alfarroba OCV - 5min Centro\">\n\t\t\t\t\t\t\t<\/div>\n\t\t\t\t\t\t\t<div class=\"info\">\n\t\t\t\t\t\t\t\t<div class=\"ubicacion\">\n\t\t\t\t\t\t\t\t\t<i class=\"fa-solid fa-location-dot icono-mapa\"><\/i><span class=\"ubicacion-texto\">Albufeira - Algarve<\/span>\n\t\t\t\t\t\t\t\t<\/div>\n\t\t\t\t\t\t\t\t<H4 class=\"titulo-alojamiento\">\n\t\t\t\t\t\t\t\t\tApt. Alfarroba OCV - 5min Centro\t\t\t\t\t\t\t\t<\/H4>\n\t\t\t\t\t\t\t\t<p class=\"precio-alojamiento\">De <span class=\"precio\">29.00\u20ac<\/span> por noite<\/p>\n\t\t\t\t\t\t\t<\/div>\n\t\t\t\t\t\t<\/div>\n\t\t\t\t\t<\/a> \n\t\t\t\t\t\t\n\t\t\t\t\t<a href=\"https:\/\/www.myportugalexperience.com\/aluguer\/apartamento-albufeira-old-town-moderno-e-luxuoso-a-5min-ate-praia-albu-268217.html\" rel=\"nofollow\" style=\"width: 32%;\">\n\t\t\t\t\t\t<div class=\"apartamento-box\">\n\t\t\t\t\t\t\t<div class=\"imagen_recomendados\">\n\t\t\t\t\t\t\t\t<img decoding=\"async\" src=\"https:\/\/crs.avantio.com\/fotos\/2\/1543612007e7e83f6f29aec9c0cb31170febf01d5a\/big16977267689448e09de29fdb4b8cf58aa28b4bcdb3.jpg\" alt=\"Apt. Old Town OCV - 3min Praia\">\n\t\t\t\t\t\t\t<\/div>\n\t\t\t\t\t\t\t<div class=\"info\">\n\t\t\t\t\t\t\t\t<div class=\"ubicacion\">\n\t\t\t\t\t\t\t\t\t<i class=\"fa-solid fa-location-dot icono-mapa\"><\/i><span class=\"ubicacion-texto\">Albufeira - Algarve<\/span>\n\t\t\t\t\t\t\t\t<\/div>\n\t\t\t\t\t\t\t\t<H4 class=\"titulo-alojamiento\">\n\t\t\t\t\t\t\t\t\tApt. Old Town OCV - 3min Praia\t\t\t\t\t\t\t\t<\/H4>\n\t\t\t\t\t\t\t\t<p class=\"precio-alojamiento\">De <span class=\"precio\">95.00\u20ac<\/span> por noite<\/p>\n\t\t\t\t\t\t\t<\/div>\n\t\t\t\t\t\t<\/div>\n\t\t\t\t\t<\/a> \n\t\t\t\t\t\t\n\t\t\t\t\t<a href=\"https:\/\/www.myportugalexperience.com\/aluguer\/apartamento-albufeira-relax-luxuoso-5min-a-pe-baixa-albufeira-wifi-ac-268218.html\" rel=\"nofollow\" style=\"width: 32%;\">\n\t\t\t\t\t\t<div class=\"apartamento-box\">\n\t\t\t\t\t\t\t<div class=\"imagen_recomendados\">\n\t\t\t\t\t\t\t\t<img decoding=\"async\" src=\"https:\/\/crs.avantio.com\/fotos\/2\/1543606477ef0149453b9398281da47a90fa48c6df\/big17011015853edce4c98c5917033d968c1df2daa401.jpg\" alt=\"Apt. Relax OCV - Baixa Albufeira\">\n\t\t\t\t\t\t\t<\/div>\n\t\t\t\t\t\t\t<div class=\"info\">\n\t\t\t\t\t\t\t\t<div class=\"ubicacion\">\n\t\t\t\t\t\t\t\t\t<i class=\"fa-solid fa-location-dot icono-mapa\"><\/i><span class=\"ubicacion-texto\">Albufeira - Algarve<\/span>\n\t\t\t\t\t\t\t\t<\/div>\n\t\t\t\t\t\t\t\t<H4 class=\"titulo-alojamiento\">\n\t\t\t\t\t\t\t\t\tApt. Relax OCV - Baixa Albufeira\t\t\t\t\t\t\t\t<\/H4>\n\t\t\t\t\t\t\t\t<p class=\"precio-alojamiento\">De <span class=\"precio\">95.00\u20ac<\/span> por noite<\/p>\n\t\t\t\t\t\t\t<\/div>\n\t\t\t\t\t\t<\/div>\n\t\t\t\t\t<\/a> \n\t\t\t\t\t\t\n\t\t\t\t\t<a href=\"https:\/\/www.myportugalexperience.com\/aluguer\/apartamento-albufeira-albuhera-moderno-apt-com-piscina-5min-baixa-alb-268219.html\" rel=\"nofollow\" style=\"width: 32%;\">\n\t\t\t\t\t\t<div class=\"apartamento-box\">\n\t\t\t\t\t\t\t<div class=\"imagen_recomendados\">\n\t\t\t\t\t\t\t\t<img decoding=\"async\" src=\"https:\/\/crs.avantio.com\/fotos\/2\/1543611967af73d696b046db0cfff564ec6cde9df5\/big16992659186425b909914afc7f7cdbed200a66d179.jpg\" alt=\"Apt. Albuhera OCV - Baixa Albufeira\">\n\t\t\t\t\t\t\t<\/div>\n\t\t\t\t\t\t\t<div class=\"info\">\n\t\t\t\t\t\t\t\t<div class=\"ubicacion\">\n\t\t\t\t\t\t\t\t\t<i class=\"fa-solid fa-location-dot icono-mapa\"><\/i><span class=\"ubicacion-texto\">Albufeira - Algarve<\/span>\n\t\t\t\t\t\t\t\t<\/div>\n\t\t\t\t\t\t\t\t<H4 class=\"titulo-alojamiento\">\n\t\t\t\t\t\t\t\t\tApt. Albuhera OCV - Baixa Albufeira\t\t\t\t\t\t\t\t<\/H4>\n\t\t\t\t\t\t\t\t<p class=\"precio-alojamiento\">De <span class=\"precio\">60.00\u20ac<\/span> por noite<\/p>\n\t\t\t\t\t\t\t<\/div>\n\t\t\t\t\t\t<\/div>\n\t\t\t\t\t<\/a> \n\t\t\t\t\t\t\n\t\t\t\t\t<a href=\"https:\/\/www.myportugalexperience.com\/aluguer\/apartamento-albufeira-waves-charmoso-apartamento-na-oura-5min-praia-268245.html\" rel=\"nofollow\" style=\"width: 32%;\">\n\t\t\t\t\t\t<div class=\"apartamento-box\">\n\t\t\t\t\t\t\t<div class=\"imagen_recomendados\">\n\t\t\t\t\t\t\t\t<img decoding=\"async\" src=\"https:\/\/crs.avantio.com\/fotos\/2\/154360678510bb856844f62267e6f3be971e904d6b\/big15446576928c71ac371942e3c57ebb0054a4c7b3f1.jpg\" alt=\"Apt. Waves OCV - Oura \">\n\t\t\t\t\t\t\t<\/div>\n\t\t\t\t\t\t\t<div class=\"info\">\n\t\t\t\t\t\t\t\t<div class=\"ubicacion\">\n\t\t\t\t\t\t\t\t\t<i class=\"fa-solid fa-location-dot icono-mapa\"><\/i><span class=\"ubicacion-texto\">Albufeira - Algarve<\/span>\n\t\t\t\t\t\t\t\t<\/div>\n\t\t\t\t\t\t\t\t<H4 class=\"titulo-alojamiento\">\n\t\t\t\t\t\t\t\t\tApt. Waves OCV - Oura \t\t\t\t\t\t\t\t<\/H4>\n\t\t\t\t\t\t\t\t<p class=\"precio-alojamiento\">De <span class=\"precio\">55.00\u20ac<\/span> por noite<\/p>\n\t\t\t\t\t\t\t<\/div>\n\t\t\t\t\t\t<\/div>\n\t\t\t\t\t<\/a> \n\t\t\t\t\t\t\n\t\t\t\t\t<a href=\"https:\/\/www.myportugalexperience.com\/aluguer\/apartamento-albufeira-bogart-espacoso-apt-ideal-familias-5min-da-oura-268256.html\" rel=\"nofollow\" style=\"width: 32%;\">\n\t\t\t\t\t\t<div class=\"apartamento-box\">\n\t\t\t\t\t\t\t<div class=\"imagen_recomendados\">\n\t\t\t\t\t\t\t\t<img decoding=\"async\" src=\"https:\/\/crs.avantio.com\/fotos\/2\/1543609984e68139c4bfe2e4380e2cd2feaed87c00\/big1674736723c6e15e6fa3d7c842b295f3450e17e231.jpg\" alt=\"Apt. Bogart OCV - Oura Albufeira\">\n\t\t\t\t\t\t\t<\/div>\n\t\t\t\t\t\t\t<div class=\"info\">\n\t\t\t\t\t\t\t\t<div class=\"ubicacion\">\n\t\t\t\t\t\t\t\t\t<i class=\"fa-solid fa-location-dot icono-mapa\"><\/i><span class=\"ubicacion-texto\">Albufeira - Algarve<\/span>\n\t\t\t\t\t\t\t\t<\/div>\n\t\t\t\t\t\t\t\t<H4 class=\"titulo-alojamiento\">\n\t\t\t\t\t\t\t\t\tApt. Bogart OCV - Oura Albufeira\t\t\t\t\t\t\t\t<\/H4>\n\t\t\t\t\t\t\t\t<p class=\"precio-alojamiento\">De <span class=\"precio\">60.00\u20ac<\/span> por noite<\/p>\n\t\t\t\t\t\t\t<\/div>\n\t\t\t\t\t\t<\/div>\n\t\t\t\t\t<\/a> \n\t\t\t\t\t\t\n\t\t\t\t\t<a href=\"https:\/\/www.myportugalexperience.com\/aluguer\/apartamento-albufeira-medronho-vista-mar-com-piscina-a-5min-baixa-albuf-268267.html\" rel=\"nofollow\" style=\"width: 32%;\">\n\t\t\t\t\t\t<div class=\"apartamento-box\">\n\t\t\t\t\t\t\t<div class=\"imagen_recomendados\">\n\t\t\t\t\t\t\t\t<img decoding=\"async\" src=\"https:\/\/crs.avantio.com\/fotos\/2\/15436132325e189cbe8777cbe9dfbeb4b4bb7f5ecc\/big1554820339c55662ebec2f30710e157dba457a68c8.jpg\" alt=\"Apt. Medronho OCV - Vista Mar\">\n\t\t\t\t\t\t\t<\/div>\n\t\t\t\t\t\t\t<div class=\"info\">\n\t\t\t\t\t\t\t\t<div class=\"ubicacion\">\n\t\t\t\t\t\t\t\t\t<i class=\"fa-solid fa-location-dot icono-mapa\"><\/i><span class=\"ubicacion-texto\">Albufeira - Algarve<\/span>\n\t\t\t\t\t\t\t\t<\/div>\n\t\t\t\t\t\t\t\t<H4 class=\"titulo-alojamiento\">\n\t\t\t\t\t\t\t\t\tApt. Medronho OCV - Vista Mar\t\t\t\t\t\t\t\t<\/H4>\n\t\t\t\t\t\t\t\t<p class=\"precio-alojamiento\">De <span class=\"precio\">56.00\u20ac<\/span> por noite<\/p>\n\t\t\t\t\t\t\t<\/div>\n\t\t\t\t\t\t<\/div>\n\t\t\t\t\t<\/a> \n\t\t\t\t\t\t\n\t\t\t\t\t<a href=\"https:\/\/www.myportugalexperience.com\/aluguer\/apartamento-gale-gale-mar-perto-da-praia-com-2-quartos-ac-wifi-280862.html\" rel=\"nofollow\" style=\"width: 32%;\">\n\t\t\t\t\t\t<div class=\"apartamento-box\">\n\t\t\t\t\t\t\t<div class=\"imagen_recomendados\">\n\t\t\t\t\t\t\t\t<img decoding=\"async\" src=\"https:\/\/crs.avantio.com\/fotos\/2\/1554199435b4d7b2dc5788d5ff87651b4063eb96de\/big1554199449935b2781e4c7fda58a13341bbb1854a3.jpg\" alt=\"Apt. Gal\u00e9 Mar OCV - Vista Mar\">\n\t\t\t\t\t\t\t<\/div>\n\t\t\t\t\t\t\t<div class=\"info\">\n\t\t\t\t\t\t\t\t<div class=\"ubicacion\">\n\t\t\t\t\t\t\t\t\t<i class=\"fa-solid fa-location-dot icono-mapa\"><\/i><span class=\"ubicacion-texto\">Gal\u00e9 - Algarve<\/span>\n\t\t\t\t\t\t\t\t<\/div>\n\t\t\t\t\t\t\t\t<H4 class=\"titulo-alojamiento\">\n\t\t\t\t\t\t\t\t\tApt. Gal\u00e9 Mar OCV - Vista Mar\t\t\t\t\t\t\t\t<\/H4>\n\t\t\t\t\t\t\t\t<p class=\"precio-alojamiento\">De <span class=\"precio\">128.00\u20ac<\/span> por noite<\/p>\n\t\t\t\t\t\t\t<\/div>\n\t\t\t\t\t\t<\/div>\n\t\t\t\t\t<\/a> \n\t\t\t\t\t\t\n\t\t\t\t\t<a href=\"https:\/\/www.myportugalexperience.com\/aluguer\/apartamento-albufeira-downtown-excelente-t3-5min-ate-praia-varanda-so-289839.html\" rel=\"nofollow\" style=\"width: 32%;\">\n\t\t\t\t\t\t<div class=\"apartamento-box\">\n\t\t\t\t\t\t\t<div class=\"imagen_recomendados\">\n\t\t\t\t\t\t\t\t<img decoding=\"async\" src=\"https:\/\/crs.avantio.com\/fotos\/2\/155912642597d12fcdf491c953a6f4e6d9bee57a5d\/big1697728309ecf88aaba69dbd7c0f4d3c40192dc5e3.jpg\" alt=\"Apt. Downtown OCV - 5min Praia \">\n\t\t\t\t\t\t\t<\/div>\n\t\t\t\t\t\t\t<div class=\"info\">\n\t\t\t\t\t\t\t\t<div class=\"ubicacion\">\n\t\t\t\t\t\t\t\t\t<i class=\"fa-solid fa-location-dot icono-mapa\"><\/i><span class=\"ubicacion-texto\">Albufeira - Algarve<\/span>\n\t\t\t\t\t\t\t\t<\/div>\n\t\t\t\t\t\t\t\t<H4 class=\"titulo-alojamiento\">\n\t\t\t\t\t\t\t\t\tApt. Downtown OCV - 5min Praia \t\t\t\t\t\t\t\t<\/H4>\n\t\t\t\t\t\t\t\t<p class=\"precio-alojamiento\">De <span class=\"precio\">96.00\u20ac<\/span> por noite<\/p>\n\t\t\t\t\t\t\t<\/div>\n\t\t\t\t\t\t<\/div>\n\t\t\t\t\t<\/a> \n\t\t\t\t\t\t\n\t\t\t\t\t<a href=\"https:\/\/www.myportugalexperience.com\/aluguer\/apartamento-albufeira-amora-apt-fantastica-vista-mar-5min-old-310410.html\" rel=\"nofollow\" style=\"width: 32%;\">\n\t\t\t\t\t\t<div class=\"apartamento-box\">\n\t\t\t\t\t\t\t<div class=\"imagen_recomendados\">\n\t\t\t\t\t\t\t\t<img decoding=\"async\" src=\"https:\/\/crs.avantio.com\/fotos\/2\/15802064125b0ae6e63b5bee15d1ac1af61a1695bf\/big1580206413aa5ba600c8a267627665d1db24fa1c46.jpg\" alt=\"Apt. Amora OCV - Vista Mar\">\n\t\t\t\t\t\t\t<\/div>\n\t\t\t\t\t\t\t<div class=\"info\">\n\t\t\t\t\t\t\t\t<div class=\"ubicacion\">\n\t\t\t\t\t\t\t\t\t<i class=\"fa-solid fa-location-dot icono-mapa\"><\/i><span class=\"ubicacion-texto\">Albufeira - Algarve<\/span>\n\t\t\t\t\t\t\t\t<\/div>\n\t\t\t\t\t\t\t\t<H4 class=\"titulo-alojamiento\">\n\t\t\t\t\t\t\t\t\tApt. Amora OCV - Vista Mar\t\t\t\t\t\t\t\t<\/H4>\n\t\t\t\t\t\t\t\t<p class=\"precio-alojamiento\">De <span class=\"precio\">78.00\u20ac<\/span> por noite<\/p>\n\t\t\t\t\t\t\t<\/div>\n\t\t\t\t\t\t<\/div>\n\t\t\t\t\t<\/a> \n\t\t\t\t\t\t\t\t<\/div>\n\t\t\t<\/div>\n\t\t\t\t\t\t<\/div>\n\t\t\t\t<\/div>\n\t\t\t\t<\/div>\n\t\t\t\t\t<\/div>\n\t\t\t\t<\/div>\n\t\t<div class=\"elementor-element elementor-element-5005dfee e-flex e-con-boxed e-con e-parent\" data-id=\"5005dfee\" data-element_type=\"container\" data-e-type=\"container\">\n\t\t\t\t\t<div class=\"e-con-inner\">\n\t\t<div class=\"elementor-element elementor-element-6b179291 e-con-full e-flex e-con e-child\" data-id=\"6b179291\" data-element_type=\"container\" data-e-type=\"container\">\n\t\t\t\t<div class=\"elementor-element elementor-element-6724140f elementor-align-center elementor-mobile-align-center elementor-widget elementor-widget-button\" data-id=\"6724140f\" data-element_type=\"widget\" data-e-type=\"widget\" data-widget_type=\"button.default\">\n\t\t\t\t<div class=\"elementor-widget-container\">\n\t\t\t\t\t\t\t\t\t<div class=\"elementor-button-wrapper\">\n\t\t\t\t\t<a class=\"elementor-button elementor-button-link elementor-size-sm\" href=\"https:\/\/www.myportugalexperience.com\/aluguer\/alugueres-algarve-e1035\/\">\n\t\t\t\t\t\t<span class=\"elementor-button-content-wrapper\">\n\t\t\t\t\t\t\t\t\t<span class=\"elementor-button-text\">Ver mais apartamentos no Algarve<\/span>\n\t\t\t\t\t<\/span>\n\t\t\t\t\t<\/a>\n\t\t\t\t<\/div>\n\t\t\t\t\t\t\t\t<\/div>\n\t\t\t\t<\/div>\n\t\t\t\t<\/div>\n\t\t\t\t\t<\/div>\n\t\t\t\t<\/div>\n\t\t<div class=\"elementor-element elementor-element-6a06b390 e-flex e-con-boxed e-con e-parent\" data-id=\"6a06b390\" data-element_type=\"container\" data-e-type=\"container\">\n\t\t\t\t\t<div class=\"e-con-inner\">\n\t\t<div class=\"elementor-element elementor-element-befd29a e-con-full e-flex e-con e-child\" data-id=\"befd29a\" data-element_type=\"container\" data-e-type=\"container\">\n\t\t\t\t<div class=\"elementor-element elementor-element-fc28e9a elementor-widget elementor-widget-text-editor\" data-id=\"fc28e9a\" data-element_type=\"widget\" data-e-type=\"widget\" data-widget_type=\"text-editor.default\">\n\t\t\t\t<div class=\"elementor-widget-container\">\n\t\t\t\t\t\t\t\t\t<p>O Algarve \u00e9 um dos destinos mais deslumbrantes de Portugal, conhecido pelas suas praias de areia dourada, \u00e1guas cristalinas e uma atmosfera acolhedora que encanta viajantes de todo o mundo.<\/p><p>A regi\u00e3o combina hist\u00f3ria, cultura, gastronomia e paisagens naturais \u00fanicas, oferecendo experi\u00eancias inesquec\u00edveis para todos os gostos. Se est\u00e1 a planear a sua pr\u00f3xima viagem e procura o apartment in Algarve ideal, descubra 5 cidades imperd\u00edveis que v\u00e3o tornar as suas f\u00e9rias ainda mais especiais. <\/p>\t\t\t\t\t\t\t\t<\/div>\n\t\t\t\t<\/div>\n\t\t<div class=\"elementor-element elementor-element-0c7b889 e-con-full e-flex e-con e-child\" data-id=\"0c7b889\" data-element_type=\"container\" data-e-type=\"container\">\n\t\t\t\t<div class=\"elementor-element elementor-element-40d2a16 e-n-tabs-mobile elementor-widget elementor-widget-n-tabs\" data-id=\"40d2a16\" data-element_type=\"widget\" data-e-type=\"widget\" data-settings=\"{&quot;tabs_justify_horizontal&quot;:&quot;start&quot;,&quot;horizontal_scroll&quot;:&quot;disable&quot;}\" data-widget_type=\"nested-tabs.default\">\n\t\t\t\t<div class=\"elementor-widget-container\">\n\t\t\t\t\t\t\t<div class=\"e-n-tabs\" data-widget-number=\"67971606\" aria-label=\"Tabs. Open items with Enter or Space, close with Escape and navigate using the Arrow keys.\">\n\t\t\t<div class=\"e-n-tabs-heading\" role=\"tablist\">\n\t\t\t\t\t<button id=\"e-n-tab-title-679716061\" data-tab-title-id=\"e-n-tab-title-679716061\" class=\"e-n-tab-title\" aria-selected=\"true\" data-tab-index=\"1\" role=\"tab\" tabindex=\"0\" aria-controls=\"e-n-tab-content-679716061\" style=\"--n-tabs-title-order: 1;\">\n\t\t\t\t\t\t<span class=\"e-n-tab-title-text\">\n\t\t\t\tAlbufeira\t\t\t<\/span>\n\t\t<\/button>\n\t\t\t\t<button id=\"e-n-tab-title-679716062\" data-tab-title-id=\"e-n-tab-title-679716062\" class=\"e-n-tab-title\" aria-selected=\"false\" data-tab-index=\"2\" role=\"tab\" tabindex=\"-1\" aria-controls=\"e-n-tab-content-679716062\" style=\"--n-tabs-title-order: 2;\">\n\t\t\t\t\t\t<span class=\"e-n-tab-title-text\">\n\t\t\t\tGal\u00e9\t\t\t<\/span>\n\t\t<\/button>\n\t\t\t\t<button id=\"e-n-tab-title-679716063\" data-tab-title-id=\"e-n-tab-title-679716063\" class=\"e-n-tab-title\" aria-selected=\"false\" data-tab-index=\"3\" role=\"tab\" tabindex=\"-1\" aria-controls=\"e-n-tab-content-679716063\" style=\"--n-tabs-title-order: 3;\">\n\t\t\t\t\t\t<span class=\"e-n-tab-title-text\">\n\t\t\t\tLagos\t\t\t<\/span>\n\t\t<\/button>\n\t\t\t\t<button id=\"e-n-tab-title-679716064\" data-tab-title-id=\"e-n-tab-title-679716064\" class=\"e-n-tab-title\" aria-selected=\"false\" data-tab-index=\"4\" role=\"tab\" tabindex=\"-1\" aria-controls=\"e-n-tab-content-679716064\" style=\"--n-tabs-title-order: 4;\">\n\t\t\t\t\t\t<span class=\"e-n-tab-title-text\">\n\t\t\t\tFaro\t\t\t<\/span>\n\t\t<\/button>\n\t\t\t\t<button id=\"e-n-tab-title-679716065\" data-tab-title-id=\"e-n-tab-title-679716065\" class=\"e-n-tab-title\" aria-selected=\"false\" data-tab-index=\"5\" role=\"tab\" tabindex=\"-1\" aria-controls=\"e-n-tab-content-679716065\" style=\"--n-tabs-title-order: 5;\">\n\t\t\t\t\t\t<span class=\"e-n-tab-title-text\">\n\t\t\t\tPortim\u00e3o\t\t\t<\/span>\n\t\t<\/button>\n\t\t\t\t\t<\/div>\n\t\t\t<div class=\"e-n-tabs-content\">\n\t\t\t\t<div id=\"e-n-tab-content-679716061\" role=\"tabpanel\" aria-labelledby=\"e-n-tab-title-679716061\" data-tab-index=\"1\" style=\"--n-tabs-title-order: 1;\" class=\"e-active elementor-element elementor-element-47f3e41 e-con-full e-flex e-con e-child\" data-id=\"47f3e41\" data-element_type=\"container\" data-e-type=\"container\">\n\t\t<div class=\"elementor-element elementor-element-0a07541 e-flex e-con-boxed e-con e-child\" data-id=\"0a07541\" data-element_type=\"container\" data-e-type=\"container\">\n\t\t\t\t\t<div class=\"e-con-inner\">\n\t\t\t\t<div class=\"elementor-element elementor-element-515c783 elementor-widget elementor-widget-text-editor\" data-id=\"515c783\" data-element_type=\"widget\" data-e-type=\"widget\" data-widget_type=\"text-editor.default\">\n\t\t\t\t<div class=\"elementor-widget-container\">\n\t\t\t\t\t\t\t\t\t<p>Albufeira \u00e9 um dos destinos mais conhecidos do Algarve, famosa pelas suas praias de \u00e1guas cristalinas e areias douradas, como a Praia dos Pescadores e a Praia de S\u00e3o Rafael. A cidade combina na perfei\u00e7\u00e3o um ambiente tradicional com a anima\u00e7\u00e3o moderna, oferecendo um centro hist\u00f3rico encantador com ruas estreitas e casas brancas t\u00edpicas, al\u00e9m de uma vida noturna vibrante repleta de bares, restaurantes e discotecas. \u00c9 o local ideal tanto para fam\u00edlias como para viajantes que procuram divers\u00e3o e energia.  <\/p>\t\t\t\t\t\t\t\t<\/div>\n\t\t\t\t<\/div>\n\t\t\t\t\t<\/div>\n\t\t\t\t<\/div>\n\t\t\t\t<\/div>\n\t\t<div id=\"e-n-tab-content-679716062\" role=\"tabpanel\" aria-labelledby=\"e-n-tab-title-679716062\" data-tab-index=\"2\" style=\"--n-tabs-title-order: 2;\" class=\" elementor-element elementor-element-5c0d940 e-con-full e-flex e-con e-child\" data-id=\"5c0d940\" data-element_type=\"container\" data-e-type=\"container\">\n\t\t\t\t<div class=\"elementor-element elementor-element-a466415 elementor-widget elementor-widget-text-editor\" data-id=\"a466415\" data-element_type=\"widget\" data-e-type=\"widget\" data-widget_type=\"text-editor.default\">\n\t\t\t\t<div class=\"elementor-widget-container\">\n\t\t\t\t\t\t\t\t\t<p>Situada a poucos minutos de Albufeira, Gal\u00e9 \u00e9 um ref\u00fagio perfeito para quem deseja tranquilidade e beleza natural. A Praia da Gal\u00e9 destaca-se pela sua extens\u00e3o de areia dourada e pelas forma\u00e7\u00f5es rochosas impressionantes que emolduram o mar. \u00c9 um destino muito procurado por fam\u00edlias devido ao ambiente calmo e seguro, mas tamb\u00e9m por amantes de desportos aqu\u00e1ticos, como surf e paddle. Gal\u00e9 mant\u00e9m um charme aut\u00eantico, longe da agita\u00e7\u00e3o dos centros tur\u00edsticos mais movimentados.   <\/p>\t\t\t\t\t\t\t\t<\/div>\n\t\t\t\t<\/div>\n\t\t\t\t<\/div>\n\t\t<div id=\"e-n-tab-content-679716063\" role=\"tabpanel\" aria-labelledby=\"e-n-tab-title-679716063\" data-tab-index=\"3\" style=\"--n-tabs-title-order: 3;\" class=\" elementor-element elementor-element-6ba20f2 e-con-full e-flex e-con e-child\" data-id=\"6ba20f2\" data-element_type=\"container\" data-e-type=\"container\">\n\t\t\t\t<div class=\"elementor-element elementor-element-85ca069 elementor-widget elementor-widget-text-editor\" data-id=\"85ca069\" data-element_type=\"widget\" data-e-type=\"widget\" data-widget_type=\"text-editor.default\">\n\t\t\t\t<div class=\"elementor-widget-container\">\n\t\t\t\t\t\t\t\t\t<p>Combinando hist\u00f3ria, cultura e paisagens naturais de cortar a respira\u00e7\u00e3o, Lagos \u00e9 uma das cidades mais encantadoras do Algarve. O seu centro hist\u00f3rico preserva muralhas antigas, pra\u00e7as animadas e igrejas seculares, enquanto a costa surpreende com fal\u00e9sias douradas e grutas marinhas acess\u00edveis de barco. A Praia Dona Ana e a Ponta da Piedade s\u00e3o verdadeiros cart\u00f5es-postais da regi\u00e3o. Lagos \u00e9 ideal para quem deseja explorar a heran\u00e7a cultural portuguesa e, ao mesmo tempo, relaxar em cen\u00e1rios paradis\u00edacos.   <\/p>\t\t\t\t\t\t\t\t<\/div>\n\t\t\t\t<\/div>\n\t\t\t\t<\/div>\n\t\t<div id=\"e-n-tab-content-679716064\" role=\"tabpanel\" aria-labelledby=\"e-n-tab-title-679716064\" data-tab-index=\"4\" style=\"--n-tabs-title-order: 4;\" class=\" elementor-element elementor-element-b350deb e-con-full e-flex e-con e-child\" data-id=\"b350deb\" data-element_type=\"container\" data-e-type=\"container\">\n\t\t\t\t<div class=\"elementor-element elementor-element-0317846 elementor-widget elementor-widget-text-editor\" data-id=\"0317846\" data-element_type=\"widget\" data-e-type=\"widget\" data-widget_type=\"text-editor.default\">\n\t\t\t\t<div class=\"elementor-widget-container\">\n\t\t\t\t\t\t\t\t\t<p>Capital do Algarve, Faro \u00e9 muitas vezes a porta de entrada para a regi\u00e3o, mas merece muito mais do que apenas uma passagem r\u00e1pida. O centro hist\u00f3rico, cercado por muralhas, guarda ruas de pedra, caf\u00e9s acolhedores e edif\u00edcios hist\u00f3ricos que contam s\u00e9culos de hist\u00f3ria. Al\u00e9m disso, a cidade \u00e9 a porta de acesso ao Parque Natural da Ria Formosa, um verdadeiro santu\u00e1rio ecol\u00f3gico repleto de ilhas, canais e uma fauna diversificada. Faro \u00e9 perfeita para quem aprecia cultura, natureza e autenticidade.   <\/p>\t\t\t\t\t\t\t\t<\/div>\n\t\t\t\t<\/div>\n\t\t\t\t<\/div>\n\t\t<div id=\"e-n-tab-content-679716065\" role=\"tabpanel\" aria-labelledby=\"e-n-tab-title-679716065\" data-tab-index=\"5\" style=\"--n-tabs-title-order: 5;\" class=\" elementor-element elementor-element-563329c e-con-full e-flex e-con e-child\" data-id=\"563329c\" data-element_type=\"container\" data-e-type=\"container\">\n\t\t\t\t<div class=\"elementor-element elementor-element-5346060 elementor-widget elementor-widget-text-editor\" data-id=\"5346060\" data-element_type=\"widget\" data-e-type=\"widget\" data-widget_type=\"text-editor.default\">\n\t\t\t\t<div class=\"elementor-widget-container\">\n\t\t\t\t\t\t\t\t\t<p>Reconhecida internacionalmente pela famosa Praia da Rocha, Portim\u00e3o \u00e9 uma cidade cosmopolita que combina belas paisagens costeiras com uma excelente oferta gastron\u00f3mica e cultural. O seu porto \u00e9 um ponto de partida para passeios de barco inesquec\u00edveis pelas grutas e fal\u00e9sias do Algarve. \u00c0 mesa, o destaque vai para a sardinha assada, servida em v\u00e1rios restaurantes t\u00edpicos junto ao rio Arade. Portim\u00e3o \u00e9 ideal para quem procura uma mistura entre descanso, lazer e sabores aut\u00eanticos da regi\u00e3o.   <\/p>\t\t\t\t\t\t\t\t<\/div>\n\t\t\t\t<\/div>\n\t\t\t\t<\/div>\n\t\t\t\t\t<\/div>\n\t\t<\/div>\n\t\t\t\t\t\t<\/div>\n\t\t\t\t<\/div>\n\t\t\t\t<\/div>\n\t\t<div class=\"elementor-element elementor-element-16dfdc2 e-con-full e-flex e-con e-child\" data-id=\"16dfdc2\" data-element_type=\"container\" data-e-type=\"container\">\n\t\t\t\t<div class=\"elementor-element elementor-element-9f0e4bb elementor-widget elementor-widget-heading\" data-id=\"9f0e4bb\" data-element_type=\"widget\" data-e-type=\"widget\" data-widget_type=\"heading.default\">\n\t\t\t\t<div class=\"elementor-widget-container\">\n\t\t\t\t\t<h2 class=\"elementor-heading-title elementor-size-default\">5 cidades imperd\u00edveis para visitar no Algarve<\/h2>\t\t\t\t<\/div>\n\t\t\t\t<\/div>\n\t\t\t\t<div class=\"elementor-element elementor-element-39598f6 elementor-widget__width-initial elementor-widget elementor-widget-text-editor\" data-id=\"39598f6\" data-element_type=\"widget\" data-e-type=\"widget\" data-widget_type=\"text-editor.default\">\n\t\t\t\t<div class=\"elementor-widget-container\">\n\t\t\t\t\t\t\t\t\t<p>VISITE PORTUGAL<\/p>\t\t\t\t\t\t\t\t<\/div>\n\t\t\t\t<\/div>\n\t\t\t\t<\/div>\n\t\t\t\t<\/div>\n\t\t\t\t\t<\/div>\n\t\t\t\t<\/div>\n\t\t<div class=\"elementor-element elementor-element-30270322 e-flex e-con-boxed e-con e-parent\" data-id=\"30270322\" data-element_type=\"container\" data-e-type=\"container\">\n\t\t\t\t\t<div class=\"e-con-inner\">\n\t\t<div class=\"elementor-element elementor-element-8d4bde8 e-con-full e-flex e-con e-child\" data-id=\"8d4bde8\" data-element_type=\"container\" data-e-type=\"container\" data-settings=\"{&quot;background_background&quot;:&quot;classic&quot;}\">\n\t\t\t\t<\/div>\n\t\t\t\t\t<\/div>\n\t\t\t\t<\/div>\n\t\t<div class=\"elementor-element elementor-element-2cfa8308 e-flex e-con-boxed e-con e-parent\" data-id=\"2cfa8308\" data-element_type=\"container\" data-e-type=\"container\">\n\t\t\t\t\t<div class=\"e-con-inner\">\n\t\t<div class=\"elementor-element elementor-element-669ef0f9 e-con-full e-flex e-con e-child\" data-id=\"669ef0f9\" data-element_type=\"container\" data-e-type=\"container\">\n\t\t<div class=\"elementor-element elementor-element-2ea3e686 e-con-full e-flex e-con e-child\" data-id=\"2ea3e686\" data-element_type=\"container\" data-e-type=\"container\">\n\t\t\t\t<div class=\"elementor-element elementor-element-1b40428 elementor-widget elementor-widget-heading\" data-id=\"1b40428\" data-element_type=\"widget\" data-e-type=\"widget\" data-widget_type=\"heading.default\">\n\t\t\t\t<div class=\"elementor-widget-container\">\n\t\t\t\t\t<h2 class=\"elementor-heading-title elementor-size-default\">Os apartamentos tur\u00edsticos no Algarve para as suas f\u00e9rias<\/h2>\t\t\t\t<\/div>\n\t\t\t\t<\/div>\n\t\t\t\t<div class=\"elementor-element elementor-element-12e4f1e9 elementor-widget__width-initial elementor-widget elementor-widget-text-editor\" data-id=\"12e4f1e9\" data-element_type=\"widget\" data-e-type=\"widget\" data-widget_type=\"text-editor.default\">\n\t\t\t\t<div class=\"elementor-widget-container\">\n\t\t\t\t\t\t\t\t\t<p>RESERVE J\u00c1<\/p>\t\t\t\t\t\t\t\t<\/div>\n\t\t\t\t<\/div>\n\t\t\t\t<\/div>\n\t\t<div class=\"elementor-element elementor-element-6b19d747 e-con-full e-flex e-con e-child\" data-id=\"6b19d747\" data-element_type=\"container\" data-e-type=\"container\">\n\t\t\t\t<div class=\"elementor-element elementor-element-a330ab1 elementor-widget elementor-widget-text-editor\" data-id=\"a330ab1\" data-element_type=\"widget\" data-e-type=\"widget\" data-widget_type=\"text-editor.default\">\n\t\t\t\t<div class=\"elementor-widget-container\">\n\t\t\t\t\t\t\t\t\t<p>Qualquer um destes apartamentos tur\u00edsticos no Algarve proporcionar-lhe-\u00e1 uns dias de total conforto na regi\u00e3o algarvia. Escolha o que melhor se adapta \u00e0s suas necessidades e <strong>reserve j\u00e1 as suas pr\u00f3ximas f\u00e9rias no Algarve<\/strong>! <\/p><p>Com o My Portugal Experience by OC Villas, poder\u00e1 desfrutar de uma criteriosa sele\u00e7\u00e3o de alojamentos, concebidos para tornar a sua estadia inesquec\u00edvel. Quer se trate de um apartamento acolhedor perto da praia, de um espa\u00e7o moderno no centro da cidade ou de um ref\u00fagio tranquilo rodeado de natureza, encontrar\u00e1 op\u00e7\u00f5es para todos os gostos e or\u00e7amentos. <\/p><p>Desfrute de vistas deslumbrantes para o mar, cozinhas totalmente equipadas, \u00e1reas de estar espa\u00e7osas e f\u00e1cil acesso a restaurantes, lojas e atra\u00e7\u00f5es culturais. O clima ensolarado, as praias douradas e a vida noturna vibrante do Algarve fazem dele o destino perfeito para casais, fam\u00edlias ou grupos de amigos. <\/p><p>N\u00e3o espere mais \u2014 <strong>garanta o seu alojamento ideal com o My Portugal Experience by OC Villas<\/strong> e prepare-se para viver momentos \u00fanicos numa das regi\u00f5es mais encantadoras de Portugal.<\/p>\t\t\t\t\t\t\t\t<\/div>\n\t\t\t\t<\/div>\n\t\t\t\t<\/div>\n\t\t\t\t<\/div>\n\t\t\t\t\t<\/div>\n\t\t\t\t<\/div>\n\t\t<div class=\"elementor-element elementor-element-610bfcf5 e-flex e-con-boxed e-con e-parent\" data-id=\"610bfcf5\" data-element_type=\"container\" data-e-type=\"container\">\n\t\t\t\t\t<div class=\"e-con-inner\">\n\t\t<div class=\"elementor-element elementor-element-7e3998e4 e-con-full e-flex e-con e-child\" data-id=\"7e3998e4\" data-element_type=\"container\" data-e-type=\"container\">\n\t\t\t\t<\/div>\n\t\t\t\t\t<\/div>\n\t\t\t\t<\/div>\n\t\t\t\t<\/div>\n\t\t","protected":false},"excerpt":{"rendered":"<p>EXPLORE O ALGARVE Apartamentos tur\u00edsticos no Algarve Albufeira &#8211; Algarve Flat Rom\u00e3 OCV &#8211; Ocean View Desde 50.00\u20ac por noche Albufeira &#8211; Algarve Flat Figo OCV &#8211; Ocean View Desde 55.00\u20ac por noche Albufeira &#8211; Algarve Flat Alfarroba OCV &#8211; 5min Downtown Desde 50.00\u20ac por noche Albufeira &#8211; Algarve Garden Hill &#8211; Old Town OCV [&hellip;]<\/p>\n","protected":false},"author":3,"featured_media":1335,"parent":0,"menu_order":0,"comment_status":"open","ping_status":"open","template":"","meta":{"footnotes":""},"class_list":["post-1345","page","type-page","status-publish","has-post-thumbnail","hentry"],"yoast_head":"<!-- This site is optimized with the Yoast SEO plugin v26.5 - https:\/\/yoast.com\/wordpress\/plugins\/seo\/ -->\n<title>Reserve apartamentos tur\u00edsticos no Algarve | OC Villas<\/title>\n<meta name=\"description\" content=\"Est\u00e1 a planear uma viagem a Portugal? Alugue apartamentos tur\u00edsticos no Algarve com a My Portugal Experience da OC Villas ao melhor pre\u00e7o.\" \/>\n<meta name=\"robots\" content=\"index, follow, max-snippet:-1, max-image-preview:large, max-video-preview:-1\" \/>\n<link rel=\"canonical\" href=\"https:\/\/www.myportugalexperience.com\/blog\/apartamentos-turisticos-no-algarve\/\" \/>\n<meta property=\"og:locale\" content=\"pt_PT\" \/>\n<meta property=\"og:type\" content=\"article\" \/>\n<meta property=\"og:title\" content=\"Reserve apartamentos tur\u00edsticos no Algarve | OC Villas\" \/>\n<meta property=\"og:description\" content=\"Est\u00e1 a planear uma viagem a Portugal? Alugue apartamentos tur\u00edsticos no Algarve com a My Portugal Experience da OC Villas ao melhor pre\u00e7o.\" \/>\n<meta property=\"og:url\" content=\"https:\/\/www.myportugalexperience.com\/blog\/apartamentos-turisticos-no-algarve\/\" \/>\n<meta property=\"og:site_name\" content=\"Blog\" \/>\n<meta property=\"article:modified_time\" content=\"2026-01-15T15:28:50+00:00\" \/>\n<meta property=\"og:image\" content=\"https:\/\/www.myportugalexperience.com\/blog\/wp-content\/uploads\/2025\/09\/apartment-in-algarve-1.webp\" \/>\n\t<meta property=\"og:image:width\" content=\"800\" \/>\n\t<meta property=\"og:image:height\" content=\"800\" \/>\n\t<meta property=\"og:image:type\" content=\"image\/webp\" \/>\n<meta name=\"twitter:card\" content=\"summary_large_image\" \/>\n<meta name=\"twitter:label1\" content=\"Est. reading time\" \/>\n\t<meta name=\"twitter:data1\" content=\"10 minutes\" \/>\n<script type=\"application\/ld+json\" class=\"yoast-schema-graph\">{\"@context\":\"https:\/\/schema.org\",\"@graph\":[{\"@type\":\"WebPage\",\"@id\":\"https:\/\/www.myportugalexperience.com\/blog\/apartamentos-turisticos-no-algarve\/\",\"url\":\"https:\/\/www.myportugalexperience.com\/blog\/apartamentos-turisticos-no-algarve\/\",\"name\":\"Reserve apartamentos tur\u00edsticos no Algarve | OC Villas\",\"isPartOf\":{\"@id\":\"https:\/\/www.myportugalexperience.com\/blog\/#website\"},\"primaryImageOfPage\":{\"@id\":\"https:\/\/www.myportugalexperience.com\/blog\/apartamentos-turisticos-no-algarve\/#primaryimage\"},\"image\":{\"@id\":\"https:\/\/www.myportugalexperience.com\/blog\/apartamentos-turisticos-no-algarve\/#primaryimage\"},\"thumbnailUrl\":\"https:\/\/www.myportugalexperience.com\/blog\/wp-content\/uploads\/2025\/09\/apartment-in-algarve-1.webp\",\"datePublished\":\"2025-09-09T09:22:39+00:00\",\"dateModified\":\"2026-01-15T15:28:50+00:00\",\"description\":\"Est\u00e1 a planear uma viagem a Portugal? Alugue apartamentos tur\u00edsticos no Algarve com a My Portugal Experience da OC Villas ao melhor pre\u00e7o.\",\"breadcrumb\":{\"@id\":\"https:\/\/www.myportugalexperience.com\/blog\/apartamentos-turisticos-no-algarve\/#breadcrumb\"},\"inLanguage\":\"pt\",\"potentialAction\":[{\"@type\":\"ReadAction\",\"target\":[\"https:\/\/www.myportugalexperience.com\/blog\/apartamentos-turisticos-no-algarve\/\"]}]},{\"@type\":\"ImageObject\",\"inLanguage\":\"pt\",\"@id\":\"https:\/\/www.myportugalexperience.com\/blog\/apartamentos-turisticos-no-algarve\/#primaryimage\",\"url\":\"https:\/\/www.myportugalexperience.com\/blog\/wp-content\/uploads\/2025\/09\/apartment-in-algarve-1.webp\",\"contentUrl\":\"https:\/\/www.myportugalexperience.com\/blog\/wp-content\/uploads\/2025\/09\/apartment-in-algarve-1.webp\",\"width\":800,\"height\":800},{\"@type\":\"BreadcrumbList\",\"@id\":\"https:\/\/www.myportugalexperience.com\/blog\/apartamentos-turisticos-no-algarve\/#breadcrumb\",\"itemListElement\":[{\"@type\":\"ListItem\",\"position\":1,\"name\":\"Home\",\"item\":\"https:\/\/www.myportugalexperience.com\/blog\/\"},{\"@type\":\"ListItem\",\"position\":2,\"name\":\"Reserve agora apartamentos tur\u00edsticos no Algarve\"}]},{\"@type\":\"WebSite\",\"@id\":\"https:\/\/www.myportugalexperience.com\/blog\/#website\",\"url\":\"https:\/\/www.myportugalexperience.com\/blog\/\",\"name\":\"Blog\",\"description\":\"OC VILLAS\",\"potentialAction\":[{\"@type\":\"SearchAction\",\"target\":{\"@type\":\"EntryPoint\",\"urlTemplate\":\"https:\/\/www.myportugalexperience.com\/blog\/?s={search_term_string}\"},\"query-input\":{\"@type\":\"PropertyValueSpecification\",\"valueRequired\":true,\"valueName\":\"search_term_string\"}}],\"inLanguage\":\"pt\"}]}<\/script>\n<!-- \/ Yoast SEO plugin. -->","yoast_head_json":{"title":"Reserve apartamentos tur\u00edsticos no Algarve | OC Villas","description":"Est\u00e1 a planear uma viagem a Portugal? Alugue apartamentos tur\u00edsticos no Algarve com a My Portugal Experience da OC Villas ao melhor pre\u00e7o.","robots":{"index":"index","follow":"follow","max-snippet":"max-snippet:-1","max-image-preview":"max-image-preview:large","max-video-preview":"max-video-preview:-1"},"canonical":"https:\/\/www.myportugalexperience.com\/blog\/apartamentos-turisticos-no-algarve\/","og_locale":"pt_PT","og_type":"article","og_title":"Reserve apartamentos tur\u00edsticos no Algarve | OC Villas","og_description":"Est\u00e1 a planear uma viagem a Portugal? Alugue apartamentos tur\u00edsticos no Algarve com a My Portugal Experience da OC Villas ao melhor pre\u00e7o.","og_url":"https:\/\/www.myportugalexperience.com\/blog\/apartamentos-turisticos-no-algarve\/","og_site_name":"Blog","article_modified_time":"2026-01-15T15:28:50+00:00","og_image":[{"width":800,"height":800,"url":"https:\/\/www.myportugalexperience.com\/blog\/wp-content\/uploads\/2025\/09\/apartment-in-algarve-1.webp","type":"image\/webp"}],"twitter_card":"summary_large_image","twitter_misc":{"Est. reading time":"10 minutes"},"schema":{"@context":"https:\/\/schema.org","@graph":[{"@type":"WebPage","@id":"https:\/\/www.myportugalexperience.com\/blog\/apartamentos-turisticos-no-algarve\/","url":"https:\/\/www.myportugalexperience.com\/blog\/apartamentos-turisticos-no-algarve\/","name":"Reserve apartamentos tur\u00edsticos no Algarve | OC Villas","isPartOf":{"@id":"https:\/\/www.myportugalexperience.com\/blog\/#website"},"primaryImageOfPage":{"@id":"https:\/\/www.myportugalexperience.com\/blog\/apartamentos-turisticos-no-algarve\/#primaryimage"},"image":{"@id":"https:\/\/www.myportugalexperience.com\/blog\/apartamentos-turisticos-no-algarve\/#primaryimage"},"thumbnailUrl":"https:\/\/www.myportugalexperience.com\/blog\/wp-content\/uploads\/2025\/09\/apartment-in-algarve-1.webp","datePublished":"2025-09-09T09:22:39+00:00","dateModified":"2026-01-15T15:28:50+00:00","description":"Est\u00e1 a planear uma viagem a Portugal? Alugue apartamentos tur\u00edsticos no Algarve com a My Portugal Experience da OC Villas ao melhor pre\u00e7o.","breadcrumb":{"@id":"https:\/\/www.myportugalexperience.com\/blog\/apartamentos-turisticos-no-algarve\/#breadcrumb"},"inLanguage":"pt","potentialAction":[{"@type":"ReadAction","target":["https:\/\/www.myportugalexperience.com\/blog\/apartamentos-turisticos-no-algarve\/"]}]},{"@type":"ImageObject","inLanguage":"pt","@id":"https:\/\/www.myportugalexperience.com\/blog\/apartamentos-turisticos-no-algarve\/#primaryimage","url":"https:\/\/www.myportugalexperience.com\/blog\/wp-content\/uploads\/2025\/09\/apartment-in-algarve-1.webp","contentUrl":"https:\/\/www.myportugalexperience.com\/blog\/wp-content\/uploads\/2025\/09\/apartment-in-algarve-1.webp","width":800,"height":800},{"@type":"BreadcrumbList","@id":"https:\/\/www.myportugalexperience.com\/blog\/apartamentos-turisticos-no-algarve\/#breadcrumb","itemListElement":[{"@type":"ListItem","position":1,"name":"Home","item":"https:\/\/www.myportugalexperience.com\/blog\/"},{"@type":"ListItem","position":2,"name":"Reserve agora apartamentos tur\u00edsticos no Algarve"}]},{"@type":"WebSite","@id":"https:\/\/www.myportugalexperience.com\/blog\/#website","url":"https:\/\/www.myportugalexperience.com\/blog\/","name":"Blog","description":"OC VILLAS","potentialAction":[{"@type":"SearchAction","target":{"@type":"EntryPoint","urlTemplate":"https:\/\/www.myportugalexperience.com\/blog\/?s={search_term_string}"},"query-input":{"@type":"PropertyValueSpecification","valueRequired":true,"valueName":"search_term_string"}}],"inLanguage":"pt"}]}},"_links":{"self":[{"href":"https:\/\/www.myportugalexperience.com\/blog\/wp-json\/wp\/v2\/pages\/1345","targetHints":{"allow":["GET"]}}],"collection":[{"href":"https:\/\/www.myportugalexperience.com\/blog\/wp-json\/wp\/v2\/pages"}],"about":[{"href":"https:\/\/www.myportugalexperience.com\/blog\/wp-json\/wp\/v2\/types\/page"}],"author":[{"embeddable":true,"href":"https:\/\/www.myportugalexperience.com\/blog\/wp-json\/wp\/v2\/users\/3"}],"replies":[{"embeddable":true,"href":"https:\/\/www.myportugalexperience.com\/blog\/wp-json\/wp\/v2\/comments?post=1345"}],"version-history":[{"count":7,"href":"https:\/\/www.myportugalexperience.com\/blog\/wp-json\/wp\/v2\/pages\/1345\/revisions"}],"predecessor-version":[{"id":1703,"href":"https:\/\/www.myportugalexperience.com\/blog\/wp-json\/wp\/v2\/pages\/1345\/revisions\/1703"}],"wp:featuredmedia":[{"embeddable":true,"href":"https:\/\/www.myportugalexperience.com\/blog\/wp-json\/wp\/v2\/media\/1335"}],"wp:attachment":[{"href":"https:\/\/www.myportugalexperience.com\/blog\/wp-json\/wp\/v2\/media?parent=1345"}],"curies":[{"name":"wp","href":"https:\/\/api.w.org\/{rel}","templated":true}]}}