{"id":1356,"date":"2025-09-09T09:58:35","date_gmt":"2025-09-09T09:58:35","guid":{"rendered":"https:\/\/www.myportugalexperience.com\/blog\/?p=1356"},"modified":"2026-01-15T15:28:36","modified_gmt":"2026-01-15T15:28:36","slug":"apartamentos-albufeira","status":"publish","type":"page","link":"https:\/\/www.myportugalexperience.com\/blog\/apartamentos-albufeira\/","title":{"rendered":"Reserve j\u00e1 apartamentos Albufeira"},"content":{"rendered":"\t\t<div data-elementor-type=\"wp-post\" data-elementor-id=\"1356\" class=\"elementor elementor-1356 elementor-1350\" data-elementor-post-type=\"page\">\n\t\t\t\t<div class=\"elementor-element elementor-element-2ede445b e-flex e-con-boxed e-con e-parent\" data-id=\"2ede445b\" data-element_type=\"container\" data-e-type=\"container\">\n\t\t\t\t\t<div class=\"e-con-inner\">\n\t\t<div class=\"elementor-element elementor-element-33d78d4e e-con-full e-flex e-con e-child\" data-id=\"33d78d4e\" data-element_type=\"container\" data-e-type=\"container\">\n\t\t<div class=\"elementor-element elementor-element-387125bd e-con-full e-flex e-con e-child\" data-id=\"387125bd\" data-element_type=\"container\" data-e-type=\"container\">\n\t\t\t\t<div class=\"elementor-element elementor-element-1deb11b6 elementor-widget__width-initial elementor-widget elementor-widget-text-editor\" data-id=\"1deb11b6\" data-element_type=\"widget\" data-e-type=\"widget\" data-widget_type=\"text-editor.default\">\n\t\t\t\t<div class=\"elementor-widget-container\">\n\t\t\t\t\t\t\t\t\t<p>EXPLORE O ALGARVE<\/p>\t\t\t\t\t\t\t\t<\/div>\n\t\t\t\t<\/div>\n\t\t\t\t<div class=\"elementor-element elementor-element-4c0f7369 elementor-widget elementor-widget-heading\" data-id=\"4c0f7369\" data-element_type=\"widget\" data-e-type=\"widget\" data-widget_type=\"heading.default\">\n\t\t\t\t<div class=\"elementor-widget-container\">\n\t\t\t\t\t<h1 class=\"elementor-heading-title elementor-size-default\">Reserve j\u00e1 <br><b>APARTAMENTOS Albufeira<\/b><\/h1>\t\t\t\t<\/div>\n\t\t\t\t<\/div>\n\t\t\t\t<\/div>\n\t\t<div class=\"elementor-element elementor-element-4b50be67 e-con-full elementor-hidden-tablet e-flex e-con e-child\" data-id=\"4b50be67\" data-element_type=\"container\" data-e-type=\"container\">\n\t\t<div class=\"elementor-element elementor-element-76ef1b14 e-con-full e-flex e-con e-child\" data-id=\"76ef1b14\" data-element_type=\"container\" data-e-type=\"container\">\n\t\t\t\t<div class=\"elementor-element elementor-element-7c341540 elementor-widget-tablet__width-initial elementor-invisible elementor-widget elementor-widget-image\" data-id=\"7c341540\" data-element_type=\"widget\" data-e-type=\"widget\" data-settings=\"{&quot;_animation&quot;:&quot;fadeInUp&quot;,&quot;_animation_mobile&quot;:&quot;fadeIn&quot;,&quot;_animation_delay&quot;:400}\" data-widget_type=\"image.default\">\n\t\t\t\t<div class=\"elementor-widget-container\">\n\t\t\t\t\t\t\t\t\t\t\t\t\t\t\t\t<a href=\"https:\/\/www.myportugalexperience.com\/blog\/wp-content\/uploads\/2025\/09\/apartment-in-algarve-2.webp\" data-elementor-open-lightbox=\"no\">\n\t\t\t\t\t\t\t<img fetchpriority=\"high\" decoding=\"async\" width=\"800\" height=\"800\" src=\"https:\/\/www.myportugalexperience.com\/blog\/wp-content\/uploads\/2025\/09\/apartment-in-algarve-2.webp\" class=\"attachment-full size-full wp-image-1337\" alt=\"\" srcset=\"https:\/\/www.myportugalexperience.com\/blog\/wp-content\/uploads\/2025\/09\/apartment-in-algarve-2.webp 800w, https:\/\/www.myportugalexperience.com\/blog\/wp-content\/uploads\/2025\/09\/apartment-in-algarve-2-300x300.webp 300w, https:\/\/www.myportugalexperience.com\/blog\/wp-content\/uploads\/2025\/09\/apartment-in-algarve-2-150x150.webp 150w, https:\/\/www.myportugalexperience.com\/blog\/wp-content\/uploads\/2025\/09\/apartment-in-algarve-2-768x768.webp 768w\" sizes=\"(max-width: 800px) 100vw, 800px\" \/>\t\t\t\t\t\t\t\t<\/a>\n\t\t\t\t\t\t\t\t\t\t\t\t\t\t\t<\/div>\n\t\t\t\t<\/div>\n\t\t\t\t<\/div>\n\t\t\t\t<\/div>\n\t\t\t\t<\/div>\n\t\t\t\t\t<\/div>\n\t\t\t\t<\/div>\n\t\t<div class=\"elementor-element elementor-element-49ed359b e-flex e-con-boxed e-con e-parent\" data-id=\"49ed359b\" data-element_type=\"container\" data-e-type=\"container\">\n\t\t\t\t\t<div class=\"e-con-inner\">\n\t\t<div class=\"elementor-element elementor-element-7fda4035 e-con-full e-flex e-con e-child\" data-id=\"7fda4035\" data-element_type=\"container\" data-e-type=\"container\">\n\t\t\t\t<div class=\"elementor-element elementor-element-66be140c elementor-widget elementor-widget-grid\" data-id=\"66be140c\" data-element_type=\"widget\" data-e-type=\"widget\" data-widget_type=\"grid.default\">\n\t\t\t\t<div class=\"elementor-widget-container\">\n\t\t\t\t\t\t\t<div class=\"its--row alojamientos-recomendados\">\n\n\t\t\t<div class=\"alojamientos-recomendados-container\">\n\n\t\t\t\t\t\n\t\t\t\t\t<a href=\"https:\/\/www.myportugalexperience.com\/aluguer\/apartamento-albufeira-roma-vista-mar-5-min-baixa-albufeira-ac-268214.html\" rel=\"nofollow\" style=\"width: 32%;\">\n\t\t\t\t\t\t<div class=\"apartamento-box\">\n\t\t\t\t\t\t\t<div class=\"imagen_recomendados\">\n\t\t\t\t\t\t\t\t<img decoding=\"async\" src=\"https:\/\/crs.avantio.com\/fotos\/2\/1543610749351ae2e39ca7119cf5f41d686df599f0\/big1707911291a0dadcb75acabf35dcfd91e43fae01dc.jpg\" alt=\"Apt. Rom\u00e3 OCV - Vista Mar\">\n\t\t\t\t\t\t\t<\/div>\n\t\t\t\t\t\t\t<div class=\"info\">\n\t\t\t\t\t\t\t\t<div class=\"ubicacion\">\n\t\t\t\t\t\t\t\t\t<i class=\"fa-solid fa-location-dot icono-mapa\"><\/i><span class=\"ubicacion-texto\">Albufeira - Algarve<\/span>\n\t\t\t\t\t\t\t\t<\/div>\n\t\t\t\t\t\t\t\t<H4 class=\"titulo-alojamiento\">\n\t\t\t\t\t\t\t\t\tApt. Rom\u00e3 OCV - Vista Mar\t\t\t\t\t\t\t\t<\/H4>\n\t\t\t\t\t\t\t\t<p class=\"precio-alojamiento\">De <span class=\"precio\">57.00\u20ac<\/span> por noite<\/p>\n\t\t\t\t\t\t\t<\/div>\n\t\t\t\t\t\t<\/div>\n\t\t\t\t\t<\/a> \n\t\t\t\t\t\t\n\t\t\t\t\t<a href=\"https:\/\/www.myportugalexperience.com\/aluguer\/apartamento-albufeira-figo-apartamento-luxuoso-5-min-baixa-albufeira-268215.html\" rel=\"nofollow\" style=\"width: 32%;\">\n\t\t\t\t\t\t<div class=\"apartamento-box\">\n\t\t\t\t\t\t\t<div class=\"imagen_recomendados\">\n\t\t\t\t\t\t\t\t<img decoding=\"async\" src=\"https:\/\/crs.avantio.com\/fotos\/2\/15436106751f93c44194055f322b47be2f3ea0fe30\/big15446959844c51e5c9ac34fb01d784c715b0118505.jpg\" alt=\"Apt. Figo OCV - Vista Mar\">\n\t\t\t\t\t\t\t<\/div>\n\t\t\t\t\t\t\t<div class=\"info\">\n\t\t\t\t\t\t\t\t<div class=\"ubicacion\">\n\t\t\t\t\t\t\t\t\t<i class=\"fa-solid fa-location-dot icono-mapa\"><\/i><span class=\"ubicacion-texto\">Albufeira - Algarve<\/span>\n\t\t\t\t\t\t\t\t<\/div>\n\t\t\t\t\t\t\t\t<H4 class=\"titulo-alojamiento\">\n\t\t\t\t\t\t\t\t\tApt. Figo OCV - Vista Mar\t\t\t\t\t\t\t\t<\/H4>\n\t\t\t\t\t\t\t\t<p class=\"precio-alojamiento\">De <span class=\"precio\">61.00\u20ac<\/span> por noite<\/p>\n\t\t\t\t\t\t\t<\/div>\n\t\t\t\t\t\t<\/div>\n\t\t\t\t\t<\/a> \n\t\t\t\t\t\t\n\t\t\t\t\t<a href=\"https:\/\/www.myportugalexperience.com\/aluguer\/apartamento-albufeira-alfarroba-apt-com-terraco-5min-baixa-albufeira-268216.html\" rel=\"nofollow\" style=\"width: 32%;\">\n\t\t\t\t\t\t<div class=\"apartamento-box\">\n\t\t\t\t\t\t\t<div class=\"imagen_recomendados\">\n\t\t\t\t\t\t\t\t<img decoding=\"async\" src=\"https:\/\/crs.avantio.com\/fotos\/2\/1543610715f0d15cbbe01b3e13ffb7a4ae0ffeae4f\/big170790723086871f86e388769feff1a0670a42eda4.jpg\" alt=\"Apt. Alfarroba OCV - 5min Centro\">\n\t\t\t\t\t\t\t<\/div>\n\t\t\t\t\t\t\t<div class=\"info\">\n\t\t\t\t\t\t\t\t<div class=\"ubicacion\">\n\t\t\t\t\t\t\t\t\t<i class=\"fa-solid fa-location-dot icono-mapa\"><\/i><span class=\"ubicacion-texto\">Albufeira - Algarve<\/span>\n\t\t\t\t\t\t\t\t<\/div>\n\t\t\t\t\t\t\t\t<H4 class=\"titulo-alojamiento\">\n\t\t\t\t\t\t\t\t\tApt. Alfarroba OCV - 5min Centro\t\t\t\t\t\t\t\t<\/H4>\n\t\t\t\t\t\t\t\t<p class=\"precio-alojamiento\">De <span class=\"precio\">31.00\u20ac<\/span> por noite<\/p>\n\t\t\t\t\t\t\t<\/div>\n\t\t\t\t\t\t<\/div>\n\t\t\t\t\t<\/a> \n\t\t\t\t\t\t\n\t\t\t\t\t<a href=\"https:\/\/www.myportugalexperience.com\/aluguer\/apartamento-albufeira-old-town-moderno-e-luxuoso-a-5min-ate-praia-albu-268217.html\" rel=\"nofollow\" style=\"width: 32%;\">\n\t\t\t\t\t\t<div class=\"apartamento-box\">\n\t\t\t\t\t\t\t<div class=\"imagen_recomendados\">\n\t\t\t\t\t\t\t\t<img decoding=\"async\" src=\"https:\/\/crs.avantio.com\/fotos\/2\/1543612007e7e83f6f29aec9c0cb31170febf01d5a\/big16977267689448e09de29fdb4b8cf58aa28b4bcdb3.jpg\" alt=\"Apt. Old Town OCV - 3min Praia\">\n\t\t\t\t\t\t\t<\/div>\n\t\t\t\t\t\t\t<div class=\"info\">\n\t\t\t\t\t\t\t\t<div class=\"ubicacion\">\n\t\t\t\t\t\t\t\t\t<i class=\"fa-solid fa-location-dot icono-mapa\"><\/i><span class=\"ubicacion-texto\">Albufeira - Algarve<\/span>\n\t\t\t\t\t\t\t\t<\/div>\n\t\t\t\t\t\t\t\t<H4 class=\"titulo-alojamiento\">\n\t\t\t\t\t\t\t\t\tApt. Old Town OCV - 3min Praia\t\t\t\t\t\t\t\t<\/H4>\n\t\t\t\t\t\t\t\t<p class=\"precio-alojamiento\">De <span class=\"precio\">97.00\u20ac<\/span> por noite<\/p>\n\t\t\t\t\t\t\t<\/div>\n\t\t\t\t\t\t<\/div>\n\t\t\t\t\t<\/a> \n\t\t\t\t\t\t\n\t\t\t\t\t<a href=\"https:\/\/www.myportugalexperience.com\/aluguer\/apartamento-albufeira-relax-luxuoso-5min-a-pe-baixa-albufeira-wifi-ac-268218.html\" rel=\"nofollow\" style=\"width: 32%;\">\n\t\t\t\t\t\t<div class=\"apartamento-box\">\n\t\t\t\t\t\t\t<div class=\"imagen_recomendados\">\n\t\t\t\t\t\t\t\t<img decoding=\"async\" src=\"https:\/\/crs.avantio.com\/fotos\/2\/1543606477ef0149453b9398281da47a90fa48c6df\/big17011015853edce4c98c5917033d968c1df2daa401.jpg\" alt=\"Apt. Relax OCV - Baixa Albufeira\">\n\t\t\t\t\t\t\t<\/div>\n\t\t\t\t\t\t\t<div class=\"info\">\n\t\t\t\t\t\t\t\t<div class=\"ubicacion\">\n\t\t\t\t\t\t\t\t\t<i class=\"fa-solid fa-location-dot icono-mapa\"><\/i><span class=\"ubicacion-texto\">Albufeira - Algarve<\/span>\n\t\t\t\t\t\t\t\t<\/div>\n\t\t\t\t\t\t\t\t<H4 class=\"titulo-alojamiento\">\n\t\t\t\t\t\t\t\t\tApt. Relax OCV - Baixa Albufeira\t\t\t\t\t\t\t\t<\/H4>\n\t\t\t\t\t\t\t\t<p class=\"precio-alojamiento\">De <span class=\"precio\">95.00\u20ac<\/span> por noite<\/p>\n\t\t\t\t\t\t\t<\/div>\n\t\t\t\t\t\t<\/div>\n\t\t\t\t\t<\/a> \n\t\t\t\t\t\t\n\t\t\t\t\t<a href=\"https:\/\/www.myportugalexperience.com\/aluguer\/apartamento-albufeira-albuhera-moderno-apt-com-piscina-5min-baixa-alb-268219.html\" rel=\"nofollow\" style=\"width: 32%;\">\n\t\t\t\t\t\t<div class=\"apartamento-box\">\n\t\t\t\t\t\t\t<div class=\"imagen_recomendados\">\n\t\t\t\t\t\t\t\t<img decoding=\"async\" src=\"https:\/\/crs.avantio.com\/fotos\/2\/1543611967af73d696b046db0cfff564ec6cde9df5\/big16992659186425b909914afc7f7cdbed200a66d179.jpg\" alt=\"Apt. Albuhera OCV - Baixa Albufeira\">\n\t\t\t\t\t\t\t<\/div>\n\t\t\t\t\t\t\t<div class=\"info\">\n\t\t\t\t\t\t\t\t<div class=\"ubicacion\">\n\t\t\t\t\t\t\t\t\t<i class=\"fa-solid fa-location-dot icono-mapa\"><\/i><span class=\"ubicacion-texto\">Albufeira - Algarve<\/span>\n\t\t\t\t\t\t\t\t<\/div>\n\t\t\t\t\t\t\t\t<H4 class=\"titulo-alojamiento\">\n\t\t\t\t\t\t\t\t\tApt. Albuhera OCV - Baixa Albufeira\t\t\t\t\t\t\t\t<\/H4>\n\t\t\t\t\t\t\t\t<p class=\"precio-alojamiento\">De <span class=\"precio\">60.00\u20ac<\/span> por noite<\/p>\n\t\t\t\t\t\t\t<\/div>\n\t\t\t\t\t\t<\/div>\n\t\t\t\t\t<\/a> \n\t\t\t\t\t\t\n\t\t\t\t\t<a href=\"https:\/\/www.myportugalexperience.com\/aluguer\/apartamento-albufeira-waves-charmoso-apartamento-na-oura-5min-praia-268245.html\" rel=\"nofollow\" style=\"width: 32%;\">\n\t\t\t\t\t\t<div class=\"apartamento-box\">\n\t\t\t\t\t\t\t<div class=\"imagen_recomendados\">\n\t\t\t\t\t\t\t\t<img decoding=\"async\" src=\"https:\/\/crs.avantio.com\/fotos\/2\/154360678510bb856844f62267e6f3be971e904d6b\/big15446576928c71ac371942e3c57ebb0054a4c7b3f1.jpg\" alt=\"Apt. Waves OCV - Oura \">\n\t\t\t\t\t\t\t<\/div>\n\t\t\t\t\t\t\t<div class=\"info\">\n\t\t\t\t\t\t\t\t<div class=\"ubicacion\">\n\t\t\t\t\t\t\t\t\t<i class=\"fa-solid fa-location-dot icono-mapa\"><\/i><span class=\"ubicacion-texto\">Albufeira - Algarve<\/span>\n\t\t\t\t\t\t\t\t<\/div>\n\t\t\t\t\t\t\t\t<H4 class=\"titulo-alojamiento\">\n\t\t\t\t\t\t\t\t\tApt. Waves OCV - Oura \t\t\t\t\t\t\t\t<\/H4>\n\t\t\t\t\t\t\t\t<p class=\"precio-alojamiento\">De <span class=\"precio\">55.00\u20ac<\/span> por noite<\/p>\n\t\t\t\t\t\t\t<\/div>\n\t\t\t\t\t\t<\/div>\n\t\t\t\t\t<\/a> \n\t\t\t\t\t\t\n\t\t\t\t\t<a href=\"https:\/\/www.myportugalexperience.com\/aluguer\/apartamento-albufeira-bogart-espacoso-apt-ideal-familias-5min-da-oura-268256.html\" rel=\"nofollow\" style=\"width: 32%;\">\n\t\t\t\t\t\t<div class=\"apartamento-box\">\n\t\t\t\t\t\t\t<div class=\"imagen_recomendados\">\n\t\t\t\t\t\t\t\t<img decoding=\"async\" src=\"https:\/\/crs.avantio.com\/fotos\/2\/1543609984e68139c4bfe2e4380e2cd2feaed87c00\/big1674736723c6e15e6fa3d7c842b295f3450e17e231.jpg\" alt=\"Apt. Bogart OCV - Oura Albufeira\">\n\t\t\t\t\t\t\t<\/div>\n\t\t\t\t\t\t\t<div class=\"info\">\n\t\t\t\t\t\t\t\t<div class=\"ubicacion\">\n\t\t\t\t\t\t\t\t\t<i class=\"fa-solid fa-location-dot icono-mapa\"><\/i><span class=\"ubicacion-texto\">Albufeira - Algarve<\/span>\n\t\t\t\t\t\t\t\t<\/div>\n\t\t\t\t\t\t\t\t<H4 class=\"titulo-alojamiento\">\n\t\t\t\t\t\t\t\t\tApt. Bogart OCV - Oura Albufeira\t\t\t\t\t\t\t\t<\/H4>\n\t\t\t\t\t\t\t\t<p class=\"precio-alojamiento\">De <span class=\"precio\">61.00\u20ac<\/span> por noite<\/p>\n\t\t\t\t\t\t\t<\/div>\n\t\t\t\t\t\t<\/div>\n\t\t\t\t\t<\/a> \n\t\t\t\t\t\t\n\t\t\t\t\t<a href=\"https:\/\/www.myportugalexperience.com\/aluguer\/apartamento-albufeira-medronho-vista-mar-com-piscina-a-5min-baixa-albuf-268267.html\" rel=\"nofollow\" style=\"width: 32%;\">\n\t\t\t\t\t\t<div class=\"apartamento-box\">\n\t\t\t\t\t\t\t<div class=\"imagen_recomendados\">\n\t\t\t\t\t\t\t\t<img decoding=\"async\" src=\"https:\/\/crs.avantio.com\/fotos\/2\/15436132325e189cbe8777cbe9dfbeb4b4bb7f5ecc\/big1554820339c55662ebec2f30710e157dba457a68c8.jpg\" alt=\"Apt. Medronho OCV - Vista Mar\">\n\t\t\t\t\t\t\t<\/div>\n\t\t\t\t\t\t\t<div class=\"info\">\n\t\t\t\t\t\t\t\t<div class=\"ubicacion\">\n\t\t\t\t\t\t\t\t\t<i class=\"fa-solid fa-location-dot icono-mapa\"><\/i><span class=\"ubicacion-texto\">Albufeira - Algarve<\/span>\n\t\t\t\t\t\t\t\t<\/div>\n\t\t\t\t\t\t\t\t<H4 class=\"titulo-alojamiento\">\n\t\t\t\t\t\t\t\t\tApt. Medronho OCV - Vista Mar\t\t\t\t\t\t\t\t<\/H4>\n\t\t\t\t\t\t\t\t<p class=\"precio-alojamiento\">De <span class=\"precio\">56.00\u20ac<\/span> por noite<\/p>\n\t\t\t\t\t\t\t<\/div>\n\t\t\t\t\t\t<\/div>\n\t\t\t\t\t<\/a> \n\t\t\t\t\t\t\n\t\t\t\t\t<a href=\"https:\/\/www.myportugalexperience.com\/aluguer\/apartamento-albufeira-downtown-excelente-t3-5min-ate-praia-varanda-so-289839.html\" rel=\"nofollow\" style=\"width: 32%;\">\n\t\t\t\t\t\t<div class=\"apartamento-box\">\n\t\t\t\t\t\t\t<div class=\"imagen_recomendados\">\n\t\t\t\t\t\t\t\t<img decoding=\"async\" src=\"https:\/\/crs.avantio.com\/fotos\/2\/155912642597d12fcdf491c953a6f4e6d9bee57a5d\/big1697728309ecf88aaba69dbd7c0f4d3c40192dc5e3.jpg\" alt=\"Apt. Downtown OCV - 5min Praia \">\n\t\t\t\t\t\t\t<\/div>\n\t\t\t\t\t\t\t<div class=\"info\">\n\t\t\t\t\t\t\t\t<div class=\"ubicacion\">\n\t\t\t\t\t\t\t\t\t<i class=\"fa-solid fa-location-dot icono-mapa\"><\/i><span class=\"ubicacion-texto\">Albufeira - Algarve<\/span>\n\t\t\t\t\t\t\t\t<\/div>\n\t\t\t\t\t\t\t\t<H4 class=\"titulo-alojamiento\">\n\t\t\t\t\t\t\t\t\tApt. Downtown OCV - 5min Praia \t\t\t\t\t\t\t\t<\/H4>\n\t\t\t\t\t\t\t\t<p class=\"precio-alojamiento\">De <span class=\"precio\">96.00\u20ac<\/span> por noite<\/p>\n\t\t\t\t\t\t\t<\/div>\n\t\t\t\t\t\t<\/div>\n\t\t\t\t\t<\/a> \n\t\t\t\t\t\t\n\t\t\t\t\t<a href=\"https:\/\/www.myportugalexperience.com\/aluguer\/apartamento-albufeira-amora-apt-fantastica-vista-mar-5min-old-310410.html\" rel=\"nofollow\" style=\"width: 32%;\">\n\t\t\t\t\t\t<div class=\"apartamento-box\">\n\t\t\t\t\t\t\t<div class=\"imagen_recomendados\">\n\t\t\t\t\t\t\t\t<img decoding=\"async\" src=\"https:\/\/crs.avantio.com\/fotos\/2\/15802064125b0ae6e63b5bee15d1ac1af61a1695bf\/big1580206413aa5ba600c8a267627665d1db24fa1c46.jpg\" alt=\"Apt. Amora OCV - Vista Mar\">\n\t\t\t\t\t\t\t<\/div>\n\t\t\t\t\t\t\t<div class=\"info\">\n\t\t\t\t\t\t\t\t<div class=\"ubicacion\">\n\t\t\t\t\t\t\t\t\t<i class=\"fa-solid fa-location-dot icono-mapa\"><\/i><span class=\"ubicacion-texto\">Albufeira - Algarve<\/span>\n\t\t\t\t\t\t\t\t<\/div>\n\t\t\t\t\t\t\t\t<H4 class=\"titulo-alojamiento\">\n\t\t\t\t\t\t\t\t\tApt. Amora OCV - Vista Mar\t\t\t\t\t\t\t\t<\/H4>\n\t\t\t\t\t\t\t\t<p class=\"precio-alojamiento\">De <span class=\"precio\">78.00\u20ac<\/span> por noite<\/p>\n\t\t\t\t\t\t\t<\/div>\n\t\t\t\t\t\t<\/div>\n\t\t\t\t\t<\/a> \n\t\t\t\t\t\t\n\t\t\t\t\t<a href=\"https:\/\/www.myportugalexperience.com\/aluguer\/apartamento-albufeira-oura-sea-view-349552.html\" rel=\"nofollow\" style=\"width: 32%;\">\n\t\t\t\t\t\t<div class=\"apartamento-box\">\n\t\t\t\t\t\t\t<div class=\"imagen_recomendados\">\n\t\t\t\t\t\t\t\t<img decoding=\"async\" src=\"https:\/\/crs.avantio.com\/fotos\/2\/16221350546ec412def664d2abdc285ad8e2da79d6\/big16221350731e171fabf9534405b76bcb02532600bd.jpg\" alt=\"Apt. Oura Sea View OCV - Perto da Praia Oura\">\n\t\t\t\t\t\t\t<\/div>\n\t\t\t\t\t\t\t<div class=\"info\">\n\t\t\t\t\t\t\t\t<div class=\"ubicacion\">\n\t\t\t\t\t\t\t\t\t<i class=\"fa-solid fa-location-dot icono-mapa\"><\/i><span class=\"ubicacion-texto\">Albufeira - Algarve<\/span>\n\t\t\t\t\t\t\t\t<\/div>\n\t\t\t\t\t\t\t\t<H4 class=\"titulo-alojamiento\">\n\t\t\t\t\t\t\t\t\tApt. Oura Sea View OCV - Perto da Praia Oura\t\t\t\t\t\t\t\t<\/H4>\n\t\t\t\t\t\t\t\t<p class=\"precio-alojamiento\">De <span class=\"precio\">70.00\u20ac<\/span> por noite<\/p>\n\t\t\t\t\t\t\t<\/div>\n\t\t\t\t\t\t<\/div>\n\t\t\t\t\t<\/a> \n\t\t\t\t\t\t\t\t<\/div>\n\t\t\t<\/div>\n\t\t\t\t\t\t<\/div>\n\t\t\t\t<\/div>\n\t\t\t\t<\/div>\n\t\t\t\t\t<\/div>\n\t\t\t\t<\/div>\n\t\t<div class=\"elementor-element elementor-element-60d8514b e-flex e-con-boxed e-con e-parent\" data-id=\"60d8514b\" data-element_type=\"container\" data-e-type=\"container\">\n\t\t\t\t\t<div class=\"e-con-inner\">\n\t\t<div class=\"elementor-element elementor-element-e5efc0f e-con-full e-flex e-con e-child\" data-id=\"e5efc0f\" data-element_type=\"container\" data-e-type=\"container\">\n\t\t\t\t<div class=\"elementor-element elementor-element-373cfb4f elementor-align-center elementor-mobile-align-center elementor-widget elementor-widget-button\" data-id=\"373cfb4f\" data-element_type=\"widget\" data-e-type=\"widget\" data-widget_type=\"button.default\">\n\t\t\t\t<div class=\"elementor-widget-container\">\n\t\t\t\t\t\t\t\t\t<div class=\"elementor-button-wrapper\">\n\t\t\t\t\t<a class=\"elementor-button elementor-button-link elementor-size-sm\" href=\"https:\/\/www.myportugalexperience.com\/aluguer\/alugueres-albufeira-d599\/\">\n\t\t\t\t\t\t<span class=\"elementor-button-content-wrapper\">\n\t\t\t\t\t\t\t\t\t<span class=\"elementor-button-text\">Explorar mais apartamentos Albufeira<\/span>\n\t\t\t\t\t<\/span>\n\t\t\t\t\t<\/a>\n\t\t\t\t<\/div>\n\t\t\t\t\t\t\t\t<\/div>\n\t\t\t\t<\/div>\n\t\t\t\t<\/div>\n\t\t\t\t\t<\/div>\n\t\t\t\t<\/div>\n\t\t<div class=\"elementor-element elementor-element-2dc0f576 e-flex e-con-boxed e-con e-parent\" data-id=\"2dc0f576\" data-element_type=\"container\" data-e-type=\"container\">\n\t\t\t\t\t<div class=\"e-con-inner\">\n\t\t<div class=\"elementor-element elementor-element-3951fc07 e-con-full e-flex e-con e-child\" data-id=\"3951fc07\" data-element_type=\"container\" data-e-type=\"container\">\n\t\t\t\t<div class=\"elementor-element elementor-element-7aa2a76e e-n-tabs-mobile elementor-widget elementor-widget-n-tabs\" data-id=\"7aa2a76e\" data-element_type=\"widget\" data-e-type=\"widget\" data-widget_type=\"nested-tabs.default\">\n\t\t\t\t<div class=\"elementor-widget-container\">\n\t\t\t\t\t\t\t<div class=\"e-n-tabs\" data-widget-number=\"2057480046\" aria-label=\"Tabs. Open items with Enter or Space, close with Escape and navigate using the Arrow keys.\">\n\t\t\t<div class=\"e-n-tabs-heading\" role=\"tablist\">\n\t\t\t\t\t<button id=\"e-n-tab-title-20574800461\" data-tab-title-id=\"e-n-tab-title-20574800461\" class=\"e-n-tab-title\" aria-selected=\"true\" data-tab-index=\"1\" role=\"tab\" tabindex=\"0\" aria-controls=\"e-n-tab-content-20574800461\" style=\"--n-tabs-title-order: 1;\">\n\t\t\t\t\t\t<span class=\"e-n-tab-title-text\">\n\t\t\t\tOrigem \u00c1rabe do Nome\t\t\t<\/span>\n\t\t<\/button>\n\t\t\t\t<button id=\"e-n-tab-title-20574800462\" data-tab-title-id=\"e-n-tab-title-20574800462\" class=\"e-n-tab-title\" aria-selected=\"false\" data-tab-index=\"2\" role=\"tab\" tabindex=\"-1\" aria-controls=\"e-n-tab-content-20574800462\" style=\"--n-tabs-title-order: 2;\">\n\t\t\t\t\t\t<span class=\"e-n-tab-title-text\">\n\t\t\t\tDestino Tur\u00edstico desde os Anos 1960\t\t\t<\/span>\n\t\t<\/button>\n\t\t\t\t<button id=\"e-n-tab-title-20574800463\" data-tab-title-id=\"e-n-tab-title-20574800463\" class=\"e-n-tab-title\" aria-selected=\"false\" data-tab-index=\"3\" role=\"tab\" tabindex=\"-1\" aria-controls=\"e-n-tab-content-20574800463\" style=\"--n-tabs-title-order: 3;\">\n\t\t\t\t\t\t<span class=\"e-n-tab-title-text\">\n\t\t\t\tFestival do Pescador\t\t\t<\/span>\n\t\t<\/button>\n\t\t\t\t\t<\/div>\n\t\t\t<div class=\"e-n-tabs-content\">\n\t\t\t\t<div id=\"e-n-tab-content-20574800461\" role=\"tabpanel\" aria-labelledby=\"e-n-tab-title-20574800461\" data-tab-index=\"1\" style=\"--n-tabs-title-order: 1;\" class=\"e-active elementor-element elementor-element-21ea9154 e-con-full e-flex e-con e-child\" data-id=\"21ea9154\" data-element_type=\"container\" data-e-type=\"container\">\n\t\t\t\t<div class=\"elementor-element elementor-element-3e05314 elementor-widget elementor-widget-text-editor\" data-id=\"3e05314\" data-element_type=\"widget\" data-e-type=\"widget\" data-widget_type=\"text-editor.default\">\n\t\t\t\t<div class=\"elementor-widget-container\">\n\t\t\t\t\t\t\t\t\t<p>O nome Albufeira vem do \u00e1rabe \u201cAl-buhera\u201d, que significa \u201ccastelo do mar\u201d ou \u201cpequena lagoa\u201d. A influ\u00eancia \u00e1rabe ainda \u00e9 vis\u00edvel na arquitetura tradicional, com casas brancas e ruas estreitas no centro hist\u00f3rico. <\/p><p> <\/p>\t\t\t\t\t\t\t\t<\/div>\n\t\t\t\t<\/div>\n\t\t\t\t<\/div>\n\t\t<div id=\"e-n-tab-content-20574800462\" role=\"tabpanel\" aria-labelledby=\"e-n-tab-title-20574800462\" data-tab-index=\"2\" style=\"--n-tabs-title-order: 2;\" class=\" elementor-element elementor-element-769da99f e-con-full e-flex e-con e-child\" data-id=\"769da99f\" data-element_type=\"container\" data-e-type=\"container\">\n\t\t\t\t<div class=\"elementor-element elementor-element-b909c6d elementor-widget elementor-widget-text-editor\" data-id=\"b909c6d\" data-element_type=\"widget\" data-e-type=\"widget\" data-widget_type=\"text-editor.default\">\n\t\t\t\t<div class=\"elementor-widget-container\">\n\t\t\t\t\t\t\t\t\t<p>Foi nos anos 1960 que Albufeira come\u00e7ou a transformar-se de uma vila piscat\u00f3ria num dos destinos tur\u00edsticos mais populares da Europa. Hoje, continua a ser um dos pontos mais procurados do Algarve, recebendo visitantes de todo o mundo. <\/p>\t\t\t\t\t\t\t\t<\/div>\n\t\t\t\t<\/div>\n\t\t\t\t<\/div>\n\t\t<div id=\"e-n-tab-content-20574800463\" role=\"tabpanel\" aria-labelledby=\"e-n-tab-title-20574800463\" data-tab-index=\"3\" style=\"--n-tabs-title-order: 3;\" class=\" elementor-element elementor-element-4af7af70 e-con-full e-flex e-con e-child\" data-id=\"4af7af70\" data-element_type=\"container\" data-e-type=\"container\">\n\t\t\t\t<div class=\"elementor-element elementor-element-67e1b5e elementor-widget elementor-widget-text-editor\" data-id=\"67e1b5e\" data-element_type=\"widget\" data-e-type=\"widget\" data-widget_type=\"text-editor.default\">\n\t\t\t\t<div class=\"elementor-widget-container\">\n\t\t\t\t\t\t\t\t\t<p>Todos os anos, em setembro, Albufeira celebra o Festival do Pescador, uma homenagem \u00e0s tradi\u00e7\u00f5es e ra\u00edzes da cidade. O evento conta com m\u00fasica, dan\u00e7a, gastronomia t\u00edpica e artesanato local, sendo uma excelente oportunidade para mergulhar na cultura algarvia. <\/p>\t\t\t\t\t\t\t\t<\/div>\n\t\t\t\t<\/div>\n\t\t\t\t<\/div>\n\t\t\t\t\t<\/div>\n\t\t<\/div>\n\t\t\t\t\t\t<\/div>\n\t\t\t\t<\/div>\n\t\t\t\t<\/div>\n\t\t<div class=\"elementor-element elementor-element-14fdb69 e-con-full e-flex e-con e-child\" data-id=\"14fdb69\" data-element_type=\"container\" data-e-type=\"container\">\n\t\t\t\t<div class=\"elementor-element elementor-element-6b15a3a elementor-widget elementor-widget-heading\" data-id=\"6b15a3a\" data-element_type=\"widget\" data-e-type=\"widget\" data-widget_type=\"heading.default\">\n\t\t\t\t<div class=\"elementor-widget-container\">\n\t\t\t\t\t<h2 class=\"elementor-heading-title elementor-size-default\">5 Factos Interessantes sobre Albufeira\n<\/h2>\t\t\t\t<\/div>\n\t\t\t\t<\/div>\n\t\t\t\t<div class=\"elementor-element elementor-element-79ad500 elementor-widget__width-initial elementor-widget elementor-widget-text-editor\" data-id=\"79ad500\" data-element_type=\"widget\" data-e-type=\"widget\" data-widget_type=\"text-editor.default\">\n\t\t\t\t<div class=\"elementor-widget-container\">\n\t\t\t\t\t\t\t\t\t<p>DESCUBRA O SEU NOVO DESTINO<\/p>\t\t\t\t\t\t\t\t<\/div>\n\t\t\t\t<\/div>\n\t\t\t\t<div class=\"elementor-element elementor-element-2c543ad elementor-widget elementor-widget-text-editor\" data-id=\"2c543ad\" data-element_type=\"widget\" data-e-type=\"widget\" data-widget_type=\"text-editor.default\">\n\t\t\t\t<div class=\"elementor-widget-container\">\n\t\t\t\t\t\t\t\t\t<p>Se est\u00e1 a planear as suas pr\u00f3ximas f\u00e9rias no Algarve, os apartamentos Albufeira s\u00e3o a escolha perfeita para quem procura conforto, privacidade e proximidade das praias mais deslumbrantes da regi\u00e3o. Desde op\u00e7\u00f5es modernas com vista para o mar at\u00e9 alojamentos acolhedores no centro hist\u00f3rico, Albufeira tem alternativas para todos os gostos e or\u00e7amentos. <\/p>\t\t\t\t\t\t\t\t<\/div>\n\t\t\t\t<\/div>\n\t\t\t\t<\/div>\n\t\t\t\t\t<\/div>\n\t\t\t\t<\/div>\n\t\t<div class=\"elementor-element elementor-element-6a52a384 e-flex e-con-boxed e-con e-parent\" data-id=\"6a52a384\" data-element_type=\"container\" data-e-type=\"container\">\n\t\t\t\t\t<div class=\"e-con-inner\">\n\t\t<div class=\"elementor-element elementor-element-04fce9c e-con-full e-flex e-con e-child\" data-id=\"04fce9c\" data-element_type=\"container\" data-e-type=\"container\" data-settings=\"{&quot;background_background&quot;:&quot;classic&quot;}\">\n\t\t\t\t<\/div>\n\t\t\t\t\t<\/div>\n\t\t\t\t<\/div>\n\t\t<div class=\"elementor-element elementor-element-27707f13 e-flex e-con-boxed e-con e-parent\" data-id=\"27707f13\" data-element_type=\"container\" data-e-type=\"container\">\n\t\t\t\t\t<div class=\"e-con-inner\">\n\t\t<div class=\"elementor-element elementor-element-50b3b1df e-con-full e-flex e-con e-child\" data-id=\"50b3b1df\" data-element_type=\"container\" data-e-type=\"container\">\n\t\t<div class=\"elementor-element elementor-element-95de5f0 e-con-full e-flex e-con e-child\" data-id=\"95de5f0\" data-element_type=\"container\" data-e-type=\"container\">\n\t\t\t\t<div class=\"elementor-element elementor-element-54cf6167 elementor-widget elementor-widget-heading\" data-id=\"54cf6167\" data-element_type=\"widget\" data-e-type=\"widget\" data-widget_type=\"heading.default\">\n\t\t\t\t<div class=\"elementor-widget-container\">\n\t\t\t\t\t<h2 class=\"elementor-heading-title elementor-size-default\">Arrendar apartamentos Albufeira ao melhor pre\u00e7o<\/h2>\t\t\t\t<\/div>\n\t\t\t\t<\/div>\n\t\t\t\t<div class=\"elementor-element elementor-element-67115671 elementor-widget__width-initial elementor-widget elementor-widget-text-editor\" data-id=\"67115671\" data-element_type=\"widget\" data-e-type=\"widget\" data-widget_type=\"text-editor.default\">\n\t\t\t\t<div class=\"elementor-widget-container\">\n\t\t\t\t\t\t\t\t\t<p>RESERVE J\u00c1<\/p>\t\t\t\t\t\t\t\t<\/div>\n\t\t\t\t<\/div>\n\t\t\t\t<\/div>\n\t\t<div class=\"elementor-element elementor-element-111ceb82 e-con-full e-flex e-con e-child\" data-id=\"111ceb82\" data-element_type=\"container\" data-e-type=\"container\">\n\t\t\t\t<div class=\"elementor-element elementor-element-6c11df79 elementor-widget elementor-widget-text-editor\" data-id=\"6c11df79\" data-element_type=\"widget\" data-e-type=\"widget\" data-widget_type=\"text-editor.default\">\n\t\t\t\t<div class=\"elementor-widget-container\">\n\t\t\t\t\t\t\t\t\t<p>Passar uns dias de f\u00e9rias na regi\u00e3o algarvia pode n\u00e3o ser uma boa op\u00e7\u00e3o, sobretudo quando come\u00e7am a chegar os dias mais quentes. Alugar apartamentos no Algarve \u00e9 uma op\u00e7\u00e3o mais acess\u00edvel do que alugar moradias ou ficar num hotel na regi\u00e3o, garantindo-lhe todas as comodidades e permitindo-lhe um or\u00e7amento maior para desfrutar das diversas experi\u00eancias que o sul do pa\u00eds tem para oferecer. <\/p><p>Se procura um apartamento no Algarve, veja as op\u00e7\u00f5es incr\u00edveis que temos para si!<\/p>\t\t\t\t\t\t\t\t<\/div>\n\t\t\t\t<\/div>\n\t\t\t\t<\/div>\n\t\t\t\t<\/div>\n\t\t\t\t\t<\/div>\n\t\t\t\t<\/div>\n\t\t<div class=\"elementor-element elementor-element-795314c7 e-flex e-con-boxed e-con e-parent\" data-id=\"795314c7\" data-element_type=\"container\" data-e-type=\"container\">\n\t\t\t\t\t<div class=\"e-con-inner\">\n\t\t<div class=\"elementor-element elementor-element-6ffae9e3 e-con-full e-flex e-con e-child\" data-id=\"6ffae9e3\" data-element_type=\"container\" data-e-type=\"container\">\n\t\t\t\t<\/div>\n\t\t\t\t\t<\/div>\n\t\t\t\t<\/div>\n\t\t\t\t<\/div>\n\t\t","protected":false},"excerpt":{"rendered":"<p>EXPLORE O ALGARVE Reserve j\u00e1 APARTAMENTOS Albufeira Albufeira &#8211; Algarve Flat Rom\u00e3 OCV &#8211; Ocean View Desde 50.00\u20ac por noche Albufeira &#8211; Algarve Flat Figo OCV &#8211; Ocean View Desde 55.00\u20ac por noche Albufeira &#8211; Algarve Flat Alfarroba OCV &#8211; 5min Downtown Desde 50.00\u20ac por noche Albufeira &#8211; Algarve Garden Hill &#8211; Old Town OCV [&hellip;]<\/p>\n","protected":false},"author":3,"featured_media":1339,"parent":0,"menu_order":0,"comment_status":"open","ping_status":"open","template":"","meta":{"footnotes":""},"class_list":["post-1356","page","type-page","status-publish","has-post-thumbnail","hentry"],"yoast_head":"<!-- This site is optimized with the Yoast SEO plugin v26.5 - https:\/\/yoast.com\/wordpress\/plugins\/seo\/ -->\n<title>Reserve apartamentos Albufeira ao melhor pre\u00e7o | OC Villas<\/title>\n<meta name=\"description\" content=\"Reserve j\u00e1 alojamento no Algarve. Alugue apartamentos Albufeira ao melhor pre\u00e7o com o My Portugal Experience da OC Villas.\" \/>\n<meta name=\"robots\" content=\"index, follow, max-snippet:-1, max-image-preview:large, max-video-preview:-1\" \/>\n<link rel=\"canonical\" href=\"https:\/\/www.myportugalexperience.com\/blog\/apartamentos-albufeira\/\" \/>\n<meta property=\"og:locale\" content=\"pt_PT\" \/>\n<meta property=\"og:type\" content=\"article\" \/>\n<meta property=\"og:title\" content=\"Reserve apartamentos Albufeira ao melhor pre\u00e7o | OC Villas\" \/>\n<meta property=\"og:description\" content=\"Reserve j\u00e1 alojamento no Algarve. Alugue apartamentos Albufeira ao melhor pre\u00e7o com o My Portugal Experience da OC Villas.\" \/>\n<meta property=\"og:url\" content=\"https:\/\/www.myportugalexperience.com\/blog\/apartamentos-albufeira\/\" \/>\n<meta property=\"og:site_name\" content=\"Blog\" \/>\n<meta property=\"article:modified_time\" content=\"2026-01-15T15:28:36+00:00\" \/>\n<meta property=\"og:image\" content=\"https:\/\/www.myportugalexperience.com\/blog\/wp-content\/uploads\/2025\/09\/apartment-in-algarve-3.webp\" \/>\n\t<meta property=\"og:image:width\" content=\"800\" \/>\n\t<meta property=\"og:image:height\" content=\"800\" \/>\n\t<meta property=\"og:image:type\" content=\"image\/webp\" \/>\n<meta name=\"twitter:card\" content=\"summary_large_image\" \/>\n<meta name=\"twitter:label1\" content=\"Est. reading time\" \/>\n\t<meta name=\"twitter:data1\" content=\"10 minutes\" \/>\n<script type=\"application\/ld+json\" class=\"yoast-schema-graph\">{\"@context\":\"https:\/\/schema.org\",\"@graph\":[{\"@type\":\"WebPage\",\"@id\":\"https:\/\/www.myportugalexperience.com\/blog\/apartamentos-albufeira\/\",\"url\":\"https:\/\/www.myportugalexperience.com\/blog\/apartamentos-albufeira\/\",\"name\":\"Reserve apartamentos Albufeira ao melhor pre\u00e7o | OC Villas\",\"isPartOf\":{\"@id\":\"https:\/\/www.myportugalexperience.com\/blog\/#website\"},\"primaryImageOfPage\":{\"@id\":\"https:\/\/www.myportugalexperience.com\/blog\/apartamentos-albufeira\/#primaryimage\"},\"image\":{\"@id\":\"https:\/\/www.myportugalexperience.com\/blog\/apartamentos-albufeira\/#primaryimage\"},\"thumbnailUrl\":\"https:\/\/www.myportugalexperience.com\/blog\/wp-content\/uploads\/2025\/09\/apartment-in-algarve-3.webp\",\"datePublished\":\"2025-09-09T09:58:35+00:00\",\"dateModified\":\"2026-01-15T15:28:36+00:00\",\"description\":\"Reserve j\u00e1 alojamento no Algarve. Alugue apartamentos Albufeira ao melhor pre\u00e7o com o My Portugal Experience da OC Villas.\",\"breadcrumb\":{\"@id\":\"https:\/\/www.myportugalexperience.com\/blog\/apartamentos-albufeira\/#breadcrumb\"},\"inLanguage\":\"pt\",\"potentialAction\":[{\"@type\":\"ReadAction\",\"target\":[\"https:\/\/www.myportugalexperience.com\/blog\/apartamentos-albufeira\/\"]}]},{\"@type\":\"ImageObject\",\"inLanguage\":\"pt\",\"@id\":\"https:\/\/www.myportugalexperience.com\/blog\/apartamentos-albufeira\/#primaryimage\",\"url\":\"https:\/\/www.myportugalexperience.com\/blog\/wp-content\/uploads\/2025\/09\/apartment-in-algarve-3.webp\",\"contentUrl\":\"https:\/\/www.myportugalexperience.com\/blog\/wp-content\/uploads\/2025\/09\/apartment-in-algarve-3.webp\",\"width\":800,\"height\":800},{\"@type\":\"BreadcrumbList\",\"@id\":\"https:\/\/www.myportugalexperience.com\/blog\/apartamentos-albufeira\/#breadcrumb\",\"itemListElement\":[{\"@type\":\"ListItem\",\"position\":1,\"name\":\"Home\",\"item\":\"https:\/\/www.myportugalexperience.com\/blog\/\"},{\"@type\":\"ListItem\",\"position\":2,\"name\":\"Reserve j\u00e1 apartamentos Albufeira\"}]},{\"@type\":\"WebSite\",\"@id\":\"https:\/\/www.myportugalexperience.com\/blog\/#website\",\"url\":\"https:\/\/www.myportugalexperience.com\/blog\/\",\"name\":\"Blog\",\"description\":\"OC VILLAS\",\"potentialAction\":[{\"@type\":\"SearchAction\",\"target\":{\"@type\":\"EntryPoint\",\"urlTemplate\":\"https:\/\/www.myportugalexperience.com\/blog\/?s={search_term_string}\"},\"query-input\":{\"@type\":\"PropertyValueSpecification\",\"valueRequired\":true,\"valueName\":\"search_term_string\"}}],\"inLanguage\":\"pt\"}]}<\/script>\n<!-- \/ Yoast SEO plugin. -->","yoast_head_json":{"title":"Reserve apartamentos Albufeira ao melhor pre\u00e7o | OC Villas","description":"Reserve j\u00e1 alojamento no Algarve. Alugue apartamentos Albufeira ao melhor pre\u00e7o com o My Portugal Experience da OC Villas.","robots":{"index":"index","follow":"follow","max-snippet":"max-snippet:-1","max-image-preview":"max-image-preview:large","max-video-preview":"max-video-preview:-1"},"canonical":"https:\/\/www.myportugalexperience.com\/blog\/apartamentos-albufeira\/","og_locale":"pt_PT","og_type":"article","og_title":"Reserve apartamentos Albufeira ao melhor pre\u00e7o | OC Villas","og_description":"Reserve j\u00e1 alojamento no Algarve. Alugue apartamentos Albufeira ao melhor pre\u00e7o com o My Portugal Experience da OC Villas.","og_url":"https:\/\/www.myportugalexperience.com\/blog\/apartamentos-albufeira\/","og_site_name":"Blog","article_modified_time":"2026-01-15T15:28:36+00:00","og_image":[{"width":800,"height":800,"url":"https:\/\/www.myportugalexperience.com\/blog\/wp-content\/uploads\/2025\/09\/apartment-in-algarve-3.webp","type":"image\/webp"}],"twitter_card":"summary_large_image","twitter_misc":{"Est. reading time":"10 minutes"},"schema":{"@context":"https:\/\/schema.org","@graph":[{"@type":"WebPage","@id":"https:\/\/www.myportugalexperience.com\/blog\/apartamentos-albufeira\/","url":"https:\/\/www.myportugalexperience.com\/blog\/apartamentos-albufeira\/","name":"Reserve apartamentos Albufeira ao melhor pre\u00e7o | OC Villas","isPartOf":{"@id":"https:\/\/www.myportugalexperience.com\/blog\/#website"},"primaryImageOfPage":{"@id":"https:\/\/www.myportugalexperience.com\/blog\/apartamentos-albufeira\/#primaryimage"},"image":{"@id":"https:\/\/www.myportugalexperience.com\/blog\/apartamentos-albufeira\/#primaryimage"},"thumbnailUrl":"https:\/\/www.myportugalexperience.com\/blog\/wp-content\/uploads\/2025\/09\/apartment-in-algarve-3.webp","datePublished":"2025-09-09T09:58:35+00:00","dateModified":"2026-01-15T15:28:36+00:00","description":"Reserve j\u00e1 alojamento no Algarve. Alugue apartamentos Albufeira ao melhor pre\u00e7o com o My Portugal Experience da OC Villas.","breadcrumb":{"@id":"https:\/\/www.myportugalexperience.com\/blog\/apartamentos-albufeira\/#breadcrumb"},"inLanguage":"pt","potentialAction":[{"@type":"ReadAction","target":["https:\/\/www.myportugalexperience.com\/blog\/apartamentos-albufeira\/"]}]},{"@type":"ImageObject","inLanguage":"pt","@id":"https:\/\/www.myportugalexperience.com\/blog\/apartamentos-albufeira\/#primaryimage","url":"https:\/\/www.myportugalexperience.com\/blog\/wp-content\/uploads\/2025\/09\/apartment-in-algarve-3.webp","contentUrl":"https:\/\/www.myportugalexperience.com\/blog\/wp-content\/uploads\/2025\/09\/apartment-in-algarve-3.webp","width":800,"height":800},{"@type":"BreadcrumbList","@id":"https:\/\/www.myportugalexperience.com\/blog\/apartamentos-albufeira\/#breadcrumb","itemListElement":[{"@type":"ListItem","position":1,"name":"Home","item":"https:\/\/www.myportugalexperience.com\/blog\/"},{"@type":"ListItem","position":2,"name":"Reserve j\u00e1 apartamentos Albufeira"}]},{"@type":"WebSite","@id":"https:\/\/www.myportugalexperience.com\/blog\/#website","url":"https:\/\/www.myportugalexperience.com\/blog\/","name":"Blog","description":"OC VILLAS","potentialAction":[{"@type":"SearchAction","target":{"@type":"EntryPoint","urlTemplate":"https:\/\/www.myportugalexperience.com\/blog\/?s={search_term_string}"},"query-input":{"@type":"PropertyValueSpecification","valueRequired":true,"valueName":"search_term_string"}}],"inLanguage":"pt"}]}},"_links":{"self":[{"href":"https:\/\/www.myportugalexperience.com\/blog\/wp-json\/wp\/v2\/pages\/1356","targetHints":{"allow":["GET"]}}],"collection":[{"href":"https:\/\/www.myportugalexperience.com\/blog\/wp-json\/wp\/v2\/pages"}],"about":[{"href":"https:\/\/www.myportugalexperience.com\/blog\/wp-json\/wp\/v2\/types\/page"}],"author":[{"embeddable":true,"href":"https:\/\/www.myportugalexperience.com\/blog\/wp-json\/wp\/v2\/users\/3"}],"replies":[{"embeddable":true,"href":"https:\/\/www.myportugalexperience.com\/blog\/wp-json\/wp\/v2\/comments?post=1356"}],"version-history":[{"count":19,"href":"https:\/\/www.myportugalexperience.com\/blog\/wp-json\/wp\/v2\/pages\/1356\/revisions"}],"predecessor-version":[{"id":1830,"href":"https:\/\/www.myportugalexperience.com\/blog\/wp-json\/wp\/v2\/pages\/1356\/revisions\/1830"}],"wp:featuredmedia":[{"embeddable":true,"href":"https:\/\/www.myportugalexperience.com\/blog\/wp-json\/wp\/v2\/media\/1339"}],"wp:attachment":[{"href":"https:\/\/www.myportugalexperience.com\/blog\/wp-json\/wp\/v2\/media?parent=1356"}],"curies":[{"name":"wp","href":"https:\/\/api.w.org\/{rel}","templated":true}]}}