{"id":2022,"date":"2026-02-02T09:44:20","date_gmt":"2026-02-02T09:44:20","guid":{"rendered":"https:\/\/www.myportugalexperience.com\/blog\/?p=2022"},"modified":"2026-01-15T15:21:23","modified_gmt":"2026-01-15T15:21:23","slug":"quartos-para-alugar-em-lisboa","status":"publish","type":"page","link":"https:\/\/www.myportugalexperience.com\/blog\/quartos-para-alugar-em-lisboa\/","title":{"rendered":"Quarto para alugar em Lisboa"},"content":{"rendered":"\t\t<div data-elementor-type=\"wp-post\" data-elementor-id=\"2022\" class=\"elementor elementor-2022 elementor-1911\" data-elementor-post-type=\"page\">\n\t\t\t\t<div class=\"elementor-element elementor-element-15000ed5 e-flex e-con-boxed e-con e-parent\" data-id=\"15000ed5\" data-element_type=\"container\" data-e-type=\"container\">\n\t\t\t\t\t<div class=\"e-con-inner\">\n\t\t<div class=\"elementor-element elementor-element-5c2ad8bd e-con-full e-flex e-con e-child\" data-id=\"5c2ad8bd\" data-element_type=\"container\" data-e-type=\"container\">\n\t\t<div class=\"elementor-element elementor-element-34d32faf e-con-full e-flex e-con e-child\" data-id=\"34d32faf\" data-element_type=\"container\" data-e-type=\"container\">\n\t\t\t\t<div class=\"elementor-element elementor-element-56c57208 elementor-widget__width-initial elementor-widget elementor-widget-text-editor\" data-id=\"56c57208\" data-element_type=\"widget\" data-e-type=\"widget\" data-widget_type=\"text-editor.default\">\n\t\t\t\t<div class=\"elementor-widget-container\">\n\t\t\t\t\t\t\t\t\t<p>EXPLORE PORTUGAL<\/p>\t\t\t\t\t\t\t\t<\/div>\n\t\t\t\t<\/div>\n\t\t\t\t<div class=\"elementor-element elementor-element-63c0da74 elementor-widget elementor-widget-heading\" data-id=\"63c0da74\" data-element_type=\"widget\" data-e-type=\"widget\" data-widget_type=\"heading.default\">\n\t\t\t\t<div class=\"elementor-widget-container\">\n\t\t\t\t\t<h1 class=\"elementor-heading-title elementor-size-default\">Quarto para alugar <br><b>EM \u200bLISBOA <\/b>\n<\/h1>\t\t\t\t<\/div>\n\t\t\t\t<\/div>\n\t\t\t\t<\/div>\n\t\t<div class=\"elementor-element elementor-element-25670f42 e-con-full elementor-hidden-tablet e-flex e-con e-child\" data-id=\"25670f42\" data-element_type=\"container\" data-e-type=\"container\">\n\t\t<div class=\"elementor-element elementor-element-268c4c06 e-con-full e-flex e-con e-child\" data-id=\"268c4c06\" data-element_type=\"container\" data-e-type=\"container\">\n\t\t\t\t<div class=\"elementor-element elementor-element-225a1353 elementor-widget-tablet__width-initial elementor-invisible elementor-widget elementor-widget-image\" data-id=\"225a1353\" data-element_type=\"widget\" data-e-type=\"widget\" data-settings=\"{&quot;_animation&quot;:&quot;fadeInUp&quot;,&quot;_animation_mobile&quot;:&quot;fadeIn&quot;,&quot;_animation_delay&quot;:200}\" data-widget_type=\"image.default\">\n\t\t\t\t<div class=\"elementor-widget-container\">\n\t\t\t\t\t\t\t\t\t\t\t\t\t\t\t\t<a href=\"https:\/\/www.myportugalexperience.com\/blog\/wp-content\/uploads\/2025\/12\/room-for-rent-in-lisbon-portugal.webp\" data-elementor-open-lightbox=\"no\">\n\t\t\t\t\t\t\t<img fetchpriority=\"high\" decoding=\"async\" width=\"800\" height=\"800\" src=\"https:\/\/www.myportugalexperience.com\/blog\/wp-content\/uploads\/2025\/12\/room-for-rent-in-lisbon-portugal.webp\" class=\"attachment-full size-full wp-image-1927\" alt=\"Room for rent in Lisbon Portugal\" srcset=\"https:\/\/www.myportugalexperience.com\/blog\/wp-content\/uploads\/2025\/12\/room-for-rent-in-lisbon-portugal.webp 800w, https:\/\/www.myportugalexperience.com\/blog\/wp-content\/uploads\/2025\/12\/room-for-rent-in-lisbon-portugal-300x300.webp 300w, https:\/\/www.myportugalexperience.com\/blog\/wp-content\/uploads\/2025\/12\/room-for-rent-in-lisbon-portugal-150x150.webp 150w, https:\/\/www.myportugalexperience.com\/blog\/wp-content\/uploads\/2025\/12\/room-for-rent-in-lisbon-portugal-768x768.webp 768w\" sizes=\"(max-width: 800px) 100vw, 800px\" \/>\t\t\t\t\t\t\t\t<\/a>\n\t\t\t\t\t\t\t\t\t\t\t\t\t\t\t<\/div>\n\t\t\t\t<\/div>\n\t\t\t\t<\/div>\n\t\t\t\t<\/div>\n\t\t\t\t<\/div>\n\t\t\t\t\t<\/div>\n\t\t\t\t<\/div>\n\t\t<div class=\"elementor-element elementor-element-2a71ffac e-flex e-con-boxed e-con e-parent\" data-id=\"2a71ffac\" data-element_type=\"container\" data-e-type=\"container\">\n\t\t\t\t\t<div class=\"e-con-inner\">\n\t\t<div class=\"elementor-element elementor-element-7332864a e-con-full e-flex e-con e-child\" data-id=\"7332864a\" data-element_type=\"container\" data-e-type=\"container\">\n\t\t\t\t<div class=\"elementor-element elementor-element-277006a1 elementor-widget elementor-widget-grid\" data-id=\"277006a1\" data-element_type=\"widget\" data-e-type=\"widget\" data-widget_type=\"grid.default\">\n\t\t\t\t<div class=\"elementor-widget-container\">\n\t\t\t\t\t\t\t<div class=\"its--row alojamientos-recomendados\">\n\n\t\t\t<div class=\"alojamientos-recomendados-container\">\n\n\t\t\t\t\t\n\t\t\t\t\t<a href=\"https:\/\/www.myportugalexperience.com\/aluguer\/quarto-lisboa-a1-1-i-bach-music-guest-house-381945.html\" rel=\"nofollow\" style=\"width: 23%;\">\n\t\t\t\t\t\t<div class=\"apartamento-box\">\n\t\t\t\t\t\t\t<div class=\"imagen_recomendados\">\n\t\t\t\t\t\t\t\t<img decoding=\"async\" src=\"https:\/\/crs.avantio.com\/fotos\/2\/1646678912d703655a1001f70be2194386899d5a65\/big16491652021ea3f8faa4b1ba5e0915bed0339451d5.jpg\" alt=\"BAIRRO ALTO MUSIC GUEST HOUSE BACH\">\n\t\t\t\t\t\t\t<\/div>\n\t\t\t\t\t\t\t<div class=\"info\">\n\t\t\t\t\t\t\t\t<div class=\"ubicacion\">\n\t\t\t\t\t\t\t\t\t<i class=\"fa-solid fa-location-dot icono-mapa\"><\/i><span class=\"ubicacion-texto\">Lisboa - Grande Lisboa<\/span>\n\t\t\t\t\t\t\t\t<\/div>\n\t\t\t\t\t\t\t\t<H4 class=\"titulo-alojamiento\">\n\t\t\t\t\t\t\t\t\tBAIRRO ALTO MUSIC GUEST HOUSE BACH\t\t\t\t\t\t\t\t<\/H4>\n\t\t\t\t\t\t\t\t<p class=\"precio-alojamiento\">De <span class=\"precio\">67.20\u20ac<\/span> por noite<\/p>\n\t\t\t\t\t\t\t<\/div>\n\t\t\t\t\t\t<\/div>\n\t\t\t\t\t<\/a> \n\t\t\t\t\t\t\n\t\t\t\t\t<a href=\"https:\/\/www.myportugalexperience.com\/aluguer\/quarto-lisboa-a1-2-c-beethoven-music-guest-house-382785.html\" rel=\"nofollow\" style=\"width: 23%;\">\n\t\t\t\t\t\t<div class=\"apartamento-box\">\n\t\t\t\t\t\t\t<div class=\"imagen_recomendados\">\n\t\t\t\t\t\t\t\t<img decoding=\"async\" src=\"https:\/\/crs.avantio.com\/fotos\/2\/1647297545b412fd70252344cd420c4a4e7c78e95c\/big17120712523be173c5b1f5018a3a3f2f255fad6044.jpg\" alt=\"BAIRRO ALTO MUSIC GUEST HOUSE BEETHOVEN\">\n\t\t\t\t\t\t\t<\/div>\n\t\t\t\t\t\t\t<div class=\"info\">\n\t\t\t\t\t\t\t\t<div class=\"ubicacion\">\n\t\t\t\t\t\t\t\t\t<i class=\"fa-solid fa-location-dot icono-mapa\"><\/i><span class=\"ubicacion-texto\">Lisboa - Grande Lisboa<\/span>\n\t\t\t\t\t\t\t\t<\/div>\n\t\t\t\t\t\t\t\t<H4 class=\"titulo-alojamiento\">\n\t\t\t\t\t\t\t\t\tBAIRRO ALTO MUSIC GUEST HOUSE BEETHOVEN\t\t\t\t\t\t\t\t<\/H4>\n\t\t\t\t\t\t\t\t<p class=\"precio-alojamiento\">De <span class=\"precio\">65.10\u20ac<\/span> por noite<\/p>\n\t\t\t\t\t\t\t<\/div>\n\t\t\t\t\t\t<\/div>\n\t\t\t\t\t<\/a> \n\t\t\t\t\t\t\n\t\t\t\t\t<a href=\"https:\/\/www.myportugalexperience.com\/aluguer\/quarto-lisboa-a1-3-i-brahms-music-guest-house-383166.html\" rel=\"nofollow\" style=\"width: 23%;\">\n\t\t\t\t\t\t<div class=\"apartamento-box\">\n\t\t\t\t\t\t\t<div class=\"imagen_recomendados\">\n\t\t\t\t\t\t\t\t<img decoding=\"async\" src=\"https:\/\/crs.avantio.com\/fotos\/2\/1647469622c2d625ce7f6602eea3cc1bd8b52aa62d\/big1716803269eaadda67c335ad37fa5162dc0f1e6e09.jpg\" alt=\"BAIRRO ALTO MUSIC GUEST HOUSE BRAHMS\">\n\t\t\t\t\t\t\t<\/div>\n\t\t\t\t\t\t\t<div class=\"info\">\n\t\t\t\t\t\t\t\t<div class=\"ubicacion\">\n\t\t\t\t\t\t\t\t\t<i class=\"fa-solid fa-location-dot icono-mapa\"><\/i><span class=\"ubicacion-texto\">Lisboa - Grande Lisboa<\/span>\n\t\t\t\t\t\t\t\t<\/div>\n\t\t\t\t\t\t\t\t<H4 class=\"titulo-alojamiento\">\n\t\t\t\t\t\t\t\t\tBAIRRO ALTO MUSIC GUEST HOUSE BRAHMS\t\t\t\t\t\t\t\t<\/H4>\n\t\t\t\t\t\t\t\t<p class=\"precio-alojamiento\">De <span class=\"precio\">74.55\u20ac<\/span> por noite<\/p>\n\t\t\t\t\t\t\t<\/div>\n\t\t\t\t\t\t<\/div>\n\t\t\t\t\t<\/a> \n\t\t\t\t\t\t\n\t\t\t\t\t<a href=\"https:\/\/www.myportugalexperience.com\/aluguer\/quarto-lisboa-a0-1-c-schubert-music-guest-house-383356.html\" rel=\"nofollow\" style=\"width: 23%;\">\n\t\t\t\t\t\t<div class=\"apartamento-box\">\n\t\t\t\t\t\t\t<div class=\"imagen_recomendados\">\n\t\t\t\t\t\t\t\t<img decoding=\"async\" src=\"https:\/\/crs.avantio.com\/fotos\/2\/16475576906d1c18223ff1b387e2c5e10ef102fb12\/big17168029608e71f5af5f1253a5e21556b49ded1d9c.jpg\" alt=\"BAIRRO ALTO MUSIC GUEST HOUSE SCHUBERT\">\n\t\t\t\t\t\t\t<\/div>\n\t\t\t\t\t\t\t<div class=\"info\">\n\t\t\t\t\t\t\t\t<div class=\"ubicacion\">\n\t\t\t\t\t\t\t\t\t<i class=\"fa-solid fa-location-dot icono-mapa\"><\/i><span class=\"ubicacion-texto\">Lisboa - Grande Lisboa<\/span>\n\t\t\t\t\t\t\t\t<\/div>\n\t\t\t\t\t\t\t\t<H4 class=\"titulo-alojamiento\">\n\t\t\t\t\t\t\t\t\tBAIRRO ALTO MUSIC GUEST HOUSE SCHUBERT\t\t\t\t\t\t\t\t<\/H4>\n\t\t\t\t\t\t\t\t<p class=\"precio-alojamiento\">De <span class=\"precio\">66.15\u20ac<\/span> por noite<\/p>\n\t\t\t\t\t\t\t<\/div>\n\t\t\t\t\t\t<\/div>\n\t\t\t\t\t<\/a> \n\t\t\t\t\t\t\n\t\t\t\t\t<a href=\"https:\/\/www.myportugalexperience.com\/aluguer\/quarto-lisboa-a0-2-chopin-music-guest-house-385473.html\" rel=\"nofollow\" style=\"width: 23%;\">\n\t\t\t\t\t\t<div class=\"apartamento-box\">\n\t\t\t\t\t\t\t<div class=\"imagen_recomendados\">\n\t\t\t\t\t\t\t\t<img decoding=\"async\" src=\"https:\/\/crs.avantio.com\/fotos\/2\/164918453791c49d70ca4f9f6a6d1aff9b8596828a\/big1649184545527a7930ba7830d3000cc92ff2c328f9.jpg\" alt=\"BAIRRO ALTO MUSIC GUEST HOUSE CHOPIN\">\n\t\t\t\t\t\t\t<\/div>\n\t\t\t\t\t\t\t<div class=\"info\">\n\t\t\t\t\t\t\t\t<div class=\"ubicacion\">\n\t\t\t\t\t\t\t\t\t<i class=\"fa-solid fa-location-dot icono-mapa\"><\/i><span class=\"ubicacion-texto\">Lisboa - Grande Lisboa<\/span>\n\t\t\t\t\t\t\t\t<\/div>\n\t\t\t\t\t\t\t\t<H4 class=\"titulo-alojamiento\">\n\t\t\t\t\t\t\t\t\tBAIRRO ALTO MUSIC GUEST HOUSE CHOPIN\t\t\t\t\t\t\t\t<\/H4>\n\t\t\t\t\t\t\t\t<p class=\"precio-alojamiento\">De <span class=\"precio\">60.90\u20ac<\/span> por noite<\/p>\n\t\t\t\t\t\t\t<\/div>\n\t\t\t\t\t\t<\/div>\n\t\t\t\t\t<\/a> \n\t\t\t\t\t\t\n\t\t\t\t\t<a href=\"https:\/\/www.myportugalexperience.com\/aluguer\/quarto-lisboa-a0-3-c-hayden-music-guest-house-386732.html\" rel=\"nofollow\" style=\"width: 23%;\">\n\t\t\t\t\t\t<div class=\"apartamento-box\">\n\t\t\t\t\t\t\t<div class=\"imagen_recomendados\">\n\t\t\t\t\t\t\t\t<img decoding=\"async\" src=\"https:\/\/crs.avantio.com\/fotos\/2\/16500627810d8811df342fae1d4b4b70c9cb645f38\/big16500627878abfc67caea8303489037ecf255ae327.jpg\" alt=\"BAIRRO ALTO MUSIC GUEST HOUSE HAYDEN\">\n\t\t\t\t\t\t\t<\/div>\n\t\t\t\t\t\t\t<div class=\"info\">\n\t\t\t\t\t\t\t\t<div class=\"ubicacion\">\n\t\t\t\t\t\t\t\t\t<i class=\"fa-solid fa-location-dot icono-mapa\"><\/i><span class=\"ubicacion-texto\">Lisboa - Grande Lisboa<\/span>\n\t\t\t\t\t\t\t\t<\/div>\n\t\t\t\t\t\t\t\t<H4 class=\"titulo-alojamiento\">\n\t\t\t\t\t\t\t\t\tBAIRRO ALTO MUSIC GUEST HOUSE HAYDEN\t\t\t\t\t\t\t\t<\/H4>\n\t\t\t\t\t\t\t\t<p class=\"precio-alojamiento\">De <span class=\"precio\">69.30\u20ac<\/span> por noite<\/p>\n\t\t\t\t\t\t\t<\/div>\n\t\t\t\t\t\t<\/div>\n\t\t\t\t\t<\/a> \n\t\t\t\t\t\t\n\t\t\t\t\t<a href=\"https:\/\/www.myportugalexperience.com\/aluguer\/quarto-lisboa-a0-4-i-strauss-music-guest-house-386866.html\" rel=\"nofollow\" style=\"width: 23%;\">\n\t\t\t\t\t\t<div class=\"apartamento-box\">\n\t\t\t\t\t\t\t<div class=\"imagen_recomendados\">\n\t\t\t\t\t\t\t\t<img decoding=\"async\" src=\"https:\/\/crs.avantio.com\/fotos\/2\/16503574173d8c55b085716df6857ab80be2b0cb64\/big1650357422eb994fab359bc5a980710cb667944203.jpg\" alt=\"BAIRRO ALTO MUSIC GUEST HOUSE STRAUSS\">\n\t\t\t\t\t\t\t<\/div>\n\t\t\t\t\t\t\t<div class=\"info\">\n\t\t\t\t\t\t\t\t<div class=\"ubicacion\">\n\t\t\t\t\t\t\t\t\t<i class=\"fa-solid fa-location-dot icono-mapa\"><\/i><span class=\"ubicacion-texto\">Lisboa - Grande Lisboa<\/span>\n\t\t\t\t\t\t\t\t<\/div>\n\t\t\t\t\t\t\t\t<H4 class=\"titulo-alojamiento\">\n\t\t\t\t\t\t\t\t\tBAIRRO ALTO MUSIC GUEST HOUSE STRAUSS\t\t\t\t\t\t\t\t<\/H4>\n\t\t\t\t\t\t\t\t<p class=\"precio-alojamiento\">De <span class=\"precio\">68.25\u20ac<\/span> por noite<\/p>\n\t\t\t\t\t\t\t<\/div>\n\t\t\t\t\t\t<\/div>\n\t\t\t\t\t<\/a> \n\t\t\t\t\t\t\n\t\t\t\t\t<a href=\"https:\/\/www.myportugalexperience.com\/aluguer\/quarto-lisboa-a1-4-i-vivaldi-music-guest-house-387924.html\" rel=\"nofollow\" style=\"width: 23%;\">\n\t\t\t\t\t\t<div class=\"apartamento-box\">\n\t\t\t\t\t\t\t<div class=\"imagen_recomendados\">\n\t\t\t\t\t\t\t\t<img decoding=\"async\" src=\"https:\/\/crs.avantio.com\/fotos\/2\/1651228266c957816832c7980696a73e012d75b625\/big171680345559cb584a6d834cf6fb35ba116f0a8e33.jpg\" alt=\"BAIRRO ALTO MUSIC GUEST HOUSE VIVALDI\">\n\t\t\t\t\t\t\t<\/div>\n\t\t\t\t\t\t\t<div class=\"info\">\n\t\t\t\t\t\t\t\t<div class=\"ubicacion\">\n\t\t\t\t\t\t\t\t\t<i class=\"fa-solid fa-location-dot icono-mapa\"><\/i><span class=\"ubicacion-texto\">Lisboa - Grande Lisboa<\/span>\n\t\t\t\t\t\t\t\t<\/div>\n\t\t\t\t\t\t\t\t<H4 class=\"titulo-alojamiento\">\n\t\t\t\t\t\t\t\t\tBAIRRO ALTO MUSIC GUEST HOUSE VIVALDI\t\t\t\t\t\t\t\t<\/H4>\n\t\t\t\t\t\t\t\t<p class=\"precio-alojamiento\">De <span class=\"precio\">66.15\u20ac<\/span> por noite<\/p>\n\t\t\t\t\t\t\t<\/div>\n\t\t\t\t\t\t<\/div>\n\t\t\t\t\t<\/a> \n\t\t\t\t\t\t\t\t<\/div>\n\t\t\t<\/div>\n\t\t\t\t\t\t<\/div>\n\t\t\t\t<\/div>\n\t\t\t\t<\/div>\n\t\t\t\t\t<\/div>\n\t\t\t\t<\/div>\n\t\t<div class=\"elementor-element elementor-element-6190f41b e-flex e-con-boxed e-con e-parent\" data-id=\"6190f41b\" data-element_type=\"container\" data-e-type=\"container\">\n\t\t\t\t\t<div class=\"e-con-inner\">\n\t\t<div class=\"elementor-element elementor-element-e8f3267 e-con-full e-flex e-con e-child\" data-id=\"e8f3267\" data-element_type=\"container\" data-e-type=\"container\">\n\t\t\t\t<div class=\"elementor-element elementor-element-6cdf277 elementor-align-center elementor-mobile-align-center elementor-widget elementor-widget-button\" data-id=\"6cdf277\" data-element_type=\"widget\" data-e-type=\"widget\" data-widget_type=\"button.default\">\n\t\t\t\t<div class=\"elementor-widget-container\">\n\t\t\t\t\t\t\t\t\t<div class=\"elementor-button-wrapper\">\n\t\t\t\t\t<a class=\"elementor-button elementor-button-link elementor-size-sm\" href=\"https:\/\/www.myportugalexperience.com\/aluguer\/quarto-lisboa-c28d985\/\">\n\t\t\t\t\t\t<span class=\"elementor-button-content-wrapper\">\n\t\t\t\t\t\t\t\t\t<span class=\"elementor-button-text\">Explore mais quartos para alugar em Lisboa<\/span>\n\t\t\t\t\t<\/span>\n\t\t\t\t\t<\/a>\n\t\t\t\t<\/div>\n\t\t\t\t\t\t\t\t<\/div>\n\t\t\t\t<\/div>\n\t\t\t\t<\/div>\n\t\t\t\t\t<\/div>\n\t\t\t\t<\/div>\n\t\t<div class=\"elementor-element elementor-element-618ec940 e-flex e-con-boxed e-con e-parent\" data-id=\"618ec940\" data-element_type=\"container\" data-e-type=\"container\">\n\t\t\t\t\t<div class=\"e-con-inner\">\n\t\t<div class=\"elementor-element elementor-element-1a1b293e e-con-full e-flex e-con e-child\" data-id=\"1a1b293e\" data-element_type=\"container\" data-e-type=\"container\">\n\t\t<div class=\"elementor-element elementor-element-2ac0fdf9 e-con-full e-flex e-con e-child\" data-id=\"2ac0fdf9\" data-element_type=\"container\" data-e-type=\"container\">\n\t\t\t\t<div class=\"elementor-element elementor-element-6b4b1bce elementor-widget elementor-widget-text-editor\" data-id=\"6b4b1bce\" data-element_type=\"widget\" data-e-type=\"widget\" data-widget_type=\"text-editor.default\">\n\t\t\t\t<div class=\"elementor-widget-container\">\n\t\t\t\t\t\t\t\t\t<p>H\u00e1 muito para explorar perto de Lisboa quando fica num quarto para alugar em Lisboa. Descubra as ruas encantadoras de Sintra, com os seus pal\u00e1cios e jardins, ou relaxe nas praias douradas de Cascais. Desfrute de caminhadas panor\u00e2micas ao longo do Parque Natural da Arr\u00e1bida ou prove vinhos locais nas vinhas pr\u00f3ximas. Um est\u00fadio em Lisboa oferece a base perfeita para passeios de um dia, permitindo que os visitantes experimentem a rica hist\u00f3ria, a beleza natural e o charme costeiro de Portugal sem sacrificar o conforto ou a conveni\u00eancia.   <\/p>\t\t\t\t\t\t\t\t<\/div>\n\t\t\t\t<\/div>\n\t\t\t\t<div class=\"elementor-element elementor-element-40151c5c elementor-widget__width-initial elementor-widget elementor-widget-text-editor\" data-id=\"40151c5c\" data-element_type=\"widget\" data-e-type=\"widget\" data-widget_type=\"text-editor.default\">\n\t\t\t\t<div class=\"elementor-widget-container\">\n\t\t\t\t\t\t\t\t\t<p>SAIBA MAIS<\/p>\t\t\t\t\t\t\t\t<\/div>\n\t\t\t\t<\/div>\n\t\t\t\t<div class=\"elementor-element elementor-element-460abc1f elementor-widget elementor-widget-heading\" data-id=\"460abc1f\" data-element_type=\"widget\" data-e-type=\"widget\" data-widget_type=\"heading.default\">\n\t\t\t\t<div class=\"elementor-widget-container\">\n\t\t\t\t\t<h2 class=\"elementor-heading-title elementor-size-default\">O que fazer perto de Lisboa?\n<\/h2>\t\t\t\t<\/div>\n\t\t\t\t<\/div>\n\t\t<div class=\"elementor-element elementor-element-34836a0 e-con-full e-flex e-con e-child\" data-id=\"34836a0\" data-element_type=\"container\" data-e-type=\"container\">\n\t\t\t\t<div class=\"elementor-element elementor-element-d10d0af elementor-widget__width-initial elementor-widget elementor-widget-heading\" data-id=\"d10d0af\" data-element_type=\"widget\" data-e-type=\"widget\" data-widget_type=\"heading.default\">\n\t\t\t\t<div class=\"elementor-widget-container\">\n\t\t\t\t\t<h2 class=\"elementor-heading-title elementor-size-default\">Est\u00e1 a planear as suas f\u00e9rias no Algarve com anteced\u00eancia?<\/h2>\t\t\t\t<\/div>\n\t\t\t\t<\/div>\n\t\t\t\t<div class=\"elementor-element elementor-element-b3c3d0a elementor-align-center elementor-mobile-align-center elementor-widget elementor-widget-button\" data-id=\"b3c3d0a\" data-element_type=\"widget\" data-e-type=\"widget\" data-widget_type=\"button.default\">\n\t\t\t\t<div class=\"elementor-widget-container\">\n\t\t\t\t\t\t\t\t\t<div class=\"elementor-button-wrapper\">\n\t\t\t\t\t<a class=\"elementor-button elementor-button-link elementor-size-sm\" href=\"https:\/\/www.myportugalexperience.com\/experiencias-atividades-em-albufeira\/\">\n\t\t\t\t\t\t<span class=\"elementor-button-content-wrapper\">\n\t\t\t\t\t\t\t\t\t<span class=\"elementor-button-text\">Reserve experi\u00eancias e atividades<\/span>\n\t\t\t\t\t<\/span>\n\t\t\t\t\t<\/a>\n\t\t\t\t<\/div>\n\t\t\t\t\t\t\t\t<\/div>\n\t\t\t\t<\/div>\n\t\t\t\t<div class=\"elementor-element elementor-element-9fdce9f elementor-align-center elementor-mobile-align-center elementor-widget elementor-widget-button\" data-id=\"9fdce9f\" data-element_type=\"widget\" data-e-type=\"widget\" data-widget_type=\"button.default\">\n\t\t\t\t<div class=\"elementor-widget-container\">\n\t\t\t\t\t\t\t\t\t<div class=\"elementor-button-wrapper\">\n\t\t\t\t\t<a class=\"elementor-button elementor-button-link elementor-size-sm\" href=\"https:\/\/www.myportugalexperience.com\/servicos-para-hospedes-albufeira\/\">\n\t\t\t\t\t\t<span class=\"elementor-button-content-wrapper\">\n\t\t\t\t\t\t\t\t\t<span class=\"elementor-button-text\">Descubra os nossos servi\u00e7os aos h\u00f3spedes<\/span>\n\t\t\t\t\t<\/span>\n\t\t\t\t\t<\/a>\n\t\t\t\t<\/div>\n\t\t\t\t\t\t\t\t<\/div>\n\t\t\t\t<\/div>\n\t\t\t\t<\/div>\n\t\t\t\t<\/div>\n\t\t<div class=\"elementor-element elementor-element-6a230e71 e-con-full e-flex e-con e-child\" data-id=\"6a230e71\" data-element_type=\"container\" data-e-type=\"container\">\n\t\t<div class=\"elementor-element elementor-element-585b49a6 e-con-full e-flex e-con e-child\" data-id=\"585b49a6\" data-element_type=\"container\" data-e-type=\"container\">\n\t\t\t\t<div class=\"elementor-element elementor-element-7aec3903 elementor-widget-tablet__width-initial elementor-invisible elementor-widget elementor-widget-image\" data-id=\"7aec3903\" data-element_type=\"widget\" data-e-type=\"widget\" data-settings=\"{&quot;_animation&quot;:&quot;fadeInUp&quot;,&quot;_animation_mobile&quot;:&quot;fadeIn&quot;,&quot;_animation_delay&quot;:200}\" data-widget_type=\"image.default\">\n\t\t\t\t<div class=\"elementor-widget-container\">\n\t\t\t\t\t\t\t\t\t\t\t\t\t\t\t\t<a href=\"https:\/\/www.myportugalexperience.com\/blog\/wp-content\/uploads\/2025\/11\/holiday-villas-in-albufeira.webp\" data-elementor-open-lightbox=\"no\">\n\t\t\t\t\t\t\t<img decoding=\"async\" width=\"800\" height=\"800\" src=\"https:\/\/www.myportugalexperience.com\/blog\/wp-content\/uploads\/2025\/11\/holiday-villas-in-albufeira.webp\" class=\"attachment-full size-full wp-image-1773\" alt=\"holiday villas in albufeira\" srcset=\"https:\/\/www.myportugalexperience.com\/blog\/wp-content\/uploads\/2025\/11\/holiday-villas-in-albufeira.webp 800w, https:\/\/www.myportugalexperience.com\/blog\/wp-content\/uploads\/2025\/11\/holiday-villas-in-albufeira-300x300.webp 300w, https:\/\/www.myportugalexperience.com\/blog\/wp-content\/uploads\/2025\/11\/holiday-villas-in-albufeira-150x150.webp 150w, https:\/\/www.myportugalexperience.com\/blog\/wp-content\/uploads\/2025\/11\/holiday-villas-in-albufeira-768x768.webp 768w\" sizes=\"(max-width: 800px) 100vw, 800px\" \/>\t\t\t\t\t\t\t\t<\/a>\n\t\t\t\t\t\t\t\t\t\t\t\t\t\t\t<\/div>\n\t\t\t\t<\/div>\n\t\t\t\t<\/div>\n\t\t<div class=\"elementor-element elementor-element-4d5f3f55 e-con-full e-flex e-con e-child\" data-id=\"4d5f3f55\" data-element_type=\"container\" data-e-type=\"container\">\n\t\t\t\t<div class=\"elementor-element elementor-element-1cf859eb elementor-widget-tablet__width-initial elementor-invisible elementor-widget elementor-widget-image\" data-id=\"1cf859eb\" data-element_type=\"widget\" data-e-type=\"widget\" data-settings=\"{&quot;_animation&quot;:&quot;fadeInUp&quot;,&quot;_animation_mobile&quot;:&quot;fadeIn&quot;,&quot;_animation_delay&quot;:200}\" data-widget_type=\"image.default\">\n\t\t\t\t<div class=\"elementor-widget-container\">\n\t\t\t\t\t\t\t\t\t\t\t\t\t\t\t\t<a href=\"https:\/\/www.myportugalexperience.com\/blog\/wp-content\/uploads\/2025\/11\/albufeira-studio-apartments.webp\" data-elementor-open-lightbox=\"no\">\n\t\t\t\t\t\t\t<img decoding=\"async\" width=\"800\" height=\"800\" src=\"https:\/\/www.myportugalexperience.com\/blog\/wp-content\/uploads\/2025\/11\/albufeira-studio-apartments.webp\" class=\"attachment-full size-full wp-image-1767\" alt=\"albufeira studio apartments\" srcset=\"https:\/\/www.myportugalexperience.com\/blog\/wp-content\/uploads\/2025\/11\/albufeira-studio-apartments.webp 800w, https:\/\/www.myportugalexperience.com\/blog\/wp-content\/uploads\/2025\/11\/albufeira-studio-apartments-300x300.webp 300w, https:\/\/www.myportugalexperience.com\/blog\/wp-content\/uploads\/2025\/11\/albufeira-studio-apartments-150x150.webp 150w, https:\/\/www.myportugalexperience.com\/blog\/wp-content\/uploads\/2025\/11\/albufeira-studio-apartments-768x768.webp 768w\" sizes=\"(max-width: 800px) 100vw, 800px\" \/>\t\t\t\t\t\t\t\t<\/a>\n\t\t\t\t\t\t\t\t\t\t\t\t\t\t\t<\/div>\n\t\t\t\t<\/div>\n\t\t\t\t<\/div>\n\t\t<div class=\"elementor-element elementor-element-c096a72 e-con-full e-flex e-con e-child\" data-id=\"c096a72\" data-element_type=\"container\" data-e-type=\"container\">\n\t\t\t\t<div class=\"elementor-element elementor-element-6bc89688 elementor-widget-tablet__width-initial elementor-invisible elementor-widget elementor-widget-image\" data-id=\"6bc89688\" data-element_type=\"widget\" data-e-type=\"widget\" data-settings=\"{&quot;_animation&quot;:&quot;fadeInUp&quot;,&quot;_animation_mobile&quot;:&quot;fadeIn&quot;,&quot;_animation_delay&quot;:200}\" data-widget_type=\"image.default\">\n\t\t\t\t<div class=\"elementor-widget-container\">\n\t\t\t\t\t\t\t\t\t\t\t\t\t\t\t\t<a href=\"https:\/\/www.myportugalexperience.com\/blog\/wp-content\/uploads\/2025\/11\/algarve-holiday-rentals.webp\" data-elementor-open-lightbox=\"no\">\n\t\t\t\t\t\t\t<img loading=\"lazy\" decoding=\"async\" width=\"800\" height=\"800\" src=\"https:\/\/www.myportugalexperience.com\/blog\/wp-content\/uploads\/2025\/11\/algarve-holiday-rentals.webp\" class=\"attachment-full size-full wp-image-1769\" alt=\"algarve holiday rentals\" srcset=\"https:\/\/www.myportugalexperience.com\/blog\/wp-content\/uploads\/2025\/11\/algarve-holiday-rentals.webp 800w, https:\/\/www.myportugalexperience.com\/blog\/wp-content\/uploads\/2025\/11\/algarve-holiday-rentals-300x300.webp 300w, https:\/\/www.myportugalexperience.com\/blog\/wp-content\/uploads\/2025\/11\/algarve-holiday-rentals-150x150.webp 150w, https:\/\/www.myportugalexperience.com\/blog\/wp-content\/uploads\/2025\/11\/algarve-holiday-rentals-768x768.webp 768w\" sizes=\"(max-width: 800px) 100vw, 800px\" \/>\t\t\t\t\t\t\t\t<\/a>\n\t\t\t\t\t\t\t\t\t\t\t\t\t\t\t<\/div>\n\t\t\t\t<\/div>\n\t\t\t\t<\/div>\n\t\t\t\t<\/div>\n\t\t<div class=\"elementor-element elementor-element-59483e63 e-con-full e-flex e-con e-child\" data-id=\"59483e63\" data-element_type=\"container\" data-e-type=\"container\">\n\t\t\t\t<div class=\"elementor-element elementor-element-508a6f45 elementor-widget elementor-widget-text-editor\" data-id=\"508a6f45\" data-element_type=\"widget\" data-e-type=\"widget\" data-widget_type=\"text-editor.default\">\n\t\t\t\t<div class=\"elementor-widget-container\">\n\t\t\t\t\t\t\t\t\t<p>Reservar quartos para alugar em Lisboa oferece uma combina\u00e7\u00e3o \u00fanica de conforto, conveni\u00eancia e experi\u00eancia local aut\u00eantica. Os est\u00fadios em Lisboa est\u00e3o frequentemente localizados no centro, proporcionando f\u00e1cil acesso a pontos tur\u00edsticos emblem\u00e1ticos, caf\u00e9s e transportes p\u00fablicos. Perfeito para viajantes individuais, casais ou estadias curtas, um est\u00fadio em Lisboa combina acessibilidade com comodidades modernas. Desfrute de um espa\u00e7o acolhedor e privado enquanto mergulha na vibrante cultura de Lisboa. Escolher um est\u00fadio em Lisboa garante praticidade e charme, tornando a sua visita verdadeiramente memor\u00e1vel.    <\/p>\t\t\t\t\t\t\t\t<\/div>\n\t\t\t\t<\/div>\n\t\t\t\t<div class=\"elementor-element elementor-element-3766e4de elementor-widget__width-initial elementor-widget elementor-widget-text-editor\" data-id=\"3766e4de\" data-element_type=\"widget\" data-e-type=\"widget\" data-widget_type=\"text-editor.default\">\n\t\t\t\t<div class=\"elementor-widget-container\">\n\t\t\t\t\t\t\t\t\t<p>DESCUBRA MAIS<\/p>\t\t\t\t\t\t\t\t<\/div>\n\t\t\t\t<\/div>\n\t\t\t\t<div class=\"elementor-element elementor-element-193c921c elementor-widget elementor-widget-heading\" data-id=\"193c921c\" data-element_type=\"widget\" data-e-type=\"widget\" data-widget_type=\"heading.default\">\n\t\t\t\t<div class=\"elementor-widget-container\">\n\t\t\t\t\t<h2 class=\"elementor-heading-title elementor-size-default\">Por que reservar quartos para alugar em Lisboa?\n<\/h2>\t\t\t\t<\/div>\n\t\t\t\t<\/div>\n\t\t\t\t<\/div>\n\t\t\t\t<\/div>\n\t\t\t\t\t<\/div>\n\t\t\t\t<\/div>\n\t\t\t\t<\/div>\n\t\t","protected":false},"excerpt":{"rendered":"<p>EXPLORE PORTUGAL Quarto para alugar EM \u200bLISBOA Lisboa &#8211; Grande Lisboa BAIRRO ALTO MUSIC GUEST HOUSE BACH De 68.25\u20ac por noite Lisboa &#8211; Grande Lisboa BAIRRO ALTO MUSIC GUEST HOUSE BEETHOVEN De 63.00\u20ac por noite Lisboa &#8211; Grande Lisboa BAIRRO ALTO MUSIC GUEST HOUSE BRAHMS De 69.30\u20ac por noite Lisboa &#8211; Grande Lisboa BAIRRO ALTO [&hellip;]<\/p>\n","protected":false},"author":3,"featured_media":1927,"parent":0,"menu_order":0,"comment_status":"open","ping_status":"open","template":"","meta":{"footnotes":""},"class_list":["post-2022","page","type-page","status-publish","has-post-thumbnail","hentry"],"yoast_head":"<!-- This site is optimized with the Yoast SEO plugin v26.5 - https:\/\/yoast.com\/wordpress\/plugins\/seo\/ -->\n<title>Quartos para alugar em Lisboa | A Minha Experi\u00eancia em Portugal<\/title>\n<meta name=\"description\" content=\"Encontre os melhores quartos para alugar em Lisboa. Reserve um alojamento acolhedor e confort\u00e1vel na capital.\" \/>\n<meta name=\"robots\" content=\"index, follow, max-snippet:-1, max-image-preview:large, max-video-preview:-1\" \/>\n<link rel=\"canonical\" href=\"https:\/\/www.myportugalexperience.com\/blog\/quartos-para-alugar-em-lisboa\/\" \/>\n<meta property=\"og:locale\" content=\"pt_PT\" \/>\n<meta property=\"og:type\" content=\"article\" \/>\n<meta property=\"og:title\" content=\"Quartos para alugar em Lisboa | A Minha Experi\u00eancia em Portugal\" \/>\n<meta property=\"og:description\" content=\"Encontre os melhores quartos para alugar em Lisboa. Reserve um alojamento acolhedor e confort\u00e1vel na capital.\" \/>\n<meta property=\"og:url\" content=\"https:\/\/www.myportugalexperience.com\/blog\/quartos-para-alugar-em-lisboa\/\" \/>\n<meta property=\"og:site_name\" content=\"Blog\" \/>\n<meta property=\"og:image\" content=\"https:\/\/www.myportugalexperience.com\/blog\/wp-content\/uploads\/2025\/12\/room-for-rent-in-lisbon-portugal.webp\" \/>\n\t<meta property=\"og:image:width\" content=\"800\" \/>\n\t<meta property=\"og:image:height\" content=\"800\" \/>\n\t<meta property=\"og:image:type\" content=\"image\/webp\" \/>\n<meta name=\"twitter:card\" content=\"summary_large_image\" \/>\n<meta name=\"twitter:label1\" content=\"Est. reading time\" \/>\n\t<meta name=\"twitter:data1\" content=\"4 minutes\" \/>\n<script type=\"application\/ld+json\" class=\"yoast-schema-graph\">{\"@context\":\"https:\/\/schema.org\",\"@graph\":[{\"@type\":\"WebPage\",\"@id\":\"https:\/\/www.myportugalexperience.com\/blog\/quartos-para-alugar-em-lisboa\/\",\"url\":\"https:\/\/www.myportugalexperience.com\/blog\/quartos-para-alugar-em-lisboa\/\",\"name\":\"Quartos para alugar em Lisboa | A Minha Experi\u00eancia em Portugal\",\"isPartOf\":{\"@id\":\"https:\/\/www.myportugalexperience.com\/blog\/#website\"},\"primaryImageOfPage\":{\"@id\":\"https:\/\/www.myportugalexperience.com\/blog\/quartos-para-alugar-em-lisboa\/#primaryimage\"},\"image\":{\"@id\":\"https:\/\/www.myportugalexperience.com\/blog\/quartos-para-alugar-em-lisboa\/#primaryimage\"},\"thumbnailUrl\":\"https:\/\/www.myportugalexperience.com\/blog\/wp-content\/uploads\/2025\/12\/room-for-rent-in-lisbon-portugal.webp\",\"datePublished\":\"2026-02-02T09:44:20+00:00\",\"description\":\"Encontre os melhores quartos para alugar em Lisboa. Reserve um alojamento acolhedor e confort\u00e1vel na capital.\",\"breadcrumb\":{\"@id\":\"https:\/\/www.myportugalexperience.com\/blog\/quartos-para-alugar-em-lisboa\/#breadcrumb\"},\"inLanguage\":\"pt\",\"potentialAction\":[{\"@type\":\"ReadAction\",\"target\":[\"https:\/\/www.myportugalexperience.com\/blog\/quartos-para-alugar-em-lisboa\/\"]}]},{\"@type\":\"ImageObject\",\"inLanguage\":\"pt\",\"@id\":\"https:\/\/www.myportugalexperience.com\/blog\/quartos-para-alugar-em-lisboa\/#primaryimage\",\"url\":\"https:\/\/www.myportugalexperience.com\/blog\/wp-content\/uploads\/2025\/12\/room-for-rent-in-lisbon-portugal.webp\",\"contentUrl\":\"https:\/\/www.myportugalexperience.com\/blog\/wp-content\/uploads\/2025\/12\/room-for-rent-in-lisbon-portugal.webp\",\"width\":800,\"height\":800,\"caption\":\"Room for rent in Lisbon Portugal\"},{\"@type\":\"BreadcrumbList\",\"@id\":\"https:\/\/www.myportugalexperience.com\/blog\/quartos-para-alugar-em-lisboa\/#breadcrumb\",\"itemListElement\":[{\"@type\":\"ListItem\",\"position\":1,\"name\":\"Home\",\"item\":\"https:\/\/www.myportugalexperience.com\/blog\/\"},{\"@type\":\"ListItem\",\"position\":2,\"name\":\"Quarto para alugar em Lisboa\"}]},{\"@type\":\"WebSite\",\"@id\":\"https:\/\/www.myportugalexperience.com\/blog\/#website\",\"url\":\"https:\/\/www.myportugalexperience.com\/blog\/\",\"name\":\"Blog\",\"description\":\"OC VILLAS\",\"potentialAction\":[{\"@type\":\"SearchAction\",\"target\":{\"@type\":\"EntryPoint\",\"urlTemplate\":\"https:\/\/www.myportugalexperience.com\/blog\/?s={search_term_string}\"},\"query-input\":{\"@type\":\"PropertyValueSpecification\",\"valueRequired\":true,\"valueName\":\"search_term_string\"}}],\"inLanguage\":\"pt\"}]}<\/script>\n<!-- \/ Yoast SEO plugin. -->","yoast_head_json":{"title":"Quartos para alugar em Lisboa | A Minha Experi\u00eancia em Portugal","description":"Encontre os melhores quartos para alugar em Lisboa. Reserve um alojamento acolhedor e confort\u00e1vel na capital.","robots":{"index":"index","follow":"follow","max-snippet":"max-snippet:-1","max-image-preview":"max-image-preview:large","max-video-preview":"max-video-preview:-1"},"canonical":"https:\/\/www.myportugalexperience.com\/blog\/quartos-para-alugar-em-lisboa\/","og_locale":"pt_PT","og_type":"article","og_title":"Quartos para alugar em Lisboa | A Minha Experi\u00eancia em Portugal","og_description":"Encontre os melhores quartos para alugar em Lisboa. Reserve um alojamento acolhedor e confort\u00e1vel na capital.","og_url":"https:\/\/www.myportugalexperience.com\/blog\/quartos-para-alugar-em-lisboa\/","og_site_name":"Blog","og_image":[{"width":800,"height":800,"url":"https:\/\/www.myportugalexperience.com\/blog\/wp-content\/uploads\/2025\/12\/room-for-rent-in-lisbon-portugal.webp","type":"image\/webp"}],"twitter_card":"summary_large_image","twitter_misc":{"Est. reading time":"4 minutes"},"schema":{"@context":"https:\/\/schema.org","@graph":[{"@type":"WebPage","@id":"https:\/\/www.myportugalexperience.com\/blog\/quartos-para-alugar-em-lisboa\/","url":"https:\/\/www.myportugalexperience.com\/blog\/quartos-para-alugar-em-lisboa\/","name":"Quartos para alugar em Lisboa | A Minha Experi\u00eancia em Portugal","isPartOf":{"@id":"https:\/\/www.myportugalexperience.com\/blog\/#website"},"primaryImageOfPage":{"@id":"https:\/\/www.myportugalexperience.com\/blog\/quartos-para-alugar-em-lisboa\/#primaryimage"},"image":{"@id":"https:\/\/www.myportugalexperience.com\/blog\/quartos-para-alugar-em-lisboa\/#primaryimage"},"thumbnailUrl":"https:\/\/www.myportugalexperience.com\/blog\/wp-content\/uploads\/2025\/12\/room-for-rent-in-lisbon-portugal.webp","datePublished":"2026-02-02T09:44:20+00:00","description":"Encontre os melhores quartos para alugar em Lisboa. Reserve um alojamento acolhedor e confort\u00e1vel na capital.","breadcrumb":{"@id":"https:\/\/www.myportugalexperience.com\/blog\/quartos-para-alugar-em-lisboa\/#breadcrumb"},"inLanguage":"pt","potentialAction":[{"@type":"ReadAction","target":["https:\/\/www.myportugalexperience.com\/blog\/quartos-para-alugar-em-lisboa\/"]}]},{"@type":"ImageObject","inLanguage":"pt","@id":"https:\/\/www.myportugalexperience.com\/blog\/quartos-para-alugar-em-lisboa\/#primaryimage","url":"https:\/\/www.myportugalexperience.com\/blog\/wp-content\/uploads\/2025\/12\/room-for-rent-in-lisbon-portugal.webp","contentUrl":"https:\/\/www.myportugalexperience.com\/blog\/wp-content\/uploads\/2025\/12\/room-for-rent-in-lisbon-portugal.webp","width":800,"height":800,"caption":"Room for rent in Lisbon Portugal"},{"@type":"BreadcrumbList","@id":"https:\/\/www.myportugalexperience.com\/blog\/quartos-para-alugar-em-lisboa\/#breadcrumb","itemListElement":[{"@type":"ListItem","position":1,"name":"Home","item":"https:\/\/www.myportugalexperience.com\/blog\/"},{"@type":"ListItem","position":2,"name":"Quarto para alugar em Lisboa"}]},{"@type":"WebSite","@id":"https:\/\/www.myportugalexperience.com\/blog\/#website","url":"https:\/\/www.myportugalexperience.com\/blog\/","name":"Blog","description":"OC VILLAS","potentialAction":[{"@type":"SearchAction","target":{"@type":"EntryPoint","urlTemplate":"https:\/\/www.myportugalexperience.com\/blog\/?s={search_term_string}"},"query-input":{"@type":"PropertyValueSpecification","valueRequired":true,"valueName":"search_term_string"}}],"inLanguage":"pt"}]}},"_links":{"self":[{"href":"https:\/\/www.myportugalexperience.com\/blog\/wp-json\/wp\/v2\/pages\/2022","targetHints":{"allow":["GET"]}}],"collection":[{"href":"https:\/\/www.myportugalexperience.com\/blog\/wp-json\/wp\/v2\/pages"}],"about":[{"href":"https:\/\/www.myportugalexperience.com\/blog\/wp-json\/wp\/v2\/types\/page"}],"author":[{"embeddable":true,"href":"https:\/\/www.myportugalexperience.com\/blog\/wp-json\/wp\/v2\/users\/3"}],"replies":[{"embeddable":true,"href":"https:\/\/www.myportugalexperience.com\/blog\/wp-json\/wp\/v2\/comments?post=2022"}],"version-history":[{"count":1,"href":"https:\/\/www.myportugalexperience.com\/blog\/wp-json\/wp\/v2\/pages\/2022\/revisions"}],"predecessor-version":[{"id":2023,"href":"https:\/\/www.myportugalexperience.com\/blog\/wp-json\/wp\/v2\/pages\/2022\/revisions\/2023"}],"wp:featuredmedia":[{"embeddable":true,"href":"https:\/\/www.myportugalexperience.com\/blog\/wp-json\/wp\/v2\/media\/1927"}],"wp:attachment":[{"href":"https:\/\/www.myportugalexperience.com\/blog\/wp-json\/wp\/v2\/media?parent=2022"}],"curies":[{"name":"wp","href":"https:\/\/api.w.org\/{rel}","templated":true}]}}