{"id":2100,"date":"2026-01-19T10:21:22","date_gmt":"2026-01-19T10:21:22","guid":{"rendered":"https:\/\/www.myportugalexperience.com\/blog\/?page_id=2100"},"modified":"2026-01-19T10:45:52","modified_gmt":"2026-01-19T10:45:52","slug":"alugueres-de-casas-de-praia-em-albufeira","status":"publish","type":"page","link":"https:\/\/www.myportugalexperience.com\/blog\/alugueres-de-casas-de-praia-em-albufeira\/","title":{"rendered":"Alugueres de casas de praia em Albufeira"},"content":{"rendered":"\t\t<div data-elementor-type=\"wp-page\" data-elementor-id=\"2100\" class=\"elementor elementor-2100 elementor-2068\" data-elementor-post-type=\"page\">\n\t\t\t\t<div class=\"elementor-element elementor-element-66cd1ff e-flex e-con-boxed e-con e-parent\" data-id=\"66cd1ff\" data-element_type=\"container\" data-e-type=\"container\">\n\t\t\t\t\t<div class=\"e-con-inner\">\n\t\t<div class=\"elementor-element elementor-element-d1b4774 e-con-full e-flex e-con e-child\" data-id=\"d1b4774\" data-element_type=\"container\" data-e-type=\"container\">\n\t\t<div class=\"elementor-element elementor-element-4d7d691 e-con-full e-flex e-con e-child\" data-id=\"4d7d691\" data-element_type=\"container\" data-e-type=\"container\">\n\t\t\t\t<div class=\"elementor-element elementor-element-bc7d584 elementor-widget__width-initial elementor-widget elementor-widget-text-editor\" data-id=\"bc7d584\" data-element_type=\"widget\" data-e-type=\"widget\" data-widget_type=\"text-editor.default\">\n\t\t\t\t<div class=\"elementor-widget-container\">\n\t\t\t\t\t\t\t\t\t<p>EXPLORE O ALGARVE<\/p>\t\t\t\t\t\t\t\t<\/div>\n\t\t\t\t<\/div>\n\t\t\t\t<div class=\"elementor-element elementor-element-4a77617 elementor-widget elementor-widget-heading\" data-id=\"4a77617\" data-element_type=\"widget\" data-e-type=\"widget\" data-widget_type=\"heading.default\">\n\t\t\t\t<div class=\"elementor-widget-container\">\n\t\t\t\t\t<h1 class=\"elementor-heading-title elementor-size-default\">Alugueres de casas de praia em  <b> \u200bALBUFEIRA<\/b> \n<\/h1>\t\t\t\t<\/div>\n\t\t\t\t<\/div>\n\t\t\t\t<\/div>\n\t\t<div class=\"elementor-element elementor-element-847e86e e-con-full e-flex e-con e-child\" data-id=\"847e86e\" data-element_type=\"container\" data-e-type=\"container\">\n\t\t<div class=\"elementor-element elementor-element-206f11d e-con-full e-flex e-con e-child\" data-id=\"206f11d\" data-element_type=\"container\" data-e-type=\"container\">\n\t\t\t\t<div class=\"elementor-element elementor-element-e9eebc9 elementor-invisible elementor-widget elementor-widget-image\" data-id=\"e9eebc9\" data-element_type=\"widget\" data-e-type=\"widget\" data-settings=\"{&quot;_animation&quot;:&quot;fadeInUp&quot;,&quot;_animation_mobile&quot;:&quot;fadeIn&quot;,&quot;_animation_delay&quot;:200}\" data-widget_type=\"image.default\">\n\t\t\t\t<div class=\"elementor-widget-container\">\n\t\t\t\t\t\t\t\t\t\t\t\t\t\t\t\t<a href=\"https:\/\/www.myportugalexperience.com\/blog\/wp-content\/uploads\/2026\/01\/albufeira-beach-rentals.webp\" data-elementor-open-lightbox=\"no\">\n\t\t\t\t\t\t\t<img fetchpriority=\"high\" decoding=\"async\" width=\"800\" height=\"800\" src=\"https:\/\/www.myportugalexperience.com\/blog\/wp-content\/uploads\/2026\/01\/albufeira-beach-rentals.webp\" class=\"attachment-full size-full wp-image-2073\" alt=\"\" srcset=\"https:\/\/www.myportugalexperience.com\/blog\/wp-content\/uploads\/2026\/01\/albufeira-beach-rentals.webp 800w, https:\/\/www.myportugalexperience.com\/blog\/wp-content\/uploads\/2026\/01\/albufeira-beach-rentals-300x300.webp 300w, https:\/\/www.myportugalexperience.com\/blog\/wp-content\/uploads\/2026\/01\/albufeira-beach-rentals-150x150.webp 150w, https:\/\/www.myportugalexperience.com\/blog\/wp-content\/uploads\/2026\/01\/albufeira-beach-rentals-768x768.webp 768w\" sizes=\"(max-width: 800px) 100vw, 800px\" \/>\t\t\t\t\t\t\t\t<\/a>\n\t\t\t\t\t\t\t\t\t\t\t\t\t\t\t<\/div>\n\t\t\t\t<\/div>\n\t\t\t\t<\/div>\n\t\t\t\t<\/div>\n\t\t\t\t<\/div>\n\t\t\t\t\t<\/div>\n\t\t\t\t<\/div>\n\t\t<div class=\"elementor-element elementor-element-212f455 e-flex e-con-boxed e-con e-parent\" data-id=\"212f455\" data-element_type=\"container\" data-e-type=\"container\">\n\t\t\t\t\t<div class=\"e-con-inner\">\n\t\t<div class=\"elementor-element elementor-element-8edc5cc e-con-full e-flex e-con e-child\" data-id=\"8edc5cc\" data-element_type=\"container\" data-e-type=\"container\">\n\t\t\t\t<div class=\"elementor-element elementor-element-95d4e2c elementor-align-center elementor-mobile-align-center elementor-widget elementor-widget-button\" data-id=\"95d4e2c\" data-element_type=\"widget\" data-e-type=\"widget\" data-widget_type=\"button.default\">\n\t\t\t\t<div class=\"elementor-widget-container\">\n\t\t\t\t\t\t\t\t\t<div class=\"elementor-button-wrapper\">\n\t\t\t\t\t<a class=\"elementor-button elementor-button-link elementor-size-sm\" href=\"https:\/\/www.myportugalexperience.com\/aluguer\/alugueres-albufeira-d599\/tag-perto-da-praia\/\">\n\t\t\t\t\t\t<span class=\"elementor-button-content-wrapper\">\n\t\t\t\t\t\t\t\t\t<span class=\"elementor-button-text\">Explore mais alugueres de casas de praia em Albufeira<\/span>\n\t\t\t\t\t<\/span>\n\t\t\t\t\t<\/a>\n\t\t\t\t<\/div>\n\t\t\t\t\t\t\t\t<\/div>\n\t\t\t\t<\/div>\n\t\t\t\t<div class=\"elementor-element elementor-element-8f50b12 elementor-widget elementor-widget-grid\" data-id=\"8f50b12\" data-element_type=\"widget\" data-e-type=\"widget\" data-widget_type=\"grid.default\">\n\t\t\t\t<div class=\"elementor-widget-container\">\n\t\t\t\t\t\t\t<div class=\"its--row alojamientos-recomendados\">\n\n\t\t\t<div class=\"alojamientos-recomendados-container\">\n\n\t\t\t\t\t\n\t\t\t\t\t<a href=\"https:\/\/www.myportugalexperience.com\/aluguer\/apartamento-albufeira-roma-vista-mar-5-min-baixa-albufeira-ac-268214.html\" rel=\"nofollow\" style=\"width: 32%;\">\n\t\t\t\t\t\t<div class=\"apartamento-box\">\n\t\t\t\t\t\t\t<div class=\"imagen_recomendados\">\n\t\t\t\t\t\t\t\t<img decoding=\"async\" src=\"https:\/\/crs.avantio.com\/fotos\/2\/1543610749351ae2e39ca7119cf5f41d686df599f0\/big1707911291a0dadcb75acabf35dcfd91e43fae01dc.jpg\" alt=\"Apt. Rom\u00e3 OCV - Vista Mar\">\n\t\t\t\t\t\t\t<\/div>\n\t\t\t\t\t\t\t<div class=\"info\">\n\t\t\t\t\t\t\t\t<div class=\"ubicacion\">\n\t\t\t\t\t\t\t\t\t<i class=\"fa-solid fa-location-dot icono-mapa\"><\/i><span class=\"ubicacion-texto\">Albufeira - Algarve<\/span>\n\t\t\t\t\t\t\t\t<\/div>\n\t\t\t\t\t\t\t\t<H4 class=\"titulo-alojamiento\">\n\t\t\t\t\t\t\t\t\tApt. Rom\u00e3 OCV - Vista Mar\t\t\t\t\t\t\t\t<\/H4>\n\t\t\t\t\t\t\t\t<p class=\"precio-alojamiento\">De <span class=\"precio\">57.00\u20ac<\/span> por noite<\/p>\n\t\t\t\t\t\t\t<\/div>\n\t\t\t\t\t\t<\/div>\n\t\t\t\t\t<\/a> \n\t\t\t\t\t\t\n\t\t\t\t\t<a href=\"https:\/\/www.myportugalexperience.com\/aluguer\/apartamento-albufeira-figo-apartamento-luxuoso-5-min-baixa-albufeira-268215.html\" rel=\"nofollow\" style=\"width: 32%;\">\n\t\t\t\t\t\t<div class=\"apartamento-box\">\n\t\t\t\t\t\t\t<div class=\"imagen_recomendados\">\n\t\t\t\t\t\t\t\t<img decoding=\"async\" src=\"https:\/\/crs.avantio.com\/fotos\/2\/15436106751f93c44194055f322b47be2f3ea0fe30\/big15446959844c51e5c9ac34fb01d784c715b0118505.jpg\" alt=\"Apt. Figo OCV - Vista Mar\">\n\t\t\t\t\t\t\t<\/div>\n\t\t\t\t\t\t\t<div class=\"info\">\n\t\t\t\t\t\t\t\t<div class=\"ubicacion\">\n\t\t\t\t\t\t\t\t\t<i class=\"fa-solid fa-location-dot icono-mapa\"><\/i><span class=\"ubicacion-texto\">Albufeira - Algarve<\/span>\n\t\t\t\t\t\t\t\t<\/div>\n\t\t\t\t\t\t\t\t<H4 class=\"titulo-alojamiento\">\n\t\t\t\t\t\t\t\t\tApt. Figo OCV - Vista Mar\t\t\t\t\t\t\t\t<\/H4>\n\t\t\t\t\t\t\t\t<p class=\"precio-alojamiento\">De <span class=\"precio\">61.00\u20ac<\/span> por noite<\/p>\n\t\t\t\t\t\t\t<\/div>\n\t\t\t\t\t\t<\/div>\n\t\t\t\t\t<\/a> \n\t\t\t\t\t\t\n\t\t\t\t\t<a href=\"https:\/\/www.myportugalexperience.com\/aluguer\/apartamento-albufeira-alfarroba-apt-com-terraco-5min-baixa-albufeira-268216.html\" rel=\"nofollow\" style=\"width: 32%;\">\n\t\t\t\t\t\t<div class=\"apartamento-box\">\n\t\t\t\t\t\t\t<div class=\"imagen_recomendados\">\n\t\t\t\t\t\t\t\t<img decoding=\"async\" src=\"https:\/\/crs.avantio.com\/fotos\/2\/1543610715f0d15cbbe01b3e13ffb7a4ae0ffeae4f\/big170790723086871f86e388769feff1a0670a42eda4.jpg\" alt=\"Apt. Alfarroba OCV - 5min Centro\">\n\t\t\t\t\t\t\t<\/div>\n\t\t\t\t\t\t\t<div class=\"info\">\n\t\t\t\t\t\t\t\t<div class=\"ubicacion\">\n\t\t\t\t\t\t\t\t\t<i class=\"fa-solid fa-location-dot icono-mapa\"><\/i><span class=\"ubicacion-texto\">Albufeira - Algarve<\/span>\n\t\t\t\t\t\t\t\t<\/div>\n\t\t\t\t\t\t\t\t<H4 class=\"titulo-alojamiento\">\n\t\t\t\t\t\t\t\t\tApt. Alfarroba OCV - 5min Centro\t\t\t\t\t\t\t\t<\/H4>\n\t\t\t\t\t\t\t\t<p class=\"precio-alojamiento\">De <span class=\"precio\">31.00\u20ac<\/span> por noite<\/p>\n\t\t\t\t\t\t\t<\/div>\n\t\t\t\t\t\t<\/div>\n\t\t\t\t\t<\/a> \n\t\t\t\t\t\t\n\t\t\t\t\t<a href=\"https:\/\/www.myportugalexperience.com\/aluguer\/apartamento-albufeira-old-town-moderno-e-luxuoso-a-5min-ate-praia-albu-268217.html\" rel=\"nofollow\" style=\"width: 32%;\">\n\t\t\t\t\t\t<div class=\"apartamento-box\">\n\t\t\t\t\t\t\t<div class=\"imagen_recomendados\">\n\t\t\t\t\t\t\t\t<img decoding=\"async\" src=\"https:\/\/crs.avantio.com\/fotos\/2\/1543612007e7e83f6f29aec9c0cb31170febf01d5a\/big16977267689448e09de29fdb4b8cf58aa28b4bcdb3.jpg\" alt=\"Apt. Old Town OCV - 3min Praia\">\n\t\t\t\t\t\t\t<\/div>\n\t\t\t\t\t\t\t<div class=\"info\">\n\t\t\t\t\t\t\t\t<div class=\"ubicacion\">\n\t\t\t\t\t\t\t\t\t<i class=\"fa-solid fa-location-dot icono-mapa\"><\/i><span class=\"ubicacion-texto\">Albufeira - Algarve<\/span>\n\t\t\t\t\t\t\t\t<\/div>\n\t\t\t\t\t\t\t\t<H4 class=\"titulo-alojamiento\">\n\t\t\t\t\t\t\t\t\tApt. Old Town OCV - 3min Praia\t\t\t\t\t\t\t\t<\/H4>\n\t\t\t\t\t\t\t\t<p class=\"precio-alojamiento\">De <span class=\"precio\">97.00\u20ac<\/span> por noite<\/p>\n\t\t\t\t\t\t\t<\/div>\n\t\t\t\t\t\t<\/div>\n\t\t\t\t\t<\/a> \n\t\t\t\t\t\t\n\t\t\t\t\t<a href=\"https:\/\/www.myportugalexperience.com\/aluguer\/apartamento-albufeira-relax-luxuoso-5min-a-pe-baixa-albufeira-wifi-ac-268218.html\" rel=\"nofollow\" style=\"width: 32%;\">\n\t\t\t\t\t\t<div class=\"apartamento-box\">\n\t\t\t\t\t\t\t<div class=\"imagen_recomendados\">\n\t\t\t\t\t\t\t\t<img decoding=\"async\" src=\"https:\/\/crs.avantio.com\/fotos\/2\/1543606477ef0149453b9398281da47a90fa48c6df\/big17011015853edce4c98c5917033d968c1df2daa401.jpg\" alt=\"Apt. Relax OCV - Baixa Albufeira\">\n\t\t\t\t\t\t\t<\/div>\n\t\t\t\t\t\t\t<div class=\"info\">\n\t\t\t\t\t\t\t\t<div class=\"ubicacion\">\n\t\t\t\t\t\t\t\t\t<i class=\"fa-solid fa-location-dot icono-mapa\"><\/i><span class=\"ubicacion-texto\">Albufeira - Algarve<\/span>\n\t\t\t\t\t\t\t\t<\/div>\n\t\t\t\t\t\t\t\t<H4 class=\"titulo-alojamiento\">\n\t\t\t\t\t\t\t\t\tApt. Relax OCV - Baixa Albufeira\t\t\t\t\t\t\t\t<\/H4>\n\t\t\t\t\t\t\t\t<p class=\"precio-alojamiento\">De <span class=\"precio\">95.00\u20ac<\/span> por noite<\/p>\n\t\t\t\t\t\t\t<\/div>\n\t\t\t\t\t\t<\/div>\n\t\t\t\t\t<\/a> \n\t\t\t\t\t\t\n\t\t\t\t\t<a href=\"https:\/\/www.myportugalexperience.com\/aluguer\/apartamento-albufeira-albuhera-moderno-apt-com-piscina-5min-baixa-alb-268219.html\" rel=\"nofollow\" style=\"width: 32%;\">\n\t\t\t\t\t\t<div class=\"apartamento-box\">\n\t\t\t\t\t\t\t<div class=\"imagen_recomendados\">\n\t\t\t\t\t\t\t\t<img decoding=\"async\" src=\"https:\/\/crs.avantio.com\/fotos\/2\/1543611967af73d696b046db0cfff564ec6cde9df5\/big16992659186425b909914afc7f7cdbed200a66d179.jpg\" alt=\"Apt. Albuhera OCV - Baixa Albufeira\">\n\t\t\t\t\t\t\t<\/div>\n\t\t\t\t\t\t\t<div class=\"info\">\n\t\t\t\t\t\t\t\t<div class=\"ubicacion\">\n\t\t\t\t\t\t\t\t\t<i class=\"fa-solid fa-location-dot icono-mapa\"><\/i><span class=\"ubicacion-texto\">Albufeira - Algarve<\/span>\n\t\t\t\t\t\t\t\t<\/div>\n\t\t\t\t\t\t\t\t<H4 class=\"titulo-alojamiento\">\n\t\t\t\t\t\t\t\t\tApt. Albuhera OCV - Baixa Albufeira\t\t\t\t\t\t\t\t<\/H4>\n\t\t\t\t\t\t\t\t<p class=\"precio-alojamiento\">De <span class=\"precio\">72.00\u20ac<\/span> por noite<\/p>\n\t\t\t\t\t\t\t<\/div>\n\t\t\t\t\t\t<\/div>\n\t\t\t\t\t<\/a> \n\t\t\t\t\t\t\n\t\t\t\t\t<a href=\"https:\/\/www.myportugalexperience.com\/aluguer\/villa-gale-m-gale-vila-privada-4min-ate-a-praia-em-albufei-268222.html\" rel=\"nofollow\" style=\"width: 32%;\">\n\t\t\t\t\t\t<div class=\"apartamento-box\">\n\t\t\t\t\t\t\t<div class=\"imagen_recomendados\">\n\t\t\t\t\t\t\t\t<img decoding=\"async\" src=\"https:\/\/crs.avantio.com\/fotos\/2\/1543606697c824e705aa7b7622c82ebdb5ead9fcc9\/big1669280332adb27c31156da46902d40347a7e90173.jpg\" alt=\"Villa Monte Gal\u00e9 OCV - 100m Praia\">\n\t\t\t\t\t\t\t<\/div>\n\t\t\t\t\t\t\t<div class=\"info\">\n\t\t\t\t\t\t\t\t<div class=\"ubicacion\">\n\t\t\t\t\t\t\t\t\t<i class=\"fa-solid fa-location-dot icono-mapa\"><\/i><span class=\"ubicacion-texto\">Gal\u00e9 - Algarve<\/span>\n\t\t\t\t\t\t\t\t<\/div>\n\t\t\t\t\t\t\t\t<H4 class=\"titulo-alojamiento\">\n\t\t\t\t\t\t\t\t\tVilla Monte Gal\u00e9 OCV - 100m Praia\t\t\t\t\t\t\t\t<\/H4>\n\t\t\t\t\t\t\t\t<p class=\"precio-alojamiento\">De <span class=\"precio\">158.00\u20ac<\/span> por noite<\/p>\n\t\t\t\t\t\t\t<\/div>\n\t\t\t\t\t\t<\/div>\n\t\t\t\t\t<\/a> \n\t\t\t\t\t\t\n\t\t\t\t\t<a href=\"https:\/\/www.myportugalexperience.com\/aluguer\/estudio-albufeira-bay-view-magnifico-estudio-vista-mar-5min-praia-a-268254.html\" rel=\"nofollow\" style=\"width: 32%;\">\n\t\t\t\t\t\t<div class=\"apartamento-box\">\n\t\t\t\t\t\t\t<div class=\"imagen_recomendados\">\n\t\t\t\t\t\t\t\t<img decoding=\"async\" src=\"https:\/\/crs.avantio.com\/fotos\/2\/1543612568645538cc4f5a78cdc798f125ac58d262\/big1738598655ba1c61339e54a4dfbca7e28ee3b1c82e.jpg\" alt=\"Estudio Bay View OCV - Vista Mar \">\n\t\t\t\t\t\t\t<\/div>\n\t\t\t\t\t\t\t<div class=\"info\">\n\t\t\t\t\t\t\t\t<div class=\"ubicacion\">\n\t\t\t\t\t\t\t\t\t<i class=\"fa-solid fa-location-dot icono-mapa\"><\/i><span class=\"ubicacion-texto\">Albufeira - Algarve<\/span>\n\t\t\t\t\t\t\t\t<\/div>\n\t\t\t\t\t\t\t\t<H4 class=\"titulo-alojamiento\">\n\t\t\t\t\t\t\t\t\tEstudio Bay View OCV - Vista Mar \t\t\t\t\t\t\t\t<\/H4>\n\t\t\t\t\t\t\t\t<p class=\"precio-alojamiento\">De <span class=\"precio\">58.00\u20ac<\/span> por noite<\/p>\n\t\t\t\t\t\t\t<\/div>\n\t\t\t\t\t\t<\/div>\n\t\t\t\t\t<\/a> \n\t\t\t\t\t\t\n\t\t\t\t\t<a href=\"https:\/\/www.myportugalexperience.com\/aluguer\/apartamento-albufeira-bogart-espacoso-apt-ideal-familias-5min-da-oura-268256.html\" rel=\"nofollow\" style=\"width: 32%;\">\n\t\t\t\t\t\t<div class=\"apartamento-box\">\n\t\t\t\t\t\t\t<div class=\"imagen_recomendados\">\n\t\t\t\t\t\t\t\t<img decoding=\"async\" src=\"https:\/\/crs.avantio.com\/fotos\/2\/1543609984e68139c4bfe2e4380e2cd2feaed87c00\/big1674736723c6e15e6fa3d7c842b295f3450e17e231.jpg\" alt=\"Apt. Bogart OCV - Oura Albufeira\">\n\t\t\t\t\t\t\t<\/div>\n\t\t\t\t\t\t\t<div class=\"info\">\n\t\t\t\t\t\t\t\t<div class=\"ubicacion\">\n\t\t\t\t\t\t\t\t\t<i class=\"fa-solid fa-location-dot icono-mapa\"><\/i><span class=\"ubicacion-texto\">Albufeira - Algarve<\/span>\n\t\t\t\t\t\t\t\t<\/div>\n\t\t\t\t\t\t\t\t<H4 class=\"titulo-alojamiento\">\n\t\t\t\t\t\t\t\t\tApt. Bogart OCV - Oura Albufeira\t\t\t\t\t\t\t\t<\/H4>\n\t\t\t\t\t\t\t\t<p class=\"precio-alojamiento\">De <span class=\"precio\">61.00\u20ac<\/span> por noite<\/p>\n\t\t\t\t\t\t\t<\/div>\n\t\t\t\t\t\t<\/div>\n\t\t\t\t\t<\/a> \n\t\t\t\t\t\t\n\t\t\t\t\t<a href=\"https:\/\/www.myportugalexperience.com\/aluguer\/villa-gale-farol-fantastica-vila-2min-praia-dos-salgados-268259.html\" rel=\"nofollow\" style=\"width: 32%;\">\n\t\t\t\t\t\t<div class=\"apartamento-box\">\n\t\t\t\t\t\t\t<div class=\"imagen_recomendados\">\n\t\t\t\t\t\t\t\t<img decoding=\"async\" src=\"https:\/\/crs.avantio.com\/fotos\/2\/1543610136494b34c4aad07d19d5e85cc5d315bc18\/big16760632365f102abcbd6fd1e26140e7f65be60841.jpg\" alt=\"Villa Farol OCV - Frente Mar\">\n\t\t\t\t\t\t\t<\/div>\n\t\t\t\t\t\t\t<div class=\"info\">\n\t\t\t\t\t\t\t\t<div class=\"ubicacion\">\n\t\t\t\t\t\t\t\t\t<i class=\"fa-solid fa-location-dot icono-mapa\"><\/i><span class=\"ubicacion-texto\">Gal\u00e9 - Algarve<\/span>\n\t\t\t\t\t\t\t\t<\/div>\n\t\t\t\t\t\t\t\t<H4 class=\"titulo-alojamiento\">\n\t\t\t\t\t\t\t\t\tVilla Farol OCV - Frente Mar\t\t\t\t\t\t\t\t<\/H4>\n\t\t\t\t\t\t\t\t<p class=\"precio-alojamiento\">De <span class=\"precio\">180.00\u20ac<\/span> por noite<\/p>\n\t\t\t\t\t\t\t<\/div>\n\t\t\t\t\t\t<\/div>\n\t\t\t\t\t<\/a> \n\t\t\t\t\t\t\n\t\t\t\t\t<a href=\"https:\/\/www.myportugalexperience.com\/aluguer\/apartamento-albufeira-medronho-vista-mar-com-piscina-a-5min-baixa-albuf-268267.html\" rel=\"nofollow\" style=\"width: 32%;\">\n\t\t\t\t\t\t<div class=\"apartamento-box\">\n\t\t\t\t\t\t\t<div class=\"imagen_recomendados\">\n\t\t\t\t\t\t\t\t<img decoding=\"async\" src=\"https:\/\/crs.avantio.com\/fotos\/2\/15436132325e189cbe8777cbe9dfbeb4b4bb7f5ecc\/big1554820339c55662ebec2f30710e157dba457a68c8.jpg\" alt=\"Apt. Medronho OCV - Vista Mar\">\n\t\t\t\t\t\t\t<\/div>\n\t\t\t\t\t\t\t<div class=\"info\">\n\t\t\t\t\t\t\t\t<div class=\"ubicacion\">\n\t\t\t\t\t\t\t\t\t<i class=\"fa-solid fa-location-dot icono-mapa\"><\/i><span class=\"ubicacion-texto\">Albufeira - Algarve<\/span>\n\t\t\t\t\t\t\t\t<\/div>\n\t\t\t\t\t\t\t\t<H4 class=\"titulo-alojamiento\">\n\t\t\t\t\t\t\t\t\tApt. Medronho OCV - Vista Mar\t\t\t\t\t\t\t\t<\/H4>\n\t\t\t\t\t\t\t\t<p class=\"precio-alojamiento\">De <span class=\"precio\">56.00\u20ac<\/span> por noite<\/p>\n\t\t\t\t\t\t\t<\/div>\n\t\t\t\t\t\t<\/div>\n\t\t\t\t\t<\/a> \n\t\t\t\t\t\t\n\t\t\t\t\t<a href=\"https:\/\/www.myportugalexperience.com\/aluguer\/apartamento-gale-gale-mar-perto-da-praia-com-2-quartos-ac-wifi-280862.html\" rel=\"nofollow\" style=\"width: 32%;\">\n\t\t\t\t\t\t<div class=\"apartamento-box\">\n\t\t\t\t\t\t\t<div class=\"imagen_recomendados\">\n\t\t\t\t\t\t\t\t<img decoding=\"async\" src=\"https:\/\/crs.avantio.com\/fotos\/2\/1554199435b4d7b2dc5788d5ff87651b4063eb96de\/big1554199449935b2781e4c7fda58a13341bbb1854a3.jpg\" alt=\"Apt. Gal\u00e9 Mar OCV - Vista Mar\">\n\t\t\t\t\t\t\t<\/div>\n\t\t\t\t\t\t\t<div class=\"info\">\n\t\t\t\t\t\t\t\t<div class=\"ubicacion\">\n\t\t\t\t\t\t\t\t\t<i class=\"fa-solid fa-location-dot icono-mapa\"><\/i><span class=\"ubicacion-texto\">Gal\u00e9 - Algarve<\/span>\n\t\t\t\t\t\t\t\t<\/div>\n\t\t\t\t\t\t\t\t<H4 class=\"titulo-alojamiento\">\n\t\t\t\t\t\t\t\t\tApt. Gal\u00e9 Mar OCV - Vista Mar\t\t\t\t\t\t\t\t<\/H4>\n\t\t\t\t\t\t\t\t<p class=\"precio-alojamiento\">De <span class=\"precio\">128.00\u20ac<\/span> por noite<\/p>\n\t\t\t\t\t\t\t<\/div>\n\t\t\t\t\t\t<\/div>\n\t\t\t\t\t<\/a> \n\t\t\t\t\t\t\t\t<\/div>\n\t\t\t<\/div>\n\t\t\t\t\t\t<\/div>\n\t\t\t\t<\/div>\n\t\t\t\t<\/div>\n\t\t\t\t\t<\/div>\n\t\t\t\t<\/div>\n\t\t<div class=\"elementor-element elementor-element-60a2599 e-flex e-con-boxed e-con e-parent\" data-id=\"60a2599\" data-element_type=\"container\" data-e-type=\"container\">\n\t\t\t\t\t<div class=\"e-con-inner\">\n\t\t<div class=\"elementor-element elementor-element-1c9e1a7 e-con-full e-flex e-con e-child\" data-id=\"1c9e1a7\" data-element_type=\"container\" data-e-type=\"container\">\n\t\t<div class=\"elementor-element elementor-element-dfd8836 e-con-full e-flex e-con e-child\" data-id=\"dfd8836\" data-element_type=\"container\" data-e-type=\"container\">\n\t\t<div class=\"elementor-element elementor-element-a880fad e-con-full e-flex e-con e-child\" data-id=\"a880fad\" data-element_type=\"container\" data-e-type=\"container\">\n\t\t\t\t<div class=\"elementor-element elementor-element-b5d91b8 elementor-invisible elementor-widget elementor-widget-image\" data-id=\"b5d91b8\" data-element_type=\"widget\" data-e-type=\"widget\" data-settings=\"{&quot;_animation&quot;:&quot;fadeInUp&quot;,&quot;_animation_mobile&quot;:&quot;fadeIn&quot;,&quot;_animation_delay&quot;:200}\" data-widget_type=\"image.default\">\n\t\t\t\t<div class=\"elementor-widget-container\">\n\t\t\t\t\t\t\t\t\t\t\t\t\t\t\t\t<a href=\"https:\/\/www.myportugalexperience.com\/blog\/wp-content\/uploads\/2025\/08\/holiday-homes-algarve-12.webp\" data-elementor-open-lightbox=\"no\">\n\t\t\t\t\t\t\t<img decoding=\"async\" width=\"800\" height=\"800\" src=\"https:\/\/www.myportugalexperience.com\/blog\/wp-content\/uploads\/2025\/08\/holiday-homes-algarve-12.webp\" class=\"attachment-full size-full wp-image-1157\" alt=\"\" srcset=\"https:\/\/www.myportugalexperience.com\/blog\/wp-content\/uploads\/2025\/08\/holiday-homes-algarve-12.webp 800w, https:\/\/www.myportugalexperience.com\/blog\/wp-content\/uploads\/2025\/08\/holiday-homes-algarve-12-300x300.webp 300w, https:\/\/www.myportugalexperience.com\/blog\/wp-content\/uploads\/2025\/08\/holiday-homes-algarve-12-150x150.webp 150w, https:\/\/www.myportugalexperience.com\/blog\/wp-content\/uploads\/2025\/08\/holiday-homes-algarve-12-768x768.webp 768w\" sizes=\"(max-width: 800px) 100vw, 800px\" \/>\t\t\t\t\t\t\t\t<\/a>\n\t\t\t\t\t\t\t\t\t\t\t\t\t\t\t<\/div>\n\t\t\t\t<\/div>\n\t\t\t\t<\/div>\n\t\t<div class=\"elementor-element elementor-element-de21638 e-con-full e-flex e-con e-child\" data-id=\"de21638\" data-element_type=\"container\" data-e-type=\"container\">\n\t\t\t\t<div class=\"elementor-element elementor-element-4b17864 elementor-invisible elementor-widget elementor-widget-image\" data-id=\"4b17864\" data-element_type=\"widget\" data-e-type=\"widget\" data-settings=\"{&quot;_animation&quot;:&quot;fadeInUp&quot;,&quot;_animation_mobile&quot;:&quot;fadeIn&quot;,&quot;_animation_delay&quot;:200}\" data-widget_type=\"image.default\">\n\t\t\t\t<div class=\"elementor-widget-container\">\n\t\t\t\t\t\t\t\t\t\t\t\t\t\t\t\t<a href=\"https:\/\/www.myportugalexperience.com\/blog\/wp-content\/uploads\/2025\/08\/holiday-homes-algarve-10-1.webp\" data-elementor-open-lightbox=\"no\">\n\t\t\t\t\t\t\t<img decoding=\"async\" width=\"800\" height=\"800\" src=\"https:\/\/www.myportugalexperience.com\/blog\/wp-content\/uploads\/2025\/08\/holiday-homes-algarve-10-1.webp\" class=\"attachment-full size-full wp-image-1216\" alt=\"\" srcset=\"https:\/\/www.myportugalexperience.com\/blog\/wp-content\/uploads\/2025\/08\/holiday-homes-algarve-10-1.webp 800w, https:\/\/www.myportugalexperience.com\/blog\/wp-content\/uploads\/2025\/08\/holiday-homes-algarve-10-1-300x300.webp 300w, https:\/\/www.myportugalexperience.com\/blog\/wp-content\/uploads\/2025\/08\/holiday-homes-algarve-10-1-150x150.webp 150w, https:\/\/www.myportugalexperience.com\/blog\/wp-content\/uploads\/2025\/08\/holiday-homes-algarve-10-1-768x768.webp 768w\" sizes=\"(max-width: 800px) 100vw, 800px\" \/>\t\t\t\t\t\t\t\t<\/a>\n\t\t\t\t\t\t\t\t\t\t\t\t\t\t\t<\/div>\n\t\t\t\t<\/div>\n\t\t\t\t<\/div>\n\t\t<div class=\"elementor-element elementor-element-6fd24bf e-con-full e-flex e-con e-child\" data-id=\"6fd24bf\" data-element_type=\"container\" data-e-type=\"container\">\n\t\t\t\t<div class=\"elementor-element elementor-element-45c14ac elementor-widget-tablet__width-initial elementor-invisible elementor-widget elementor-widget-image\" data-id=\"45c14ac\" data-element_type=\"widget\" data-e-type=\"widget\" data-settings=\"{&quot;_animation&quot;:&quot;fadeInUp&quot;,&quot;_animation_mobile&quot;:&quot;fadeIn&quot;,&quot;_animation_delay&quot;:200}\" data-widget_type=\"image.default\">\n\t\t\t\t<div class=\"elementor-widget-container\">\n\t\t\t\t\t\t\t\t\t\t\t\t\t\t\t\t<a href=\"https:\/\/www.myportugalexperience.com\/blog\/wp-content\/uploads\/2025\/12\/family-villas-in-albufeira.webp\" data-elementor-open-lightbox=\"no\">\n\t\t\t\t\t\t\t<img loading=\"lazy\" decoding=\"async\" width=\"800\" height=\"800\" src=\"https:\/\/www.myportugalexperience.com\/blog\/wp-content\/uploads\/2025\/12\/family-villas-in-albufeira.webp\" class=\"attachment-full size-full wp-image-1923\" alt=\"Family villas in Albufeira\" srcset=\"https:\/\/www.myportugalexperience.com\/blog\/wp-content\/uploads\/2025\/12\/family-villas-in-albufeira.webp 800w, https:\/\/www.myportugalexperience.com\/blog\/wp-content\/uploads\/2025\/12\/family-villas-in-albufeira-300x300.webp 300w, https:\/\/www.myportugalexperience.com\/blog\/wp-content\/uploads\/2025\/12\/family-villas-in-albufeira-150x150.webp 150w, https:\/\/www.myportugalexperience.com\/blog\/wp-content\/uploads\/2025\/12\/family-villas-in-albufeira-768x768.webp 768w\" sizes=\"(max-width: 800px) 100vw, 800px\" \/>\t\t\t\t\t\t\t\t<\/a>\n\t\t\t\t\t\t\t\t\t\t\t\t\t\t\t<\/div>\n\t\t\t\t<\/div>\n\t\t\t\t<\/div>\n\t\t\t\t<\/div>\n\t\t<div class=\"elementor-element elementor-element-acc2870 e-con-full e-flex e-con e-child\" data-id=\"acc2870\" data-element_type=\"container\" data-e-type=\"container\">\n\t\t\t\t<div class=\"elementor-element elementor-element-9577b6f elementor-widget elementor-widget-text-editor\" data-id=\"9577b6f\" data-element_type=\"widget\" data-e-type=\"widget\" data-widget_type=\"text-editor.default\">\n\t\t\t\t<div class=\"elementor-widget-container\">\n\t\t\t\t\t\t\t\t\t<p>Optar por alugueres de casas de praia em Albufeira significa acordar com o som das ondas e sair para a areia dourada. A My Portugal Experience by OC Villas oferece propriedades perfeitamente localizadas tanto para enseadas isoladas como para extens\u00f5es de praia vibrantes. Ficar em alugueres de casas de praia em Albufeira facilita desfrutar de nata\u00e7\u00e3o, paddleboard ou simplesmente relaxar ao sol. Uma dica para os viajantes \u00e9 escolher um aluguer a uma curta dist\u00e2ncia de v\u00e1rias praias \u2014 d\u00e1-lhe flexibilidade para explorar locais escondidos que os guias tur\u00edsticos muitas vezes ignoram.   <\/p>\t\t\t\t\t\t\t\t<\/div>\n\t\t\t\t<\/div>\n\t\t\t\t<div class=\"elementor-element elementor-element-dcea45c elementor-widget__width-initial elementor-widget elementor-widget-text-editor\" data-id=\"dcea45c\" data-element_type=\"widget\" data-e-type=\"widget\" data-widget_type=\"text-editor.default\">\n\t\t\t\t<div class=\"elementor-widget-container\">\n\t\t\t\t\t\t\t\t\t<p>Sol, areia e estilo<\/p>\t\t\t\t\t\t\t\t<\/div>\n\t\t\t\t<\/div>\n\t\t\t\t<div class=\"elementor-element elementor-element-2ecacac elementor-widget elementor-widget-heading\" data-id=\"2ecacac\" data-element_type=\"widget\" data-e-type=\"widget\" data-widget_type=\"heading.default\">\n\t\t\t\t<div class=\"elementor-widget-container\">\n\t\t\t\t\t<h2 class=\"elementor-heading-title elementor-size-default\">Estadias \u00e0 beira-mar com o m\u00e1ximo de conveni\u00eancia\n<\/h2>\t\t\t\t<\/div>\n\t\t\t\t<\/div>\n\t\t\t\t<\/div>\n\t\t\t\t<\/div>\n\t\t\t\t\t<\/div>\n\t\t\t\t<\/div>\n\t\t<div class=\"elementor-element elementor-element-f6a3b12 e-flex e-con-boxed e-con e-parent\" data-id=\"f6a3b12\" data-element_type=\"container\" data-e-type=\"container\">\n\t\t\t\t\t<div class=\"e-con-inner\">\n\t\t<div class=\"elementor-element elementor-element-0057d78 e-con-full e-flex e-con e-child\" data-id=\"0057d78\" data-element_type=\"container\" data-e-type=\"container\">\n\t\t<div class=\"elementor-element elementor-element-2619482 e-con-full e-flex e-con e-child\" data-id=\"2619482\" data-element_type=\"container\" data-e-type=\"container\">\n\t\t\t\t<div class=\"elementor-element elementor-element-2e66c41 elementor-widget elementor-widget-text-editor\" data-id=\"2e66c41\" data-element_type=\"widget\" data-e-type=\"widget\" data-widget_type=\"text-editor.default\">\n\t\t\t\t<div class=\"elementor-widget-container\">\n\t\t\t\t\t\t\t\t\t<p>A partir do seu aluguer, pode aceder \u00e0 Praia dos Pescadores, \u00e0 Praia da Oura ou \u00e0 mais tranquila S\u00e3o Rafael. Escolher alugueres de casas de praia em Albufeira perto de uma variedade de praias permite-lhe escolher locais dependendo do ambiente \u2014 animado e social ou calmo e tranquilo. Uma dica inteligente \u00e9 trazer o seu pr\u00f3prio guarda-sol e chap\u00e9u de sol, especialmente na \u00e9poca alta, quando as instala\u00e7\u00f5es podem ser limitadas.  <\/p>\t\t\t\t\t\t\t\t<\/div>\n\t\t\t\t<\/div>\n\t\t\t\t<div class=\"elementor-element elementor-element-3831d26 elementor-widget elementor-widget-heading\" data-id=\"3831d26\" data-element_type=\"widget\" data-e-type=\"widget\" data-widget_type=\"heading.default\">\n\t\t\t\t<div class=\"elementor-widget-container\">\n\t\t\t\t\t<h2 class=\"elementor-heading-title elementor-size-default\">Quais s\u00e3o as praias mais f\u00e1ceis de alcan\u00e7ar a partir dos alugueres de casas de praia em Albufeira?\n<\/h2>\t\t\t\t<\/div>\n\t\t\t\t<\/div>\n\t\t\t\t<\/div>\n\t\t<div class=\"elementor-element elementor-element-4b38e0b e-con-full e-flex e-con e-child\" data-id=\"4b38e0b\" data-element_type=\"container\" data-e-type=\"container\">\n\t\t\t\t<div class=\"elementor-element elementor-element-9f9ee3d elementor-widget elementor-widget-text-editor\" data-id=\"9f9ee3d\" data-element_type=\"widget\" data-e-type=\"widget\" data-widget_type=\"text-editor.default\">\n\t\t\t\t<div class=\"elementor-widget-container\">\n\t\t\t\t\t\t\t\t\t<p>Absolutamente. Al\u00e9m de nadar, h\u00e1 passeios de barco, caminhadas pelas fal\u00e9sias e mercados locais para explorar. Reservar alugueres de casas de praia em Albufeira com a My Portugal Experience by OC Villas d\u00e1-lhe a flexibilidade de regressar a meio do dia para um mergulho na piscina privada ou um almo\u00e7o tranquilo. Visitantes experientes recomendam programar as suas caminhadas ao longo das fal\u00e9sias para o p\u00f4r do sol \u2014 \u00e9 m\u00e1gico e apenas a alguns passos do seu aluguer.   <\/p>\t\t\t\t\t\t\t\t<\/div>\n\t\t\t\t<\/div>\n\t\t\t\t<div class=\"elementor-element elementor-element-3b9d25d elementor-widget elementor-widget-heading\" data-id=\"3b9d25d\" data-element_type=\"widget\" data-e-type=\"widget\" data-widget_type=\"heading.default\">\n\t\t\t\t<div class=\"elementor-widget-container\">\n\t\t\t\t\t<h2 class=\"elementor-heading-title elementor-size-default\">Pode combinar tempo de praia com outras atividades ao ficar em alugueres de casas de praia em Albufeira?\n<\/h2>\t\t\t\t<\/div>\n\t\t\t\t<\/div>\n\t\t\t\t<\/div>\n\t\t\t\t<\/div>\n\t\t\t\t\t<\/div>\n\t\t\t\t<\/div>\n\t\t<div class=\"elementor-element elementor-element-dd6716f e-flex e-con-boxed e-con e-parent\" data-id=\"dd6716f\" data-element_type=\"container\" data-e-type=\"container\">\n\t\t\t\t\t<div class=\"e-con-inner\">\n\t\t\t\t<div class=\"elementor-element elementor-element-7e80fe7 elementor-widget elementor-widget-shortcode\" data-id=\"7e80fe7\" data-element_type=\"widget\" data-e-type=\"widget\" data-widget_type=\"shortcode.default\">\n\t\t\t\t<div class=\"elementor-widget-container\">\n\t\t\t\t\t\t\t<div class=\"elementor-shortcode\">\t\t<div data-elementor-type=\"container\" data-elementor-id=\"2122\" class=\"elementor elementor-2122 elementor-1884 elementor-1884\" data-elementor-post-type=\"elementor_library\">\n\t\t\t\t<div class=\"elementor-element elementor-element-4b479ba e-flex e-con-boxed e-con e-parent\" data-id=\"4b479ba\" data-element_type=\"container\" data-e-type=\"container\">\n\t\t\t\t\t<div class=\"e-con-inner\">\n\t\t<div class=\"elementor-element elementor-element-631ce82 e-con-full e-flex e-con e-child\" data-id=\"631ce82\" data-element_type=\"container\" data-e-type=\"container\">\n\t\t<div class=\"elementor-element elementor-element-5020721 e-con-full e-flex e-con e-child\" data-id=\"5020721\" data-element_type=\"container\" data-e-type=\"container\" data-settings=\"{&quot;background_background&quot;:&quot;classic&quot;}\">\n\t\t\t\t<div class=\"elementor-element elementor-element-9a0a1f5 elementor-widget elementor-widget-heading\" data-id=\"9a0a1f5\" data-element_type=\"widget\" data-e-type=\"widget\" data-widget_type=\"heading.default\">\n\t\t\t\t<div class=\"elementor-widget-container\">\n\t\t\t\t\t<h2 class=\"elementor-heading-title elementor-size-default\"><a href=\"https:\/\/www.myportugalexperience.com\/blog\/alojamento-no-algarve\/\">Algarve<\/a><\/h2>\t\t\t\t<\/div>\n\t\t\t\t<\/div>\n\t\t<div class=\"elementor-element elementor-element-51366f3 e-con-full e-flex e-con e-child\" data-id=\"51366f3\" data-element_type=\"container\" data-e-type=\"container\">\n\t\t\t\t<div class=\"elementor-element elementor-element-db08982 elementor-widget elementor-widget-heading\" data-id=\"db08982\" data-element_type=\"widget\" data-e-type=\"widget\" data-widget_type=\"heading.default\">\n\t\t\t\t<div class=\"elementor-widget-container\">\n\t\t\t\t\t<span class=\"elementor-heading-title elementor-size-default\"><a href=\"https:\/\/www.myportugalexperience.com\/blog\/villas-de-luxo-algarve\/\">Villas<\/a><\/span>\t\t\t\t<\/div>\n\t\t\t\t<\/div>\n\t\t\t\t<div class=\"elementor-element elementor-element-a8c5844 elementor-widget elementor-widget-heading\" data-id=\"a8c5844\" data-element_type=\"widget\" data-e-type=\"widget\" data-widget_type=\"heading.default\">\n\t\t\t\t<div class=\"elementor-widget-container\">\n\t\t\t\t\t<span class=\"elementor-heading-title elementor-size-default\"><a href=\"https:\/\/www.myportugalexperience.com\/blog\/apartamentos-para-ferias-no-algarve\/\">Apartamentos<\/a><\/span>\t\t\t\t<\/div>\n\t\t\t\t<\/div>\n\t\t\t\t<div class=\"elementor-element elementor-element-1eb7c4d elementor-widget elementor-widget-heading\" data-id=\"1eb7c4d\" data-element_type=\"widget\" data-e-type=\"widget\" data-widget_type=\"heading.default\">\n\t\t\t\t<div class=\"elementor-widget-container\">\n\t\t\t\t\t<span class=\"elementor-heading-title elementor-size-default\"><a href=\"https:\/\/www.myportugalexperience.com\/blog\/casas-para-ferias-no-algarve\/\">Casas<\/a><\/span>\t\t\t\t<\/div>\n\t\t\t\t<\/div>\n\t\t\t\t<\/div>\n\t\t\t\t<\/div>\n\t\t<div class=\"elementor-element elementor-element-9b879c5 e-con-full e-flex e-con e-child\" data-id=\"9b879c5\" data-element_type=\"container\" data-e-type=\"container\" data-settings=\"{&quot;background_background&quot;:&quot;classic&quot;}\">\n\t\t\t\t<div class=\"elementor-element elementor-element-e5f1c0c elementor-widget elementor-widget-heading\" data-id=\"e5f1c0c\" data-element_type=\"widget\" data-e-type=\"widget\" data-widget_type=\"heading.default\">\n\t\t\t\t<div class=\"elementor-widget-container\">\n\t\t\t\t\t<h2 class=\"elementor-heading-title elementor-size-default\"><a href=\"https:\/\/www.myportugalexperience.com\/blog\/alojamento-em-albufeira\/\">Albufeira<\/a><\/h2>\t\t\t\t<\/div>\n\t\t\t\t<\/div>\n\t\t<div class=\"elementor-element elementor-element-38c0a08 e-con-full e-flex e-con e-child\" data-id=\"38c0a08\" data-element_type=\"container\" data-e-type=\"container\">\n\t\t\t\t<div class=\"elementor-element elementor-element-067935b elementor-widget elementor-widget-heading\" data-id=\"067935b\" data-element_type=\"widget\" data-e-type=\"widget\" data-widget_type=\"heading.default\">\n\t\t\t\t<div class=\"elementor-widget-container\">\n\t\t\t\t\t<span class=\"elementor-heading-title elementor-size-default\"><a href=\"https:\/\/www.myportugalexperience.com\/blog\/villas-em-albufeira\/\">Villas<\/a><\/span>\t\t\t\t<\/div>\n\t\t\t\t<\/div>\n\t\t\t\t<div class=\"elementor-element elementor-element-be92cd0 elementor-widget elementor-widget-heading\" data-id=\"be92cd0\" data-element_type=\"widget\" data-e-type=\"widget\" data-widget_type=\"heading.default\">\n\t\t\t\t<div class=\"elementor-widget-container\">\n\t\t\t\t\t<span class=\"elementor-heading-title elementor-size-default\"><a href=\"https:\/\/www.myportugalexperience.com\/blog\/casas-para-ferias-em-albufeira\/\">Casas<\/a><\/span>\t\t\t\t<\/div>\n\t\t\t\t<\/div>\n\t\t\t\t<div class=\"elementor-element elementor-element-8dadfa6 elementor-widget elementor-widget-heading\" data-id=\"8dadfa6\" data-element_type=\"widget\" data-e-type=\"widget\" data-widget_type=\"heading.default\">\n\t\t\t\t<div class=\"elementor-widget-container\">\n\t\t\t\t\t<span class=\"elementor-heading-title elementor-size-default\"><a href=\"https:\/\/www.myportugalexperience.com\/blog\/apartamentos-baratos-em-albufeira\/\">\u00c9studios<\/a><\/span>\t\t\t\t<\/div>\n\t\t\t\t<\/div>\n\t\t\t\t<div class=\"elementor-element elementor-element-464c12e elementor-widget elementor-widget-heading\" data-id=\"464c12e\" data-element_type=\"widget\" data-e-type=\"widget\" data-widget_type=\"heading.default\">\n\t\t\t\t<div class=\"elementor-widget-container\">\n\t\t\t\t\t<span class=\"elementor-heading-title elementor-size-default\"><a href=\"https:\/\/www.myportugalexperience.com\/blog\/casa-grande-albufeira\/\">Casas grandes<\/a><\/span>\t\t\t\t<\/div>\n\t\t\t\t<\/div>\n\t\t\t\t<div class=\"elementor-element elementor-element-1d3c0c1 elementor-widget elementor-widget-heading\" data-id=\"1d3c0c1\" data-element_type=\"widget\" data-e-type=\"widget\" data-widget_type=\"heading.default\">\n\t\t\t\t<div class=\"elementor-widget-container\">\n\t\t\t\t\t<span class=\"elementor-heading-title elementor-size-default\"><a href=\"https:\/\/www.myportugalexperience.com\/blog\/alojamiento-familiar-em-albufeira\/\">Familiar<\/a><\/span>\t\t\t\t<\/div>\n\t\t\t\t<\/div>\n\t\t\t\t<\/div>\n\t\t\t\t<\/div>\n\t\t<div class=\"elementor-element elementor-element-ca267df e-con-full e-flex e-con e-child\" data-id=\"ca267df\" data-element_type=\"container\" data-e-type=\"container\" data-settings=\"{&quot;background_background&quot;:&quot;classic&quot;}\">\n\t\t\t\t<div class=\"elementor-element elementor-element-82f83d8 elementor-widget elementor-widget-heading\" data-id=\"82f83d8\" data-element_type=\"widget\" data-e-type=\"widget\" data-widget_type=\"heading.default\">\n\t\t\t\t<div class=\"elementor-widget-container\">\n\t\t\t\t\t<h2 class=\"elementor-heading-title elementor-size-default\">Gal\u00e9<\/h2>\t\t\t\t<\/div>\n\t\t\t\t<\/div>\n\t\t<div class=\"elementor-element elementor-element-0067e49 e-con-full e-flex e-con e-child\" data-id=\"0067e49\" data-element_type=\"container\" data-e-type=\"container\">\n\t\t\t\t<div class=\"elementor-element elementor-element-c800689 elementor-widget elementor-widget-heading\" data-id=\"c800689\" data-element_type=\"widget\" data-e-type=\"widget\" data-widget_type=\"heading.default\">\n\t\t\t\t<div class=\"elementor-widget-container\">\n\t\t\t\t\t<span class=\"elementor-heading-title elementor-size-default\"><a href=\"https:\/\/www.myportugalexperience.com\/blog\/alojamento-praia-da-gale\/\">Alojamentos<\/a><\/span>\t\t\t\t<\/div>\n\t\t\t\t<\/div>\n\t\t\t\t<\/div>\n\t\t\t\t<\/div>\n\t\t<div class=\"elementor-element elementor-element-c75d141 e-con-full e-flex e-con e-child\" data-id=\"c75d141\" data-element_type=\"container\" data-e-type=\"container\" data-settings=\"{&quot;background_background&quot;:&quot;classic&quot;}\">\n\t\t\t\t<div class=\"elementor-element elementor-element-2de9104 elementor-widget elementor-widget-heading\" data-id=\"2de9104\" data-element_type=\"widget\" data-e-type=\"widget\" data-widget_type=\"heading.default\">\n\t\t\t\t<div class=\"elementor-widget-container\">\n\t\t\t\t\t<h2 class=\"elementor-heading-title elementor-size-default\">Guia<\/h2>\t\t\t\t<\/div>\n\t\t\t\t<\/div>\n\t\t<div class=\"elementor-element elementor-element-857246d e-con-full e-flex e-con e-child\" data-id=\"857246d\" data-element_type=\"container\" data-e-type=\"container\">\n\t\t\t\t<div class=\"elementor-element elementor-element-3b18eb2 elementor-widget elementor-widget-heading\" data-id=\"3b18eb2\" data-element_type=\"widget\" data-e-type=\"widget\" data-widget_type=\"heading.default\">\n\t\t\t\t<div class=\"elementor-widget-container\">\n\t\t\t\t\t<span class=\"elementor-heading-title elementor-size-default\"><a href=\"https:\/\/www.myportugalexperience.com\/blog\/alojamento-guia-albufeira\/\">Alojamentos<\/a><\/span>\t\t\t\t<\/div>\n\t\t\t\t<\/div>\n\t\t\t\t<\/div>\n\t\t\t\t<\/div>\n\t\t\t\t<\/div>\n\t\t\t\t\t<\/div>\n\t\t\t\t<\/div>\n\t\t<div class=\"elementor-element elementor-element-fbe61f6 e-flex e-con-boxed e-con e-parent\" data-id=\"fbe61f6\" data-element_type=\"container\" data-e-type=\"container\">\n\t\t\t\t\t<div class=\"e-con-inner\">\n\t\t<div class=\"elementor-element elementor-element-8a8f539 e-con-full e-flex e-con e-child\" data-id=\"8a8f539\" data-element_type=\"container\" data-e-type=\"container\">\n\t\t<div class=\"elementor-element elementor-element-caa31c5 e-con-full e-flex e-con e-child\" data-id=\"caa31c5\" data-element_type=\"container\" data-e-type=\"container\" data-settings=\"{&quot;background_background&quot;:&quot;classic&quot;}\">\n\t\t\t\t<div class=\"elementor-element elementor-element-dd00893 elementor-widget elementor-widget-heading\" data-id=\"dd00893\" data-element_type=\"widget\" data-e-type=\"widget\" data-widget_type=\"heading.default\">\n\t\t\t\t<div class=\"elementor-widget-container\">\n\t\t\t\t\t<h2 class=\"elementor-heading-title elementor-size-default\"><a href=\"https:\/\/www.myportugalexperience.com\/blog\/en\/algarve-holiday-rentals\/\">Paderne<\/a><\/h2>\t\t\t\t<\/div>\n\t\t\t\t<\/div>\n\t\t<div class=\"elementor-element elementor-element-9854f71 e-con-full e-flex e-con e-child\" data-id=\"9854f71\" data-element_type=\"container\" data-e-type=\"container\">\n\t\t\t\t<div class=\"elementor-element elementor-element-f4c7676 elementor-widget elementor-widget-heading\" data-id=\"f4c7676\" data-element_type=\"widget\" data-e-type=\"widget\" data-widget_type=\"heading.default\">\n\t\t\t\t<div class=\"elementor-widget-container\">\n\t\t\t\t\t<span class=\"elementor-heading-title elementor-size-default\"><a href=\"https:\/\/www.myportugalexperience.com\/blog\/casas-para-alugar-em-paderne\/\">Casas<\/a><\/span>\t\t\t\t<\/div>\n\t\t\t\t<\/div>\n\t\t\t\t<\/div>\n\t\t\t\t<\/div>\n\t\t<div class=\"elementor-element elementor-element-37c7dab e-con-full e-flex e-con e-child\" data-id=\"37c7dab\" data-element_type=\"container\" data-e-type=\"container\" data-settings=\"{&quot;background_background&quot;:&quot;classic&quot;}\">\n\t\t\t\t<div class=\"elementor-element elementor-element-fc5c367 elementor-widget elementor-widget-heading\" data-id=\"fc5c367\" data-element_type=\"widget\" data-e-type=\"widget\" data-widget_type=\"heading.default\">\n\t\t\t\t<div class=\"elementor-widget-container\">\n\t\t\t\t\t<h2 class=\"elementor-heading-title elementor-size-default\">Vilamoura<\/h2>\t\t\t\t<\/div>\n\t\t\t\t<\/div>\n\t\t<div class=\"elementor-element elementor-element-2553d7d e-con-full e-flex e-con e-child\" data-id=\"2553d7d\" data-element_type=\"container\" data-e-type=\"container\">\n\t\t\t\t<div class=\"elementor-element elementor-element-e597087 elementor-widget elementor-widget-heading\" data-id=\"e597087\" data-element_type=\"widget\" data-e-type=\"widget\" data-widget_type=\"heading.default\">\n\t\t\t\t<div class=\"elementor-widget-container\">\n\t\t\t\t\t<span class=\"elementor-heading-title elementor-size-default\"><a href=\"https:\/\/www.myportugalexperience.com\/blog\/alojamento-em-vilamoura\/\">Alojamentos<\/a><\/span>\t\t\t\t<\/div>\n\t\t\t\t<\/div>\n\t\t\t\t<\/div>\n\t\t\t\t<\/div>\n\t\t<div class=\"elementor-element elementor-element-92073aa e-con-full e-flex e-con e-child\" data-id=\"92073aa\" data-element_type=\"container\" data-e-type=\"container\" data-settings=\"{&quot;background_background&quot;:&quot;classic&quot;}\">\n\t\t\t\t<div class=\"elementor-element elementor-element-44f0626 elementor-widget elementor-widget-heading\" data-id=\"44f0626\" data-element_type=\"widget\" data-e-type=\"widget\" data-widget_type=\"heading.default\">\n\t\t\t\t<div class=\"elementor-widget-container\">\n\t\t\t\t\t<h2 class=\"elementor-heading-title elementor-size-default\">Lisbon<\/h2>\t\t\t\t<\/div>\n\t\t\t\t<\/div>\n\t\t<div class=\"elementor-element elementor-element-1e5fbb9 e-con-full e-flex e-con e-child\" data-id=\"1e5fbb9\" data-element_type=\"container\" data-e-type=\"container\">\n\t\t\t\t<div class=\"elementor-element elementor-element-f8ebc94 elementor-widget elementor-widget-heading\" data-id=\"f8ebc94\" data-element_type=\"widget\" data-e-type=\"widget\" data-widget_type=\"heading.default\">\n\t\t\t\t<div class=\"elementor-widget-container\">\n\t\t\t\t\t<span class=\"elementor-heading-title elementor-size-default\"><a href=\"https:\/\/www.myportugalexperience.com\/blog\/alojamento-em-lisboa\/\">Alojamentos<\/a><\/span>\t\t\t\t<\/div>\n\t\t\t\t<\/div>\n\t\t\t\t<\/div>\n\t\t\t\t<\/div>\n\t\t<div class=\"elementor-element elementor-element-7b86a13 e-con-full e-flex e-con e-child\" data-id=\"7b86a13\" data-element_type=\"container\" data-e-type=\"container\" data-settings=\"{&quot;background_background&quot;:&quot;classic&quot;}\">\n\t\t\t\t<div class=\"elementor-element elementor-element-1cf1553 elementor-widget elementor-widget-heading\" data-id=\"1cf1553\" data-element_type=\"widget\" data-e-type=\"widget\" data-widget_type=\"heading.default\">\n\t\t\t\t<div class=\"elementor-widget-container\">\n\t\t\t\t\t<h2 class=\"elementor-heading-title elementor-size-default\">Estoril<\/h2>\t\t\t\t<\/div>\n\t\t\t\t<\/div>\n\t\t<div class=\"elementor-element elementor-element-e9101f1 e-con-full e-flex e-con e-child\" data-id=\"e9101f1\" data-element_type=\"container\" data-e-type=\"container\">\n\t\t\t\t<div class=\"elementor-element elementor-element-73a9ad0 elementor-widget elementor-widget-heading\" data-id=\"73a9ad0\" data-element_type=\"widget\" data-e-type=\"widget\" data-widget_type=\"heading.default\">\n\t\t\t\t<div class=\"elementor-widget-container\">\n\t\t\t\t\t<span class=\"elementor-heading-title elementor-size-default\"><a href=\"https:\/\/www.myportugalexperience.com\/blog\/alojamento-estoril\/\">Alojamentos<\/a><\/span>\t\t\t\t<\/div>\n\t\t\t\t<\/div>\n\t\t\t\t<\/div>\n\t\t\t\t<\/div>\n\t\t\t\t<\/div>\n\t\t\t\t\t<\/div>\n\t\t\t\t<\/div>\n\t\t<div class=\"elementor-element elementor-element-698f25a e-flex e-con-boxed e-con e-parent\" data-id=\"698f25a\" data-element_type=\"container\" data-e-type=\"container\">\n\t\t\t\t\t<div class=\"e-con-inner\">\n\t\t<div class=\"elementor-element elementor-element-0105a6f e-con-full e-flex e-con e-child\" data-id=\"0105a6f\" data-element_type=\"container\" data-e-type=\"container\">\n\t\t<div class=\"elementor-element elementor-element-922b370 e-con-full e-flex e-con e-child\" data-id=\"922b370\" data-element_type=\"container\" data-e-type=\"container\" data-settings=\"{&quot;background_background&quot;:&quot;classic&quot;}\">\n\t\t\t\t<div class=\"elementor-element elementor-element-21bbc96 elementor-widget elementor-widget-heading\" data-id=\"21bbc96\" data-element_type=\"widget\" data-e-type=\"widget\" data-widget_type=\"heading.default\">\n\t\t\t\t<div class=\"elementor-widget-container\">\n\t\t\t\t\t<h2 class=\"elementor-heading-title elementor-size-default\"><a href=\"https:\/\/www.myportugalexperience.com\/blog\/en\/algarve-holiday-rentals\/\">Sesimbra<\/a><\/h2>\t\t\t\t<\/div>\n\t\t\t\t<\/div>\n\t\t<div class=\"elementor-element elementor-element-3565590 e-con-full e-flex e-con e-child\" data-id=\"3565590\" data-element_type=\"container\" data-e-type=\"container\">\n\t\t\t\t<div class=\"elementor-element elementor-element-1c91dc1 elementor-widget elementor-widget-heading\" data-id=\"1c91dc1\" data-element_type=\"widget\" data-e-type=\"widget\" data-widget_type=\"heading.default\">\n\t\t\t\t<div class=\"elementor-widget-container\">\n\t\t\t\t\t<span class=\"elementor-heading-title elementor-size-default\"><a href=\"https:\/\/www.myportugalexperience.com\/blog\/alojamento-em-sesimbra\/\">Alojamentos<\/a><\/span>\t\t\t\t<\/div>\n\t\t\t\t<\/div>\n\t\t\t\t<\/div>\n\t\t\t\t<\/div>\n\t\t<div class=\"elementor-element elementor-element-41622ad e-con-full e-flex e-con e-child\" data-id=\"41622ad\" data-element_type=\"container\" data-e-type=\"container\" data-settings=\"{&quot;background_background&quot;:&quot;classic&quot;}\">\n\t\t\t\t<div class=\"elementor-element elementor-element-71b1ea5 elementor-widget elementor-widget-heading\" data-id=\"71b1ea5\" data-element_type=\"widget\" data-e-type=\"widget\" data-widget_type=\"heading.default\">\n\t\t\t\t<div class=\"elementor-widget-container\">\n\t\t\t\t\t<h2 class=\"elementor-heading-title elementor-size-default\">Golf<\/h2>\t\t\t\t<\/div>\n\t\t\t\t<\/div>\n\t\t<div class=\"elementor-element elementor-element-ab222cb e-con-full e-flex e-con e-child\" data-id=\"ab222cb\" data-element_type=\"container\" data-e-type=\"container\">\n\t\t\t\t<div class=\"elementor-element elementor-element-f4578e0 elementor-widget elementor-widget-heading\" data-id=\"f4578e0\" data-element_type=\"widget\" data-e-type=\"widget\" data-widget_type=\"heading.default\">\n\t\t\t\t<div class=\"elementor-widget-container\">\n\t\t\t\t\t<span class=\"elementor-heading-title elementor-size-default\"><a href=\"https:\/\/www.myportugalexperience.com\/blog\/alojamento-perto-campos-de-golfe-no-algarve\/\">Alojamentos<\/a><\/span>\t\t\t\t<\/div>\n\t\t\t\t<\/div>\n\t\t\t\t<\/div>\n\t\t\t\t<\/div>\n\t\t<div class=\"elementor-element elementor-element-2af064e e-con-full e-flex e-con e-child\" data-id=\"2af064e\" data-element_type=\"container\" data-e-type=\"container\" data-settings=\"{&quot;background_background&quot;:&quot;classic&quot;}\">\n\t\t\t\t<div class=\"elementor-element elementor-element-a383dcf elementor-widget elementor-widget-heading\" data-id=\"a383dcf\" data-element_type=\"widget\" data-e-type=\"widget\" data-widget_type=\"heading.default\">\n\t\t\t\t<div class=\"elementor-widget-container\">\n\t\t\t\t\t<h2 class=\"elementor-heading-title elementor-size-default\">Piscina<\/h2>\t\t\t\t<\/div>\n\t\t\t\t<\/div>\n\t\t<div class=\"elementor-element elementor-element-4064179 e-con-full e-flex e-con e-child\" data-id=\"4064179\" data-element_type=\"container\" data-e-type=\"container\">\n\t\t\t\t<div class=\"elementor-element elementor-element-86e6e8c elementor-widget elementor-widget-heading\" data-id=\"86e6e8c\" data-element_type=\"widget\" data-e-type=\"widget\" data-widget_type=\"heading.default\">\n\t\t\t\t<div class=\"elementor-widget-container\">\n\t\t\t\t\t<span class=\"elementor-heading-title elementor-size-default\"><a href=\"https:\/\/www.myportugalexperience.com\/blog\/casas-para-alugar-com-piscina-privada-algarve\/\">Casas<\/a><\/span>\t\t\t\t<\/div>\n\t\t\t\t<\/div>\n\t\t\t\t<div class=\"elementor-element elementor-element-9acae67 elementor-widget elementor-widget-heading\" data-id=\"9acae67\" data-element_type=\"widget\" data-e-type=\"widget\" data-widget_type=\"heading.default\">\n\t\t\t\t<div class=\"elementor-widget-container\">\n\t\t\t\t\t<span class=\"elementor-heading-title elementor-size-default\"><a href=\"https:\/\/www.myportugalexperience.com\/blog\/alojamentos-com-piscina-em-albufeira\/\">Alojamentos<\/a><\/span>\t\t\t\t<\/div>\n\t\t\t\t<\/div>\n\t\t\t\t<div class=\"elementor-element elementor-element-ee8bb32 elementor-widget elementor-widget-heading\" data-id=\"ee8bb32\" data-element_type=\"widget\" data-e-type=\"widget\" data-widget_type=\"heading.default\">\n\t\t\t\t<div class=\"elementor-widget-container\">\n\t\t\t\t\t<span class=\"elementor-heading-title elementor-size-default\"><a href=\"https:\/\/www.myportugalexperience.com\/blog\/casas-para-lugar-com-piscina-privada-algarve\/\">Privada<\/a><\/span>\t\t\t\t<\/div>\n\t\t\t\t<\/div>\n\t\t\t\t<\/div>\n\t\t\t\t<\/div>\n\t\t<div class=\"elementor-element elementor-element-e4fcb64 e-con-full e-flex e-con e-child\" data-id=\"e4fcb64\" data-element_type=\"container\" data-e-type=\"container\" data-settings=\"{&quot;background_background&quot;:&quot;classic&quot;}\">\n\t\t\t\t<div class=\"elementor-element elementor-element-9b2d2ff elementor-widget elementor-widget-heading\" data-id=\"9b2d2ff\" data-element_type=\"widget\" data-e-type=\"widget\" data-widget_type=\"heading.default\">\n\t\t\t\t<div class=\"elementor-widget-container\">\n\t\t\t\t\t<h2 class=\"elementor-heading-title elementor-size-default\">Praia<\/h2>\t\t\t\t<\/div>\n\t\t\t\t<\/div>\n\t\t<div class=\"elementor-element elementor-element-b7b9779 e-con-full e-flex e-con e-child\" data-id=\"b7b9779\" data-element_type=\"container\" data-e-type=\"container\">\n\t\t\t\t<div class=\"elementor-element elementor-element-298c300 elementor-widget elementor-widget-heading\" data-id=\"298c300\" data-element_type=\"widget\" data-e-type=\"widget\" data-widget_type=\"heading.default\">\n\t\t\t\t<div class=\"elementor-widget-container\">\n\t\t\t\t\t<span class=\"elementor-heading-title elementor-size-default\"><a href=\"https:\/\/www.myportugalexperience.com\/blog\/apartamentos-albufeira-praia-dos-pescadores\/\">Dos Pescadores<\/a><\/span>\t\t\t\t<\/div>\n\t\t\t\t<\/div>\n\t\t\t\t<div class=\"elementor-element elementor-element-e6431a4 elementor-widget elementor-widget-heading\" data-id=\"e6431a4\" data-element_type=\"widget\" data-e-type=\"widget\" data-widget_type=\"heading.default\">\n\t\t\t\t<div class=\"elementor-widget-container\">\n\t\t\t\t\t<span class=\"elementor-heading-title elementor-size-default\"><a href=\"https:\/\/www.myportugalexperience.com\/blog\/alugueres-de-casas-de-praia-em-albufeira\/\">Casas<\/a><\/span>\t\t\t\t<\/div>\n\t\t\t\t<\/div>\n\t\t\t\t<\/div>\n\t\t\t\t<\/div>\n\t\t\t\t<\/div>\n\t\t\t\t\t<\/div>\n\t\t\t\t<\/div>\n\t\t\t\t<\/div>\n\t\t<\/div>\n\t\t\t\t\t\t<\/div>\n\t\t\t\t<\/div>\n\t\t\t\t\t<\/div>\n\t\t\t\t<\/div>\n\t\t\t\t<\/div>\n\t\t","protected":false},"excerpt":{"rendered":"<p>Explore os nossos alugueres de casas de praia em Albufeira. Reserve um alojamento ideal para f\u00e9rias na praia, estadias em fam\u00edlia ou escapadelas rom\u00e2nticas. <\/p>\n","protected":false},"author":3,"featured_media":2073,"parent":0,"menu_order":0,"comment_status":"closed","ping_status":"closed","template":"","meta":{"footnotes":""},"class_list":["post-2100","page","type-page","status-publish","has-post-thumbnail","hentry"],"yoast_head":"<!-- This site is optimized with the Yoast SEO plugin v26.5 - https:\/\/yoast.com\/wordpress\/plugins\/seo\/ -->\n<title>Alugueres de casas de praia em Albufeira | My Portugal Experience by OCVillas<\/title>\n<meta name=\"description\" content=\"Explore os nossos alugueres de casas de praia em Albufeira. Reserve um alojamento ideal para f\u00e9rias na praia, estadias em fam\u00edlia ou escapadelas rom\u00e2nticas.\" \/>\n<meta name=\"robots\" content=\"index, follow, max-snippet:-1, max-image-preview:large, max-video-preview:-1\" \/>\n<link rel=\"canonical\" href=\"https:\/\/www.myportugalexperience.com\/blog\/alugueres-de-casas-de-praia-em-albufeira\/\" \/>\n<meta property=\"og:locale\" content=\"pt_PT\" \/>\n<meta property=\"og:type\" content=\"article\" \/>\n<meta property=\"og:title\" content=\"Alugueres de casas de praia em Albufeira | My Portugal Experience by OCVillas\" \/>\n<meta property=\"og:description\" content=\"Explore os nossos alugueres de casas de praia em Albufeira. Reserve um alojamento ideal para f\u00e9rias na praia, estadias em fam\u00edlia ou escapadelas rom\u00e2nticas.\" \/>\n<meta property=\"og:url\" content=\"https:\/\/www.myportugalexperience.com\/blog\/alugueres-de-casas-de-praia-em-albufeira\/\" \/>\n<meta property=\"og:site_name\" content=\"Blog\" \/>\n<meta property=\"article:modified_time\" content=\"2026-01-19T10:45:52+00:00\" \/>\n<meta property=\"og:image\" content=\"https:\/\/www.myportugalexperience.com\/blog\/wp-content\/uploads\/2026\/01\/albufeira-beach-rentals.webp\" \/>\n\t<meta property=\"og:image:width\" content=\"800\" \/>\n\t<meta property=\"og:image:height\" content=\"800\" \/>\n\t<meta property=\"og:image:type\" content=\"image\/webp\" \/>\n<meta name=\"twitter:card\" content=\"summary_large_image\" \/>\n<meta name=\"twitter:label1\" content=\"Est. reading time\" \/>\n\t<meta name=\"twitter:data1\" content=\"6 minutes\" \/>\n<script type=\"application\/ld+json\" class=\"yoast-schema-graph\">{\"@context\":\"https:\/\/schema.org\",\"@graph\":[{\"@type\":\"WebPage\",\"@id\":\"https:\/\/www.myportugalexperience.com\/blog\/alugueres-de-casas-de-praia-em-albufeira\/\",\"url\":\"https:\/\/www.myportugalexperience.com\/blog\/alugueres-de-casas-de-praia-em-albufeira\/\",\"name\":\"Alugueres de casas de praia em Albufeira | My Portugal Experience by OCVillas\",\"isPartOf\":{\"@id\":\"https:\/\/www.myportugalexperience.com\/blog\/#website\"},\"primaryImageOfPage\":{\"@id\":\"https:\/\/www.myportugalexperience.com\/blog\/alugueres-de-casas-de-praia-em-albufeira\/#primaryimage\"},\"image\":{\"@id\":\"https:\/\/www.myportugalexperience.com\/blog\/alugueres-de-casas-de-praia-em-albufeira\/#primaryimage\"},\"thumbnailUrl\":\"https:\/\/www.myportugalexperience.com\/blog\/wp-content\/uploads\/2026\/01\/albufeira-beach-rentals.webp\",\"datePublished\":\"2026-01-19T10:21:22+00:00\",\"dateModified\":\"2026-01-19T10:45:52+00:00\",\"description\":\"Explore os nossos alugueres de casas de praia em Albufeira. Reserve um alojamento ideal para f\u00e9rias na praia, estadias em fam\u00edlia ou escapadelas rom\u00e2nticas.\",\"breadcrumb\":{\"@id\":\"https:\/\/www.myportugalexperience.com\/blog\/alugueres-de-casas-de-praia-em-albufeira\/#breadcrumb\"},\"inLanguage\":\"pt\",\"potentialAction\":[{\"@type\":\"ReadAction\",\"target\":[\"https:\/\/www.myportugalexperience.com\/blog\/alugueres-de-casas-de-praia-em-albufeira\/\"]}]},{\"@type\":\"ImageObject\",\"inLanguage\":\"pt\",\"@id\":\"https:\/\/www.myportugalexperience.com\/blog\/alugueres-de-casas-de-praia-em-albufeira\/#primaryimage\",\"url\":\"https:\/\/www.myportugalexperience.com\/blog\/wp-content\/uploads\/2026\/01\/albufeira-beach-rentals.webp\",\"contentUrl\":\"https:\/\/www.myportugalexperience.com\/blog\/wp-content\/uploads\/2026\/01\/albufeira-beach-rentals.webp\",\"width\":800,\"height\":800},{\"@type\":\"BreadcrumbList\",\"@id\":\"https:\/\/www.myportugalexperience.com\/blog\/alugueres-de-casas-de-praia-em-albufeira\/#breadcrumb\",\"itemListElement\":[{\"@type\":\"ListItem\",\"position\":1,\"name\":\"Home\",\"item\":\"https:\/\/www.myportugalexperience.com\/blog\/\"},{\"@type\":\"ListItem\",\"position\":2,\"name\":\"Alugueres de casas de praia em Albufeira\"}]},{\"@type\":\"WebSite\",\"@id\":\"https:\/\/www.myportugalexperience.com\/blog\/#website\",\"url\":\"https:\/\/www.myportugalexperience.com\/blog\/\",\"name\":\"Blog\",\"description\":\"OC VILLAS\",\"potentialAction\":[{\"@type\":\"SearchAction\",\"target\":{\"@type\":\"EntryPoint\",\"urlTemplate\":\"https:\/\/www.myportugalexperience.com\/blog\/?s={search_term_string}\"},\"query-input\":{\"@type\":\"PropertyValueSpecification\",\"valueRequired\":true,\"valueName\":\"search_term_string\"}}],\"inLanguage\":\"pt\"}]}<\/script>\n<!-- \/ Yoast SEO plugin. -->","yoast_head_json":{"title":"Alugueres de casas de praia em Albufeira | My Portugal Experience by OCVillas","description":"Explore os nossos alugueres de casas de praia em Albufeira. Reserve um alojamento ideal para f\u00e9rias na praia, estadias em fam\u00edlia ou escapadelas rom\u00e2nticas.","robots":{"index":"index","follow":"follow","max-snippet":"max-snippet:-1","max-image-preview":"max-image-preview:large","max-video-preview":"max-video-preview:-1"},"canonical":"https:\/\/www.myportugalexperience.com\/blog\/alugueres-de-casas-de-praia-em-albufeira\/","og_locale":"pt_PT","og_type":"article","og_title":"Alugueres de casas de praia em Albufeira | My Portugal Experience by OCVillas","og_description":"Explore os nossos alugueres de casas de praia em Albufeira. Reserve um alojamento ideal para f\u00e9rias na praia, estadias em fam\u00edlia ou escapadelas rom\u00e2nticas.","og_url":"https:\/\/www.myportugalexperience.com\/blog\/alugueres-de-casas-de-praia-em-albufeira\/","og_site_name":"Blog","article_modified_time":"2026-01-19T10:45:52+00:00","og_image":[{"width":800,"height":800,"url":"https:\/\/www.myportugalexperience.com\/blog\/wp-content\/uploads\/2026\/01\/albufeira-beach-rentals.webp","type":"image\/webp"}],"twitter_card":"summary_large_image","twitter_misc":{"Est. reading time":"6 minutes"},"schema":{"@context":"https:\/\/schema.org","@graph":[{"@type":"WebPage","@id":"https:\/\/www.myportugalexperience.com\/blog\/alugueres-de-casas-de-praia-em-albufeira\/","url":"https:\/\/www.myportugalexperience.com\/blog\/alugueres-de-casas-de-praia-em-albufeira\/","name":"Alugueres de casas de praia em Albufeira | My Portugal Experience by OCVillas","isPartOf":{"@id":"https:\/\/www.myportugalexperience.com\/blog\/#website"},"primaryImageOfPage":{"@id":"https:\/\/www.myportugalexperience.com\/blog\/alugueres-de-casas-de-praia-em-albufeira\/#primaryimage"},"image":{"@id":"https:\/\/www.myportugalexperience.com\/blog\/alugueres-de-casas-de-praia-em-albufeira\/#primaryimage"},"thumbnailUrl":"https:\/\/www.myportugalexperience.com\/blog\/wp-content\/uploads\/2026\/01\/albufeira-beach-rentals.webp","datePublished":"2026-01-19T10:21:22+00:00","dateModified":"2026-01-19T10:45:52+00:00","description":"Explore os nossos alugueres de casas de praia em Albufeira. Reserve um alojamento ideal para f\u00e9rias na praia, estadias em fam\u00edlia ou escapadelas rom\u00e2nticas.","breadcrumb":{"@id":"https:\/\/www.myportugalexperience.com\/blog\/alugueres-de-casas-de-praia-em-albufeira\/#breadcrumb"},"inLanguage":"pt","potentialAction":[{"@type":"ReadAction","target":["https:\/\/www.myportugalexperience.com\/blog\/alugueres-de-casas-de-praia-em-albufeira\/"]}]},{"@type":"ImageObject","inLanguage":"pt","@id":"https:\/\/www.myportugalexperience.com\/blog\/alugueres-de-casas-de-praia-em-albufeira\/#primaryimage","url":"https:\/\/www.myportugalexperience.com\/blog\/wp-content\/uploads\/2026\/01\/albufeira-beach-rentals.webp","contentUrl":"https:\/\/www.myportugalexperience.com\/blog\/wp-content\/uploads\/2026\/01\/albufeira-beach-rentals.webp","width":800,"height":800},{"@type":"BreadcrumbList","@id":"https:\/\/www.myportugalexperience.com\/blog\/alugueres-de-casas-de-praia-em-albufeira\/#breadcrumb","itemListElement":[{"@type":"ListItem","position":1,"name":"Home","item":"https:\/\/www.myportugalexperience.com\/blog\/"},{"@type":"ListItem","position":2,"name":"Alugueres de casas de praia em Albufeira"}]},{"@type":"WebSite","@id":"https:\/\/www.myportugalexperience.com\/blog\/#website","url":"https:\/\/www.myportugalexperience.com\/blog\/","name":"Blog","description":"OC VILLAS","potentialAction":[{"@type":"SearchAction","target":{"@type":"EntryPoint","urlTemplate":"https:\/\/www.myportugalexperience.com\/blog\/?s={search_term_string}"},"query-input":{"@type":"PropertyValueSpecification","valueRequired":true,"valueName":"search_term_string"}}],"inLanguage":"pt"}]}},"_links":{"self":[{"href":"https:\/\/www.myportugalexperience.com\/blog\/wp-json\/wp\/v2\/pages\/2100","targetHints":{"allow":["GET"]}}],"collection":[{"href":"https:\/\/www.myportugalexperience.com\/blog\/wp-json\/wp\/v2\/pages"}],"about":[{"href":"https:\/\/www.myportugalexperience.com\/blog\/wp-json\/wp\/v2\/types\/page"}],"author":[{"embeddable":true,"href":"https:\/\/www.myportugalexperience.com\/blog\/wp-json\/wp\/v2\/users\/3"}],"replies":[{"embeddable":true,"href":"https:\/\/www.myportugalexperience.com\/blog\/wp-json\/wp\/v2\/comments?post=2100"}],"version-history":[{"count":10,"href":"https:\/\/www.myportugalexperience.com\/blog\/wp-json\/wp\/v2\/pages\/2100\/revisions"}],"predecessor-version":[{"id":2141,"href":"https:\/\/www.myportugalexperience.com\/blog\/wp-json\/wp\/v2\/pages\/2100\/revisions\/2141"}],"wp:featuredmedia":[{"embeddable":true,"href":"https:\/\/www.myportugalexperience.com\/blog\/wp-json\/wp\/v2\/media\/2073"}],"wp:attachment":[{"href":"https:\/\/www.myportugalexperience.com\/blog\/wp-json\/wp\/v2\/media?parent=2100"}],"curies":[{"name":"wp","href":"https:\/\/api.w.org\/{rel}","templated":true}]}}