{"id":2104,"date":"2026-01-19T10:20:43","date_gmt":"2026-01-19T10:20:43","guid":{"rendered":"https:\/\/www.myportugalexperience.com\/blog\/?page_id=2104"},"modified":"2026-01-19T10:45:53","modified_gmt":"2026-01-19T10:45:53","slug":"alojamiento-familiar-em-albufeira","status":"publish","type":"page","link":"https:\/\/www.myportugalexperience.com\/blog\/alojamiento-familiar-em-albufeira\/","title":{"rendered":"Alojamento familiar em Albufeira"},"content":{"rendered":"\t\t<div data-elementor-type=\"wp-page\" data-elementor-id=\"2104\" class=\"elementor elementor-2104 elementor-2067\" data-elementor-post-type=\"page\">\n\t\t\t\t<div class=\"elementor-element elementor-element-725c755 e-flex e-con-boxed e-con e-parent\" data-id=\"725c755\" data-element_type=\"container\" data-e-type=\"container\">\n\t\t\t\t\t<div class=\"e-con-inner\">\n\t\t<div class=\"elementor-element elementor-element-1aac156 e-con-full e-flex e-con e-child\" data-id=\"1aac156\" data-element_type=\"container\" data-e-type=\"container\">\n\t\t<div class=\"elementor-element elementor-element-7341ed4 e-con-full e-flex e-con e-child\" data-id=\"7341ed4\" data-element_type=\"container\" data-e-type=\"container\">\n\t\t\t\t<div class=\"elementor-element elementor-element-d4701b1 elementor-widget__width-initial elementor-widget elementor-widget-text-editor\" data-id=\"d4701b1\" data-element_type=\"widget\" data-e-type=\"widget\" data-widget_type=\"text-editor.default\">\n\t\t\t\t<div class=\"elementor-widget-container\">\n\t\t\t\t\t\t\t\t\t<p>EXPLORE O ALGARVE<\/p>\t\t\t\t\t\t\t\t<\/div>\n\t\t\t\t<\/div>\n\t\t\t\t<div class=\"elementor-element elementor-element-9676286 elementor-widget elementor-widget-heading\" data-id=\"9676286\" data-element_type=\"widget\" data-e-type=\"widget\" data-widget_type=\"heading.default\">\n\t\t\t\t<div class=\"elementor-widget-container\">\n\t\t\t\t\t<h1 class=\"elementor-heading-title elementor-size-default\">Alojamento familiar em <b>ALBUFEIRA<\/b>\n<\/h1>\t\t\t\t<\/div>\n\t\t\t\t<\/div>\n\t\t\t\t<\/div>\n\t\t<div class=\"elementor-element elementor-element-eb3e275 e-con-full e-flex e-con e-child\" data-id=\"eb3e275\" data-element_type=\"container\" data-e-type=\"container\">\n\t\t<div class=\"elementor-element elementor-element-513a665 e-con-full e-flex e-con e-child\" data-id=\"513a665\" data-element_type=\"container\" data-e-type=\"container\">\n\t\t\t\t<div class=\"elementor-element elementor-element-3272751 elementor-invisible elementor-widget elementor-widget-image\" data-id=\"3272751\" data-element_type=\"widget\" data-e-type=\"widget\" data-settings=\"{&quot;_animation&quot;:&quot;fadeInUp&quot;,&quot;_animation_mobile&quot;:&quot;fadeIn&quot;,&quot;_animation_delay&quot;:200}\" data-widget_type=\"image.default\">\n\t\t\t\t<div class=\"elementor-widget-container\">\n\t\t\t\t\t\t\t\t\t\t\t\t\t\t\t\t<a href=\"https:\/\/www.myportugalexperience.com\/blog\/wp-content\/uploads\/2026\/01\/family-accommodation-in-albufeira.webp\" data-elementor-open-lightbox=\"no\">\n\t\t\t\t\t\t\t<img fetchpriority=\"high\" decoding=\"async\" width=\"800\" height=\"800\" src=\"https:\/\/www.myportugalexperience.com\/blog\/wp-content\/uploads\/2026\/01\/family-accommodation-in-albufeira.webp\" class=\"attachment-full size-full wp-image-2077\" alt=\"\" srcset=\"https:\/\/www.myportugalexperience.com\/blog\/wp-content\/uploads\/2026\/01\/family-accommodation-in-albufeira.webp 800w, https:\/\/www.myportugalexperience.com\/blog\/wp-content\/uploads\/2026\/01\/family-accommodation-in-albufeira-300x300.webp 300w, https:\/\/www.myportugalexperience.com\/blog\/wp-content\/uploads\/2026\/01\/family-accommodation-in-albufeira-150x150.webp 150w, https:\/\/www.myportugalexperience.com\/blog\/wp-content\/uploads\/2026\/01\/family-accommodation-in-albufeira-768x768.webp 768w\" sizes=\"(max-width: 800px) 100vw, 800px\" \/>\t\t\t\t\t\t\t\t<\/a>\n\t\t\t\t\t\t\t\t\t\t\t\t\t\t\t<\/div>\n\t\t\t\t<\/div>\n\t\t\t\t<\/div>\n\t\t\t\t<\/div>\n\t\t\t\t<\/div>\n\t\t\t\t\t<\/div>\n\t\t\t\t<\/div>\n\t\t<div class=\"elementor-element elementor-element-cb94d5b e-flex e-con-boxed e-con e-parent\" data-id=\"cb94d5b\" data-element_type=\"container\" data-e-type=\"container\">\n\t\t\t\t\t<div class=\"e-con-inner\">\n\t\t<div class=\"elementor-element elementor-element-80cd711 e-con-full e-flex e-con e-child\" data-id=\"80cd711\" data-element_type=\"container\" data-e-type=\"container\">\n\t\t\t\t<div class=\"elementor-element elementor-element-f66c2f6 elementor-align-center elementor-mobile-align-center elementor-widget elementor-widget-button\" data-id=\"f66c2f6\" data-element_type=\"widget\" data-e-type=\"widget\" data-widget_type=\"button.default\">\n\t\t\t\t<div class=\"elementor-widget-container\">\n\t\t\t\t\t\t\t\t\t<div class=\"elementor-button-wrapper\">\n\t\t\t\t\t<a class=\"elementor-button elementor-button-link elementor-size-sm\" href=\"https:\/\/www.myportugalexperience.com\/aluguer\/alugueres-albufeira-d599\/tag-para-a-familia\/\">\n\t\t\t\t\t\t<span class=\"elementor-button-content-wrapper\">\n\t\t\t\t\t\t\t\t\t<span class=\"elementor-button-text\">Explore mais alojamentos familiares em Albufeira<\/span>\n\t\t\t\t\t<\/span>\n\t\t\t\t\t<\/a>\n\t\t\t\t<\/div>\n\t\t\t\t\t\t\t\t<\/div>\n\t\t\t\t<\/div>\n\t\t\t\t<div class=\"elementor-element elementor-element-6081fa2 elementor-widget elementor-widget-grid\" data-id=\"6081fa2\" data-element_type=\"widget\" data-e-type=\"widget\" data-widget_type=\"grid.default\">\n\t\t\t\t<div class=\"elementor-widget-container\">\n\t\t\t\t\t\t\t<div class=\"its--row alojamientos-recomendados\">\n\n\t\t\t<div class=\"alojamientos-recomendados-container\">\n\n\t\t\t\t\t\n\t\t\t\t\t<a href=\"https:\/\/www.myportugalexperience.com\/aluguer\/villa-gale-m-gale-vila-privada-4min-ate-a-praia-em-albufei-268222.html\" rel=\"nofollow\" style=\"width: 32%;\">\n\t\t\t\t\t\t<div class=\"apartamento-box\">\n\t\t\t\t\t\t\t<div class=\"imagen_recomendados\">\n\t\t\t\t\t\t\t\t<img decoding=\"async\" src=\"https:\/\/crs.avantio.com\/fotos\/2\/1543606697c824e705aa7b7622c82ebdb5ead9fcc9\/big1669280332adb27c31156da46902d40347a7e90173.jpg\" alt=\"Villa Monte Gal\u00e9 OCV - 100m Praia\">\n\t\t\t\t\t\t\t<\/div>\n\t\t\t\t\t\t\t<div class=\"info\">\n\t\t\t\t\t\t\t\t<div class=\"ubicacion\">\n\t\t\t\t\t\t\t\t\t<i class=\"fa-solid fa-location-dot icono-mapa\"><\/i><span class=\"ubicacion-texto\">Gal\u00e9 - Algarve<\/span>\n\t\t\t\t\t\t\t\t<\/div>\n\t\t\t\t\t\t\t\t<H4 class=\"titulo-alojamiento\">\n\t\t\t\t\t\t\t\t\tVilla Monte Gal\u00e9 OCV - 100m Praia\t\t\t\t\t\t\t\t<\/H4>\n\t\t\t\t\t\t\t\t<p class=\"precio-alojamiento\">De <span class=\"precio\">158.00\u20ac<\/span> por noite<\/p>\n\t\t\t\t\t\t\t<\/div>\n\t\t\t\t\t\t<\/div>\n\t\t\t\t\t<\/a> \n\t\t\t\t\t\t\n\t\t\t\t\t<a href=\"https:\/\/www.myportugalexperience.com\/aluguer\/villa-guia-loendros-calma-moradia-com-piscina-privada-guia-268230.html\" rel=\"nofollow\" style=\"width: 32%;\">\n\t\t\t\t\t\t<div class=\"apartamento-box\">\n\t\t\t\t\t\t\t<div class=\"imagen_recomendados\">\n\t\t\t\t\t\t\t\t<img decoding=\"async\" src=\"https:\/\/crs.avantio.com\/fotos\/2\/15436121663b0732ae5122d419050e7a850f65b9ec\/big169021391846ef8b10e942f11acf54642f7343e4f9.jpg\" alt=\"Villa Loendros OCV - Piscina e Jardim Privado\">\n\t\t\t\t\t\t\t<\/div>\n\t\t\t\t\t\t\t<div class=\"info\">\n\t\t\t\t\t\t\t\t<div class=\"ubicacion\">\n\t\t\t\t\t\t\t\t\t<i class=\"fa-solid fa-location-dot icono-mapa\"><\/i><span class=\"ubicacion-texto\">Guia - Algarve<\/span>\n\t\t\t\t\t\t\t\t<\/div>\n\t\t\t\t\t\t\t\t<H4 class=\"titulo-alojamiento\">\n\t\t\t\t\t\t\t\t\tVilla Loendros OCV - Piscina e Jardim Privado\t\t\t\t\t\t\t\t<\/H4>\n\t\t\t\t\t\t\t\t<p class=\"precio-alojamiento\">De <span class=\"precio\">200.00\u20ac<\/span> por noite<\/p>\n\t\t\t\t\t\t\t<\/div>\n\t\t\t\t\t\t<\/div>\n\t\t\t\t\t<\/a> \n\t\t\t\t\t\t\n\t\t\t\t\t<a href=\"https:\/\/www.myportugalexperience.com\/aluguer\/villa-albufeira-dome-vivenda-de-luxo-com-piscina-aquecida-balaia-268243.html\" rel=\"nofollow\" style=\"width: 32%;\">\n\t\t\t\t\t\t<div class=\"apartamento-box\">\n\t\t\t\t\t\t\t<div class=\"imagen_recomendados\">\n\t\t\t\t\t\t\t\t<img decoding=\"async\" src=\"https:\/\/crs.avantio.com\/fotos\/2\/15436102593d49b873c20e8b1da08b84d1da53bb1b\/big1670689077f358f63310fced66d9154ab14dde2f76.jpg\" alt=\"Villa Dome OCV - Piscina Privada Aquecida\">\n\t\t\t\t\t\t\t<\/div>\n\t\t\t\t\t\t\t<div class=\"info\">\n\t\t\t\t\t\t\t\t<div class=\"ubicacion\">\n\t\t\t\t\t\t\t\t\t<i class=\"fa-solid fa-location-dot icono-mapa\"><\/i><span class=\"ubicacion-texto\">Albufeira - Algarve<\/span>\n\t\t\t\t\t\t\t\t<\/div>\n\t\t\t\t\t\t\t\t<H4 class=\"titulo-alojamiento\">\n\t\t\t\t\t\t\t\t\tVilla Dome OCV - Piscina Privada Aquecida\t\t\t\t\t\t\t\t<\/H4>\n\t\t\t\t\t\t\t\t<p class=\"precio-alojamiento\">De <span class=\"precio\">200.00\u20ac<\/span> por noite<\/p>\n\t\t\t\t\t\t\t<\/div>\n\t\t\t\t\t\t<\/div>\n\t\t\t\t\t<\/a> \n\t\t\t\t\t\t\n\t\t\t\t\t<a href=\"https:\/\/www.myportugalexperience.com\/aluguer\/villa-guia-grade-vivenda-privada-c-piscina-a-5-min-do-zooma-268244.html\" rel=\"nofollow\" style=\"width: 32%;\">\n\t\t\t\t\t\t<div class=\"apartamento-box\">\n\t\t\t\t\t\t\t<div class=\"imagen_recomendados\">\n\t\t\t\t\t\t\t\t<img decoding=\"async\" src=\"https:\/\/crs.avantio.com\/fotos\/2\/15436108418a7844f3a75c18ddd829846aa0c7c83f\/big177741529917593be6f735de87ff098cb272add026.jpg\" alt=\"NEW! Vila Grade | Private Villa with Pool | Family-Friendly Retreat near Albufeira\">\n\t\t\t\t\t\t\t<\/div>\n\t\t\t\t\t\t\t<div class=\"info\">\n\t\t\t\t\t\t\t\t<div class=\"ubicacion\">\n\t\t\t\t\t\t\t\t\t<i class=\"fa-solid fa-location-dot icono-mapa\"><\/i><span class=\"ubicacion-texto\">Guia - Algarve<\/span>\n\t\t\t\t\t\t\t\t<\/div>\n\t\t\t\t\t\t\t\t<H4 class=\"titulo-alojamiento\">\n\t\t\t\t\t\t\t\t\tNEW! Vila Grade | Private Villa with Pool | Family-Friendly Retreat near Albufeira\t\t\t\t\t\t\t\t<\/H4>\n\t\t\t\t\t\t\t\t<p class=\"precio-alojamiento\">De <span class=\"precio\">114.00\u20ac<\/span> por noite<\/p>\n\t\t\t\t\t\t\t<\/div>\n\t\t\t\t\t\t<\/div>\n\t\t\t\t\t<\/a> \n\t\t\t\t\t\t\n\t\t\t\t\t<a href=\"https:\/\/www.myportugalexperience.com\/aluguer\/apartamento-albufeira-bogart-espacoso-apt-ideal-familias-5min-da-oura-268256.html\" rel=\"nofollow\" style=\"width: 32%;\">\n\t\t\t\t\t\t<div class=\"apartamento-box\">\n\t\t\t\t\t\t\t<div class=\"imagen_recomendados\">\n\t\t\t\t\t\t\t\t<img decoding=\"async\" src=\"https:\/\/crs.avantio.com\/fotos\/2\/1543609984e68139c4bfe2e4380e2cd2feaed87c00\/big1674736723c6e15e6fa3d7c842b295f3450e17e231.jpg\" alt=\"Apt. Bogart OCV - Oura Albufeira\">\n\t\t\t\t\t\t\t<\/div>\n\t\t\t\t\t\t\t<div class=\"info\">\n\t\t\t\t\t\t\t\t<div class=\"ubicacion\">\n\t\t\t\t\t\t\t\t\t<i class=\"fa-solid fa-location-dot icono-mapa\"><\/i><span class=\"ubicacion-texto\">Albufeira - Algarve<\/span>\n\t\t\t\t\t\t\t\t<\/div>\n\t\t\t\t\t\t\t\t<H4 class=\"titulo-alojamiento\">\n\t\t\t\t\t\t\t\t\tApt. Bogart OCV - Oura Albufeira\t\t\t\t\t\t\t\t<\/H4>\n\t\t\t\t\t\t\t\t<p class=\"precio-alojamiento\">De <span class=\"precio\">61.00\u20ac<\/span> por noite<\/p>\n\t\t\t\t\t\t\t<\/div>\n\t\t\t\t\t\t<\/div>\n\t\t\t\t\t<\/a> \n\t\t\t\t\t\t\n\t\t\t\t\t<a href=\"https:\/\/www.myportugalexperience.com\/aluguer\/villa-albufeira-bia-confortavel-moradia-a-8min-da-praia-ideal-fam-268258.html\" rel=\"nofollow\" style=\"width: 32%;\">\n\t\t\t\t\t\t<div class=\"apartamento-box\">\n\t\t\t\t\t\t\t<div class=\"imagen_recomendados\">\n\t\t\t\t\t\t\t\t<img decoding=\"async\" src=\"https:\/\/crs.avantio.com\/fotos\/2\/15514454360a26bb91dc53ad71c534eef593c9436b\/big1675855735c74998dd9a4b6feb78c36350470174b9.jpg\" alt=\"Villa Bia OCV - Piscina Privada\">\n\t\t\t\t\t\t\t<\/div>\n\t\t\t\t\t\t\t<div class=\"info\">\n\t\t\t\t\t\t\t\t<div class=\"ubicacion\">\n\t\t\t\t\t\t\t\t\t<i class=\"fa-solid fa-location-dot icono-mapa\"><\/i><span class=\"ubicacion-texto\">Albufeira - Algarve<\/span>\n\t\t\t\t\t\t\t\t<\/div>\n\t\t\t\t\t\t\t\t<H4 class=\"titulo-alojamiento\">\n\t\t\t\t\t\t\t\t\tVilla Bia OCV - Piscina Privada\t\t\t\t\t\t\t\t<\/H4>\n\t\t\t\t\t\t\t\t<p class=\"precio-alojamiento\">De <span class=\"precio\">130.00\u20ac<\/span> por noite<\/p>\n\t\t\t\t\t\t\t<\/div>\n\t\t\t\t\t\t<\/div>\n\t\t\t\t\t<\/a> \n\t\t\t\t\t\t\n\t\t\t\t\t<a href=\"https:\/\/www.myportugalexperience.com\/aluguer\/villa-gale-farol-fantastica-vila-2min-praia-dos-salgados-268259.html\" rel=\"nofollow\" style=\"width: 32%;\">\n\t\t\t\t\t\t<div class=\"apartamento-box\">\n\t\t\t\t\t\t\t<div class=\"imagen_recomendados\">\n\t\t\t\t\t\t\t\t<img decoding=\"async\" src=\"https:\/\/crs.avantio.com\/fotos\/2\/1543610136494b34c4aad07d19d5e85cc5d315bc18\/big16760632365f102abcbd6fd1e26140e7f65be60841.jpg\" alt=\"Villa Farol OCV - Frente Mar\">\n\t\t\t\t\t\t\t<\/div>\n\t\t\t\t\t\t\t<div class=\"info\">\n\t\t\t\t\t\t\t\t<div class=\"ubicacion\">\n\t\t\t\t\t\t\t\t\t<i class=\"fa-solid fa-location-dot icono-mapa\"><\/i><span class=\"ubicacion-texto\">Gal\u00e9 - Algarve<\/span>\n\t\t\t\t\t\t\t\t<\/div>\n\t\t\t\t\t\t\t\t<H4 class=\"titulo-alojamiento\">\n\t\t\t\t\t\t\t\t\tVilla Farol OCV - Frente Mar\t\t\t\t\t\t\t\t<\/H4>\n\t\t\t\t\t\t\t\t<p class=\"precio-alojamiento\">De <span class=\"precio\">180.00\u20ac<\/span> por noite<\/p>\n\t\t\t\t\t\t\t<\/div>\n\t\t\t\t\t\t<\/div>\n\t\t\t\t\t<\/a> \n\t\t\t\t\t\t\n\t\t\t\t\t<a href=\"https:\/\/www.myportugalexperience.com\/aluguer\/villa-albufeira-jasmin-moradia-luxuosa-a-5-min-praia-albufeira-281542.html\" rel=\"nofollow\" style=\"width: 32%;\">\n\t\t\t\t\t\t<div class=\"apartamento-box\">\n\t\t\t\t\t\t\t<div class=\"imagen_recomendados\">\n\t\t\t\t\t\t\t\t<img decoding=\"async\" src=\"https:\/\/crs.avantio.com\/fotos\/2\/1554199610d6c878bacfce9acca2bb346cefd14a41\/big1675787937261dc165ccaa69525f7d57cfcad24c55.jpg\" alt=\"Villa Jasmim OCV - Piscina Aquecida\">\n\t\t\t\t\t\t\t<\/div>\n\t\t\t\t\t\t\t<div class=\"info\">\n\t\t\t\t\t\t\t\t<div class=\"ubicacion\">\n\t\t\t\t\t\t\t\t\t<i class=\"fa-solid fa-location-dot icono-mapa\"><\/i><span class=\"ubicacion-texto\">Albufeira - Algarve<\/span>\n\t\t\t\t\t\t\t\t<\/div>\n\t\t\t\t\t\t\t\t<H4 class=\"titulo-alojamiento\">\n\t\t\t\t\t\t\t\t\tVilla Jasmim OCV - Piscina Aquecida\t\t\t\t\t\t\t\t<\/H4>\n\t\t\t\t\t\t\t\t<p class=\"precio-alojamiento\">De <span class=\"precio\">207.00\u20ac<\/span> por noite<\/p>\n\t\t\t\t\t\t\t<\/div>\n\t\t\t\t\t\t<\/div>\n\t\t\t\t\t<\/a> \n\t\t\t\t\t\t\n\t\t\t\t\t<a href=\"https:\/\/www.myportugalexperience.com\/aluguer\/apartamento-albufeira-downtown-excelente-t3-5min-ate-praia-varanda-so-289839.html\" rel=\"nofollow\" style=\"width: 32%;\">\n\t\t\t\t\t\t<div class=\"apartamento-box\">\n\t\t\t\t\t\t\t<div class=\"imagen_recomendados\">\n\t\t\t\t\t\t\t\t<img decoding=\"async\" src=\"https:\/\/crs.avantio.com\/fotos\/2\/155912642597d12fcdf491c953a6f4e6d9bee57a5d\/big1697728309ecf88aaba69dbd7c0f4d3c40192dc5e3.jpg\" alt=\"Apt. Downtown OCV - 5min Praia \">\n\t\t\t\t\t\t\t<\/div>\n\t\t\t\t\t\t\t<div class=\"info\">\n\t\t\t\t\t\t\t\t<div class=\"ubicacion\">\n\t\t\t\t\t\t\t\t\t<i class=\"fa-solid fa-location-dot icono-mapa\"><\/i><span class=\"ubicacion-texto\">Albufeira - Algarve<\/span>\n\t\t\t\t\t\t\t\t<\/div>\n\t\t\t\t\t\t\t\t<H4 class=\"titulo-alojamiento\">\n\t\t\t\t\t\t\t\t\tApt. Downtown OCV - 5min Praia \t\t\t\t\t\t\t\t<\/H4>\n\t\t\t\t\t\t\t\t<p class=\"precio-alojamiento\">De <span class=\"precio\">96.00\u20ac<\/span> por noite<\/p>\n\t\t\t\t\t\t\t<\/div>\n\t\t\t\t\t\t<\/div>\n\t\t\t\t\t<\/a> \n\t\t\t\t\t\t\n\t\t\t\t\t<a href=\"https:\/\/www.myportugalexperience.com\/aluguer\/villa-albufeira-ericeira-vivenda-com-piscina-privada-na-quinta-da-318857.html\" rel=\"nofollow\" style=\"width: 32%;\">\n\t\t\t\t\t\t<div class=\"apartamento-box\">\n\t\t\t\t\t\t\t<div class=\"imagen_recomendados\">\n\t\t\t\t\t\t\t\t<img decoding=\"async\" src=\"https:\/\/crs.avantio.com\/fotos\/2\/158947315681f93ef1dbde00bf43e0a764c3390eb8\/big17267566180dbb328433c8cc12eb5dd76899ca08fa.jpg\" alt=\"Villa Ericeira OCV - Piscina Privada ideal Crian\u00e7as\">\n\t\t\t\t\t\t\t<\/div>\n\t\t\t\t\t\t\t<div class=\"info\">\n\t\t\t\t\t\t\t\t<div class=\"ubicacion\">\n\t\t\t\t\t\t\t\t\t<i class=\"fa-solid fa-location-dot icono-mapa\"><\/i><span class=\"ubicacion-texto\">Albufeira - Algarve<\/span>\n\t\t\t\t\t\t\t\t<\/div>\n\t\t\t\t\t\t\t\t<H4 class=\"titulo-alojamiento\">\n\t\t\t\t\t\t\t\t\tVilla Ericeira OCV - Piscina Privada ideal Crian\u00e7as\t\t\t\t\t\t\t\t<\/H4>\n\t\t\t\t\t\t\t\t<p class=\"precio-alojamiento\">De <span class=\"precio\">125.00\u20ac<\/span> por noite<\/p>\n\t\t\t\t\t\t\t<\/div>\n\t\t\t\t\t\t<\/div>\n\t\t\t\t\t<\/a> \n\t\t\t\t\t\t\n\t\t\t\t\t<a href=\"https:\/\/www.myportugalexperience.com\/aluguer\/villa-gale-villa-luz-do-atlantico-341637.html\" rel=\"nofollow\" style=\"width: 32%;\">\n\t\t\t\t\t\t<div class=\"apartamento-box\">\n\t\t\t\t\t\t\t<div class=\"imagen_recomendados\">\n\t\t\t\t\t\t\t\t<img decoding=\"async\" src=\"https:\/\/crs.avantio.com\/fotos\/2\/1614700291eff02000105a09a5b5a86a3f954c2ef1\/big1647014954a61ef891824aa3c5bfb884b312f20497.jpg\" alt=\"Villa Luz do Atlantico, 100m da praia e piscina privada\">\n\t\t\t\t\t\t\t<\/div>\n\t\t\t\t\t\t\t<div class=\"info\">\n\t\t\t\t\t\t\t\t<div class=\"ubicacion\">\n\t\t\t\t\t\t\t\t\t<i class=\"fa-solid fa-location-dot icono-mapa\"><\/i><span class=\"ubicacion-texto\">Gal\u00e9 - Algarve<\/span>\n\t\t\t\t\t\t\t\t<\/div>\n\t\t\t\t\t\t\t\t<H4 class=\"titulo-alojamiento\">\n\t\t\t\t\t\t\t\t\tVilla Luz do Atlantico, 100m da praia e piscina privada\t\t\t\t\t\t\t\t<\/H4>\n\t\t\t\t\t\t\t\t<p class=\"precio-alojamiento\">De <span class=\"precio\">175.00\u20ac<\/span> por noite<\/p>\n\t\t\t\t\t\t\t<\/div>\n\t\t\t\t\t\t<\/div>\n\t\t\t\t\t<\/a> \n\t\t\t\t\t\t\n\t\t\t\t\t<a href=\"https:\/\/www.myportugalexperience.com\/aluguer\/villa-albufeira-design-villa-354234.html\" rel=\"nofollow\" style=\"width: 32%;\">\n\t\t\t\t\t\t<div class=\"apartamento-box\">\n\t\t\t\t\t\t\t<div class=\"imagen_recomendados\">\n\t\t\t\t\t\t\t\t<img decoding=\"async\" src=\"https:\/\/crs.avantio.com\/fotos\/2\/162577929032dc8efd6f830fbd40c493f0d42266b3\/big1669050084a052d0cf1bbd906b0c773b6b245e23c9.jpg\" alt=\"Design Villa OCV - Piscina Aquecida e jacuzzi\">\n\t\t\t\t\t\t\t<\/div>\n\t\t\t\t\t\t\t<div class=\"info\">\n\t\t\t\t\t\t\t\t<div class=\"ubicacion\">\n\t\t\t\t\t\t\t\t\t<i class=\"fa-solid fa-location-dot icono-mapa\"><\/i><span class=\"ubicacion-texto\">Albufeira - Algarve<\/span>\n\t\t\t\t\t\t\t\t<\/div>\n\t\t\t\t\t\t\t\t<H4 class=\"titulo-alojamiento\">\n\t\t\t\t\t\t\t\t\tDesign Villa OCV - Piscina Aquecida e jacuzzi\t\t\t\t\t\t\t\t<\/H4>\n\t\t\t\t\t\t\t\t<p class=\"precio-alojamiento\">De <span class=\"precio\">256.50\u20ac<\/span> por noite<\/p>\n\t\t\t\t\t\t\t<\/div>\n\t\t\t\t\t\t<\/div>\n\t\t\t\t\t<\/a> \n\t\t\t\t\t\t\t\t<\/div>\n\t\t\t<\/div>\n\t\t\t\t\t\t<\/div>\n\t\t\t\t<\/div>\n\t\t\t\t<\/div>\n\t\t\t\t\t<\/div>\n\t\t\t\t<\/div>\n\t\t<div class=\"elementor-element elementor-element-6807982 e-flex e-con-boxed e-con e-parent\" data-id=\"6807982\" data-element_type=\"container\" data-e-type=\"container\">\n\t\t\t\t\t<div class=\"e-con-inner\">\n\t\t<div class=\"elementor-element elementor-element-ddad927 e-con-full e-flex e-con e-child\" data-id=\"ddad927\" data-element_type=\"container\" data-e-type=\"container\">\n\t\t<div class=\"elementor-element elementor-element-cb03a53 e-con-full e-flex e-con e-child\" data-id=\"cb03a53\" data-element_type=\"container\" data-e-type=\"container\">\n\t\t<div class=\"elementor-element elementor-element-c03e67a e-con-full e-flex e-con e-child\" data-id=\"c03e67a\" data-element_type=\"container\" data-e-type=\"container\">\n\t\t\t\t<div class=\"elementor-element elementor-element-e2389fd elementor-invisible elementor-widget elementor-widget-image\" data-id=\"e2389fd\" data-element_type=\"widget\" data-e-type=\"widget\" data-settings=\"{&quot;_animation&quot;:&quot;fadeInUp&quot;,&quot;_animation_mobile&quot;:&quot;fadeIn&quot;,&quot;_animation_delay&quot;:200}\" data-widget_type=\"image.default\">\n\t\t\t\t<div class=\"elementor-widget-container\">\n\t\t\t\t\t\t\t\t\t\t\t\t\t\t\t\t<a href=\"https:\/\/www.myportugalexperience.com\/blog\/wp-content\/uploads\/2025\/08\/holiday-homes-algarve-12.webp\" data-elementor-open-lightbox=\"no\">\n\t\t\t\t\t\t\t<img decoding=\"async\" width=\"800\" height=\"800\" src=\"https:\/\/www.myportugalexperience.com\/blog\/wp-content\/uploads\/2025\/08\/holiday-homes-algarve-12.webp\" class=\"attachment-full size-full wp-image-1157\" alt=\"\" srcset=\"https:\/\/www.myportugalexperience.com\/blog\/wp-content\/uploads\/2025\/08\/holiday-homes-algarve-12.webp 800w, https:\/\/www.myportugalexperience.com\/blog\/wp-content\/uploads\/2025\/08\/holiday-homes-algarve-12-300x300.webp 300w, https:\/\/www.myportugalexperience.com\/blog\/wp-content\/uploads\/2025\/08\/holiday-homes-algarve-12-150x150.webp 150w, https:\/\/www.myportugalexperience.com\/blog\/wp-content\/uploads\/2025\/08\/holiday-homes-algarve-12-768x768.webp 768w\" sizes=\"(max-width: 800px) 100vw, 800px\" \/>\t\t\t\t\t\t\t\t<\/a>\n\t\t\t\t\t\t\t\t\t\t\t\t\t\t\t<\/div>\n\t\t\t\t<\/div>\n\t\t\t\t<\/div>\n\t\t<div class=\"elementor-element elementor-element-5659e8e e-con-full e-flex e-con e-child\" data-id=\"5659e8e\" data-element_type=\"container\" data-e-type=\"container\">\n\t\t\t\t<div class=\"elementor-element elementor-element-e3f38ea elementor-invisible elementor-widget elementor-widget-image\" data-id=\"e3f38ea\" data-element_type=\"widget\" data-e-type=\"widget\" data-settings=\"{&quot;_animation&quot;:&quot;fadeInUp&quot;,&quot;_animation_mobile&quot;:&quot;fadeIn&quot;,&quot;_animation_delay&quot;:200}\" data-widget_type=\"image.default\">\n\t\t\t\t<div class=\"elementor-widget-container\">\n\t\t\t\t\t\t\t\t\t\t\t\t\t\t\t\t<a href=\"https:\/\/www.myportugalexperience.com\/blog\/wp-content\/uploads\/2025\/08\/holiday-homes-algarve-10-1.webp\" data-elementor-open-lightbox=\"no\">\n\t\t\t\t\t\t\t<img decoding=\"async\" width=\"800\" height=\"800\" src=\"https:\/\/www.myportugalexperience.com\/blog\/wp-content\/uploads\/2025\/08\/holiday-homes-algarve-10-1.webp\" class=\"attachment-full size-full wp-image-1216\" alt=\"\" srcset=\"https:\/\/www.myportugalexperience.com\/blog\/wp-content\/uploads\/2025\/08\/holiday-homes-algarve-10-1.webp 800w, https:\/\/www.myportugalexperience.com\/blog\/wp-content\/uploads\/2025\/08\/holiday-homes-algarve-10-1-300x300.webp 300w, https:\/\/www.myportugalexperience.com\/blog\/wp-content\/uploads\/2025\/08\/holiday-homes-algarve-10-1-150x150.webp 150w, https:\/\/www.myportugalexperience.com\/blog\/wp-content\/uploads\/2025\/08\/holiday-homes-algarve-10-1-768x768.webp 768w\" sizes=\"(max-width: 800px) 100vw, 800px\" \/>\t\t\t\t\t\t\t\t<\/a>\n\t\t\t\t\t\t\t\t\t\t\t\t\t\t\t<\/div>\n\t\t\t\t<\/div>\n\t\t\t\t<\/div>\n\t\t<div class=\"elementor-element elementor-element-4b2505f e-con-full e-flex e-con e-child\" data-id=\"4b2505f\" data-element_type=\"container\" data-e-type=\"container\">\n\t\t\t\t<div class=\"elementor-element elementor-element-628eaf9 elementor-widget-tablet__width-initial elementor-invisible elementor-widget elementor-widget-image\" data-id=\"628eaf9\" data-element_type=\"widget\" data-e-type=\"widget\" data-settings=\"{&quot;_animation&quot;:&quot;fadeInUp&quot;,&quot;_animation_mobile&quot;:&quot;fadeIn&quot;,&quot;_animation_delay&quot;:200}\" data-widget_type=\"image.default\">\n\t\t\t\t<div class=\"elementor-widget-container\">\n\t\t\t\t\t\t\t\t\t\t\t\t\t\t\t\t<a href=\"https:\/\/www.myportugalexperience.com\/blog\/wp-content\/uploads\/2025\/12\/family-villas-in-albufeira.webp\" data-elementor-open-lightbox=\"no\">\n\t\t\t\t\t\t\t<img loading=\"lazy\" decoding=\"async\" width=\"800\" height=\"800\" src=\"https:\/\/www.myportugalexperience.com\/blog\/wp-content\/uploads\/2025\/12\/family-villas-in-albufeira.webp\" class=\"attachment-full size-full wp-image-1923\" alt=\"Family villas in Albufeira\" srcset=\"https:\/\/www.myportugalexperience.com\/blog\/wp-content\/uploads\/2025\/12\/family-villas-in-albufeira.webp 800w, https:\/\/www.myportugalexperience.com\/blog\/wp-content\/uploads\/2025\/12\/family-villas-in-albufeira-300x300.webp 300w, https:\/\/www.myportugalexperience.com\/blog\/wp-content\/uploads\/2025\/12\/family-villas-in-albufeira-150x150.webp 150w, https:\/\/www.myportugalexperience.com\/blog\/wp-content\/uploads\/2025\/12\/family-villas-in-albufeira-768x768.webp 768w\" sizes=\"(max-width: 800px) 100vw, 800px\" \/>\t\t\t\t\t\t\t\t<\/a>\n\t\t\t\t\t\t\t\t\t\t\t\t\t\t\t<\/div>\n\t\t\t\t<\/div>\n\t\t\t\t<\/div>\n\t\t\t\t<\/div>\n\t\t<div class=\"elementor-element elementor-element-ece18b8 e-con-full e-flex e-con e-child\" data-id=\"ece18b8\" data-element_type=\"container\" data-e-type=\"container\">\n\t\t\t\t<div class=\"elementor-element elementor-element-2289135 elementor-widget elementor-widget-text-editor\" data-id=\"2289135\" data-element_type=\"widget\" data-e-type=\"widget\" data-widget_type=\"text-editor.default\">\n\t\t\t\t<div class=\"elementor-widget-container\">\n\t\t\t\t\t\t\t\t\t<p>Encontrar alojamento familiar em Albufeira garante que todos, desde os av\u00f3s aos mais pequenos, desfrutem do Algarve com conforto. Com a My Portugal Experience by OC Villas, as fam\u00edlias podem aceder a propriedades que combinam espa\u00e7o, seguran\u00e7a e interiores elegantes, perfeitas para estadias longas. Ficar num alojamento familiar em Albufeira permite um f\u00e1cil acesso a praias, restaurantes e atra\u00e7\u00f5es locais, dando-lhe a liberdade de planear os dias ao seu pr\u00f3prio ritmo. Uma dica pr\u00e1tica de viajantes experientes \u00e9 reservar uma propriedade com jardim ou terra\u00e7o \u2014 as crian\u00e7as podem brincar em seguran\u00e7a enquanto os adultos desfrutam de um copo de vinho ao final da tarde.   <\/p>\t\t\t\t\t\t\t\t<\/div>\n\t\t\t\t<\/div>\n\t\t\t\t<div class=\"elementor-element elementor-element-4e02630 elementor-widget__width-initial elementor-widget elementor-widget-text-editor\" data-id=\"4e02630\" data-element_type=\"widget\" data-e-type=\"widget\" data-widget_type=\"text-editor.default\">\n\t\t\t\t<div class=\"elementor-widget-container\">\n\t\t\t\t\t\t\t\t\t<p>A escapadinha familiar perfeita<\/p>\t\t\t\t\t\t\t\t<\/div>\n\t\t\t\t<\/div>\n\t\t\t\t<div class=\"elementor-element elementor-element-ee4b250 elementor-widget elementor-widget-heading\" data-id=\"ee4b250\" data-element_type=\"widget\" data-e-type=\"widget\" data-widget_type=\"heading.default\">\n\t\t\t\t<div class=\"elementor-widget-container\">\n\t\t\t\t\t<h2 class=\"elementor-heading-title elementor-size-default\">Casas espa\u00e7osas para f\u00e9rias memor\u00e1veis\n<\/h2>\t\t\t\t<\/div>\n\t\t\t\t<\/div>\n\t\t\t\t<\/div>\n\t\t\t\t<\/div>\n\t\t\t\t\t<\/div>\n\t\t\t\t<\/div>\n\t\t<div class=\"elementor-element elementor-element-46450bc e-flex e-con-boxed e-con e-parent\" data-id=\"46450bc\" data-element_type=\"container\" data-e-type=\"container\">\n\t\t\t\t\t<div class=\"e-con-inner\">\n\t\t<div class=\"elementor-element elementor-element-b670820 e-con-full e-flex e-con e-child\" data-id=\"b670820\" data-element_type=\"container\" data-e-type=\"container\">\n\t\t<div class=\"elementor-element elementor-element-8815959 e-con-full e-flex e-con e-child\" data-id=\"8815959\" data-element_type=\"container\" data-e-type=\"container\">\n\t\t\t\t<div class=\"elementor-element elementor-element-8bc7bf6 elementor-widget elementor-widget-text-editor\" data-id=\"8bc7bf6\" data-element_type=\"widget\" data-e-type=\"widget\" data-widget_type=\"text-editor.default\">\n\t\t\t\t<div class=\"elementor-widget-container\">\n\t\t\t\t\t\t\t\t\t<p>Albufeira oferece uma mistura de cultura, divers\u00e3o na praia e atividades ao ar livre, ideal para todas as idades. Escolher um alojamento familiar em Albufeira torna simples combinar visitas \u00e0 cidade velha, parques aqu\u00e1ticos e enseadas calmas. Uma dica \u00e9 planear manh\u00e3s na praia antes da chegada das multid\u00f5es e, em seguida, regressar \u00e0 sua villa para um almo\u00e7o ou sesta relaxante \u2014 \u00e9 a forma perfeita de manter todos felizes.  <\/p>\t\t\t\t\t\t\t\t<\/div>\n\t\t\t\t<\/div>\n\t\t\t\t<div class=\"elementor-element elementor-element-0937421 elementor-widget elementor-widget-heading\" data-id=\"0937421\" data-element_type=\"widget\" data-e-type=\"widget\" data-widget_type=\"heading.default\">\n\t\t\t\t<div class=\"elementor-widget-container\">\n\t\t\t\t\t<h2 class=\"elementor-heading-title elementor-size-default\">Como podem as fam\u00edlias aproveitar ao m\u00e1ximo as atra\u00e7\u00f5es de Albufeira?\n<\/h2>\t\t\t\t<\/div>\n\t\t\t\t<\/div>\n\t\t\t\t<\/div>\n\t\t<div class=\"elementor-element elementor-element-56b50ba e-con-full e-flex e-con e-child\" data-id=\"56b50ba\" data-element_type=\"container\" data-e-type=\"container\">\n\t\t\t\t<div class=\"elementor-element elementor-element-ab7fc3e elementor-widget elementor-widget-text-editor\" data-id=\"ab7fc3e\" data-element_type=\"widget\" data-e-type=\"widget\" data-widget_type=\"text-editor.default\">\n\t\t\t\t<div class=\"elementor-widget-container\">\n\t\t\t\t\t\t\t\t\t<p>Sim. Os restaurantes da cidade atendem \u00e0s fam\u00edlias, com marisco fresco, menus internacionais e op\u00e7\u00f5es para crian\u00e7as. Ficar num alojamento familiar em Albufeira d\u00e1-lhe flexibilidade para experimentar restaurantes locais e cozinhar uma refei\u00e7\u00e3o na sua villa. Viajantes experientes recomendam explorar pequenos caf\u00e9s familiares escondidos ao longo das ruas laterais da cidade velha \u2014 oferecem pratos aut\u00eanticos sem a pressa tur\u00edstica.   <\/p>\t\t\t\t\t\t\t\t<\/div>\n\t\t\t\t<\/div>\n\t\t\t\t<div class=\"elementor-element elementor-element-4ca4ff6 elementor-widget elementor-widget-heading\" data-id=\"4ca4ff6\" data-element_type=\"widget\" data-e-type=\"widget\" data-widget_type=\"heading.default\">\n\t\t\t\t<div class=\"elementor-widget-container\">\n\t\t\t\t\t<h2 class=\"elementor-heading-title elementor-size-default\">Existem op\u00e7\u00f5es de refei\u00e7\u00f5es f\u00e1ceis perto de alojamentos familiares em Albufeira?\n<\/h2>\t\t\t\t<\/div>\n\t\t\t\t<\/div>\n\t\t\t\t<\/div>\n\t\t\t\t<\/div>\n\t\t\t\t\t<\/div>\n\t\t\t\t<\/div>\n\t\t<div class=\"elementor-element elementor-element-280fe19 e-flex e-con-boxed e-con e-parent\" data-id=\"280fe19\" data-element_type=\"container\" data-e-type=\"container\">\n\t\t\t\t\t<div class=\"e-con-inner\">\n\t\t\t\t<div class=\"elementor-element elementor-element-e89e7c9 elementor-widget elementor-widget-shortcode\" data-id=\"e89e7c9\" data-element_type=\"widget\" data-e-type=\"widget\" data-widget_type=\"shortcode.default\">\n\t\t\t\t<div class=\"elementor-widget-container\">\n\t\t\t\t\t\t\t<div class=\"elementor-shortcode\">\t\t<div data-elementor-type=\"container\" data-elementor-id=\"2122\" class=\"elementor elementor-2122 elementor-1884 elementor-1884\" data-elementor-post-type=\"elementor_library\">\n\t\t\t\t<div class=\"elementor-element elementor-element-4b479ba e-flex e-con-boxed e-con e-parent\" data-id=\"4b479ba\" data-element_type=\"container\" data-e-type=\"container\">\n\t\t\t\t\t<div class=\"e-con-inner\">\n\t\t<div class=\"elementor-element elementor-element-631ce82 e-con-full e-flex e-con e-child\" data-id=\"631ce82\" data-element_type=\"container\" data-e-type=\"container\">\n\t\t<div class=\"elementor-element elementor-element-5020721 e-con-full e-flex e-con e-child\" data-id=\"5020721\" data-element_type=\"container\" data-e-type=\"container\" data-settings=\"{&quot;background_background&quot;:&quot;classic&quot;}\">\n\t\t\t\t<div class=\"elementor-element elementor-element-9a0a1f5 elementor-widget elementor-widget-heading\" data-id=\"9a0a1f5\" data-element_type=\"widget\" data-e-type=\"widget\" data-widget_type=\"heading.default\">\n\t\t\t\t<div class=\"elementor-widget-container\">\n\t\t\t\t\t<h2 class=\"elementor-heading-title elementor-size-default\"><a href=\"https:\/\/www.myportugalexperience.com\/blog\/alojamento-no-algarve\/\">Algarve<\/a><\/h2>\t\t\t\t<\/div>\n\t\t\t\t<\/div>\n\t\t<div class=\"elementor-element elementor-element-51366f3 e-con-full e-flex e-con e-child\" data-id=\"51366f3\" data-element_type=\"container\" data-e-type=\"container\">\n\t\t\t\t<div class=\"elementor-element elementor-element-db08982 elementor-widget elementor-widget-heading\" data-id=\"db08982\" data-element_type=\"widget\" data-e-type=\"widget\" data-widget_type=\"heading.default\">\n\t\t\t\t<div class=\"elementor-widget-container\">\n\t\t\t\t\t<span class=\"elementor-heading-title elementor-size-default\"><a href=\"https:\/\/www.myportugalexperience.com\/blog\/villas-de-luxo-algarve\/\">Villas<\/a><\/span>\t\t\t\t<\/div>\n\t\t\t\t<\/div>\n\t\t\t\t<div class=\"elementor-element elementor-element-a8c5844 elementor-widget elementor-widget-heading\" data-id=\"a8c5844\" data-element_type=\"widget\" data-e-type=\"widget\" data-widget_type=\"heading.default\">\n\t\t\t\t<div class=\"elementor-widget-container\">\n\t\t\t\t\t<span class=\"elementor-heading-title elementor-size-default\"><a href=\"https:\/\/www.myportugalexperience.com\/blog\/apartamentos-para-ferias-no-algarve\/\">Apartamentos<\/a><\/span>\t\t\t\t<\/div>\n\t\t\t\t<\/div>\n\t\t\t\t<div class=\"elementor-element elementor-element-1eb7c4d elementor-widget elementor-widget-heading\" data-id=\"1eb7c4d\" data-element_type=\"widget\" data-e-type=\"widget\" data-widget_type=\"heading.default\">\n\t\t\t\t<div class=\"elementor-widget-container\">\n\t\t\t\t\t<span class=\"elementor-heading-title elementor-size-default\"><a href=\"https:\/\/www.myportugalexperience.com\/blog\/casas-para-ferias-no-algarve\/\">Casas<\/a><\/span>\t\t\t\t<\/div>\n\t\t\t\t<\/div>\n\t\t\t\t<\/div>\n\t\t\t\t<\/div>\n\t\t<div class=\"elementor-element elementor-element-9b879c5 e-con-full e-flex e-con e-child\" data-id=\"9b879c5\" data-element_type=\"container\" data-e-type=\"container\" data-settings=\"{&quot;background_background&quot;:&quot;classic&quot;}\">\n\t\t\t\t<div class=\"elementor-element elementor-element-e5f1c0c elementor-widget elementor-widget-heading\" data-id=\"e5f1c0c\" data-element_type=\"widget\" data-e-type=\"widget\" data-widget_type=\"heading.default\">\n\t\t\t\t<div class=\"elementor-widget-container\">\n\t\t\t\t\t<h2 class=\"elementor-heading-title elementor-size-default\"><a href=\"https:\/\/www.myportugalexperience.com\/blog\/alojamento-em-albufeira\/\">Albufeira<\/a><\/h2>\t\t\t\t<\/div>\n\t\t\t\t<\/div>\n\t\t<div class=\"elementor-element elementor-element-38c0a08 e-con-full e-flex e-con e-child\" data-id=\"38c0a08\" data-element_type=\"container\" data-e-type=\"container\">\n\t\t\t\t<div class=\"elementor-element elementor-element-067935b elementor-widget elementor-widget-heading\" data-id=\"067935b\" data-element_type=\"widget\" data-e-type=\"widget\" data-widget_type=\"heading.default\">\n\t\t\t\t<div class=\"elementor-widget-container\">\n\t\t\t\t\t<span class=\"elementor-heading-title elementor-size-default\"><a href=\"https:\/\/www.myportugalexperience.com\/blog\/villas-em-albufeira\/\">Villas<\/a><\/span>\t\t\t\t<\/div>\n\t\t\t\t<\/div>\n\t\t\t\t<div class=\"elementor-element elementor-element-be92cd0 elementor-widget elementor-widget-heading\" data-id=\"be92cd0\" data-element_type=\"widget\" data-e-type=\"widget\" data-widget_type=\"heading.default\">\n\t\t\t\t<div class=\"elementor-widget-container\">\n\t\t\t\t\t<span class=\"elementor-heading-title elementor-size-default\"><a href=\"https:\/\/www.myportugalexperience.com\/blog\/casas-para-ferias-em-albufeira\/\">Casas<\/a><\/span>\t\t\t\t<\/div>\n\t\t\t\t<\/div>\n\t\t\t\t<div class=\"elementor-element elementor-element-8dadfa6 elementor-widget elementor-widget-heading\" data-id=\"8dadfa6\" data-element_type=\"widget\" data-e-type=\"widget\" data-widget_type=\"heading.default\">\n\t\t\t\t<div class=\"elementor-widget-container\">\n\t\t\t\t\t<span class=\"elementor-heading-title elementor-size-default\"><a href=\"https:\/\/www.myportugalexperience.com\/blog\/apartamentos-baratos-em-albufeira\/\">\u00c9studios<\/a><\/span>\t\t\t\t<\/div>\n\t\t\t\t<\/div>\n\t\t\t\t<div class=\"elementor-element elementor-element-464c12e elementor-widget elementor-widget-heading\" data-id=\"464c12e\" data-element_type=\"widget\" data-e-type=\"widget\" data-widget_type=\"heading.default\">\n\t\t\t\t<div class=\"elementor-widget-container\">\n\t\t\t\t\t<span class=\"elementor-heading-title elementor-size-default\"><a href=\"https:\/\/www.myportugalexperience.com\/blog\/casa-grande-albufeira\/\">Casas grandes<\/a><\/span>\t\t\t\t<\/div>\n\t\t\t\t<\/div>\n\t\t\t\t<div class=\"elementor-element elementor-element-1d3c0c1 elementor-widget elementor-widget-heading\" data-id=\"1d3c0c1\" data-element_type=\"widget\" data-e-type=\"widget\" data-widget_type=\"heading.default\">\n\t\t\t\t<div class=\"elementor-widget-container\">\n\t\t\t\t\t<span class=\"elementor-heading-title elementor-size-default\"><a href=\"https:\/\/www.myportugalexperience.com\/blog\/alojamiento-familiar-em-albufeira\/\">Familiar<\/a><\/span>\t\t\t\t<\/div>\n\t\t\t\t<\/div>\n\t\t\t\t<\/div>\n\t\t\t\t<\/div>\n\t\t<div class=\"elementor-element elementor-element-ca267df e-con-full e-flex e-con e-child\" data-id=\"ca267df\" data-element_type=\"container\" data-e-type=\"container\" data-settings=\"{&quot;background_background&quot;:&quot;classic&quot;}\">\n\t\t\t\t<div class=\"elementor-element elementor-element-82f83d8 elementor-widget elementor-widget-heading\" data-id=\"82f83d8\" data-element_type=\"widget\" data-e-type=\"widget\" data-widget_type=\"heading.default\">\n\t\t\t\t<div class=\"elementor-widget-container\">\n\t\t\t\t\t<h2 class=\"elementor-heading-title elementor-size-default\">Gal\u00e9<\/h2>\t\t\t\t<\/div>\n\t\t\t\t<\/div>\n\t\t<div class=\"elementor-element elementor-element-0067e49 e-con-full e-flex e-con e-child\" data-id=\"0067e49\" data-element_type=\"container\" data-e-type=\"container\">\n\t\t\t\t<div class=\"elementor-element elementor-element-c800689 elementor-widget elementor-widget-heading\" data-id=\"c800689\" data-element_type=\"widget\" data-e-type=\"widget\" data-widget_type=\"heading.default\">\n\t\t\t\t<div class=\"elementor-widget-container\">\n\t\t\t\t\t<span class=\"elementor-heading-title elementor-size-default\"><a href=\"https:\/\/www.myportugalexperience.com\/blog\/alojamento-praia-da-gale\/\">Alojamentos<\/a><\/span>\t\t\t\t<\/div>\n\t\t\t\t<\/div>\n\t\t\t\t<\/div>\n\t\t\t\t<\/div>\n\t\t<div class=\"elementor-element elementor-element-c75d141 e-con-full e-flex e-con e-child\" data-id=\"c75d141\" data-element_type=\"container\" data-e-type=\"container\" data-settings=\"{&quot;background_background&quot;:&quot;classic&quot;}\">\n\t\t\t\t<div class=\"elementor-element elementor-element-2de9104 elementor-widget elementor-widget-heading\" data-id=\"2de9104\" data-element_type=\"widget\" data-e-type=\"widget\" data-widget_type=\"heading.default\">\n\t\t\t\t<div class=\"elementor-widget-container\">\n\t\t\t\t\t<h2 class=\"elementor-heading-title elementor-size-default\">Guia<\/h2>\t\t\t\t<\/div>\n\t\t\t\t<\/div>\n\t\t<div class=\"elementor-element elementor-element-857246d e-con-full e-flex e-con e-child\" data-id=\"857246d\" data-element_type=\"container\" data-e-type=\"container\">\n\t\t\t\t<div class=\"elementor-element elementor-element-3b18eb2 elementor-widget elementor-widget-heading\" data-id=\"3b18eb2\" data-element_type=\"widget\" data-e-type=\"widget\" data-widget_type=\"heading.default\">\n\t\t\t\t<div class=\"elementor-widget-container\">\n\t\t\t\t\t<span class=\"elementor-heading-title elementor-size-default\"><a href=\"https:\/\/www.myportugalexperience.com\/blog\/alojamento-guia-albufeira\/\">Alojamentos<\/a><\/span>\t\t\t\t<\/div>\n\t\t\t\t<\/div>\n\t\t\t\t<\/div>\n\t\t\t\t<\/div>\n\t\t\t\t<\/div>\n\t\t\t\t\t<\/div>\n\t\t\t\t<\/div>\n\t\t<div class=\"elementor-element elementor-element-fbe61f6 e-flex e-con-boxed e-con e-parent\" data-id=\"fbe61f6\" data-element_type=\"container\" data-e-type=\"container\">\n\t\t\t\t\t<div class=\"e-con-inner\">\n\t\t<div class=\"elementor-element elementor-element-8a8f539 e-con-full e-flex e-con e-child\" data-id=\"8a8f539\" data-element_type=\"container\" data-e-type=\"container\">\n\t\t<div class=\"elementor-element elementor-element-caa31c5 e-con-full e-flex e-con e-child\" data-id=\"caa31c5\" data-element_type=\"container\" data-e-type=\"container\" data-settings=\"{&quot;background_background&quot;:&quot;classic&quot;}\">\n\t\t\t\t<div class=\"elementor-element elementor-element-dd00893 elementor-widget elementor-widget-heading\" data-id=\"dd00893\" data-element_type=\"widget\" data-e-type=\"widget\" data-widget_type=\"heading.default\">\n\t\t\t\t<div class=\"elementor-widget-container\">\n\t\t\t\t\t<h2 class=\"elementor-heading-title elementor-size-default\"><a href=\"https:\/\/www.myportugalexperience.com\/blog\/en\/algarve-holiday-rentals\/\">Paderne<\/a><\/h2>\t\t\t\t<\/div>\n\t\t\t\t<\/div>\n\t\t<div class=\"elementor-element elementor-element-9854f71 e-con-full e-flex e-con e-child\" data-id=\"9854f71\" data-element_type=\"container\" data-e-type=\"container\">\n\t\t\t\t<div class=\"elementor-element elementor-element-f4c7676 elementor-widget elementor-widget-heading\" data-id=\"f4c7676\" data-element_type=\"widget\" data-e-type=\"widget\" data-widget_type=\"heading.default\">\n\t\t\t\t<div class=\"elementor-widget-container\">\n\t\t\t\t\t<span class=\"elementor-heading-title elementor-size-default\"><a href=\"https:\/\/www.myportugalexperience.com\/blog\/casas-para-alugar-em-paderne\/\">Casas<\/a><\/span>\t\t\t\t<\/div>\n\t\t\t\t<\/div>\n\t\t\t\t<\/div>\n\t\t\t\t<\/div>\n\t\t<div class=\"elementor-element elementor-element-37c7dab e-con-full e-flex e-con e-child\" data-id=\"37c7dab\" data-element_type=\"container\" data-e-type=\"container\" data-settings=\"{&quot;background_background&quot;:&quot;classic&quot;}\">\n\t\t\t\t<div class=\"elementor-element elementor-element-fc5c367 elementor-widget elementor-widget-heading\" data-id=\"fc5c367\" data-element_type=\"widget\" data-e-type=\"widget\" data-widget_type=\"heading.default\">\n\t\t\t\t<div class=\"elementor-widget-container\">\n\t\t\t\t\t<h2 class=\"elementor-heading-title elementor-size-default\">Vilamoura<\/h2>\t\t\t\t<\/div>\n\t\t\t\t<\/div>\n\t\t<div class=\"elementor-element elementor-element-2553d7d e-con-full e-flex e-con e-child\" data-id=\"2553d7d\" data-element_type=\"container\" data-e-type=\"container\">\n\t\t\t\t<div class=\"elementor-element elementor-element-e597087 elementor-widget elementor-widget-heading\" data-id=\"e597087\" data-element_type=\"widget\" data-e-type=\"widget\" data-widget_type=\"heading.default\">\n\t\t\t\t<div class=\"elementor-widget-container\">\n\t\t\t\t\t<span class=\"elementor-heading-title elementor-size-default\"><a href=\"https:\/\/www.myportugalexperience.com\/blog\/alojamento-em-vilamoura\/\">Alojamentos<\/a><\/span>\t\t\t\t<\/div>\n\t\t\t\t<\/div>\n\t\t\t\t<\/div>\n\t\t\t\t<\/div>\n\t\t<div class=\"elementor-element elementor-element-92073aa e-con-full e-flex e-con e-child\" data-id=\"92073aa\" data-element_type=\"container\" data-e-type=\"container\" data-settings=\"{&quot;background_background&quot;:&quot;classic&quot;}\">\n\t\t\t\t<div class=\"elementor-element elementor-element-44f0626 elementor-widget elementor-widget-heading\" data-id=\"44f0626\" data-element_type=\"widget\" data-e-type=\"widget\" data-widget_type=\"heading.default\">\n\t\t\t\t<div class=\"elementor-widget-container\">\n\t\t\t\t\t<h2 class=\"elementor-heading-title elementor-size-default\">Lisbon<\/h2>\t\t\t\t<\/div>\n\t\t\t\t<\/div>\n\t\t<div class=\"elementor-element elementor-element-1e5fbb9 e-con-full e-flex e-con e-child\" data-id=\"1e5fbb9\" data-element_type=\"container\" data-e-type=\"container\">\n\t\t\t\t<div class=\"elementor-element elementor-element-f8ebc94 elementor-widget elementor-widget-heading\" data-id=\"f8ebc94\" data-element_type=\"widget\" data-e-type=\"widget\" data-widget_type=\"heading.default\">\n\t\t\t\t<div class=\"elementor-widget-container\">\n\t\t\t\t\t<span class=\"elementor-heading-title elementor-size-default\"><a href=\"https:\/\/www.myportugalexperience.com\/blog\/alojamento-em-lisboa\/\">Alojamentos<\/a><\/span>\t\t\t\t<\/div>\n\t\t\t\t<\/div>\n\t\t\t\t<\/div>\n\t\t\t\t<\/div>\n\t\t<div class=\"elementor-element elementor-element-7b86a13 e-con-full e-flex e-con e-child\" data-id=\"7b86a13\" data-element_type=\"container\" data-e-type=\"container\" data-settings=\"{&quot;background_background&quot;:&quot;classic&quot;}\">\n\t\t\t\t<div class=\"elementor-element elementor-element-1cf1553 elementor-widget elementor-widget-heading\" data-id=\"1cf1553\" data-element_type=\"widget\" data-e-type=\"widget\" data-widget_type=\"heading.default\">\n\t\t\t\t<div class=\"elementor-widget-container\">\n\t\t\t\t\t<h2 class=\"elementor-heading-title elementor-size-default\">Estoril<\/h2>\t\t\t\t<\/div>\n\t\t\t\t<\/div>\n\t\t<div class=\"elementor-element elementor-element-e9101f1 e-con-full e-flex e-con e-child\" data-id=\"e9101f1\" data-element_type=\"container\" data-e-type=\"container\">\n\t\t\t\t<div class=\"elementor-element elementor-element-73a9ad0 elementor-widget elementor-widget-heading\" data-id=\"73a9ad0\" data-element_type=\"widget\" data-e-type=\"widget\" data-widget_type=\"heading.default\">\n\t\t\t\t<div class=\"elementor-widget-container\">\n\t\t\t\t\t<span class=\"elementor-heading-title elementor-size-default\"><a href=\"https:\/\/www.myportugalexperience.com\/blog\/alojamento-estoril\/\">Alojamentos<\/a><\/span>\t\t\t\t<\/div>\n\t\t\t\t<\/div>\n\t\t\t\t<\/div>\n\t\t\t\t<\/div>\n\t\t\t\t<\/div>\n\t\t\t\t\t<\/div>\n\t\t\t\t<\/div>\n\t\t<div class=\"elementor-element elementor-element-698f25a e-flex e-con-boxed e-con e-parent\" data-id=\"698f25a\" data-element_type=\"container\" data-e-type=\"container\">\n\t\t\t\t\t<div class=\"e-con-inner\">\n\t\t<div class=\"elementor-element elementor-element-0105a6f e-con-full e-flex e-con e-child\" data-id=\"0105a6f\" data-element_type=\"container\" data-e-type=\"container\">\n\t\t<div class=\"elementor-element elementor-element-922b370 e-con-full e-flex e-con e-child\" data-id=\"922b370\" data-element_type=\"container\" data-e-type=\"container\" data-settings=\"{&quot;background_background&quot;:&quot;classic&quot;}\">\n\t\t\t\t<div class=\"elementor-element elementor-element-21bbc96 elementor-widget elementor-widget-heading\" data-id=\"21bbc96\" data-element_type=\"widget\" data-e-type=\"widget\" data-widget_type=\"heading.default\">\n\t\t\t\t<div class=\"elementor-widget-container\">\n\t\t\t\t\t<h2 class=\"elementor-heading-title elementor-size-default\"><a href=\"https:\/\/www.myportugalexperience.com\/blog\/en\/algarve-holiday-rentals\/\">Sesimbra<\/a><\/h2>\t\t\t\t<\/div>\n\t\t\t\t<\/div>\n\t\t<div class=\"elementor-element elementor-element-3565590 e-con-full e-flex e-con e-child\" data-id=\"3565590\" data-element_type=\"container\" data-e-type=\"container\">\n\t\t\t\t<div class=\"elementor-element elementor-element-1c91dc1 elementor-widget elementor-widget-heading\" data-id=\"1c91dc1\" data-element_type=\"widget\" data-e-type=\"widget\" data-widget_type=\"heading.default\">\n\t\t\t\t<div class=\"elementor-widget-container\">\n\t\t\t\t\t<span class=\"elementor-heading-title elementor-size-default\"><a href=\"https:\/\/www.myportugalexperience.com\/blog\/alojamento-em-sesimbra\/\">Alojamentos<\/a><\/span>\t\t\t\t<\/div>\n\t\t\t\t<\/div>\n\t\t\t\t<\/div>\n\t\t\t\t<\/div>\n\t\t<div class=\"elementor-element elementor-element-41622ad e-con-full e-flex e-con e-child\" data-id=\"41622ad\" data-element_type=\"container\" data-e-type=\"container\" data-settings=\"{&quot;background_background&quot;:&quot;classic&quot;}\">\n\t\t\t\t<div class=\"elementor-element elementor-element-71b1ea5 elementor-widget elementor-widget-heading\" data-id=\"71b1ea5\" data-element_type=\"widget\" data-e-type=\"widget\" data-widget_type=\"heading.default\">\n\t\t\t\t<div class=\"elementor-widget-container\">\n\t\t\t\t\t<h2 class=\"elementor-heading-title elementor-size-default\">Golf<\/h2>\t\t\t\t<\/div>\n\t\t\t\t<\/div>\n\t\t<div class=\"elementor-element elementor-element-ab222cb e-con-full e-flex e-con e-child\" data-id=\"ab222cb\" data-element_type=\"container\" data-e-type=\"container\">\n\t\t\t\t<div class=\"elementor-element elementor-element-f4578e0 elementor-widget elementor-widget-heading\" data-id=\"f4578e0\" data-element_type=\"widget\" data-e-type=\"widget\" data-widget_type=\"heading.default\">\n\t\t\t\t<div class=\"elementor-widget-container\">\n\t\t\t\t\t<span class=\"elementor-heading-title elementor-size-default\"><a href=\"https:\/\/www.myportugalexperience.com\/blog\/alojamento-perto-campos-de-golfe-no-algarve\/\">Alojamentos<\/a><\/span>\t\t\t\t<\/div>\n\t\t\t\t<\/div>\n\t\t\t\t<\/div>\n\t\t\t\t<\/div>\n\t\t<div class=\"elementor-element elementor-element-2af064e e-con-full e-flex e-con e-child\" data-id=\"2af064e\" data-element_type=\"container\" data-e-type=\"container\" data-settings=\"{&quot;background_background&quot;:&quot;classic&quot;}\">\n\t\t\t\t<div class=\"elementor-element elementor-element-a383dcf elementor-widget elementor-widget-heading\" data-id=\"a383dcf\" data-element_type=\"widget\" data-e-type=\"widget\" data-widget_type=\"heading.default\">\n\t\t\t\t<div class=\"elementor-widget-container\">\n\t\t\t\t\t<h2 class=\"elementor-heading-title elementor-size-default\">Piscina<\/h2>\t\t\t\t<\/div>\n\t\t\t\t<\/div>\n\t\t<div class=\"elementor-element elementor-element-4064179 e-con-full e-flex e-con e-child\" data-id=\"4064179\" data-element_type=\"container\" data-e-type=\"container\">\n\t\t\t\t<div class=\"elementor-element elementor-element-86e6e8c elementor-widget elementor-widget-heading\" data-id=\"86e6e8c\" data-element_type=\"widget\" data-e-type=\"widget\" data-widget_type=\"heading.default\">\n\t\t\t\t<div class=\"elementor-widget-container\">\n\t\t\t\t\t<span class=\"elementor-heading-title elementor-size-default\"><a href=\"https:\/\/www.myportugalexperience.com\/blog\/casas-para-alugar-com-piscina-privada-algarve\/\">Casas<\/a><\/span>\t\t\t\t<\/div>\n\t\t\t\t<\/div>\n\t\t\t\t<div class=\"elementor-element elementor-element-9acae67 elementor-widget elementor-widget-heading\" data-id=\"9acae67\" data-element_type=\"widget\" data-e-type=\"widget\" data-widget_type=\"heading.default\">\n\t\t\t\t<div class=\"elementor-widget-container\">\n\t\t\t\t\t<span class=\"elementor-heading-title elementor-size-default\"><a href=\"https:\/\/www.myportugalexperience.com\/blog\/alojamentos-com-piscina-em-albufeira\/\">Alojamentos<\/a><\/span>\t\t\t\t<\/div>\n\t\t\t\t<\/div>\n\t\t\t\t<div class=\"elementor-element elementor-element-ee8bb32 elementor-widget elementor-widget-heading\" data-id=\"ee8bb32\" data-element_type=\"widget\" data-e-type=\"widget\" data-widget_type=\"heading.default\">\n\t\t\t\t<div class=\"elementor-widget-container\">\n\t\t\t\t\t<span class=\"elementor-heading-title elementor-size-default\"><a href=\"https:\/\/www.myportugalexperience.com\/blog\/casas-para-lugar-com-piscina-privada-algarve\/\">Privada<\/a><\/span>\t\t\t\t<\/div>\n\t\t\t\t<\/div>\n\t\t\t\t<\/div>\n\t\t\t\t<\/div>\n\t\t<div class=\"elementor-element elementor-element-e4fcb64 e-con-full e-flex e-con e-child\" data-id=\"e4fcb64\" data-element_type=\"container\" data-e-type=\"container\" data-settings=\"{&quot;background_background&quot;:&quot;classic&quot;}\">\n\t\t\t\t<div class=\"elementor-element elementor-element-9b2d2ff elementor-widget elementor-widget-heading\" data-id=\"9b2d2ff\" data-element_type=\"widget\" data-e-type=\"widget\" data-widget_type=\"heading.default\">\n\t\t\t\t<div class=\"elementor-widget-container\">\n\t\t\t\t\t<h2 class=\"elementor-heading-title elementor-size-default\">Praia<\/h2>\t\t\t\t<\/div>\n\t\t\t\t<\/div>\n\t\t<div class=\"elementor-element elementor-element-b7b9779 e-con-full e-flex e-con e-child\" data-id=\"b7b9779\" data-element_type=\"container\" data-e-type=\"container\">\n\t\t\t\t<div class=\"elementor-element elementor-element-298c300 elementor-widget elementor-widget-heading\" data-id=\"298c300\" data-element_type=\"widget\" data-e-type=\"widget\" data-widget_type=\"heading.default\">\n\t\t\t\t<div class=\"elementor-widget-container\">\n\t\t\t\t\t<span class=\"elementor-heading-title elementor-size-default\"><a href=\"https:\/\/www.myportugalexperience.com\/blog\/apartamentos-albufeira-praia-dos-pescadores\/\">Dos Pescadores<\/a><\/span>\t\t\t\t<\/div>\n\t\t\t\t<\/div>\n\t\t\t\t<div class=\"elementor-element elementor-element-e6431a4 elementor-widget elementor-widget-heading\" data-id=\"e6431a4\" data-element_type=\"widget\" data-e-type=\"widget\" data-widget_type=\"heading.default\">\n\t\t\t\t<div class=\"elementor-widget-container\">\n\t\t\t\t\t<span class=\"elementor-heading-title elementor-size-default\"><a href=\"https:\/\/www.myportugalexperience.com\/blog\/alugueres-de-casas-de-praia-em-albufeira\/\">Casas<\/a><\/span>\t\t\t\t<\/div>\n\t\t\t\t<\/div>\n\t\t\t\t<\/div>\n\t\t\t\t<\/div>\n\t\t\t\t<\/div>\n\t\t\t\t\t<\/div>\n\t\t\t\t<\/div>\n\t\t\t\t<\/div>\n\t\t<\/div>\n\t\t\t\t\t\t<\/div>\n\t\t\t\t<\/div>\n\t\t\t\t\t<\/div>\n\t\t\t\t<\/div>\n\t\t\t\t<\/div>\n\t\t","protected":false},"excerpt":{"rendered":"<p>Explore o nosso alojamento familiar em Albufeira. Reserve um alojamento ideal para f\u00e9rias na praia, estadias em fam\u00edlia ou escapadelas rom\u00e2nticas. <\/p>\n","protected":false},"author":3,"featured_media":2077,"parent":0,"menu_order":0,"comment_status":"closed","ping_status":"closed","template":"","meta":{"footnotes":""},"class_list":["post-2104","page","type-page","status-publish","has-post-thumbnail","hentry"],"yoast_head":"<!-- This site is optimized with the Yoast SEO plugin v26.5 - https:\/\/yoast.com\/wordpress\/plugins\/seo\/ -->\n<title>Alojamento familiar em Albufeira | My Portugal Experience<\/title>\n<meta name=\"description\" content=\"Explore o nosso alojamento familiar em Albufeira. Reserve um alojamento ideal para f\u00e9rias na praia, estadias em fam\u00edlia ou escapadelas rom\u00e2nticas.\" \/>\n<meta name=\"robots\" content=\"index, follow, max-snippet:-1, max-image-preview:large, max-video-preview:-1\" \/>\n<link rel=\"canonical\" href=\"https:\/\/www.myportugalexperience.com\/blog\/alojamiento-familiar-em-albufeira\/\" \/>\n<meta property=\"og:locale\" content=\"pt_PT\" \/>\n<meta property=\"og:type\" content=\"article\" \/>\n<meta property=\"og:title\" content=\"Alojamento familiar em Albufeira | My Portugal Experience\" \/>\n<meta property=\"og:description\" content=\"Explore o nosso alojamento familiar em Albufeira. Reserve um alojamento ideal para f\u00e9rias na praia, estadias em fam\u00edlia ou escapadelas rom\u00e2nticas.\" \/>\n<meta property=\"og:url\" content=\"https:\/\/www.myportugalexperience.com\/blog\/alojamiento-familiar-em-albufeira\/\" \/>\n<meta property=\"og:site_name\" content=\"Blog\" \/>\n<meta property=\"article:modified_time\" content=\"2026-01-19T10:45:53+00:00\" \/>\n<meta property=\"og:image\" content=\"https:\/\/www.myportugalexperience.com\/blog\/wp-content\/uploads\/2026\/01\/family-accommodation-in-albufeira.webp\" \/>\n\t<meta property=\"og:image:width\" content=\"800\" \/>\n\t<meta property=\"og:image:height\" content=\"800\" \/>\n\t<meta property=\"og:image:type\" content=\"image\/webp\" \/>\n<meta name=\"twitter:card\" content=\"summary_large_image\" \/>\n<meta name=\"twitter:label1\" content=\"Est. reading time\" \/>\n\t<meta name=\"twitter:data1\" content=\"6 minutes\" \/>\n<script type=\"application\/ld+json\" class=\"yoast-schema-graph\">{\"@context\":\"https:\/\/schema.org\",\"@graph\":[{\"@type\":\"WebPage\",\"@id\":\"https:\/\/www.myportugalexperience.com\/blog\/alojamiento-familiar-em-albufeira\/\",\"url\":\"https:\/\/www.myportugalexperience.com\/blog\/alojamiento-familiar-em-albufeira\/\",\"name\":\"Alojamento familiar em Albufeira | My Portugal Experience\",\"isPartOf\":{\"@id\":\"https:\/\/www.myportugalexperience.com\/blog\/#website\"},\"primaryImageOfPage\":{\"@id\":\"https:\/\/www.myportugalexperience.com\/blog\/alojamiento-familiar-em-albufeira\/#primaryimage\"},\"image\":{\"@id\":\"https:\/\/www.myportugalexperience.com\/blog\/alojamiento-familiar-em-albufeira\/#primaryimage\"},\"thumbnailUrl\":\"https:\/\/www.myportugalexperience.com\/blog\/wp-content\/uploads\/2026\/01\/family-accommodation-in-albufeira.webp\",\"datePublished\":\"2026-01-19T10:20:43+00:00\",\"dateModified\":\"2026-01-19T10:45:53+00:00\",\"description\":\"Explore o nosso alojamento familiar em Albufeira. Reserve um alojamento ideal para f\u00e9rias na praia, estadias em fam\u00edlia ou escapadelas rom\u00e2nticas.\",\"breadcrumb\":{\"@id\":\"https:\/\/www.myportugalexperience.com\/blog\/alojamiento-familiar-em-albufeira\/#breadcrumb\"},\"inLanguage\":\"pt\",\"potentialAction\":[{\"@type\":\"ReadAction\",\"target\":[\"https:\/\/www.myportugalexperience.com\/blog\/alojamiento-familiar-em-albufeira\/\"]}]},{\"@type\":\"ImageObject\",\"inLanguage\":\"pt\",\"@id\":\"https:\/\/www.myportugalexperience.com\/blog\/alojamiento-familiar-em-albufeira\/#primaryimage\",\"url\":\"https:\/\/www.myportugalexperience.com\/blog\/wp-content\/uploads\/2026\/01\/family-accommodation-in-albufeira.webp\",\"contentUrl\":\"https:\/\/www.myportugalexperience.com\/blog\/wp-content\/uploads\/2026\/01\/family-accommodation-in-albufeira.webp\",\"width\":800,\"height\":800},{\"@type\":\"BreadcrumbList\",\"@id\":\"https:\/\/www.myportugalexperience.com\/blog\/alojamiento-familiar-em-albufeira\/#breadcrumb\",\"itemListElement\":[{\"@type\":\"ListItem\",\"position\":1,\"name\":\"Home\",\"item\":\"https:\/\/www.myportugalexperience.com\/blog\/\"},{\"@type\":\"ListItem\",\"position\":2,\"name\":\"Alojamento familiar em Albufeira\"}]},{\"@type\":\"WebSite\",\"@id\":\"https:\/\/www.myportugalexperience.com\/blog\/#website\",\"url\":\"https:\/\/www.myportugalexperience.com\/blog\/\",\"name\":\"Blog\",\"description\":\"OC VILLAS\",\"potentialAction\":[{\"@type\":\"SearchAction\",\"target\":{\"@type\":\"EntryPoint\",\"urlTemplate\":\"https:\/\/www.myportugalexperience.com\/blog\/?s={search_term_string}\"},\"query-input\":{\"@type\":\"PropertyValueSpecification\",\"valueRequired\":true,\"valueName\":\"search_term_string\"}}],\"inLanguage\":\"pt\"}]}<\/script>\n<!-- \/ Yoast SEO plugin. -->","yoast_head_json":{"title":"Alojamento familiar em Albufeira | My Portugal Experience","description":"Explore o nosso alojamento familiar em Albufeira. Reserve um alojamento ideal para f\u00e9rias na praia, estadias em fam\u00edlia ou escapadelas rom\u00e2nticas.","robots":{"index":"index","follow":"follow","max-snippet":"max-snippet:-1","max-image-preview":"max-image-preview:large","max-video-preview":"max-video-preview:-1"},"canonical":"https:\/\/www.myportugalexperience.com\/blog\/alojamiento-familiar-em-albufeira\/","og_locale":"pt_PT","og_type":"article","og_title":"Alojamento familiar em Albufeira | My Portugal Experience","og_description":"Explore o nosso alojamento familiar em Albufeira. Reserve um alojamento ideal para f\u00e9rias na praia, estadias em fam\u00edlia ou escapadelas rom\u00e2nticas.","og_url":"https:\/\/www.myportugalexperience.com\/blog\/alojamiento-familiar-em-albufeira\/","og_site_name":"Blog","article_modified_time":"2026-01-19T10:45:53+00:00","og_image":[{"width":800,"height":800,"url":"https:\/\/www.myportugalexperience.com\/blog\/wp-content\/uploads\/2026\/01\/family-accommodation-in-albufeira.webp","type":"image\/webp"}],"twitter_card":"summary_large_image","twitter_misc":{"Est. reading time":"6 minutes"},"schema":{"@context":"https:\/\/schema.org","@graph":[{"@type":"WebPage","@id":"https:\/\/www.myportugalexperience.com\/blog\/alojamiento-familiar-em-albufeira\/","url":"https:\/\/www.myportugalexperience.com\/blog\/alojamiento-familiar-em-albufeira\/","name":"Alojamento familiar em Albufeira | My Portugal Experience","isPartOf":{"@id":"https:\/\/www.myportugalexperience.com\/blog\/#website"},"primaryImageOfPage":{"@id":"https:\/\/www.myportugalexperience.com\/blog\/alojamiento-familiar-em-albufeira\/#primaryimage"},"image":{"@id":"https:\/\/www.myportugalexperience.com\/blog\/alojamiento-familiar-em-albufeira\/#primaryimage"},"thumbnailUrl":"https:\/\/www.myportugalexperience.com\/blog\/wp-content\/uploads\/2026\/01\/family-accommodation-in-albufeira.webp","datePublished":"2026-01-19T10:20:43+00:00","dateModified":"2026-01-19T10:45:53+00:00","description":"Explore o nosso alojamento familiar em Albufeira. Reserve um alojamento ideal para f\u00e9rias na praia, estadias em fam\u00edlia ou escapadelas rom\u00e2nticas.","breadcrumb":{"@id":"https:\/\/www.myportugalexperience.com\/blog\/alojamiento-familiar-em-albufeira\/#breadcrumb"},"inLanguage":"pt","potentialAction":[{"@type":"ReadAction","target":["https:\/\/www.myportugalexperience.com\/blog\/alojamiento-familiar-em-albufeira\/"]}]},{"@type":"ImageObject","inLanguage":"pt","@id":"https:\/\/www.myportugalexperience.com\/blog\/alojamiento-familiar-em-albufeira\/#primaryimage","url":"https:\/\/www.myportugalexperience.com\/blog\/wp-content\/uploads\/2026\/01\/family-accommodation-in-albufeira.webp","contentUrl":"https:\/\/www.myportugalexperience.com\/blog\/wp-content\/uploads\/2026\/01\/family-accommodation-in-albufeira.webp","width":800,"height":800},{"@type":"BreadcrumbList","@id":"https:\/\/www.myportugalexperience.com\/blog\/alojamiento-familiar-em-albufeira\/#breadcrumb","itemListElement":[{"@type":"ListItem","position":1,"name":"Home","item":"https:\/\/www.myportugalexperience.com\/blog\/"},{"@type":"ListItem","position":2,"name":"Alojamento familiar em Albufeira"}]},{"@type":"WebSite","@id":"https:\/\/www.myportugalexperience.com\/blog\/#website","url":"https:\/\/www.myportugalexperience.com\/blog\/","name":"Blog","description":"OC VILLAS","potentialAction":[{"@type":"SearchAction","target":{"@type":"EntryPoint","urlTemplate":"https:\/\/www.myportugalexperience.com\/blog\/?s={search_term_string}"},"query-input":{"@type":"PropertyValueSpecification","valueRequired":true,"valueName":"search_term_string"}}],"inLanguage":"pt"}]}},"_links":{"self":[{"href":"https:\/\/www.myportugalexperience.com\/blog\/wp-json\/wp\/v2\/pages\/2104","targetHints":{"allow":["GET"]}}],"collection":[{"href":"https:\/\/www.myportugalexperience.com\/blog\/wp-json\/wp\/v2\/pages"}],"about":[{"href":"https:\/\/www.myportugalexperience.com\/blog\/wp-json\/wp\/v2\/types\/page"}],"author":[{"embeddable":true,"href":"https:\/\/www.myportugalexperience.com\/blog\/wp-json\/wp\/v2\/users\/3"}],"replies":[{"embeddable":true,"href":"https:\/\/www.myportugalexperience.com\/blog\/wp-json\/wp\/v2\/comments?post=2104"}],"version-history":[{"count":4,"href":"https:\/\/www.myportugalexperience.com\/blog\/wp-json\/wp\/v2\/pages\/2104\/revisions"}],"predecessor-version":[{"id":2142,"href":"https:\/\/www.myportugalexperience.com\/blog\/wp-json\/wp\/v2\/pages\/2104\/revisions\/2142"}],"wp:featuredmedia":[{"embeddable":true,"href":"https:\/\/www.myportugalexperience.com\/blog\/wp-json\/wp\/v2\/media\/2077"}],"wp:attachment":[{"href":"https:\/\/www.myportugalexperience.com\/blog\/wp-json\/wp\/v2\/media?parent=2104"}],"curies":[{"name":"wp","href":"https:\/\/api.w.org\/{rel}","templated":true}]}}