{"id":2677,"date":"2026-03-10T09:29:49","date_gmt":"2026-03-10T09:29:49","guid":{"rendered":"https:\/\/www.myportugalexperience.com\/blog\/?page_id=2677"},"modified":"2026-03-20T11:58:44","modified_gmt":"2026-03-20T11:58:44","slug":"casas-apartamentos-para-ferias-em-albufeira","status":"publish","type":"page","link":"https:\/\/www.myportugalexperience.com\/blog\/casas-apartamentos-para-ferias-em-albufeira\/","title":{"rendered":"Encontre casas e apartamentos para f\u00e9rias em Albufeira"},"content":{"rendered":"\t\t<div data-elementor-type=\"wp-page\" data-elementor-id=\"2677\" class=\"elementor elementor-2677\" data-elementor-post-type=\"page\">\n\t\t\t\t<div class=\"elementor-element elementor-element-9aa8594 e-con-full e-flex e-con e-parent\" data-id=\"9aa8594\" data-element_type=\"container\" data-e-type=\"container\">\n\t\t<div class=\"elementor-element elementor-element-bceea9b e-con-full e-flex e-con e-child\" data-id=\"bceea9b\" data-element_type=\"container\" data-e-type=\"container\" data-settings=\"{&quot;background_background&quot;:&quot;classic&quot;}\">\n\t\t<div class=\"elementor-element elementor-element-8a5c079 e-flex e-con-boxed e-con e-child\" data-id=\"8a5c079\" data-element_type=\"container\" data-e-type=\"container\">\n\t\t\t\t\t<div class=\"e-con-inner\">\n\t\t<div class=\"elementor-element elementor-element-14811b5 e-con-full e-flex e-con e-child\" data-id=\"14811b5\" data-element_type=\"container\" data-e-type=\"container\">\n\t\t\t\t<div class=\"elementor-element elementor-element-45d3da7 elementor-widget elementor-widget-heading\" data-id=\"45d3da7\" data-element_type=\"widget\" data-e-type=\"widget\" data-widget_type=\"heading.default\">\n\t\t\t\t<div class=\"elementor-widget-container\">\n\t\t\t\t\t<h1 class=\"elementor-heading-title elementor-size-default\">Encontre casas e apartamentos para f\u00e9rias em Albufeira\n<\/h1>\t\t\t\t<\/div>\n\t\t\t\t<\/div>\n\t\t\t\t<div class=\"elementor-element elementor-element-7b63689 elementor-widget elementor-widget-heading\" data-id=\"7b63689\" data-element_type=\"widget\" data-e-type=\"widget\" data-widget_type=\"heading.default\">\n\t\t\t\t<div class=\"elementor-widget-container\">\n\t\t\t\t\t<p class=\"elementor-heading-title elementor-size-default\">Sol, mar e uma pitada da alma Portuguesa\n<\/p>\t\t\t\t<\/div>\n\t\t\t\t<\/div>\n\t\t\t\t<\/div>\n\t\t\t\t\t<\/div>\n\t\t\t\t<\/div>\n\t\t\t\t<\/div>\n\t\t\t\t<\/div>\n\t\t<div class=\"elementor-element elementor-element-598f5c53 e-flex e-con-boxed e-con e-parent\" data-id=\"598f5c53\" data-element_type=\"container\" data-e-type=\"container\">\n\t\t\t\t\t<div class=\"e-con-inner\">\n\t\t<div class=\"elementor-element elementor-element-5d72a83a e-con-full e-flex e-con e-child\" data-id=\"5d72a83a\" data-element_type=\"container\" data-e-type=\"container\">\n\t\t\t\t<div class=\"elementor-element elementor-element-7f8aa979 elementor-widget elementor-widget-heading\" data-id=\"7f8aa979\" data-element_type=\"widget\" data-e-type=\"widget\" data-widget_type=\"heading.default\">\n\t\t\t\t<div class=\"elementor-widget-container\">\n\t\t\t\t\t<h2 class=\"elementor-heading-title elementor-size-default\"><a href=\"https:\/\/www.myportugalexperience.com\/aluguer\/alugueres-costa-del-algarve-z187\/orden-avalia\u00e7ao\/\">Melhor avaliados\n<\/a><\/h2>\t\t\t\t<\/div>\n\t\t\t\t<\/div>\n\t\t\t\t<\/div>\n\t\t<div class=\"elementor-element elementor-element-29098a2e e-con-full e-flex e-con e-child\" data-id=\"29098a2e\" data-element_type=\"container\" data-e-type=\"container\">\n\t\t\t\t<div class=\"elementor-element elementor-element-60f450a4 elementor-widget elementor-widget-heading\" data-id=\"60f450a4\" data-element_type=\"widget\" data-e-type=\"widget\" data-widget_type=\"heading.default\">\n\t\t\t\t<div class=\"elementor-widget-container\">\n\t\t\t\t\t<h2 class=\"elementor-heading-title elementor-size-default\"><a href=\"https:\/\/www.myportugalexperience.com\/aluguer\/alugueres-costa-del-algarve-z187\/mais-baratos\/\">Mais baratos\n<\/a><\/h2>\t\t\t\t<\/div>\n\t\t\t\t<\/div>\n\t\t\t\t<\/div>\n\t\t<div class=\"elementor-element elementor-element-16005f7f e-con-full e-flex e-con e-child\" data-id=\"16005f7f\" data-element_type=\"container\" data-e-type=\"container\">\n\t\t\t\t<div class=\"elementor-element elementor-element-3277bd1f elementor-widget elementor-widget-heading\" data-id=\"3277bd1f\" data-element_type=\"widget\" data-e-type=\"widget\" data-widget_type=\"heading.default\">\n\t\t\t\t<div class=\"elementor-widget-container\">\n\t\t\t\t\t<h2 class=\"elementor-heading-title elementor-size-default\"><a href=\"https:\/\/www.myportugalexperience.com\/aluguer\/alugueres-costa-del-algarve-z187\/tag-piscina\/\">Com piscina\n<\/a><\/h2>\t\t\t\t<\/div>\n\t\t\t\t<\/div>\n\t\t\t\t<\/div>\n\t\t<div class=\"elementor-element elementor-element-5aca9986 e-con-full e-flex e-con e-child\" data-id=\"5aca9986\" data-element_type=\"container\" data-e-type=\"container\">\n\t\t\t\t<div class=\"elementor-element elementor-element-5e66a3c2 elementor-widget elementor-widget-heading\" data-id=\"5e66a3c2\" data-element_type=\"widget\" data-e-type=\"widget\" data-widget_type=\"heading.default\">\n\t\t\t\t<div class=\"elementor-widget-container\">\n\t\t\t\t\t<h2 class=\"elementor-heading-title elementor-size-default\"><a href=\"https:\/\/www.myportugalexperience.com\/blog\/\">Informa\u00e7\u00f5es tur\u00edsticas<\/a><\/h2>\t\t\t\t<\/div>\n\t\t\t\t<\/div>\n\t\t\t\t<\/div>\n\t\t\t\t\t<\/div>\n\t\t\t\t<\/div>\n\t\t<div class=\"elementor-element elementor-element-18ce7f62 e-flex e-con-boxed e-con e-parent\" data-id=\"18ce7f62\" data-element_type=\"container\" data-e-type=\"container\">\n\t\t\t\t\t<div class=\"e-con-inner\">\n\t\t\t\t<div class=\"elementor-element elementor-element-b09094c elementor-widget elementor-widget-heading\" data-id=\"b09094c\" data-element_type=\"widget\" data-e-type=\"widget\" data-widget_type=\"heading.default\">\n\t\t\t\t<div class=\"elementor-widget-container\">\n\t\t\t\t\t<h2 class=\"elementor-heading-title elementor-size-default\">A melhor selec\u00e7\u00e3o de casas e apartamentos para f\u00e9rias em Albufeira\n<\/h2>\t\t\t\t<\/div>\n\t\t\t\t<\/div>\n\t\t\t\t<div class=\"elementor-element elementor-element-1cac7cad elementor-widget-divider--view-line elementor-widget elementor-widget-divider\" data-id=\"1cac7cad\" data-element_type=\"widget\" data-e-type=\"widget\" data-widget_type=\"divider.default\">\n\t\t\t\t<div class=\"elementor-widget-container\">\n\t\t\t\t\t\t\t<div class=\"elementor-divider\">\n\t\t\t<span class=\"elementor-divider-separator\">\n\t\t\t\t\t\t<\/span>\n\t\t<\/div>\n\t\t\t\t\t\t<\/div>\n\t\t\t\t<\/div>\n\t\t\t\t<div class=\"elementor-element elementor-element-b7f4c50 elementor-widget elementor-widget-grid\" data-id=\"b7f4c50\" data-element_type=\"widget\" data-e-type=\"widget\" data-widget_type=\"grid.default\">\n\t\t\t\t<div class=\"elementor-widget-container\">\n\t\t\t\t\t\t\t<div class=\"its--row alojamientos-recomendados\">\n\n\t\t\t<div class=\"alojamientos-recomendados-container\">\n\n\t\t\t\t\t\n\t\t\t\t\t<a href=\"https:\/\/www.myportugalexperience.com\/aluguer\/apartamento-albufeira-roma-vista-mar-5-min-baixa-albufeira-ac-268214.html\" rel=\"nofollow\" style=\"width: 49%;\">\n\t\t\t\t\t\t<div class=\"apartamento-box\">\n\t\t\t\t\t\t\t<div class=\"imagen_recomendados\">\n\t\t\t\t\t\t\t\t<img decoding=\"async\" src=\"https:\/\/crs.avantio.com\/fotos\/2\/1543610749351ae2e39ca7119cf5f41d686df599f0\/big1707911291a0dadcb75acabf35dcfd91e43fae01dc.jpg\" alt=\"Apt. Rom\u00e3 OCV - Vista Mar\">\n\t\t\t\t\t\t\t<\/div>\n\t\t\t\t\t\t\t<div class=\"info\">\n\t\t\t\t\t\t\t\t<div class=\"ubicacion\">\n\t\t\t\t\t\t\t\t\t<i class=\"fa-solid fa-location-dot icono-mapa\"><\/i><span class=\"ubicacion-texto\">Albufeira - Algarve<\/span>\n\t\t\t\t\t\t\t\t<\/div>\n\t\t\t\t\t\t\t\t<H4 class=\"titulo-alojamiento\">\n\t\t\t\t\t\t\t\t\tApt. Rom\u00e3 OCV - Vista Mar\t\t\t\t\t\t\t\t<\/H4>\n\t\t\t\t\t\t\t\t<p class=\"precio-alojamiento\">De <span class=\"precio\">57.00\u20ac<\/span> por noite<\/p>\n\t\t\t\t\t\t\t<\/div>\n\t\t\t\t\t\t<\/div>\n\t\t\t\t\t<\/a> \n\t\t\t\t\t\t\n\t\t\t\t\t<a href=\"https:\/\/www.myportugalexperience.com\/aluguer\/apartamento-albufeira-figo-apartamento-luxuoso-5-min-baixa-albufeira-268215.html\" rel=\"nofollow\" style=\"width: 49%;\">\n\t\t\t\t\t\t<div class=\"apartamento-box\">\n\t\t\t\t\t\t\t<div class=\"imagen_recomendados\">\n\t\t\t\t\t\t\t\t<img decoding=\"async\" src=\"https:\/\/crs.avantio.com\/fotos\/2\/15436106751f93c44194055f322b47be2f3ea0fe30\/big15446959844c51e5c9ac34fb01d784c715b0118505.jpg\" alt=\"Apt. Figo OCV - Vista Mar\">\n\t\t\t\t\t\t\t<\/div>\n\t\t\t\t\t\t\t<div class=\"info\">\n\t\t\t\t\t\t\t\t<div class=\"ubicacion\">\n\t\t\t\t\t\t\t\t\t<i class=\"fa-solid fa-location-dot icono-mapa\"><\/i><span class=\"ubicacion-texto\">Albufeira - Algarve<\/span>\n\t\t\t\t\t\t\t\t<\/div>\n\t\t\t\t\t\t\t\t<H4 class=\"titulo-alojamiento\">\n\t\t\t\t\t\t\t\t\tApt. Figo OCV - Vista Mar\t\t\t\t\t\t\t\t<\/H4>\n\t\t\t\t\t\t\t\t<p class=\"precio-alojamiento\">De <span class=\"precio\">61.00\u20ac<\/span> por noite<\/p>\n\t\t\t\t\t\t\t<\/div>\n\t\t\t\t\t\t<\/div>\n\t\t\t\t\t<\/a> \n\t\t\t\t\t\t\n\t\t\t\t\t<a href=\"https:\/\/www.myportugalexperience.com\/aluguer\/apartamento-albufeira-alfarroba-apt-com-terraco-5min-baixa-albufeira-268216.html\" rel=\"nofollow\" style=\"width: 49%;\">\n\t\t\t\t\t\t<div class=\"apartamento-box\">\n\t\t\t\t\t\t\t<div class=\"imagen_recomendados\">\n\t\t\t\t\t\t\t\t<img decoding=\"async\" src=\"https:\/\/crs.avantio.com\/fotos\/2\/1543610715f0d15cbbe01b3e13ffb7a4ae0ffeae4f\/big170790723086871f86e388769feff1a0670a42eda4.jpg\" alt=\"Apt. Alfarroba OCV - 5min Centro\">\n\t\t\t\t\t\t\t<\/div>\n\t\t\t\t\t\t\t<div class=\"info\">\n\t\t\t\t\t\t\t\t<div class=\"ubicacion\">\n\t\t\t\t\t\t\t\t\t<i class=\"fa-solid fa-location-dot icono-mapa\"><\/i><span class=\"ubicacion-texto\">Albufeira - Algarve<\/span>\n\t\t\t\t\t\t\t\t<\/div>\n\t\t\t\t\t\t\t\t<H4 class=\"titulo-alojamiento\">\n\t\t\t\t\t\t\t\t\tApt. Alfarroba OCV - 5min Centro\t\t\t\t\t\t\t\t<\/H4>\n\t\t\t\t\t\t\t\t<p class=\"precio-alojamiento\">De <span class=\"precio\">31.00\u20ac<\/span> por noite<\/p>\n\t\t\t\t\t\t\t<\/div>\n\t\t\t\t\t\t<\/div>\n\t\t\t\t\t<\/a> \n\t\t\t\t\t\t\n\t\t\t\t\t<a href=\"https:\/\/www.myportugalexperience.com\/aluguer\/apartamento-albufeira-old-town-moderno-e-luxuoso-a-5min-ate-praia-albu-268217.html\" rel=\"nofollow\" style=\"width: 49%;\">\n\t\t\t\t\t\t<div class=\"apartamento-box\">\n\t\t\t\t\t\t\t<div class=\"imagen_recomendados\">\n\t\t\t\t\t\t\t\t<img decoding=\"async\" src=\"https:\/\/crs.avantio.com\/fotos\/2\/1543612007e7e83f6f29aec9c0cb31170febf01d5a\/big16977267689448e09de29fdb4b8cf58aa28b4bcdb3.jpg\" alt=\"Apt. Old Town OCV - 3min Praia\">\n\t\t\t\t\t\t\t<\/div>\n\t\t\t\t\t\t\t<div class=\"info\">\n\t\t\t\t\t\t\t\t<div class=\"ubicacion\">\n\t\t\t\t\t\t\t\t\t<i class=\"fa-solid fa-location-dot icono-mapa\"><\/i><span class=\"ubicacion-texto\">Albufeira - Algarve<\/span>\n\t\t\t\t\t\t\t\t<\/div>\n\t\t\t\t\t\t\t\t<H4 class=\"titulo-alojamiento\">\n\t\t\t\t\t\t\t\t\tApt. Old Town OCV - 3min Praia\t\t\t\t\t\t\t\t<\/H4>\n\t\t\t\t\t\t\t\t<p class=\"precio-alojamiento\">De <span class=\"precio\">97.00\u20ac<\/span> por noite<\/p>\n\t\t\t\t\t\t\t<\/div>\n\t\t\t\t\t\t<\/div>\n\t\t\t\t\t<\/a> \n\t\t\t\t\t\t\n\t\t\t\t\t<a href=\"https:\/\/www.myportugalexperience.com\/aluguer\/apartamento-albufeira-relax-luxuoso-5min-a-pe-baixa-albufeira-wifi-ac-268218.html\" rel=\"nofollow\" style=\"width: 49%;\">\n\t\t\t\t\t\t<div class=\"apartamento-box\">\n\t\t\t\t\t\t\t<div class=\"imagen_recomendados\">\n\t\t\t\t\t\t\t\t<img decoding=\"async\" src=\"https:\/\/crs.avantio.com\/fotos\/2\/1543606477ef0149453b9398281da47a90fa48c6df\/big17011015853edce4c98c5917033d968c1df2daa401.jpg\" alt=\"Apt. Relax OCV - Baixa Albufeira\">\n\t\t\t\t\t\t\t<\/div>\n\t\t\t\t\t\t\t<div class=\"info\">\n\t\t\t\t\t\t\t\t<div class=\"ubicacion\">\n\t\t\t\t\t\t\t\t\t<i class=\"fa-solid fa-location-dot icono-mapa\"><\/i><span class=\"ubicacion-texto\">Albufeira - Algarve<\/span>\n\t\t\t\t\t\t\t\t<\/div>\n\t\t\t\t\t\t\t\t<H4 class=\"titulo-alojamiento\">\n\t\t\t\t\t\t\t\t\tApt. Relax OCV - Baixa Albufeira\t\t\t\t\t\t\t\t<\/H4>\n\t\t\t\t\t\t\t\t<p class=\"precio-alojamiento\">De <span class=\"precio\">95.00\u20ac<\/span> por noite<\/p>\n\t\t\t\t\t\t\t<\/div>\n\t\t\t\t\t\t<\/div>\n\t\t\t\t\t<\/a> \n\t\t\t\t\t\t\n\t\t\t\t\t<a href=\"https:\/\/www.myportugalexperience.com\/aluguer\/villa-albufeira-dome-vivenda-de-luxo-com-piscina-aquecida-balaia-268243.html\" rel=\"nofollow\" style=\"width: 49%;\">\n\t\t\t\t\t\t<div class=\"apartamento-box\">\n\t\t\t\t\t\t\t<div class=\"imagen_recomendados\">\n\t\t\t\t\t\t\t\t<img decoding=\"async\" src=\"https:\/\/crs.avantio.com\/fotos\/2\/15436102593d49b873c20e8b1da08b84d1da53bb1b\/big1670689077f358f63310fced66d9154ab14dde2f76.jpg\" alt=\"Villa Dome OCV - Piscina Privada Aquecida\">\n\t\t\t\t\t\t\t<\/div>\n\t\t\t\t\t\t\t<div class=\"info\">\n\t\t\t\t\t\t\t\t<div class=\"ubicacion\">\n\t\t\t\t\t\t\t\t\t<i class=\"fa-solid fa-location-dot icono-mapa\"><\/i><span class=\"ubicacion-texto\">Albufeira - Algarve<\/span>\n\t\t\t\t\t\t\t\t<\/div>\n\t\t\t\t\t\t\t\t<H4 class=\"titulo-alojamiento\">\n\t\t\t\t\t\t\t\t\tVilla Dome OCV - Piscina Privada Aquecida\t\t\t\t\t\t\t\t<\/H4>\n\t\t\t\t\t\t\t\t<p class=\"precio-alojamiento\">De <span class=\"precio\">200.00\u20ac<\/span> por noite<\/p>\n\t\t\t\t\t\t\t<\/div>\n\t\t\t\t\t\t<\/div>\n\t\t\t\t\t<\/a> \n\t\t\t\t\t\t\n\t\t\t\t\t<a href=\"https:\/\/www.myportugalexperience.com\/aluguer\/apartamento-albufeira-waves-charmoso-apartamento-na-oura-5min-praia-268245.html\" rel=\"nofollow\" style=\"width: 49%;\">\n\t\t\t\t\t\t<div class=\"apartamento-box\">\n\t\t\t\t\t\t\t<div class=\"imagen_recomendados\">\n\t\t\t\t\t\t\t\t<img decoding=\"async\" src=\"https:\/\/crs.avantio.com\/fotos\/2\/154360678510bb856844f62267e6f3be971e904d6b\/big15446576928c71ac371942e3c57ebb0054a4c7b3f1.jpg\" alt=\"Apt. Waves OCV - Oura \">\n\t\t\t\t\t\t\t<\/div>\n\t\t\t\t\t\t\t<div class=\"info\">\n\t\t\t\t\t\t\t\t<div class=\"ubicacion\">\n\t\t\t\t\t\t\t\t\t<i class=\"fa-solid fa-location-dot icono-mapa\"><\/i><span class=\"ubicacion-texto\">Albufeira - Algarve<\/span>\n\t\t\t\t\t\t\t\t<\/div>\n\t\t\t\t\t\t\t\t<H4 class=\"titulo-alojamiento\">\n\t\t\t\t\t\t\t\t\tApt. Waves OCV - Oura \t\t\t\t\t\t\t\t<\/H4>\n\t\t\t\t\t\t\t\t<p class=\"precio-alojamiento\">De <span class=\"precio\">55.00\u20ac<\/span> por noite<\/p>\n\t\t\t\t\t\t\t<\/div>\n\t\t\t\t\t\t<\/div>\n\t\t\t\t\t<\/a> \n\t\t\t\t\t\t\n\t\t\t\t\t<a href=\"https:\/\/www.myportugalexperience.com\/aluguer\/estudio-albufeira-bay-view-magnifico-estudio-vista-mar-5min-praia-a-268254.html\" rel=\"nofollow\" style=\"width: 49%;\">\n\t\t\t\t\t\t<div class=\"apartamento-box\">\n\t\t\t\t\t\t\t<div class=\"imagen_recomendados\">\n\t\t\t\t\t\t\t\t<img decoding=\"async\" src=\"https:\/\/crs.avantio.com\/fotos\/2\/1543612568645538cc4f5a78cdc798f125ac58d262\/big1738598655ba1c61339e54a4dfbca7e28ee3b1c82e.jpg\" alt=\"Estudio Bay View OCV - Vista Mar \">\n\t\t\t\t\t\t\t<\/div>\n\t\t\t\t\t\t\t<div class=\"info\">\n\t\t\t\t\t\t\t\t<div class=\"ubicacion\">\n\t\t\t\t\t\t\t\t\t<i class=\"fa-solid fa-location-dot icono-mapa\"><\/i><span class=\"ubicacion-texto\">Albufeira - Algarve<\/span>\n\t\t\t\t\t\t\t\t<\/div>\n\t\t\t\t\t\t\t\t<H4 class=\"titulo-alojamiento\">\n\t\t\t\t\t\t\t\t\tEstudio Bay View OCV - Vista Mar \t\t\t\t\t\t\t\t<\/H4>\n\t\t\t\t\t\t\t\t<p class=\"precio-alojamiento\">De <span class=\"precio\">58.00\u20ac<\/span> por noite<\/p>\n\t\t\t\t\t\t\t<\/div>\n\t\t\t\t\t\t<\/div>\n\t\t\t\t\t<\/a> \n\t\t\t\t\t\t\t\t<\/div>\n\t\t\t<\/div>\n\t\t\t\t\t\t<\/div>\n\t\t\t\t<\/div>\n\t\t\t\t<div class=\"elementor-element elementor-element-627ae97 elementor-widget elementor-widget-button\" data-id=\"627ae97\" data-element_type=\"widget\" data-e-type=\"widget\" data-widget_type=\"button.default\">\n\t\t\t\t<div class=\"elementor-widget-container\">\n\t\t\t\t\t\t\t\t\t<div class=\"elementor-button-wrapper\">\n\t\t\t\t\t<a class=\"elementor-button elementor-button-link elementor-size-sm\" href=\"https:\/\/www.myportugalexperience.com\/aluguer\/alugueres-costa-del-algarve-z187\/tag-premium\/\">\n\t\t\t\t\t\t<span class=\"elementor-button-content-wrapper\">\n\t\t\t\t\t\t\t\t\t<span class=\"elementor-button-text\">Reserve agora<\/span>\n\t\t\t\t\t<\/span>\n\t\t\t\t\t<\/a>\n\t\t\t\t<\/div>\n\t\t\t\t\t\t\t\t<\/div>\n\t\t\t\t<\/div>\n\t\t\t\t\t<\/div>\n\t\t\t\t<\/div>\n\t\t<div class=\"elementor-element elementor-element-708d8351 e-flex e-con-boxed e-con e-parent\" data-id=\"708d8351\" data-element_type=\"container\" data-e-type=\"container\">\n\t\t\t\t\t<div class=\"e-con-inner\">\n\t\t\t\t<div class=\"elementor-element elementor-element-8faad65 elementor-widget elementor-widget-heading\" data-id=\"8faad65\" data-element_type=\"widget\" data-e-type=\"widget\" data-widget_type=\"heading.default\">\n\t\t\t\t<div class=\"elementor-widget-container\">\n\t\t\t\t\t<h2 class=\"elementor-heading-title elementor-size-default\">Sobre a OC Villas\n<\/h2>\t\t\t\t<\/div>\n\t\t\t\t<\/div>\n\t\t\t\t<div class=\"elementor-element elementor-element-66a910b2 elementor-widget-divider--view-line elementor-widget elementor-widget-divider\" data-id=\"66a910b2\" data-element_type=\"widget\" data-e-type=\"widget\" data-widget_type=\"divider.default\">\n\t\t\t\t<div class=\"elementor-widget-container\">\n\t\t\t\t\t\t\t<div class=\"elementor-divider\">\n\t\t\t<span class=\"elementor-divider-separator\">\n\t\t\t\t\t\t<\/span>\n\t\t<\/div>\n\t\t\t\t\t\t<\/div>\n\t\t\t\t<\/div>\n\t\t\t\t<div class=\"elementor-element elementor-element-9031fc5 elementor-widget elementor-widget-text-editor\" data-id=\"9031fc5\" data-element_type=\"widget\" data-e-type=\"widget\" data-widget_type=\"text-editor.default\">\n\t\t\t\t<div class=\"elementor-widget-container\">\n\t\t\t\t\t\t\t\t\t<p>Na OC Villas, orgulhamo-nos de receber h\u00f3spedes no Algarve desde 2011. Com sede em Albufeira, oferecemos uma sele\u00e7\u00e3o cuidada de moradias e apartamentos para todos os gostos, tamanhos de grupo e or\u00e7amentos.\u00a0<\/p><p>O conforto e a qualidade est\u00e3o no centro de tudo o que fazemos, com o objetivo de garantir que cada propriedade cumpre os mais elevados padr\u00f5es. A nossa dedicada equipa presta um servi\u00e7o personalizado e ter\u00e1 todo o gosto em partilhar o seu conhecimento local para que possa desfrutar de umas f\u00e9rias tranquilas e sem preocupa\u00e7\u00f5es.\u00a0<\/p><p>Quer procure um apartamento \u00e0 beira-mar ou uma moradia privada com piscina, estamos aqui para o ajudar a encontrar o alojamento ideal para a sua estadia em Albufeira.<\/p>\t\t\t\t\t\t\t\t<\/div>\n\t\t\t\t<\/div>\n\t\t<div class=\"elementor-element elementor-element-f3d861b e-con-full e-flex e-con e-child\" data-id=\"f3d861b\" data-element_type=\"container\" data-e-type=\"container\">\n\t\t\t\t<div class=\"elementor-element elementor-element-4e01ace3 elementor-align-center elementor-widget elementor-widget-button\" data-id=\"4e01ace3\" data-element_type=\"widget\" data-e-type=\"widget\" data-widget_type=\"button.default\">\n\t\t\t\t<div class=\"elementor-widget-container\">\n\t\t\t\t\t\t\t\t\t<div class=\"elementor-button-wrapper\">\n\t\t\t\t\t<a class=\"elementor-button elementor-button-link elementor-size-sm\" href=\"https:\/\/www.myportugalexperience.com\/aluguer\/estudios-albufeira-c14d599\/\">\n\t\t\t\t\t\t<span class=\"elementor-button-content-wrapper\">\n\t\t\t\t\t\t\t\t\t<span class=\"elementor-button-text\">Est\u00fadios<\/span>\n\t\t\t\t\t<\/span>\n\t\t\t\t\t<\/a>\n\t\t\t\t<\/div>\n\t\t\t\t\t\t\t\t<\/div>\n\t\t\t\t<\/div>\n\t\t\t\t<div class=\"elementor-element elementor-element-304eb331 elementor-align-center elementor-widget elementor-widget-button\" data-id=\"304eb331\" data-element_type=\"widget\" data-e-type=\"widget\" data-widget_type=\"button.default\">\n\t\t\t\t<div class=\"elementor-widget-container\">\n\t\t\t\t\t\t\t\t\t<div class=\"elementor-button-wrapper\">\n\t\t\t\t\t<a class=\"elementor-button elementor-button-link elementor-size-sm\" href=\"https:\/\/www.myportugalexperience.com\/aluguer\/villas-albufeira-c2d599\/\">\n\t\t\t\t\t\t<span class=\"elementor-button-content-wrapper\">\n\t\t\t\t\t\t\t\t\t<span class=\"elementor-button-text\">Villas<\/span>\n\t\t\t\t\t<\/span>\n\t\t\t\t\t<\/a>\n\t\t\t\t<\/div>\n\t\t\t\t\t\t\t\t<\/div>\n\t\t\t\t<\/div>\n\t\t\t\t<div class=\"elementor-element elementor-element-29dfdfd4 elementor-align-center elementor-widget elementor-widget-button\" data-id=\"29dfdfd4\" data-element_type=\"widget\" data-e-type=\"widget\" data-widget_type=\"button.default\">\n\t\t\t\t<div class=\"elementor-widget-container\">\n\t\t\t\t\t\t\t\t\t<div class=\"elementor-button-wrapper\">\n\t\t\t\t\t<a class=\"elementor-button elementor-button-link elementor-size-sm\" href=\"https:\/\/www.myportugalexperience.com\/aluguer\/apartamentos-albufeira-c1d599\/\">\n\t\t\t\t\t\t<span class=\"elementor-button-content-wrapper\">\n\t\t\t\t\t\t\t\t\t<span class=\"elementor-button-text\">Apartamentos<\/span>\n\t\t\t\t\t<\/span>\n\t\t\t\t\t<\/a>\n\t\t\t\t<\/div>\n\t\t\t\t\t\t\t\t<\/div>\n\t\t\t\t<\/div>\n\t\t\t\t<\/div>\n\t\t\t\t\t<\/div>\n\t\t\t\t<\/div>\n\t\t<div class=\"elementor-element elementor-element-4a2fa694 e-flex e-con-boxed e-con e-parent\" data-id=\"4a2fa694\" data-element_type=\"container\" data-e-type=\"container\">\n\t\t\t\t\t<div class=\"e-con-inner\">\n\t\t\t\t<div class=\"elementor-element elementor-element-9184247 elementor-widget elementor-widget-heading\" data-id=\"9184247\" data-element_type=\"widget\" data-e-type=\"widget\" data-widget_type=\"heading.default\">\n\t\t\t\t<div class=\"elementor-widget-container\">\n\t\t\t\t\t<h2 class=\"elementor-heading-title elementor-size-default\">Fique alojado numa deslumbrante villa em Albufeira\n<\/h2>\t\t\t\t<\/div>\n\t\t\t\t<\/div>\n\t\t\t\t<div class=\"elementor-element elementor-element-a12ec52 elementor-widget elementor-widget-grid\" data-id=\"a12ec52\" data-element_type=\"widget\" data-e-type=\"widget\" data-widget_type=\"grid.default\">\n\t\t\t\t<div class=\"elementor-widget-container\">\n\t\t\t\t\t\t\t<div class=\"its--row alojamientos-recomendados\">\n\n\t\t\t<div class=\"alojamientos-recomendados-container\">\n\n\t\t\t\t\t\n\t\t\t\t\t<a href=\"https:\/\/www.myportugalexperience.com\/aluguer\/apartamento-albufeira-roma-vista-mar-5-min-baixa-albufeira-ac-268214.html\" rel=\"nofollow\" style=\"width: 23%;\">\n\t\t\t\t\t\t<div class=\"apartamento-box\">\n\t\t\t\t\t\t\t<div class=\"imagen_recomendados\">\n\t\t\t\t\t\t\t\t<img decoding=\"async\" src=\"https:\/\/crs.avantio.com\/fotos\/2\/1543610749351ae2e39ca7119cf5f41d686df599f0\/big1707911291a0dadcb75acabf35dcfd91e43fae01dc.jpg\" alt=\"Apt. Rom\u00e3 OCV - Vista Mar\">\n\t\t\t\t\t\t\t<\/div>\n\t\t\t\t\t\t\t<div class=\"info\">\n\t\t\t\t\t\t\t\t<div class=\"ubicacion\">\n\t\t\t\t\t\t\t\t\t<i class=\"fa-solid fa-location-dot icono-mapa\"><\/i><span class=\"ubicacion-texto\">Albufeira - Algarve<\/span>\n\t\t\t\t\t\t\t\t<\/div>\n\t\t\t\t\t\t\t\t<H4 class=\"titulo-alojamiento\">\n\t\t\t\t\t\t\t\t\tApt. Rom\u00e3 OCV - Vista Mar\t\t\t\t\t\t\t\t<\/H4>\n\t\t\t\t\t\t\t\t<p class=\"precio-alojamiento\">De <span class=\"precio\">57.00\u20ac<\/span> por noite<\/p>\n\t\t\t\t\t\t\t<\/div>\n\t\t\t\t\t\t<\/div>\n\t\t\t\t\t<\/a> \n\t\t\t\t\t\t\n\t\t\t\t\t<a href=\"https:\/\/www.myportugalexperience.com\/aluguer\/apartamento-albufeira-figo-apartamento-luxuoso-5-min-baixa-albufeira-268215.html\" rel=\"nofollow\" style=\"width: 23%;\">\n\t\t\t\t\t\t<div class=\"apartamento-box\">\n\t\t\t\t\t\t\t<div class=\"imagen_recomendados\">\n\t\t\t\t\t\t\t\t<img decoding=\"async\" src=\"https:\/\/crs.avantio.com\/fotos\/2\/15436106751f93c44194055f322b47be2f3ea0fe30\/big15446959844c51e5c9ac34fb01d784c715b0118505.jpg\" alt=\"Apt. Figo OCV - Vista Mar\">\n\t\t\t\t\t\t\t<\/div>\n\t\t\t\t\t\t\t<div class=\"info\">\n\t\t\t\t\t\t\t\t<div class=\"ubicacion\">\n\t\t\t\t\t\t\t\t\t<i class=\"fa-solid fa-location-dot icono-mapa\"><\/i><span class=\"ubicacion-texto\">Albufeira - Algarve<\/span>\n\t\t\t\t\t\t\t\t<\/div>\n\t\t\t\t\t\t\t\t<H4 class=\"titulo-alojamiento\">\n\t\t\t\t\t\t\t\t\tApt. Figo OCV - Vista Mar\t\t\t\t\t\t\t\t<\/H4>\n\t\t\t\t\t\t\t\t<p class=\"precio-alojamiento\">De <span class=\"precio\">61.00\u20ac<\/span> por noite<\/p>\n\t\t\t\t\t\t\t<\/div>\n\t\t\t\t\t\t<\/div>\n\t\t\t\t\t<\/a> \n\t\t\t\t\t\t\n\t\t\t\t\t<a href=\"https:\/\/www.myportugalexperience.com\/aluguer\/apartamento-albufeira-alfarroba-apt-com-terraco-5min-baixa-albufeira-268216.html\" rel=\"nofollow\" style=\"width: 23%;\">\n\t\t\t\t\t\t<div class=\"apartamento-box\">\n\t\t\t\t\t\t\t<div class=\"imagen_recomendados\">\n\t\t\t\t\t\t\t\t<img decoding=\"async\" src=\"https:\/\/crs.avantio.com\/fotos\/2\/1543610715f0d15cbbe01b3e13ffb7a4ae0ffeae4f\/big170790723086871f86e388769feff1a0670a42eda4.jpg\" alt=\"Apt. Alfarroba OCV - 5min Centro\">\n\t\t\t\t\t\t\t<\/div>\n\t\t\t\t\t\t\t<div class=\"info\">\n\t\t\t\t\t\t\t\t<div class=\"ubicacion\">\n\t\t\t\t\t\t\t\t\t<i class=\"fa-solid fa-location-dot icono-mapa\"><\/i><span class=\"ubicacion-texto\">Albufeira - Algarve<\/span>\n\t\t\t\t\t\t\t\t<\/div>\n\t\t\t\t\t\t\t\t<H4 class=\"titulo-alojamiento\">\n\t\t\t\t\t\t\t\t\tApt. Alfarroba OCV - 5min Centro\t\t\t\t\t\t\t\t<\/H4>\n\t\t\t\t\t\t\t\t<p class=\"precio-alojamiento\">De <span class=\"precio\">31.00\u20ac<\/span> por noite<\/p>\n\t\t\t\t\t\t\t<\/div>\n\t\t\t\t\t\t<\/div>\n\t\t\t\t\t<\/a> \n\t\t\t\t\t\t\n\t\t\t\t\t<a href=\"https:\/\/www.myportugalexperience.com\/aluguer\/apartamento-albufeira-old-town-moderno-e-luxuoso-a-5min-ate-praia-albu-268217.html\" rel=\"nofollow\" style=\"width: 23%;\">\n\t\t\t\t\t\t<div class=\"apartamento-box\">\n\t\t\t\t\t\t\t<div class=\"imagen_recomendados\">\n\t\t\t\t\t\t\t\t<img decoding=\"async\" src=\"https:\/\/crs.avantio.com\/fotos\/2\/1543612007e7e83f6f29aec9c0cb31170febf01d5a\/big16977267689448e09de29fdb4b8cf58aa28b4bcdb3.jpg\" alt=\"Apt. Old Town OCV - 3min Praia\">\n\t\t\t\t\t\t\t<\/div>\n\t\t\t\t\t\t\t<div class=\"info\">\n\t\t\t\t\t\t\t\t<div class=\"ubicacion\">\n\t\t\t\t\t\t\t\t\t<i class=\"fa-solid fa-location-dot icono-mapa\"><\/i><span class=\"ubicacion-texto\">Albufeira - Algarve<\/span>\n\t\t\t\t\t\t\t\t<\/div>\n\t\t\t\t\t\t\t\t<H4 class=\"titulo-alojamiento\">\n\t\t\t\t\t\t\t\t\tApt. Old Town OCV - 3min Praia\t\t\t\t\t\t\t\t<\/H4>\n\t\t\t\t\t\t\t\t<p class=\"precio-alojamiento\">De <span class=\"precio\">97.00\u20ac<\/span> por noite<\/p>\n\t\t\t\t\t\t\t<\/div>\n\t\t\t\t\t\t<\/div>\n\t\t\t\t\t<\/a> \n\t\t\t\t\t\t\t\t<\/div>\n\t\t\t<\/div>\n\t\t\t\t\t\t<\/div>\n\t\t\t\t<\/div>\n\t\t\t\t<div class=\"elementor-element elementor-element-33bdfbe elementor-widget elementor-widget-button\" data-id=\"33bdfbe\" data-element_type=\"widget\" data-e-type=\"widget\" data-widget_type=\"button.default\">\n\t\t\t\t<div class=\"elementor-widget-container\">\n\t\t\t\t\t\t\t\t\t<div class=\"elementor-button-wrapper\">\n\t\t\t\t\t<a class=\"elementor-button elementor-button-link elementor-size-sm\" href=\"https:\/\/www.myportugalexperience.com\/aluguer\/apartamentos-albufeira-c1d599\/\">\n\t\t\t\t\t\t<span class=\"elementor-button-content-wrapper\">\n\t\t\t\t\t\t\t\t\t<span class=\"elementor-button-text\">Ver alojamentos &gt;<\/span>\n\t\t\t\t\t<\/span>\n\t\t\t\t\t<\/a>\n\t\t\t\t<\/div>\n\t\t\t\t\t\t\t\t<\/div>\n\t\t\t\t<\/div>\n\t\t\t\t\t<\/div>\n\t\t\t\t<\/div>\n\t\t<div class=\"elementor-element elementor-element-32ff6ed1 e-flex e-con-boxed e-con e-parent\" data-id=\"32ff6ed1\" data-element_type=\"container\" data-e-type=\"container\" data-settings=\"{&quot;background_background&quot;:&quot;classic&quot;}\">\n\t\t\t\t\t<div class=\"e-con-inner\">\n\t\t<div class=\"elementor-element elementor-element-41deaa8f e-con-full e-flex e-con e-child\" data-id=\"41deaa8f\" data-element_type=\"container\" data-e-type=\"container\">\n\t\t\t\t<div class=\"elementor-element elementor-element-f6d2a52 elementor-widget elementor-widget-heading\" data-id=\"f6d2a52\" data-element_type=\"widget\" data-e-type=\"widget\" data-widget_type=\"heading.default\">\n\t\t\t\t<div class=\"elementor-widget-container\">\n\t\t\t\t\t<h2 class=\"elementor-heading-title elementor-size-default\">Descubra Albufeira\n<\/h2>\t\t\t\t<\/div>\n\t\t\t\t<\/div>\n\t\t\t\t<div class=\"elementor-element elementor-element-2cf7d775 elementor-widget-divider--view-line elementor-widget elementor-widget-divider\" data-id=\"2cf7d775\" data-element_type=\"widget\" data-e-type=\"widget\" data-widget_type=\"divider.default\">\n\t\t\t\t<div class=\"elementor-widget-container\">\n\t\t\t\t\t\t\t<div class=\"elementor-divider\">\n\t\t\t<span class=\"elementor-divider-separator\">\n\t\t\t\t\t\t<\/span>\n\t\t<\/div>\n\t\t\t\t\t\t<\/div>\n\t\t\t\t<\/div>\n\t\t\t\t<\/div>\n\t\t<div class=\"elementor-element elementor-element-504a8141 e-con-full e-flex e-con e-child\" data-id=\"504a8141\" data-element_type=\"container\" data-e-type=\"container\">\n\t\t\t\t<div class=\"elementor-element elementor-element-6907cbdc elementor-widget elementor-widget-heading\" data-id=\"6907cbdc\" data-element_type=\"widget\" data-e-type=\"widget\" data-widget_type=\"heading.default\">\n\t\t\t\t<div class=\"elementor-widget-container\">\n\t\t\t\t\t<h3 class=\"elementor-heading-title elementor-size-default\">Onde fica Albufeira?\n<\/h3>\t\t\t\t<\/div>\n\t\t\t\t<\/div>\n\t\t\t\t<\/div>\n\t\t<div class=\"elementor-element elementor-element-6af0610 e-con-full e-flex e-con e-child\" data-id=\"6af0610\" data-element_type=\"container\" data-e-type=\"container\">\n\t\t\t\t<div class=\"elementor-element elementor-element-54682ff3 elementor-widget elementor-widget-text-editor\" data-id=\"54682ff3\" data-element_type=\"widget\" data-e-type=\"widget\" data-widget_type=\"text-editor.default\">\n\t\t\t\t<div class=\"elementor-widget-container\">\n\t\t\t\t\t\t\t\t\t<p>Albufeira \u00e9 uma cidade costeira ensolarada na regi\u00e3o do Algarve, no sul de Portugal. \u00c9 conhecida pelas suas praias deslumbrantes, o encantador centro hist\u00f3rico e a vida noturna animada. Antiga vila de pescadores, tornou-se um destino de f\u00e9rias popular onde pode relaxar, explorar e absorver o descontra\u00eddo\u00a0 ambiente portugu\u00eas durante todo o ano.<\/p>\t\t\t\t\t\t\t\t<\/div>\n\t\t\t\t<\/div>\n\t\t\t\t<\/div>\n\t\t<div class=\"elementor-element elementor-element-f692ad6 e-con-full e-flex e-con e-child\" data-id=\"f692ad6\" data-element_type=\"container\" data-e-type=\"container\">\n\t\t\t\t<div class=\"elementor-element elementor-element-3b8c2430 elementor-widget elementor-widget-heading\" data-id=\"3b8c2430\" data-element_type=\"widget\" data-e-type=\"widget\" data-widget_type=\"heading.default\">\n\t\t\t\t<div class=\"elementor-widget-container\">\n\t\t\t\t\t<h3 class=\"elementor-heading-title elementor-size-default\">5 dados surpreendentes\n<\/h3>\t\t\t\t<\/div>\n\t\t\t\t<\/div>\n\t\t\t\t<\/div>\n\t\t<div class=\"elementor-element elementor-element-23f46c76 e-con-full e-flex e-con e-child\" data-id=\"23f46c76\" data-element_type=\"container\" data-e-type=\"container\">\n\t\t\t\t<div class=\"elementor-element elementor-element-7a902787 elementor-widget elementor-widget-text-editor\" data-id=\"7a902787\" data-element_type=\"widget\" data-e-type=\"widget\" data-widget_type=\"text-editor.default\">\n\t\t\t\t<div class=\"elementor-widget-container\">\n\t\t\t\t\t\t\t\t\t<ol><li><p>Albufeira era conhecida como Baltum na \u00e9poca romana, o que mostra a profundidade da sua hist\u00f3ria. Ainda hoje \u00e9 poss\u00edvel encontrar vest\u00edgios desse passado antigo na arquitetura e tra\u00e7ado do centro hist\u00f3rico.<\/p><\/li><li><p>Escondido no centro hist\u00f3rico, h\u00e1 um po\u00e7o mouro com s\u00e9culos de hist\u00f3ria \u2014 discreto e f\u00e1cil de passar despercebido se n\u00e3o estiver atento. \u00c9 uma recorda\u00e7\u00e3o silenciosa da rica heran\u00e7a isl\u00e2mica da cidade.<\/p><\/li><li><p>Existe um t\u00fanel pedonal escavado na rocha que liga diretamente o cora\u00e7\u00e3o da cidade antiga \u00e0 praia. \u00c9 um atalho curioso que muitos visitantes passam sem reparar.<\/p><\/li><li><p>A marina n\u00e3o serve apenas para barcos \u2014 \u00e9 um verdadeiro festival de cores e formas, com edif\u00edcios inspirados no estilo pop-art. \u00c9 \u00fanica no Algarve e ideal para tirar fotografias originais.<\/p><\/li><li><p>Embora Portim\u00e3o seja famosa pelo seu festival de marisco, Albufeira tamb\u00e9m tem celebra\u00e7\u00f5es de ver\u00e3o recheadas de sardinhas grelhadas, marisco fresco e vinho local. \u00c9 uma excelente oportunidade para conviver com os locais e saborear os verdadeiros sabores do Algarve.<\/p><\/li><\/ol>\t\t\t\t\t\t\t\t<\/div>\n\t\t\t\t<\/div>\n\t\t\t\t<\/div>\n\t\t<div class=\"elementor-element elementor-element-74bde884 e-con-full e-flex e-con e-child\" data-id=\"74bde884\" data-element_type=\"container\" data-e-type=\"container\">\n\t\t\t\t<div class=\"elementor-element elementor-element-5fef1e4b elementor-widget elementor-widget-heading\" data-id=\"5fef1e4b\" data-element_type=\"widget\" data-e-type=\"widget\" data-widget_type=\"heading.default\">\n\t\t\t\t<div class=\"elementor-widget-container\">\n\t\t\t\t\t<h3 class=\"elementor-heading-title elementor-size-default\">Onde ficar em Albufeira?\n<\/h3>\t\t\t\t<\/div>\n\t\t\t\t<\/div>\n\t\t\t\t<\/div>\n\t\t<div class=\"elementor-element elementor-element-4e26adaa e-con-full e-flex e-con e-child\" data-id=\"4e26adaa\" data-element_type=\"container\" data-e-type=\"container\">\n\t\t\t\t<div class=\"elementor-element elementor-element-1bed212b elementor-widget elementor-widget-text-editor\" data-id=\"1bed212b\" data-element_type=\"widget\" data-e-type=\"widget\" data-widget_type=\"text-editor.default\">\n\t\t\t\t<div class=\"elementor-widget-container\">\n\t\t\t\t\t\t\t\t\t<div class=\"its--row descubre-lq-wrapper\"><div class=\"its--container-fluid\"><div class=\"its--col-sm-12\"><div class=\"widget descubre-lq\"><div class=\"descubre-container\"><div class=\"box\"><div><div><p>A melhor op\u00e7\u00e3o para alojamento em Albufeira s\u00e3o os alugueres de f\u00e9rias, que oferecem mais privacidade e flexibilidade do que os hot\u00e9is. Villas espa\u00e7osas, est\u00fadios acolhedores e apartamentos modernos permitem uma estadia confort\u00e1vel, ideal para fam\u00edlias, casais ou grupos que querem aproveitar o Algarve ao seu ritmo.<\/p><\/div><\/div><\/div><\/div><\/div><\/div><\/div><\/div><div class=\"its--row banner-lq-wrapper\"><div class=\"its--container-fluid\"><div class=\"its--col-sm-12\"><div class=\"widget banner-lq\"><div class=\"contenedor-banner\">\u00a0<\/div><\/div><\/div><\/div><\/div>\t\t\t\t\t\t\t\t<\/div>\n\t\t\t\t<\/div>\n\t\t\t\t<\/div>\n\t\t\t\t\t<\/div>\n\t\t\t\t<\/div>\n\t\t<div class=\"elementor-element elementor-element-19ec5d70 e-flex e-con-boxed e-con e-parent\" data-id=\"19ec5d70\" data-element_type=\"container\" data-e-type=\"container\" data-settings=\"{&quot;background_background&quot;:&quot;classic&quot;}\">\n\t\t\t\t\t<div class=\"e-con-inner\">\n\t\t\t\t<div class=\"elementor-element elementor-element-7833bb43 elementor-widget elementor-widget-heading\" data-id=\"7833bb43\" data-element_type=\"widget\" data-e-type=\"widget\" data-widget_type=\"heading.default\">\n\t\t\t\t<div class=\"elementor-widget-container\">\n\t\t\t\t\t<h2 class=\"elementor-heading-title elementor-size-default\">Explore as nossas casas e apartamentos para f\u00e9rias em Albufeira<\/h2>\t\t\t\t<\/div>\n\t\t\t\t<\/div>\n\t\t\t\t<div class=\"elementor-element elementor-element-ad38a9d elementor-widget elementor-widget-button\" data-id=\"ad38a9d\" data-element_type=\"widget\" data-e-type=\"widget\" data-widget_type=\"button.default\">\n\t\t\t\t<div class=\"elementor-widget-container\">\n\t\t\t\t\t\t\t\t\t<div class=\"elementor-button-wrapper\">\n\t\t\t\t\t<a class=\"elementor-button elementor-button-link elementor-size-sm\" href=\"https:\/\/www.myportugalexperience.com\/aluguer\/alugueres-algarve-e1035\/tag-premium\/\">\n\t\t\t\t\t\t<span class=\"elementor-button-content-wrapper\">\n\t\t\t\t\t\t\t\t\t<span class=\"elementor-button-text\">Descubra mais op\u00e7\u00f5es<\/span>\n\t\t\t\t\t<\/span>\n\t\t\t\t\t<\/a>\n\t\t\t\t<\/div>\n\t\t\t\t\t\t\t\t<\/div>\n\t\t\t\t<\/div>\n\t\t\t\t\t<\/div>\n\t\t\t\t<\/div>\n\t\t<div class=\"elementor-element elementor-element-3c3e7ed e-flex e-con-boxed e-con e-parent\" data-id=\"3c3e7ed\" data-element_type=\"container\" data-e-type=\"container\" data-settings=\"{&quot;background_background&quot;:&quot;classic&quot;}\">\n\t\t\t\t\t<div class=\"e-con-inner\">\n\t\t<div class=\"elementor-element elementor-element-42ec8a4 e-con-full e-flex e-con e-child\" data-id=\"42ec8a4\" data-element_type=\"container\" data-e-type=\"container\">\n\t\t\t\t<div class=\"elementor-element elementor-element-4b55c28 elementor-widget elementor-widget-heading\" data-id=\"4b55c28\" data-element_type=\"widget\" data-e-type=\"widget\" data-widget_type=\"heading.default\">\n\t\t\t\t<div class=\"elementor-widget-container\">\n\t\t\t\t\t<h2 class=\"elementor-heading-title elementor-size-default\">Descubra Albufeira\n<\/h2>\t\t\t\t<\/div>\n\t\t\t\t<\/div>\n\t\t\t\t<div class=\"elementor-element elementor-element-79381f2 elementor-widget-divider--view-line elementor-widget elementor-widget-divider\" data-id=\"79381f2\" data-element_type=\"widget\" data-e-type=\"widget\" data-widget_type=\"divider.default\">\n\t\t\t\t<div class=\"elementor-widget-container\">\n\t\t\t\t\t\t\t<div class=\"elementor-divider\">\n\t\t\t<span class=\"elementor-divider-separator\">\n\t\t\t\t\t\t<\/span>\n\t\t<\/div>\n\t\t\t\t\t\t<\/div>\n\t\t\t\t<\/div>\n\t\t\t\t<\/div>\n\t\t<div class=\"elementor-element elementor-element-bc5e9d3 e-con-full e-flex e-con e-child\" data-id=\"bc5e9d3\" data-element_type=\"container\" data-e-type=\"container\">\n\t\t\t\t<div class=\"elementor-element elementor-element-8b0b9a9 elementor-widget elementor-widget-heading\" data-id=\"8b0b9a9\" data-element_type=\"widget\" data-e-type=\"widget\" data-widget_type=\"heading.default\">\n\t\t\t\t<div class=\"elementor-widget-container\">\n\t\t\t\t\t<h3 class=\"elementor-heading-title elementor-size-default\">A que dist\u00e2ncia fica Albufeira do Aeroporto de Faro?\n<\/h3>\t\t\t\t<\/div>\n\t\t\t\t<\/div>\n\t\t\t\t<div class=\"elementor-element elementor-element-3c3eccd elementor-widget elementor-widget-text-editor\" data-id=\"3c3eccd\" data-element_type=\"widget\" data-e-type=\"widget\" data-widget_type=\"text-editor.default\">\n\t\t\t\t<div class=\"elementor-widget-container\">\n\t\t\t\t\t\t\t\t\t<p>Albufeira fica a cerca de 45 km do Aeroporto de Faro. A viagem de carro dura normalmente entre 35 e 45 minutos, dependendo do tr\u00e2nsito. O percurso faz-se facilmente pela autoestrada A22.<\/p>\t\t\t\t\t\t\t\t<\/div>\n\t\t\t\t<\/div>\n\t\t\t\t<\/div>\n\t\t<div class=\"elementor-element elementor-element-afa7cc8 e-con-full e-flex e-con e-child\" data-id=\"afa7cc8\" data-element_type=\"container\" data-e-type=\"container\">\n\t\t\t\t<div class=\"elementor-element elementor-element-ab8fa59 elementor-widget elementor-widget-heading\" data-id=\"ab8fa59\" data-element_type=\"widget\" data-e-type=\"widget\" data-widget_type=\"heading.default\">\n\t\t\t\t<div class=\"elementor-widget-container\">\n\t\t\t\t\t<h3 class=\"elementor-heading-title elementor-size-default\">Como ir de Faro para Albufeira?\n<\/h3>\t\t\t\t<\/div>\n\t\t\t\t<\/div>\n\t\t\t\t<div class=\"elementor-element elementor-element-71fc2d0 elementor-widget elementor-widget-text-editor\" data-id=\"71fc2d0\" data-element_type=\"widget\" data-e-type=\"widget\" data-widget_type=\"text-editor.default\">\n\t\t\t\t<div class=\"elementor-widget-container\">\n\t\t\t\t\t\t\t\t\t<div class=\"panel panel-default\"><div id=\"collapse0\" class=\"panel-collapse collapse in\"><div class=\"panel-body\"><p>Pode viajar de Faro para Albufeira de carro, t\u00e1xi, shuttle ou comboio. Os comboios partem regularmente da esta\u00e7\u00e3o de Faro e demoram cerca de 1 hora. A esta\u00e7\u00e3o de Albufeira (Ferreiras) fica fora do centro, por isso pode precisar de transporte adicional.<\/p><\/div><\/div><\/div><div class=\"panel panel-default\"><div class=\"panel-heading\">\u00a0<\/div><\/div>\t\t\t\t\t\t\t\t<\/div>\n\t\t\t\t<\/div>\n\t\t\t\t<\/div>\n\t\t<div class=\"elementor-element elementor-element-1393c08 e-con-full e-flex e-con e-child\" data-id=\"1393c08\" data-element_type=\"container\" data-e-type=\"container\">\n\t\t\t\t<div class=\"elementor-element elementor-element-17d26bd elementor-widget elementor-widget-heading\" data-id=\"17d26bd\" data-element_type=\"widget\" data-e-type=\"widget\" data-widget_type=\"heading.default\">\n\t\t\t\t<div class=\"elementor-widget-container\">\n\t\t\t\t\t<h3 class=\"elementor-heading-title elementor-size-default\">Quanto custa um t\u00e1xi do Aeroporto de Faro para Albufeira?\n<\/h3>\t\t\t\t<\/div>\n\t\t\t\t<\/div>\n\t\t\t\t<div class=\"elementor-element elementor-element-a86fdd9 elementor-widget elementor-widget-text-editor\" data-id=\"a86fdd9\" data-element_type=\"widget\" data-e-type=\"widget\" data-widget_type=\"text-editor.default\">\n\t\t\t\t<div class=\"elementor-widget-container\">\n\t\t\t\t\t\t\t\t\t<div class=\"panel panel-default\"><div id=\"collapse0\" class=\"panel-collapse collapse in\"><div class=\"panel-body\"><p>Um t\u00e1xi normal do Aeroporto de Faro para Albufeira custa geralmente entre 45\u20ac e 65\u20ac, dependendo da hora e do n\u00famero de passageiros. Os pre\u00e7os podem ser mais altos \u00e0 noite ou em feriados. Transfers privados com tarifa fixa s\u00e3o uma alternativa pr\u00e1tica.<\/p><\/div><\/div><\/div><div class=\"panel panel-default\"><div class=\"panel-heading\">\u00a0<\/div><\/div>\t\t\t\t\t\t\t\t<\/div>\n\t\t\t\t<\/div>\n\t\t\t\t<\/div>\n\t\t<div class=\"elementor-element elementor-element-adb10a8 e-con-full e-flex e-con e-child\" data-id=\"adb10a8\" data-element_type=\"container\" data-e-type=\"container\">\n\t\t\t\t<div class=\"elementor-element elementor-element-a34fd72 elementor-widget elementor-widget-heading\" data-id=\"a34fd72\" data-element_type=\"widget\" data-e-type=\"widget\" data-widget_type=\"heading.default\">\n\t\t\t\t<div class=\"elementor-widget-container\">\n\t\t\t\t\t<h3 class=\"elementor-heading-title elementor-size-default\">A que dist\u00e2ncia fica Lisboa de Albufeira?\n<\/h3>\t\t\t\t<\/div>\n\t\t\t\t<\/div>\n\t\t\t\t<div class=\"elementor-element elementor-element-fccacbe elementor-widget elementor-widget-text-editor\" data-id=\"fccacbe\" data-element_type=\"widget\" data-e-type=\"widget\" data-widget_type=\"text-editor.default\">\n\t\t\t\t<div class=\"elementor-widget-container\">\n\t\t\t\t\t\t\t\t\t<main id=\"main\" class=\"its--wrapper-full \"><div class=\"its--container-fluid\"><div class=\"its--row faqs-lq-wrapper\"><div class=\"its--container-fluid\"><div class=\"its--col-sm-12\"><div class=\"widget faqs-lq\"><div class=\"contenedor-faqs\"><div class=\"its--container-fluid\"><div class=\"its--col-sm-12\"><div class=\"widget faq\"><div id=\"faq\" class=\"widget_inner\"><div id=\"accordion\" class=\"panel-group layout2\"><div class=\"panel panel-default\"><div id=\"collapse0\" class=\"panel-collapse collapse in\"><div class=\"panel-body\"><p>Lisboa fica a cerca de 255 km de Albufeira. A viagem de carro ou autocarro demora entre 2h30 e 3h. Tamb\u00e9m existem comboios diretos entre as duas cidades, com v\u00e1rias partidas por dia, sendo uma op\u00e7\u00e3o confort\u00e1vel e com boas paisagens.<\/p><\/div><\/div><\/div><\/div><\/div><\/div><\/div><\/div><\/div><\/div><\/div><\/div><\/div><\/div><\/main><footer id=\"footer\" class=\"its--wrapper-full  horizon footer-block-its-corporative\"><div id=\"upper_footer\"><div class=\"its--container-fluid\"><div class=\"its--row datos_empresa-wrapper copyright-wrapper redes_sociales-wrapper links-wrapper\"><div class=\"its--container-fluid\"><div class=\"its--col-sm-4\"><div class=\"widget datos_empresa\"><div id=\"address_widget\" class=\"widget\">\u00a0<\/div><\/div><\/div><\/div><\/div><\/div><\/div><\/footer>\t\t\t\t\t\t\t\t<\/div>\n\t\t\t\t<\/div>\n\t\t\t\t<\/div>\n\t\t\t\t\t<\/div>\n\t\t\t\t<\/div>\n\t\t<div class=\"elementor-element elementor-element-4ce6c0e3 e-flex e-con-boxed e-con e-parent\" data-id=\"4ce6c0e3\" data-element_type=\"container\" data-e-type=\"container\" data-settings=\"{&quot;background_background&quot;:&quot;classic&quot;}\">\n\t\t\t\t\t<div class=\"e-con-inner\">\n\t\t\t\t<div class=\"elementor-element elementor-element-4bf0814 elementor-widget elementor-widget-heading\" data-id=\"4bf0814\" data-element_type=\"widget\" data-e-type=\"widget\" data-widget_type=\"heading.default\">\n\t\t\t\t<div class=\"elementor-widget-container\">\n\t\t\t\t\t<h2 class=\"elementor-heading-title elementor-size-default\">Alojamento em Portugal personalizado para si<\/h2>\t\t\t\t<\/div>\n\t\t\t\t<\/div>\n\t\t\t\t<div class=\"elementor-element elementor-element-4e9245be elementor-widget-divider--view-line elementor-widget elementor-widget-divider\" data-id=\"4e9245be\" data-element_type=\"widget\" data-e-type=\"widget\" data-widget_type=\"divider.default\">\n\t\t\t\t<div class=\"elementor-widget-container\">\n\t\t\t\t\t\t\t<div class=\"elementor-divider\">\n\t\t\t<span class=\"elementor-divider-separator\">\n\t\t\t\t\t\t<\/span>\n\t\t<\/div>\n\t\t\t\t\t\t<\/div>\n\t\t\t\t<\/div>\n\t\t\t\t<div class=\"elementor-element elementor-element-62579237 elementor-widget elementor-widget-shortcode\" data-id=\"62579237\" data-element_type=\"widget\" data-e-type=\"widget\" data-widget_type=\"shortcode.default\">\n\t\t\t\t<div class=\"elementor-widget-container\">\n\t\t\t\t\t\t\t<div class=\"elementor-shortcode\">\t\t<div data-elementor-type=\"container\" data-elementor-id=\"2122\" class=\"elementor elementor-2122 elementor-1884 elementor-1884\" data-elementor-post-type=\"elementor_library\">\n\t\t\t\t<div class=\"elementor-element elementor-element-4b479ba e-flex e-con-boxed e-con e-parent\" data-id=\"4b479ba\" data-element_type=\"container\" data-e-type=\"container\">\n\t\t\t\t\t<div class=\"e-con-inner\">\n\t\t<div class=\"elementor-element elementor-element-631ce82 e-con-full e-flex e-con e-child\" data-id=\"631ce82\" data-element_type=\"container\" data-e-type=\"container\">\n\t\t<div class=\"elementor-element elementor-element-5020721 e-con-full e-flex e-con e-child\" data-id=\"5020721\" data-element_type=\"container\" data-e-type=\"container\" data-settings=\"{&quot;background_background&quot;:&quot;classic&quot;}\">\n\t\t\t\t<div class=\"elementor-element elementor-element-9a0a1f5 elementor-widget elementor-widget-heading\" data-id=\"9a0a1f5\" data-element_type=\"widget\" data-e-type=\"widget\" data-widget_type=\"heading.default\">\n\t\t\t\t<div class=\"elementor-widget-container\">\n\t\t\t\t\t<h2 class=\"elementor-heading-title elementor-size-default\"><a href=\"https:\/\/www.myportugalexperience.com\/blog\/alojamento-no-algarve\/\">Algarve<\/a><\/h2>\t\t\t\t<\/div>\n\t\t\t\t<\/div>\n\t\t<div class=\"elementor-element elementor-element-51366f3 e-con-full e-flex e-con e-child\" data-id=\"51366f3\" data-element_type=\"container\" data-e-type=\"container\">\n\t\t\t\t<div class=\"elementor-element elementor-element-db08982 elementor-widget elementor-widget-heading\" data-id=\"db08982\" data-element_type=\"widget\" data-e-type=\"widget\" data-widget_type=\"heading.default\">\n\t\t\t\t<div class=\"elementor-widget-container\">\n\t\t\t\t\t<span class=\"elementor-heading-title elementor-size-default\"><a href=\"https:\/\/www.myportugalexperience.com\/blog\/villas-de-luxo-algarve\/\">Villas<\/a><\/span>\t\t\t\t<\/div>\n\t\t\t\t<\/div>\n\t\t\t\t<div class=\"elementor-element elementor-element-a8c5844 elementor-widget elementor-widget-heading\" data-id=\"a8c5844\" data-element_type=\"widget\" data-e-type=\"widget\" data-widget_type=\"heading.default\">\n\t\t\t\t<div class=\"elementor-widget-container\">\n\t\t\t\t\t<span class=\"elementor-heading-title elementor-size-default\"><a href=\"https:\/\/www.myportugalexperience.com\/blog\/apartamentos-para-ferias-no-algarve\/\">Apartamentos<\/a><\/span>\t\t\t\t<\/div>\n\t\t\t\t<\/div>\n\t\t\t\t<div class=\"elementor-element elementor-element-1eb7c4d elementor-widget elementor-widget-heading\" data-id=\"1eb7c4d\" data-element_type=\"widget\" data-e-type=\"widget\" data-widget_type=\"heading.default\">\n\t\t\t\t<div class=\"elementor-widget-container\">\n\t\t\t\t\t<span class=\"elementor-heading-title elementor-size-default\"><a href=\"https:\/\/www.myportugalexperience.com\/blog\/casas-para-ferias-no-algarve\/\">Casas<\/a><\/span>\t\t\t\t<\/div>\n\t\t\t\t<\/div>\n\t\t\t\t<\/div>\n\t\t\t\t<\/div>\n\t\t<div class=\"elementor-element elementor-element-9b879c5 e-con-full e-flex e-con e-child\" data-id=\"9b879c5\" data-element_type=\"container\" data-e-type=\"container\" data-settings=\"{&quot;background_background&quot;:&quot;classic&quot;}\">\n\t\t\t\t<div class=\"elementor-element elementor-element-e5f1c0c elementor-widget elementor-widget-heading\" data-id=\"e5f1c0c\" data-element_type=\"widget\" data-e-type=\"widget\" data-widget_type=\"heading.default\">\n\t\t\t\t<div class=\"elementor-widget-container\">\n\t\t\t\t\t<h2 class=\"elementor-heading-title elementor-size-default\"><a href=\"https:\/\/www.myportugalexperience.com\/blog\/alojamento-em-albufeira\/\">Albufeira<\/a><\/h2>\t\t\t\t<\/div>\n\t\t\t\t<\/div>\n\t\t<div class=\"elementor-element elementor-element-38c0a08 e-con-full e-flex e-con e-child\" data-id=\"38c0a08\" data-element_type=\"container\" data-e-type=\"container\">\n\t\t\t\t<div class=\"elementor-element elementor-element-067935b elementor-widget elementor-widget-heading\" data-id=\"067935b\" data-element_type=\"widget\" data-e-type=\"widget\" data-widget_type=\"heading.default\">\n\t\t\t\t<div class=\"elementor-widget-container\">\n\t\t\t\t\t<span class=\"elementor-heading-title elementor-size-default\"><a href=\"https:\/\/www.myportugalexperience.com\/blog\/villas-em-albufeira\/\">Villas<\/a><\/span>\t\t\t\t<\/div>\n\t\t\t\t<\/div>\n\t\t\t\t<div class=\"elementor-element elementor-element-be92cd0 elementor-widget elementor-widget-heading\" data-id=\"be92cd0\" data-element_type=\"widget\" data-e-type=\"widget\" data-widget_type=\"heading.default\">\n\t\t\t\t<div class=\"elementor-widget-container\">\n\t\t\t\t\t<span class=\"elementor-heading-title elementor-size-default\"><a href=\"https:\/\/www.myportugalexperience.com\/blog\/casas-para-ferias-em-albufeira\/\">Casas<\/a><\/span>\t\t\t\t<\/div>\n\t\t\t\t<\/div>\n\t\t\t\t<div class=\"elementor-element elementor-element-8dadfa6 elementor-widget elementor-widget-heading\" data-id=\"8dadfa6\" data-element_type=\"widget\" data-e-type=\"widget\" data-widget_type=\"heading.default\">\n\t\t\t\t<div class=\"elementor-widget-container\">\n\t\t\t\t\t<span class=\"elementor-heading-title elementor-size-default\"><a href=\"https:\/\/www.myportugalexperience.com\/blog\/apartamentos-baratos-em-albufeira\/\">\u00c9studios<\/a><\/span>\t\t\t\t<\/div>\n\t\t\t\t<\/div>\n\t\t\t\t<div class=\"elementor-element elementor-element-464c12e elementor-widget elementor-widget-heading\" data-id=\"464c12e\" data-element_type=\"widget\" data-e-type=\"widget\" data-widget_type=\"heading.default\">\n\t\t\t\t<div class=\"elementor-widget-container\">\n\t\t\t\t\t<span class=\"elementor-heading-title elementor-size-default\"><a href=\"https:\/\/www.myportugalexperience.com\/blog\/casa-grande-albufeira\/\">Casas grandes<\/a><\/span>\t\t\t\t<\/div>\n\t\t\t\t<\/div>\n\t\t\t\t<div class=\"elementor-element elementor-element-1d3c0c1 elementor-widget elementor-widget-heading\" data-id=\"1d3c0c1\" data-element_type=\"widget\" data-e-type=\"widget\" data-widget_type=\"heading.default\">\n\t\t\t\t<div class=\"elementor-widget-container\">\n\t\t\t\t\t<span class=\"elementor-heading-title elementor-size-default\"><a href=\"https:\/\/www.myportugalexperience.com\/blog\/alojamiento-familiar-em-albufeira\/\">Familiar<\/a><\/span>\t\t\t\t<\/div>\n\t\t\t\t<\/div>\n\t\t\t\t<\/div>\n\t\t\t\t<\/div>\n\t\t<div class=\"elementor-element elementor-element-ca267df e-con-full e-flex e-con e-child\" data-id=\"ca267df\" data-element_type=\"container\" data-e-type=\"container\" data-settings=\"{&quot;background_background&quot;:&quot;classic&quot;}\">\n\t\t\t\t<div class=\"elementor-element elementor-element-82f83d8 elementor-widget elementor-widget-heading\" data-id=\"82f83d8\" data-element_type=\"widget\" data-e-type=\"widget\" data-widget_type=\"heading.default\">\n\t\t\t\t<div class=\"elementor-widget-container\">\n\t\t\t\t\t<h2 class=\"elementor-heading-title elementor-size-default\">Gal\u00e9<\/h2>\t\t\t\t<\/div>\n\t\t\t\t<\/div>\n\t\t<div class=\"elementor-element elementor-element-0067e49 e-con-full e-flex e-con e-child\" data-id=\"0067e49\" data-element_type=\"container\" data-e-type=\"container\">\n\t\t\t\t<div class=\"elementor-element elementor-element-c800689 elementor-widget elementor-widget-heading\" data-id=\"c800689\" data-element_type=\"widget\" data-e-type=\"widget\" data-widget_type=\"heading.default\">\n\t\t\t\t<div class=\"elementor-widget-container\">\n\t\t\t\t\t<span class=\"elementor-heading-title elementor-size-default\"><a href=\"https:\/\/www.myportugalexperience.com\/blog\/alojamento-praia-da-gale\/\">Alojamentos<\/a><\/span>\t\t\t\t<\/div>\n\t\t\t\t<\/div>\n\t\t\t\t<\/div>\n\t\t\t\t<\/div>\n\t\t<div class=\"elementor-element elementor-element-c75d141 e-con-full e-flex e-con e-child\" data-id=\"c75d141\" data-element_type=\"container\" data-e-type=\"container\" data-settings=\"{&quot;background_background&quot;:&quot;classic&quot;}\">\n\t\t\t\t<div class=\"elementor-element elementor-element-2de9104 elementor-widget elementor-widget-heading\" data-id=\"2de9104\" data-element_type=\"widget\" data-e-type=\"widget\" data-widget_type=\"heading.default\">\n\t\t\t\t<div class=\"elementor-widget-container\">\n\t\t\t\t\t<h2 class=\"elementor-heading-title elementor-size-default\">Guia<\/h2>\t\t\t\t<\/div>\n\t\t\t\t<\/div>\n\t\t<div class=\"elementor-element elementor-element-857246d e-con-full e-flex e-con e-child\" data-id=\"857246d\" data-element_type=\"container\" data-e-type=\"container\">\n\t\t\t\t<div class=\"elementor-element elementor-element-3b18eb2 elementor-widget elementor-widget-heading\" data-id=\"3b18eb2\" data-element_type=\"widget\" data-e-type=\"widget\" data-widget_type=\"heading.default\">\n\t\t\t\t<div class=\"elementor-widget-container\">\n\t\t\t\t\t<span class=\"elementor-heading-title elementor-size-default\"><a href=\"https:\/\/www.myportugalexperience.com\/blog\/alojamento-guia-albufeira\/\">Alojamentos<\/a><\/span>\t\t\t\t<\/div>\n\t\t\t\t<\/div>\n\t\t\t\t<\/div>\n\t\t\t\t<\/div>\n\t\t\t\t<\/div>\n\t\t\t\t\t<\/div>\n\t\t\t\t<\/div>\n\t\t<div class=\"elementor-element elementor-element-fbe61f6 e-flex e-con-boxed e-con e-parent\" data-id=\"fbe61f6\" data-element_type=\"container\" data-e-type=\"container\">\n\t\t\t\t\t<div class=\"e-con-inner\">\n\t\t<div class=\"elementor-element elementor-element-8a8f539 e-con-full e-flex e-con e-child\" data-id=\"8a8f539\" data-element_type=\"container\" data-e-type=\"container\">\n\t\t<div class=\"elementor-element elementor-element-caa31c5 e-con-full e-flex e-con e-child\" data-id=\"caa31c5\" data-element_type=\"container\" data-e-type=\"container\" data-settings=\"{&quot;background_background&quot;:&quot;classic&quot;}\">\n\t\t\t\t<div class=\"elementor-element elementor-element-dd00893 elementor-widget elementor-widget-heading\" data-id=\"dd00893\" data-element_type=\"widget\" data-e-type=\"widget\" data-widget_type=\"heading.default\">\n\t\t\t\t<div class=\"elementor-widget-container\">\n\t\t\t\t\t<h2 class=\"elementor-heading-title elementor-size-default\"><a href=\"https:\/\/www.myportugalexperience.com\/blog\/en\/algarve-holiday-rentals\/\">Paderne<\/a><\/h2>\t\t\t\t<\/div>\n\t\t\t\t<\/div>\n\t\t<div class=\"elementor-element elementor-element-9854f71 e-con-full e-flex e-con e-child\" data-id=\"9854f71\" data-element_type=\"container\" data-e-type=\"container\">\n\t\t\t\t<div class=\"elementor-element elementor-element-f4c7676 elementor-widget elementor-widget-heading\" data-id=\"f4c7676\" data-element_type=\"widget\" data-e-type=\"widget\" data-widget_type=\"heading.default\">\n\t\t\t\t<div class=\"elementor-widget-container\">\n\t\t\t\t\t<span class=\"elementor-heading-title elementor-size-default\"><a href=\"https:\/\/www.myportugalexperience.com\/blog\/casas-para-alugar-em-paderne\/\">Casas<\/a><\/span>\t\t\t\t<\/div>\n\t\t\t\t<\/div>\n\t\t\t\t<\/div>\n\t\t\t\t<\/div>\n\t\t<div class=\"elementor-element elementor-element-37c7dab e-con-full e-flex e-con e-child\" data-id=\"37c7dab\" data-element_type=\"container\" data-e-type=\"container\" data-settings=\"{&quot;background_background&quot;:&quot;classic&quot;}\">\n\t\t\t\t<div class=\"elementor-element elementor-element-fc5c367 elementor-widget elementor-widget-heading\" data-id=\"fc5c367\" data-element_type=\"widget\" data-e-type=\"widget\" data-widget_type=\"heading.default\">\n\t\t\t\t<div class=\"elementor-widget-container\">\n\t\t\t\t\t<h2 class=\"elementor-heading-title elementor-size-default\">Vilamoura<\/h2>\t\t\t\t<\/div>\n\t\t\t\t<\/div>\n\t\t<div class=\"elementor-element elementor-element-2553d7d e-con-full e-flex e-con e-child\" data-id=\"2553d7d\" data-element_type=\"container\" data-e-type=\"container\">\n\t\t\t\t<div class=\"elementor-element elementor-element-e597087 elementor-widget elementor-widget-heading\" data-id=\"e597087\" data-element_type=\"widget\" data-e-type=\"widget\" data-widget_type=\"heading.default\">\n\t\t\t\t<div class=\"elementor-widget-container\">\n\t\t\t\t\t<span class=\"elementor-heading-title elementor-size-default\"><a href=\"https:\/\/www.myportugalexperience.com\/blog\/alojamento-em-vilamoura\/\">Alojamentos<\/a><\/span>\t\t\t\t<\/div>\n\t\t\t\t<\/div>\n\t\t\t\t<\/div>\n\t\t\t\t<\/div>\n\t\t<div class=\"elementor-element elementor-element-92073aa e-con-full e-flex e-con e-child\" data-id=\"92073aa\" data-element_type=\"container\" data-e-type=\"container\" data-settings=\"{&quot;background_background&quot;:&quot;classic&quot;}\">\n\t\t\t\t<div class=\"elementor-element elementor-element-44f0626 elementor-widget elementor-widget-heading\" data-id=\"44f0626\" data-element_type=\"widget\" data-e-type=\"widget\" data-widget_type=\"heading.default\">\n\t\t\t\t<div class=\"elementor-widget-container\">\n\t\t\t\t\t<h2 class=\"elementor-heading-title elementor-size-default\">Lisbon<\/h2>\t\t\t\t<\/div>\n\t\t\t\t<\/div>\n\t\t<div class=\"elementor-element elementor-element-1e5fbb9 e-con-full e-flex e-con e-child\" data-id=\"1e5fbb9\" data-element_type=\"container\" data-e-type=\"container\">\n\t\t\t\t<div class=\"elementor-element elementor-element-f8ebc94 elementor-widget elementor-widget-heading\" data-id=\"f8ebc94\" data-element_type=\"widget\" data-e-type=\"widget\" data-widget_type=\"heading.default\">\n\t\t\t\t<div class=\"elementor-widget-container\">\n\t\t\t\t\t<span class=\"elementor-heading-title elementor-size-default\"><a href=\"https:\/\/www.myportugalexperience.com\/blog\/alojamento-em-lisboa\/\">Alojamentos<\/a><\/span>\t\t\t\t<\/div>\n\t\t\t\t<\/div>\n\t\t\t\t<\/div>\n\t\t\t\t<\/div>\n\t\t<div class=\"elementor-element elementor-element-7b86a13 e-con-full e-flex e-con e-child\" data-id=\"7b86a13\" data-element_type=\"container\" data-e-type=\"container\" data-settings=\"{&quot;background_background&quot;:&quot;classic&quot;}\">\n\t\t\t\t<div class=\"elementor-element elementor-element-1cf1553 elementor-widget elementor-widget-heading\" data-id=\"1cf1553\" data-element_type=\"widget\" data-e-type=\"widget\" data-widget_type=\"heading.default\">\n\t\t\t\t<div class=\"elementor-widget-container\">\n\t\t\t\t\t<h2 class=\"elementor-heading-title elementor-size-default\">Estoril<\/h2>\t\t\t\t<\/div>\n\t\t\t\t<\/div>\n\t\t<div class=\"elementor-element elementor-element-e9101f1 e-con-full e-flex e-con e-child\" data-id=\"e9101f1\" data-element_type=\"container\" data-e-type=\"container\">\n\t\t\t\t<div class=\"elementor-element elementor-element-73a9ad0 elementor-widget elementor-widget-heading\" data-id=\"73a9ad0\" data-element_type=\"widget\" data-e-type=\"widget\" data-widget_type=\"heading.default\">\n\t\t\t\t<div class=\"elementor-widget-container\">\n\t\t\t\t\t<span class=\"elementor-heading-title elementor-size-default\"><a href=\"https:\/\/www.myportugalexperience.com\/blog\/alojamento-estoril\/\">Alojamentos<\/a><\/span>\t\t\t\t<\/div>\n\t\t\t\t<\/div>\n\t\t\t\t<\/div>\n\t\t\t\t<\/div>\n\t\t\t\t<\/div>\n\t\t\t\t\t<\/div>\n\t\t\t\t<\/div>\n\t\t<div class=\"elementor-element elementor-element-698f25a e-flex e-con-boxed e-con e-parent\" data-id=\"698f25a\" data-element_type=\"container\" data-e-type=\"container\">\n\t\t\t\t\t<div class=\"e-con-inner\">\n\t\t<div class=\"elementor-element elementor-element-0105a6f e-con-full e-flex e-con e-child\" data-id=\"0105a6f\" data-element_type=\"container\" data-e-type=\"container\">\n\t\t<div class=\"elementor-element elementor-element-922b370 e-con-full e-flex e-con e-child\" data-id=\"922b370\" data-element_type=\"container\" data-e-type=\"container\" data-settings=\"{&quot;background_background&quot;:&quot;classic&quot;}\">\n\t\t\t\t<div class=\"elementor-element elementor-element-21bbc96 elementor-widget elementor-widget-heading\" data-id=\"21bbc96\" data-element_type=\"widget\" data-e-type=\"widget\" data-widget_type=\"heading.default\">\n\t\t\t\t<div class=\"elementor-widget-container\">\n\t\t\t\t\t<h2 class=\"elementor-heading-title elementor-size-default\"><a href=\"https:\/\/www.myportugalexperience.com\/blog\/en\/algarve-holiday-rentals\/\">Sesimbra<\/a><\/h2>\t\t\t\t<\/div>\n\t\t\t\t<\/div>\n\t\t<div class=\"elementor-element elementor-element-3565590 e-con-full e-flex e-con e-child\" data-id=\"3565590\" data-element_type=\"container\" data-e-type=\"container\">\n\t\t\t\t<div class=\"elementor-element elementor-element-1c91dc1 elementor-widget elementor-widget-heading\" data-id=\"1c91dc1\" data-element_type=\"widget\" data-e-type=\"widget\" data-widget_type=\"heading.default\">\n\t\t\t\t<div class=\"elementor-widget-container\">\n\t\t\t\t\t<span class=\"elementor-heading-title elementor-size-default\"><a href=\"https:\/\/www.myportugalexperience.com\/blog\/alojamento-em-sesimbra\/\">Alojamentos<\/a><\/span>\t\t\t\t<\/div>\n\t\t\t\t<\/div>\n\t\t\t\t<\/div>\n\t\t\t\t<\/div>\n\t\t<div class=\"elementor-element elementor-element-41622ad e-con-full e-flex e-con e-child\" data-id=\"41622ad\" data-element_type=\"container\" data-e-type=\"container\" data-settings=\"{&quot;background_background&quot;:&quot;classic&quot;}\">\n\t\t\t\t<div class=\"elementor-element elementor-element-71b1ea5 elementor-widget elementor-widget-heading\" data-id=\"71b1ea5\" data-element_type=\"widget\" data-e-type=\"widget\" data-widget_type=\"heading.default\">\n\t\t\t\t<div class=\"elementor-widget-container\">\n\t\t\t\t\t<h2 class=\"elementor-heading-title elementor-size-default\">Golf<\/h2>\t\t\t\t<\/div>\n\t\t\t\t<\/div>\n\t\t<div class=\"elementor-element elementor-element-ab222cb e-con-full e-flex e-con e-child\" data-id=\"ab222cb\" data-element_type=\"container\" data-e-type=\"container\">\n\t\t\t\t<div class=\"elementor-element elementor-element-f4578e0 elementor-widget elementor-widget-heading\" data-id=\"f4578e0\" data-element_type=\"widget\" data-e-type=\"widget\" data-widget_type=\"heading.default\">\n\t\t\t\t<div class=\"elementor-widget-container\">\n\t\t\t\t\t<span class=\"elementor-heading-title elementor-size-default\"><a href=\"https:\/\/www.myportugalexperience.com\/blog\/alojamento-perto-campos-de-golfe-no-algarve\/\">Alojamentos<\/a><\/span>\t\t\t\t<\/div>\n\t\t\t\t<\/div>\n\t\t\t\t<\/div>\n\t\t\t\t<\/div>\n\t\t<div class=\"elementor-element elementor-element-2af064e e-con-full e-flex e-con e-child\" data-id=\"2af064e\" data-element_type=\"container\" data-e-type=\"container\" data-settings=\"{&quot;background_background&quot;:&quot;classic&quot;}\">\n\t\t\t\t<div class=\"elementor-element elementor-element-a383dcf elementor-widget elementor-widget-heading\" data-id=\"a383dcf\" data-element_type=\"widget\" data-e-type=\"widget\" data-widget_type=\"heading.default\">\n\t\t\t\t<div class=\"elementor-widget-container\">\n\t\t\t\t\t<h2 class=\"elementor-heading-title elementor-size-default\">Piscina<\/h2>\t\t\t\t<\/div>\n\t\t\t\t<\/div>\n\t\t<div class=\"elementor-element elementor-element-4064179 e-con-full e-flex e-con e-child\" data-id=\"4064179\" data-element_type=\"container\" data-e-type=\"container\">\n\t\t\t\t<div class=\"elementor-element elementor-element-86e6e8c elementor-widget elementor-widget-heading\" data-id=\"86e6e8c\" data-element_type=\"widget\" data-e-type=\"widget\" data-widget_type=\"heading.default\">\n\t\t\t\t<div class=\"elementor-widget-container\">\n\t\t\t\t\t<span class=\"elementor-heading-title elementor-size-default\"><a href=\"https:\/\/www.myportugalexperience.com\/blog\/casas-para-alugar-com-piscina-privada-algarve\/\">Casas<\/a><\/span>\t\t\t\t<\/div>\n\t\t\t\t<\/div>\n\t\t\t\t<div class=\"elementor-element elementor-element-9acae67 elementor-widget elementor-widget-heading\" data-id=\"9acae67\" data-element_type=\"widget\" data-e-type=\"widget\" data-widget_type=\"heading.default\">\n\t\t\t\t<div class=\"elementor-widget-container\">\n\t\t\t\t\t<span class=\"elementor-heading-title elementor-size-default\"><a href=\"https:\/\/www.myportugalexperience.com\/blog\/alojamentos-com-piscina-em-albufeira\/\">Alojamentos<\/a><\/span>\t\t\t\t<\/div>\n\t\t\t\t<\/div>\n\t\t\t\t<div class=\"elementor-element elementor-element-ee8bb32 elementor-widget elementor-widget-heading\" data-id=\"ee8bb32\" data-element_type=\"widget\" data-e-type=\"widget\" data-widget_type=\"heading.default\">\n\t\t\t\t<div class=\"elementor-widget-container\">\n\t\t\t\t\t<span class=\"elementor-heading-title elementor-size-default\"><a href=\"https:\/\/www.myportugalexperience.com\/blog\/casas-para-lugar-com-piscina-privada-algarve\/\">Privada<\/a><\/span>\t\t\t\t<\/div>\n\t\t\t\t<\/div>\n\t\t\t\t<\/div>\n\t\t\t\t<\/div>\n\t\t<div class=\"elementor-element elementor-element-e4fcb64 e-con-full e-flex e-con e-child\" data-id=\"e4fcb64\" data-element_type=\"container\" data-e-type=\"container\" data-settings=\"{&quot;background_background&quot;:&quot;classic&quot;}\">\n\t\t\t\t<div class=\"elementor-element elementor-element-9b2d2ff elementor-widget elementor-widget-heading\" data-id=\"9b2d2ff\" data-element_type=\"widget\" data-e-type=\"widget\" data-widget_type=\"heading.default\">\n\t\t\t\t<div class=\"elementor-widget-container\">\n\t\t\t\t\t<h2 class=\"elementor-heading-title elementor-size-default\">Praia<\/h2>\t\t\t\t<\/div>\n\t\t\t\t<\/div>\n\t\t<div class=\"elementor-element elementor-element-b7b9779 e-con-full e-flex e-con e-child\" data-id=\"b7b9779\" data-element_type=\"container\" data-e-type=\"container\">\n\t\t\t\t<div class=\"elementor-element elementor-element-298c300 elementor-widget elementor-widget-heading\" data-id=\"298c300\" data-element_type=\"widget\" data-e-type=\"widget\" data-widget_type=\"heading.default\">\n\t\t\t\t<div class=\"elementor-widget-container\">\n\t\t\t\t\t<span class=\"elementor-heading-title elementor-size-default\"><a href=\"https:\/\/www.myportugalexperience.com\/blog\/apartamentos-albufeira-praia-dos-pescadores\/\">Dos Pescadores<\/a><\/span>\t\t\t\t<\/div>\n\t\t\t\t<\/div>\n\t\t\t\t<div class=\"elementor-element elementor-element-e6431a4 elementor-widget elementor-widget-heading\" data-id=\"e6431a4\" data-element_type=\"widget\" data-e-type=\"widget\" data-widget_type=\"heading.default\">\n\t\t\t\t<div class=\"elementor-widget-container\">\n\t\t\t\t\t<span class=\"elementor-heading-title elementor-size-default\"><a href=\"https:\/\/www.myportugalexperience.com\/blog\/alugueres-de-casas-de-praia-em-albufeira\/\">Casas<\/a><\/span>\t\t\t\t<\/div>\n\t\t\t\t<\/div>\n\t\t\t\t<\/div>\n\t\t\t\t<\/div>\n\t\t\t\t<\/div>\n\t\t\t\t\t<\/div>\n\t\t\t\t<\/div>\n\t\t\t\t<\/div>\n\t\t<\/div>\n\t\t\t\t\t\t<\/div>\n\t\t\t\t<\/div>\n\t\t\t\t\t<\/div>\n\t\t\t\t<\/div>\n\t\t<div class=\"elementor-element elementor-element-40526f97 e-flex e-con-boxed e-con e-parent\" data-id=\"40526f97\" data-element_type=\"container\" data-e-type=\"container\">\n\t\t\t\t\t<div class=\"e-con-inner\">\n\t\t\t\t\t<\/div>\n\t\t\t\t<\/div>\n\t\t\t\t<\/div>\n\t\t","protected":false},"excerpt":{"rendered":"<p>Encontre casas e apartamentos para f\u00e9rias em Albufeira Sol, mar e uma pitada da alma Portuguesa Melhor avaliados Mais baratos Com piscina Informa\u00e7\u00f5es tur\u00edsticas A melhor selec\u00e7\u00e3o de casas e apartamentos para f\u00e9rias em Albufeira Albufeira &#8211; Algarve Apt. Rom\u00e3 OCV &#8211; Vista Mar De 47.00\u20ac por noite Albufeira &#8211; Algarve Apt. Figo OCV &#8211; [&hellip;]<\/p>\n","protected":false},"author":3,"featured_media":612,"parent":0,"menu_order":0,"comment_status":"closed","ping_status":"closed","template":"","meta":{"footnotes":""},"class_list":["post-2677","page","type-page","status-publish","has-post-thumbnail","hentry"],"yoast_head":"<!-- This site is optimized with the Yoast SEO plugin v26.5 - https:\/\/yoast.com\/wordpress\/plugins\/seo\/ -->\n<title>Casas e apartamentos para f\u00e9rias em Albufeira | OC Villas<\/title>\n<meta name=\"description\" content=\"Com o My Portugal Experience by OC Villas, pode desfrutar de uma viagem. Reserve connosco casas e apartamentos de f\u00e9rias em Albufeira.\" \/>\n<meta name=\"robots\" content=\"index, follow, max-snippet:-1, max-image-preview:large, max-video-preview:-1\" \/>\n<link rel=\"canonical\" href=\"https:\/\/www.myportugalexperience.com\/blog\/casas-apartamentos-para-ferias-em-albufeira\/\" \/>\n<meta property=\"og:locale\" content=\"pt_PT\" \/>\n<meta property=\"og:type\" content=\"article\" \/>\n<meta property=\"og:title\" content=\"Casas e apartamentos para f\u00e9rias em Albufeira | OC Villas\" \/>\n<meta property=\"og:description\" content=\"Com o My Portugal Experience by OC Villas, pode desfrutar de uma viagem. Reserve connosco casas e apartamentos de f\u00e9rias em Albufeira.\" \/>\n<meta property=\"og:url\" content=\"https:\/\/www.myportugalexperience.com\/blog\/casas-apartamentos-para-ferias-em-albufeira\/\" \/>\n<meta property=\"og:site_name\" content=\"Blog\" \/>\n<meta property=\"article:modified_time\" content=\"2026-03-20T11:58:44+00:00\" \/>\n<meta property=\"og:image\" content=\"https:\/\/www.myportugalexperience.com\/blog\/wp-content\/uploads\/2025\/07\/albufeira-tourist-information-5.webp\" \/>\n\t<meta property=\"og:image:width\" content=\"1920\" \/>\n\t<meta property=\"og:image:height\" content=\"400\" \/>\n\t<meta property=\"og:image:type\" content=\"image\/webp\" \/>\n<meta name=\"twitter:card\" content=\"summary_large_image\" \/>\n<meta name=\"twitter:label1\" content=\"Est. reading time\" \/>\n\t<meta name=\"twitter:data1\" content=\"7 minutes\" \/>\n<script type=\"application\/ld+json\" class=\"yoast-schema-graph\">{\"@context\":\"https:\/\/schema.org\",\"@graph\":[{\"@type\":\"WebPage\",\"@id\":\"https:\/\/www.myportugalexperience.com\/blog\/casas-apartamentos-para-ferias-em-albufeira\/\",\"url\":\"https:\/\/www.myportugalexperience.com\/blog\/casas-apartamentos-para-ferias-em-albufeira\/\",\"name\":\"Casas e apartamentos para f\u00e9rias em Albufeira | OC Villas\",\"isPartOf\":{\"@id\":\"https:\/\/www.myportugalexperience.com\/blog\/#website\"},\"primaryImageOfPage\":{\"@id\":\"https:\/\/www.myportugalexperience.com\/blog\/casas-apartamentos-para-ferias-em-albufeira\/#primaryimage\"},\"image\":{\"@id\":\"https:\/\/www.myportugalexperience.com\/blog\/casas-apartamentos-para-ferias-em-albufeira\/#primaryimage\"},\"thumbnailUrl\":\"https:\/\/www.myportugalexperience.com\/blog\/wp-content\/uploads\/2025\/07\/albufeira-tourist-information-5.webp\",\"datePublished\":\"2026-03-10T09:29:49+00:00\",\"dateModified\":\"2026-03-20T11:58:44+00:00\",\"description\":\"Com o My Portugal Experience by OC Villas, pode desfrutar de uma viagem. Reserve connosco casas e apartamentos de f\u00e9rias em Albufeira.\",\"breadcrumb\":{\"@id\":\"https:\/\/www.myportugalexperience.com\/blog\/casas-apartamentos-para-ferias-em-albufeira\/#breadcrumb\"},\"inLanguage\":\"pt\",\"potentialAction\":[{\"@type\":\"ReadAction\",\"target\":[\"https:\/\/www.myportugalexperience.com\/blog\/casas-apartamentos-para-ferias-em-albufeira\/\"]}]},{\"@type\":\"ImageObject\",\"inLanguage\":\"pt\",\"@id\":\"https:\/\/www.myportugalexperience.com\/blog\/casas-apartamentos-para-ferias-em-albufeira\/#primaryimage\",\"url\":\"https:\/\/www.myportugalexperience.com\/blog\/wp-content\/uploads\/2025\/07\/albufeira-tourist-information-5.webp\",\"contentUrl\":\"https:\/\/www.myportugalexperience.com\/blog\/wp-content\/uploads\/2025\/07\/albufeira-tourist-information-5.webp\",\"width\":1920,\"height\":400},{\"@type\":\"BreadcrumbList\",\"@id\":\"https:\/\/www.myportugalexperience.com\/blog\/casas-apartamentos-para-ferias-em-albufeira\/#breadcrumb\",\"itemListElement\":[{\"@type\":\"ListItem\",\"position\":1,\"name\":\"Home\",\"item\":\"https:\/\/www.myportugalexperience.com\/blog\/\"},{\"@type\":\"ListItem\",\"position\":2,\"name\":\"Encontre casas e apartamentos para f\u00e9rias em Albufeira\"}]},{\"@type\":\"WebSite\",\"@id\":\"https:\/\/www.myportugalexperience.com\/blog\/#website\",\"url\":\"https:\/\/www.myportugalexperience.com\/blog\/\",\"name\":\"Blog\",\"description\":\"OC VILLAS\",\"potentialAction\":[{\"@type\":\"SearchAction\",\"target\":{\"@type\":\"EntryPoint\",\"urlTemplate\":\"https:\/\/www.myportugalexperience.com\/blog\/?s={search_term_string}\"},\"query-input\":{\"@type\":\"PropertyValueSpecification\",\"valueRequired\":true,\"valueName\":\"search_term_string\"}}],\"inLanguage\":\"pt\"}]}<\/script>\n<!-- \/ Yoast SEO plugin. -->","yoast_head_json":{"title":"Casas e apartamentos para f\u00e9rias em Albufeira | OC Villas","description":"Com o My Portugal Experience by OC Villas, pode desfrutar de uma viagem. Reserve connosco casas e apartamentos de f\u00e9rias em Albufeira.","robots":{"index":"index","follow":"follow","max-snippet":"max-snippet:-1","max-image-preview":"max-image-preview:large","max-video-preview":"max-video-preview:-1"},"canonical":"https:\/\/www.myportugalexperience.com\/blog\/casas-apartamentos-para-ferias-em-albufeira\/","og_locale":"pt_PT","og_type":"article","og_title":"Casas e apartamentos para f\u00e9rias em Albufeira | OC Villas","og_description":"Com o My Portugal Experience by OC Villas, pode desfrutar de uma viagem. Reserve connosco casas e apartamentos de f\u00e9rias em Albufeira.","og_url":"https:\/\/www.myportugalexperience.com\/blog\/casas-apartamentos-para-ferias-em-albufeira\/","og_site_name":"Blog","article_modified_time":"2026-03-20T11:58:44+00:00","og_image":[{"width":1920,"height":400,"url":"https:\/\/www.myportugalexperience.com\/blog\/wp-content\/uploads\/2025\/07\/albufeira-tourist-information-5.webp","type":"image\/webp"}],"twitter_card":"summary_large_image","twitter_misc":{"Est. reading time":"7 minutes"},"schema":{"@context":"https:\/\/schema.org","@graph":[{"@type":"WebPage","@id":"https:\/\/www.myportugalexperience.com\/blog\/casas-apartamentos-para-ferias-em-albufeira\/","url":"https:\/\/www.myportugalexperience.com\/blog\/casas-apartamentos-para-ferias-em-albufeira\/","name":"Casas e apartamentos para f\u00e9rias em Albufeira | OC Villas","isPartOf":{"@id":"https:\/\/www.myportugalexperience.com\/blog\/#website"},"primaryImageOfPage":{"@id":"https:\/\/www.myportugalexperience.com\/blog\/casas-apartamentos-para-ferias-em-albufeira\/#primaryimage"},"image":{"@id":"https:\/\/www.myportugalexperience.com\/blog\/casas-apartamentos-para-ferias-em-albufeira\/#primaryimage"},"thumbnailUrl":"https:\/\/www.myportugalexperience.com\/blog\/wp-content\/uploads\/2025\/07\/albufeira-tourist-information-5.webp","datePublished":"2026-03-10T09:29:49+00:00","dateModified":"2026-03-20T11:58:44+00:00","description":"Com o My Portugal Experience by OC Villas, pode desfrutar de uma viagem. Reserve connosco casas e apartamentos de f\u00e9rias em Albufeira.","breadcrumb":{"@id":"https:\/\/www.myportugalexperience.com\/blog\/casas-apartamentos-para-ferias-em-albufeira\/#breadcrumb"},"inLanguage":"pt","potentialAction":[{"@type":"ReadAction","target":["https:\/\/www.myportugalexperience.com\/blog\/casas-apartamentos-para-ferias-em-albufeira\/"]}]},{"@type":"ImageObject","inLanguage":"pt","@id":"https:\/\/www.myportugalexperience.com\/blog\/casas-apartamentos-para-ferias-em-albufeira\/#primaryimage","url":"https:\/\/www.myportugalexperience.com\/blog\/wp-content\/uploads\/2025\/07\/albufeira-tourist-information-5.webp","contentUrl":"https:\/\/www.myportugalexperience.com\/blog\/wp-content\/uploads\/2025\/07\/albufeira-tourist-information-5.webp","width":1920,"height":400},{"@type":"BreadcrumbList","@id":"https:\/\/www.myportugalexperience.com\/blog\/casas-apartamentos-para-ferias-em-albufeira\/#breadcrumb","itemListElement":[{"@type":"ListItem","position":1,"name":"Home","item":"https:\/\/www.myportugalexperience.com\/blog\/"},{"@type":"ListItem","position":2,"name":"Encontre casas e apartamentos para f\u00e9rias em Albufeira"}]},{"@type":"WebSite","@id":"https:\/\/www.myportugalexperience.com\/blog\/#website","url":"https:\/\/www.myportugalexperience.com\/blog\/","name":"Blog","description":"OC VILLAS","potentialAction":[{"@type":"SearchAction","target":{"@type":"EntryPoint","urlTemplate":"https:\/\/www.myportugalexperience.com\/blog\/?s={search_term_string}"},"query-input":{"@type":"PropertyValueSpecification","valueRequired":true,"valueName":"search_term_string"}}],"inLanguage":"pt"}]}},"_links":{"self":[{"href":"https:\/\/www.myportugalexperience.com\/blog\/wp-json\/wp\/v2\/pages\/2677","targetHints":{"allow":["GET"]}}],"collection":[{"href":"https:\/\/www.myportugalexperience.com\/blog\/wp-json\/wp\/v2\/pages"}],"about":[{"href":"https:\/\/www.myportugalexperience.com\/blog\/wp-json\/wp\/v2\/types\/page"}],"author":[{"embeddable":true,"href":"https:\/\/www.myportugalexperience.com\/blog\/wp-json\/wp\/v2\/users\/3"}],"replies":[{"embeddable":true,"href":"https:\/\/www.myportugalexperience.com\/blog\/wp-json\/wp\/v2\/comments?post=2677"}],"version-history":[{"count":28,"href":"https:\/\/www.myportugalexperience.com\/blog\/wp-json\/wp\/v2\/pages\/2677\/revisions"}],"predecessor-version":[{"id":2872,"href":"https:\/\/www.myportugalexperience.com\/blog\/wp-json\/wp\/v2\/pages\/2677\/revisions\/2872"}],"wp:featuredmedia":[{"embeddable":true,"href":"https:\/\/www.myportugalexperience.com\/blog\/wp-json\/wp\/v2\/media\/612"}],"wp:attachment":[{"href":"https:\/\/www.myportugalexperience.com\/blog\/wp-json\/wp\/v2\/media?parent=2677"}],"curies":[{"name":"wp","href":"https:\/\/api.w.org\/{rel}","templated":true}]}}