{"id":661,"date":"2025-07-07T13:11:27","date_gmt":"2025-07-07T13:11:27","guid":{"rendered":"https:\/\/www.myportugalexperience.com\/blog\/?page_id=661"},"modified":"2026-03-10T12:36:39","modified_gmt":"2026-03-10T12:36:39","slug":"informacoes-sobre-o-algarve","status":"publish","type":"page","link":"https:\/\/www.myportugalexperience.com\/blog\/","title":{"rendered":"Turismo em Albufeira\u200b"},"content":{"rendered":"\t\t<div data-elementor-type=\"wp-page\" data-elementor-id=\"661\" class=\"elementor elementor-661\" data-elementor-post-type=\"page\">\n\t\t\t\t<div class=\"elementor-element elementor-element-10fe17de e-con-full e-flex e-con e-parent\" data-id=\"10fe17de\" data-element_type=\"container\" data-e-type=\"container\">\n\t\t<div class=\"elementor-element elementor-element-e16a64f e-con-full e-flex e-con e-child\" data-id=\"e16a64f\" data-element_type=\"container\" data-e-type=\"container\">\n\t\t<div class=\"elementor-element elementor-element-ae90f3d e-con-full e-flex e-con e-child\" data-id=\"ae90f3d\" data-element_type=\"container\" data-e-type=\"container\" data-settings=\"{&quot;background_background&quot;:&quot;classic&quot;}\">\n\t\t<div class=\"elementor-element elementor-element-96fbdda e-flex e-con-boxed e-con e-child\" data-id=\"96fbdda\" data-element_type=\"container\" data-e-type=\"container\">\n\t\t\t\t\t<div class=\"e-con-inner\">\n\t\t<div class=\"elementor-element elementor-element-be0063e e-con-full e-flex e-con e-child\" data-id=\"be0063e\" data-element_type=\"container\" data-e-type=\"container\">\n\t\t\t\t<div class=\"elementor-element elementor-element-9a31b11 elementor-widget elementor-widget-heading\" data-id=\"9a31b11\" data-element_type=\"widget\" data-e-type=\"widget\" data-widget_type=\"heading.default\">\n\t\t\t\t<div class=\"elementor-widget-container\">\n\t\t\t\t\t<h1 class=\"elementor-heading-title elementor-size-default\">Turismo em Albufeira\n<\/h1>\t\t\t\t<\/div>\n\t\t\t\t<\/div>\n\t\t\t\t<div class=\"elementor-element elementor-element-924d1c6 elementor-widget elementor-widget-heading\" data-id=\"924d1c6\" data-element_type=\"widget\" data-e-type=\"widget\" data-widget_type=\"heading.default\">\n\t\t\t\t<div class=\"elementor-widget-container\">\n\t\t\t\t\t<p class=\"elementor-heading-title elementor-size-default\">Informa\u00e7\u00f5es sobre o Algarve\n<\/p>\t\t\t\t<\/div>\n\t\t\t\t<\/div>\n\t\t\t\t<div class=\"elementor-element elementor-element-9fa5e52 elementor-widget elementor-widget-text-editor\" data-id=\"9fa5e52\" data-element_type=\"widget\" data-e-type=\"widget\" data-widget_type=\"text-editor.default\">\n\t\t\t\t<div class=\"elementor-widget-container\">\n\t\t\t\t\t\t\t\t\t<p>Utiliza as nossas guias de turismo em Albufeira e Algarve para come\u00e7ar a planear a sua viagem ao sul de Portugal.<\/p>\t\t\t\t\t\t\t\t<\/div>\n\t\t\t\t<\/div>\n\t\t\t\t<\/div>\n\t\t\t\t\t<\/div>\n\t\t\t\t<\/div>\n\t\t\t\t<\/div>\n\t\t\t\t<\/div>\n\t\t\t\t<\/div>\n\t\t<div class=\"elementor-element elementor-element-531e547 e-con-full e-flex e-con e-parent\" data-id=\"531e547\" data-element_type=\"container\" data-e-type=\"container\">\n\t\t\t\t<div class=\"elementor-element elementor-element-304b093 e-n-tabs-none elementor-widget__width-inherit elementor-widget elementor-widget-n-tabs\" data-id=\"304b093\" data-element_type=\"widget\" data-e-type=\"widget\" data-settings=\"{&quot;tabs_justify_horizontal_mobile&quot;:&quot;center&quot;,&quot;horizontal_scroll_mobile&quot;:&quot;enable&quot;,&quot;horizontal_scroll&quot;:&quot;disable&quot;}\" data-widget_type=\"nested-tabs.default\">\n\t\t\t\t<div class=\"elementor-widget-container\">\n\t\t\t\t\t\t\t<div class=\"e-n-tabs\" data-widget-number=\"50638995\" aria-label=\"Tabs. Open items with Enter or Space, close with Escape and navigate using the Arrow keys.\">\n\t\t\t<div class=\"e-n-tabs-heading\" role=\"tablist\">\n\t\t\t\t\t<button id=\"e-n-tab-title-506389951\" data-tab-title-id=\"e-n-tab-title-506389951\" class=\"e-n-tab-title\" aria-selected=\"true\" data-tab-index=\"1\" role=\"tab\" tabindex=\"0\" aria-controls=\"e-n-tab-content-506389951\" style=\"--n-tabs-title-order: 1;\">\n\t\t\t\t\t\t<span class=\"e-n-tab-title-text\">\n\t\t\t\tALBUFEIRA\t\t\t<\/span>\n\t\t<\/button>\n\t\t\t\t<button id=\"e-n-tab-title-506389952\" data-tab-title-id=\"e-n-tab-title-506389952\" class=\"e-n-tab-title\" aria-selected=\"false\" data-tab-index=\"2\" role=\"tab\" tabindex=\"-1\" aria-controls=\"e-n-tab-content-506389952\" style=\"--n-tabs-title-order: 2;\">\n\t\t\t\t\t\t<span class=\"e-n-tab-title-text\">\n\t\t\t\tALGARVE\t\t\t<\/span>\n\t\t<\/button>\n\t\t\t\t<button id=\"e-n-tab-title-506389953\" data-tab-title-id=\"e-n-tab-title-506389953\" class=\"e-n-tab-title\" aria-selected=\"false\" data-tab-index=\"3\" role=\"tab\" tabindex=\"-1\" aria-controls=\"e-n-tab-content-506389953\" style=\"--n-tabs-title-order: 3;\">\n\t\t\t\t\t\t<span class=\"e-n-tab-title-text\">\n\t\t\t\tEXTRA\t\t\t<\/span>\n\t\t<\/button>\n\t\t\t\t\t<\/div>\n\t\t\t<div class=\"e-n-tabs-content\">\n\t\t\t\t<div id=\"e-n-tab-content-506389951\" role=\"tabpanel\" aria-labelledby=\"e-n-tab-title-506389951\" data-tab-index=\"1\" style=\"--n-tabs-title-order: 1;\" class=\"e-active elementor-element elementor-element-4116031 e-flex e-con-boxed e-con e-child\" data-id=\"4116031\" data-element_type=\"container\" data-e-type=\"container\">\n\t\t\t\t\t<div class=\"e-con-inner\">\n\t\t\t\t<div class=\"elementor-element elementor-element-5874508d elementor-grid-3 elementor-grid-tablet-2 elementor-grid-mobile-1 elementor-posts--thumbnail-top load-more-align-center elementor-widget elementor-widget-posts\" data-id=\"5874508d\" data-element_type=\"widget\" data-e-type=\"widget\" data-settings=\"{&quot;pagination_type&quot;:&quot;load_more_on_click&quot;,&quot;classic_row_gap&quot;:{&quot;unit&quot;:&quot;px&quot;,&quot;size&quot;:50,&quot;sizes&quot;:[]},&quot;classic_columns&quot;:&quot;3&quot;,&quot;classic_columns_tablet&quot;:&quot;2&quot;,&quot;classic_columns_mobile&quot;:&quot;1&quot;,&quot;classic_row_gap_tablet&quot;:{&quot;unit&quot;:&quot;px&quot;,&quot;size&quot;:&quot;&quot;,&quot;sizes&quot;:[]},&quot;classic_row_gap_mobile&quot;:{&quot;unit&quot;:&quot;px&quot;,&quot;size&quot;:&quot;&quot;,&quot;sizes&quot;:[]},&quot;load_more_spinner&quot;:{&quot;value&quot;:&quot;fas fa-spinner&quot;,&quot;library&quot;:&quot;fa-solid&quot;}}\" data-widget_type=\"posts.classic\">\n\t\t\t\t<div class=\"elementor-widget-container\">\n\t\t\t\t\t\t\t<div class=\"elementor-posts-container elementor-posts elementor-posts--skin-classic elementor-grid\" role=\"list\">\n\t\t\t\t<article class=\"elementor-post elementor-grid-item post-2973 post type-post status-publish format-standard has-post-thumbnail hentry category-albufeira-2\" role=\"listitem\">\n\t\t\t\t<a class=\"elementor-post__thumbnail__link\" href=\"https:\/\/www.myportugalexperience.com\/blog\/albufeira-criancas-guia-familiar\/\" tabindex=\"-1\" >\n\t\t\t<div class=\"elementor-post__thumbnail\"><img fetchpriority=\"high\" decoding=\"async\" width=\"724\" height=\"407\" src=\"https:\/\/www.myportugalexperience.com\/blog\/wp-content\/uploads\/2026\/04\/Albufeira-with-kids.jpg\" class=\"attachment-full size-full wp-image-2921\" alt=\"Albufeira-with-kids.jpg\" srcset=\"https:\/\/www.myportugalexperience.com\/blog\/wp-content\/uploads\/2026\/04\/Albufeira-with-kids.jpg 724w, https:\/\/www.myportugalexperience.com\/blog\/wp-content\/uploads\/2026\/04\/Albufeira-with-kids-300x169.jpg 300w\" sizes=\"(max-width: 724px) 100vw, 724px\" \/><\/div>\n\t\t<\/a>\n\t\t\t\t<div class=\"elementor-post__text\">\n\t\t\t\t<h3 class=\"elementor-post__title\">\n\t\t\t<a href=\"https:\/\/www.myportugalexperience.com\/blog\/albufeira-criancas-guia-familiar\/\" >\n\t\t\t\tO Que Fazer em Albufeira com Crian\u00e7as: Um Guia Pr\u00e1tico para Fam\u00edlias\t\t\t<\/a>\n\t\t<\/h3>\n\t\t\t\t<\/div>\n\t\t\t\t<\/article>\n\t\t\t\t<article class=\"elementor-post elementor-grid-item post-2031 post type-post status-publish format-standard has-post-thumbnail hentry category-albufeira-2\" role=\"listitem\">\n\t\t\t\t<a class=\"elementor-post__thumbnail__link\" href=\"https:\/\/www.myportugalexperience.com\/blog\/campos-golfe-albufeira\/\" tabindex=\"-1\" >\n\t\t\t<div class=\"elementor-post__thumbnail\"><img decoding=\"async\" width=\"1254\" height=\"705\" src=\"https:\/\/www.myportugalexperience.com\/blog\/wp-content\/uploads\/2025\/12\/golf-algarve.jpg\" class=\"attachment-full size-full wp-image-1899\" alt=\"golf-algarve.jpg\" srcset=\"https:\/\/www.myportugalexperience.com\/blog\/wp-content\/uploads\/2025\/12\/golf-algarve.jpg 1254w, https:\/\/www.myportugalexperience.com\/blog\/wp-content\/uploads\/2025\/12\/golf-algarve-300x169.jpg 300w, https:\/\/www.myportugalexperience.com\/blog\/wp-content\/uploads\/2025\/12\/golf-algarve-1024x576.jpg 1024w, https:\/\/www.myportugalexperience.com\/blog\/wp-content\/uploads\/2025\/12\/golf-algarve-768x432.jpg 768w\" sizes=\"(max-width: 1254px) 100vw, 1254px\" \/><\/div>\n\t\t<\/a>\n\t\t\t\t<div class=\"elementor-post__text\">\n\t\t\t\t<h3 class=\"elementor-post__title\">\n\t\t\t<a href=\"https:\/\/www.myportugalexperience.com\/blog\/campos-golfe-albufeira\/\" >\n\t\t\t\tOs Melhores Campos de Golfe Perto de Albufeira para Golfistas de F\u00e9rias\t\t\t<\/a>\n\t\t<\/h3>\n\t\t\t\t<\/div>\n\t\t\t\t<\/article>\n\t\t\t\t<article class=\"elementor-post elementor-grid-item post-1882 post type-post status-publish format-standard has-post-thumbnail hentry category-albufeira-2 category-algarve\" role=\"listitem\">\n\t\t\t\t<a class=\"elementor-post__thumbnail__link\" href=\"https:\/\/www.myportugalexperience.com\/blog\/castelo-paderne\/\" tabindex=\"-1\" >\n\t\t\t<div class=\"elementor-post__thumbnail\"><img decoding=\"async\" width=\"680\" height=\"510\" src=\"https:\/\/www.myportugalexperience.com\/blog\/wp-content\/uploads\/2025\/11\/Castillo-de-Paderne-algarve.webp\" class=\"attachment-full size-full wp-image-1574\" alt=\"\" srcset=\"https:\/\/www.myportugalexperience.com\/blog\/wp-content\/uploads\/2025\/11\/Castillo-de-Paderne-algarve.webp 680w, https:\/\/www.myportugalexperience.com\/blog\/wp-content\/uploads\/2025\/11\/Castillo-de-Paderne-algarve-300x225.webp 300w\" sizes=\"(max-width: 680px) 100vw, 680px\" \/><\/div>\n\t\t<\/a>\n\t\t\t\t<div class=\"elementor-post__text\">\n\t\t\t\t<h3 class=\"elementor-post__title\">\n\t\t\t<a href=\"https:\/\/www.myportugalexperience.com\/blog\/castelo-paderne\/\" >\n\t\t\t\tUma Viagem ao Castelo de Paderne: desvendando o passado mouro de Portugal\t\t\t<\/a>\n\t\t<\/h3>\n\t\t\t\t<\/div>\n\t\t\t\t<\/article>\n\t\t\t\t<article class=\"elementor-post elementor-grid-item post-1563 post type-post status-publish format-standard has-post-thumbnail hentry category-albufeira-2\" role=\"listitem\">\n\t\t\t\t<a class=\"elementor-post__thumbnail__link\" href=\"https:\/\/www.myportugalexperience.com\/blog\/albufeira-centro-historico\/\" tabindex=\"-1\" >\n\t\t\t<div class=\"elementor-post__thumbnail\"><img loading=\"lazy\" decoding=\"async\" width=\"1183\" height=\"844\" src=\"https:\/\/www.myportugalexperience.com\/blog\/wp-content\/uploads\/2025\/10\/Albufera-old-town.jpg\" class=\"attachment-full size-full wp-image-1457\" alt=\"Albufera-old-town.jpg\" srcset=\"https:\/\/www.myportugalexperience.com\/blog\/wp-content\/uploads\/2025\/10\/Albufera-old-town.jpg 1183w, https:\/\/www.myportugalexperience.com\/blog\/wp-content\/uploads\/2025\/10\/Albufera-old-town-300x214.jpg 300w, https:\/\/www.myportugalexperience.com\/blog\/wp-content\/uploads\/2025\/10\/Albufera-old-town-1024x731.jpg 1024w, https:\/\/www.myportugalexperience.com\/blog\/wp-content\/uploads\/2025\/10\/Albufera-old-town-768x548.jpg 768w\" sizes=\"(max-width: 1183px) 100vw, 1183px\" \/><\/div>\n\t\t<\/a>\n\t\t\t\t<div class=\"elementor-post__text\">\n\t\t\t\t<h3 class=\"elementor-post__title\">\n\t\t\t<a href=\"https:\/\/www.myportugalexperience.com\/blog\/albufeira-centro-historico\/\" >\n\t\t\t\tAlbufeira, centro hist\u00f3rico: o cora\u00e7\u00e3o hist\u00f3rico do Algarve\t\t\t<\/a>\n\t\t<\/h3>\n\t\t\t\t<\/div>\n\t\t\t\t<\/article>\n\t\t\t\t<article class=\"elementor-post elementor-grid-item post-1444 post type-post status-publish format-standard has-post-thumbnail hentry category-albufeira-2\" role=\"listitem\">\n\t\t\t\t<a class=\"elementor-post__thumbnail__link\" href=\"https:\/\/www.myportugalexperience.com\/blog\/praia-da-gale\/\" tabindex=\"-1\" >\n\t\t\t<div class=\"elementor-post__thumbnail\"><img loading=\"lazy\" decoding=\"async\" width=\"1493\" height=\"858\" src=\"https:\/\/www.myportugalexperience.com\/blog\/wp-content\/uploads\/2025\/09\/Praia-da-Gale-Leste.jpg\" class=\"attachment-full size-full wp-image-1373\" alt=\"Praia-da-Gale-Leste.jpg\" srcset=\"https:\/\/www.myportugalexperience.com\/blog\/wp-content\/uploads\/2025\/09\/Praia-da-Gale-Leste.jpg 1493w, https:\/\/www.myportugalexperience.com\/blog\/wp-content\/uploads\/2025\/09\/Praia-da-Gale-Leste-300x172.jpg 300w, https:\/\/www.myportugalexperience.com\/blog\/wp-content\/uploads\/2025\/09\/Praia-da-Gale-Leste-1024x588.jpg 1024w, https:\/\/www.myportugalexperience.com\/blog\/wp-content\/uploads\/2025\/09\/Praia-da-Gale-Leste-768x441.jpg 768w\" sizes=\"(max-width: 1493px) 100vw, 1493px\" \/><\/div>\n\t\t<\/a>\n\t\t\t\t<div class=\"elementor-post__text\">\n\t\t\t\t<h3 class=\"elementor-post__title\">\n\t\t\t<a href=\"https:\/\/www.myportugalexperience.com\/blog\/praia-da-gale\/\" >\n\t\t\t\tTudo o que precisa de saber sobre a Praia da Gal\u00e9\t\t\t<\/a>\n\t\t<\/h3>\n\t\t\t\t<\/div>\n\t\t\t\t<\/article>\n\t\t\t\t<article class=\"elementor-post elementor-grid-item post-1247 post type-post status-publish format-standard has-post-thumbnail hentry category-albufeira-2\" role=\"listitem\">\n\t\t\t\t<a class=\"elementor-post__thumbnail__link\" href=\"https:\/\/www.myportugalexperience.com\/blog\/parques-aquaticos-albufeira\/\" tabindex=\"-1\" >\n\t\t\t<div class=\"elementor-post__thumbnail\"><img loading=\"lazy\" decoding=\"async\" width=\"1360\" height=\"1019\" src=\"https:\/\/www.myportugalexperience.com\/blog\/wp-content\/uploads\/2025\/08\/Aquashow-Park-Water-Park.webp\" class=\"attachment-full size-full wp-image-955\" alt=\"Aquashow-Park-Water-Park\" srcset=\"https:\/\/www.myportugalexperience.com\/blog\/wp-content\/uploads\/2025\/08\/Aquashow-Park-Water-Park.webp 1360w, https:\/\/www.myportugalexperience.com\/blog\/wp-content\/uploads\/2025\/08\/Aquashow-Park-Water-Park-300x225.webp 300w, https:\/\/www.myportugalexperience.com\/blog\/wp-content\/uploads\/2025\/08\/Aquashow-Park-Water-Park-1024x767.webp 1024w, https:\/\/www.myportugalexperience.com\/blog\/wp-content\/uploads\/2025\/08\/Aquashow-Park-Water-Park-768x575.webp 768w\" sizes=\"(max-width: 1360px) 100vw, 1360px\" \/><\/div>\n\t\t<\/a>\n\t\t\t\t<div class=\"elementor-post__text\">\n\t\t\t\t<h3 class=\"elementor-post__title\">\n\t\t\t<a href=\"https:\/\/www.myportugalexperience.com\/blog\/parques-aquaticos-albufeira\/\" >\n\t\t\t\tOs melhores parques aqu\u00e1ticos em Albufeira, Portugal (que n\u00e3o aborrecem os adultos)\t\t\t<\/a>\n\t\t<\/h3>\n\t\t\t\t<\/div>\n\t\t\t\t<\/article>\n\t\t\t\t<\/div>\n\t\t\t\t\t<span class=\"e-load-more-spinner\">\n\t\t\t\t<svg aria-hidden=\"true\" class=\"e-font-icon-svg e-fas-spinner\" viewBox=\"0 0 512 512\" xmlns=\"http:\/\/www.w3.org\/2000\/svg\"><path d=\"M304 48c0 26.51-21.49 48-48 48s-48-21.49-48-48 21.49-48 48-48 48 21.49 48 48zm-48 368c-26.51 0-48 21.49-48 48s21.49 48 48 48 48-21.49 48-48-21.49-48-48-48zm208-208c-26.51 0-48 21.49-48 48s21.49 48 48 48 48-21.49 48-48-21.49-48-48-48zM96 256c0-26.51-21.49-48-48-48S0 229.49 0 256s21.49 48 48 48 48-21.49 48-48zm12.922 99.078c-26.51 0-48 21.49-48 48s21.49 48 48 48 48-21.49 48-48c0-26.509-21.491-48-48-48zm294.156 0c-26.51 0-48 21.49-48 48s21.49 48 48 48 48-21.49 48-48c0-26.509-21.49-48-48-48zM108.922 60.922c-26.51 0-48 21.49-48 48s21.49 48 48 48 48-21.49 48-48-21.491-48-48-48z\"><\/path><\/svg>\t\t\t<\/span>\n\t\t\n\t\t\t\t<div class=\"e-load-more-anchor\" data-page=\"1\" data-max-page=\"4\" data-next-page=\"https:\/\/www.myportugalexperience.com\/blog\/wp-json\/wp\/v2\/pages\/661\/page\/2\/\"><\/div>\n\t\t\t\t<div class=\"elementor-button-wrapper\">\n\t\t\t<a class=\"elementor-button elementor-size-sm\" role=\"button\">\n\t\t\t\t\t\t<span class=\"elementor-button-content-wrapper\">\n\t\t\t\t\t\t\t\t\t<span class=\"elementor-button-text\">Carregar mais<\/span>\n\t\t\t\t\t<\/span>\n\t\t\t\t\t<\/a>\n\t\t<\/div>\n\t\t\t\t<div class=\"e-load-more-message\"><\/div>\n\t\t\t\t\t\t<\/div>\n\t\t\t\t<\/div>\n\t\t\t\t\t<\/div>\n\t\t\t\t<\/div>\n\t\t<div id=\"e-n-tab-content-506389952\" role=\"tabpanel\" aria-labelledby=\"e-n-tab-title-506389952\" data-tab-index=\"2\" style=\"--n-tabs-title-order: 2;\" class=\" elementor-element elementor-element-2cabf2b e-con-full e-flex e-con e-child\" data-id=\"2cabf2b\" data-element_type=\"container\" data-e-type=\"container\">\n\t\t\t\t<div class=\"elementor-element elementor-element-2413568 elementor-grid-3 elementor-grid-tablet-2 elementor-grid-mobile-1 elementor-posts--thumbnail-top load-more-align-center elementor-widget elementor-widget-posts\" data-id=\"2413568\" data-element_type=\"widget\" data-e-type=\"widget\" data-settings=\"{&quot;pagination_type&quot;:&quot;load_more_on_click&quot;,&quot;classic_row_gap&quot;:{&quot;unit&quot;:&quot;px&quot;,&quot;size&quot;:50,&quot;sizes&quot;:[]},&quot;classic_columns&quot;:&quot;3&quot;,&quot;classic_columns_tablet&quot;:&quot;2&quot;,&quot;classic_columns_mobile&quot;:&quot;1&quot;,&quot;classic_row_gap_tablet&quot;:{&quot;unit&quot;:&quot;px&quot;,&quot;size&quot;:&quot;&quot;,&quot;sizes&quot;:[]},&quot;classic_row_gap_mobile&quot;:{&quot;unit&quot;:&quot;px&quot;,&quot;size&quot;:&quot;&quot;,&quot;sizes&quot;:[]},&quot;load_more_spinner&quot;:{&quot;value&quot;:&quot;fas fa-spinner&quot;,&quot;library&quot;:&quot;fa-solid&quot;}}\" data-widget_type=\"posts.classic\">\n\t\t\t\t<div class=\"elementor-widget-container\">\n\t\t\t\t\t\t\t<div class=\"elementor-posts-container elementor-posts elementor-posts--skin-classic elementor-grid\" role=\"list\">\n\t\t\t\t<article class=\"elementor-post elementor-grid-item post-2913 post type-post status-publish format-standard has-post-thumbnail hentry category-algarve-2 category-extra-pt\" role=\"listitem\">\n\t\t\t\t<a class=\"elementor-post__thumbnail__link\" href=\"https:\/\/www.myportugalexperience.com\/blog\/algarve-praias\/\" tabindex=\"-1\" >\n\t\t\t<div class=\"elementor-post__thumbnail\"><img loading=\"lazy\" decoding=\"async\" width=\"1315\" height=\"739\" src=\"https:\/\/www.myportugalexperience.com\/blog\/wp-content\/uploads\/2026\/03\/beaches-in-Algarve.jpg\" class=\"attachment-full size-full wp-image-2784\" alt=\"\" srcset=\"https:\/\/www.myportugalexperience.com\/blog\/wp-content\/uploads\/2026\/03\/beaches-in-Algarve.jpg 1315w, https:\/\/www.myportugalexperience.com\/blog\/wp-content\/uploads\/2026\/03\/beaches-in-Algarve-300x169.jpg 300w, https:\/\/www.myportugalexperience.com\/blog\/wp-content\/uploads\/2026\/03\/beaches-in-Algarve-1024x575.jpg 1024w, https:\/\/www.myportugalexperience.com\/blog\/wp-content\/uploads\/2026\/03\/beaches-in-Algarve-768x432.jpg 768w\" sizes=\"(max-width: 1315px) 100vw, 1315px\" \/><\/div>\n\t\t<\/a>\n\t\t\t\t<div class=\"elementor-post__text\">\n\t\t\t\t<h3 class=\"elementor-post__title\">\n\t\t\t<a href=\"https:\/\/www.myportugalexperience.com\/blog\/algarve-praias\/\" >\n\t\t\t\tPraias do Algarve: O Seu Guia Completo da Costa\t\t\t<\/a>\n\t\t<\/h3>\n\t\t\t\t<\/div>\n\t\t\t\t<\/article>\n\t\t\t\t<article class=\"elementor-post elementor-grid-item post-2175 post type-post status-publish format-standard has-post-thumbnail hentry category-algarve-2\" role=\"listitem\">\n\t\t\t\t<a class=\"elementor-post__thumbnail__link\" href=\"https:\/\/www.myportugalexperience.com\/blog\/zoomarine-algarve-portugal\/\" tabindex=\"-1\" >\n\t\t\t<div class=\"elementor-post__thumbnail\"><img loading=\"lazy\" decoding=\"async\" width=\"1253\" height=\"705\" src=\"https:\/\/www.myportugalexperience.com\/blog\/wp-content\/uploads\/2026\/02\/Zoomarine-Algarve-Portugal-kids-1.jpg\" class=\"attachment-full size-full wp-image-2172\" alt=\"Zoomarine-Algarve-Portugal-kids\" srcset=\"https:\/\/www.myportugalexperience.com\/blog\/wp-content\/uploads\/2026\/02\/Zoomarine-Algarve-Portugal-kids-1.jpg 1253w, https:\/\/www.myportugalexperience.com\/blog\/wp-content\/uploads\/2026\/02\/Zoomarine-Algarve-Portugal-kids-1-300x169.jpg 300w, https:\/\/www.myportugalexperience.com\/blog\/wp-content\/uploads\/2026\/02\/Zoomarine-Algarve-Portugal-kids-1-1024x576.jpg 1024w, https:\/\/www.myportugalexperience.com\/blog\/wp-content\/uploads\/2026\/02\/Zoomarine-Algarve-Portugal-kids-1-768x432.jpg 768w\" sizes=\"(max-width: 1253px) 100vw, 1253px\" \/><\/div>\n\t\t<\/a>\n\t\t\t\t<div class=\"elementor-post__text\">\n\t\t\t\t<h3 class=\"elementor-post__title\">\n\t\t\t<a href=\"https:\/\/www.myportugalexperience.com\/blog\/zoomarine-algarve-portugal\/\" >\n\t\t\t\tUm guia local do Zoomarine Algarve Portugal e da zona de Albufeira\t\t\t<\/a>\n\t\t<\/h3>\n\t\t\t\t<\/div>\n\t\t\t\t<\/article>\n\t\t\t\t<article class=\"elementor-post elementor-grid-item post-2155 post type-post status-publish format-standard has-post-thumbnail hentry category-algarve-2 category-extra-pt\" role=\"listitem\">\n\t\t\t\t<a class=\"elementor-post__thumbnail__link\" href=\"https:\/\/www.myportugalexperience.com\/blog\/ponte-medieval-de-paderne\/\" tabindex=\"-1\" >\n\t\t\t<div class=\"elementor-post__thumbnail\"><img loading=\"lazy\" decoding=\"async\" width=\"680\" height=\"382\" src=\"https:\/\/www.myportugalexperience.com\/blog\/wp-content\/uploads\/2026\/01\/Ponte-medieval-Paderne.webp\" class=\"attachment-full size-full wp-image-2061\" alt=\"Ponte medieval Paderne\" srcset=\"https:\/\/www.myportugalexperience.com\/blog\/wp-content\/uploads\/2026\/01\/Ponte-medieval-Paderne.webp 680w, https:\/\/www.myportugalexperience.com\/blog\/wp-content\/uploads\/2026\/01\/Ponte-medieval-Paderne-300x169.webp 300w\" sizes=\"(max-width: 680px) 100vw, 680px\" \/><\/div>\n\t\t<\/a>\n\t\t\t\t<div class=\"elementor-post__text\">\n\t\t\t\t<h3 class=\"elementor-post__title\">\n\t\t\t<a href=\"https:\/\/www.myportugalexperience.com\/blog\/ponte-medieval-de-paderne\/\" >\n\t\t\t\tExplorar a Ponte Medieval de Paderne e o interior do Algarve\t\t\t<\/a>\n\t\t<\/h3>\n\t\t\t\t<\/div>\n\t\t\t\t<\/article>\n\t\t\t\t<article class=\"elementor-post elementor-grid-item post-837 post type-post status-publish format-standard has-post-thumbnail hentry category-algarve-2\" role=\"listitem\">\n\t\t\t\t<a class=\"elementor-post__thumbnail__link\" href=\"https:\/\/www.myportugalexperience.com\/blog\/que-fazer-algarve\/\" tabindex=\"-1\" >\n\t\t\t<div class=\"elementor-post__thumbnail\"><img loading=\"lazy\" decoding=\"async\" width=\"1254\" height=\"835\" src=\"https:\/\/www.myportugalexperience.com\/blog\/wp-content\/uploads\/2025\/07\/what-to-do-in-algarve.jpg\" class=\"attachment-full size-full wp-image-745\" alt=\"what-to-do-in-algarve.jpg\" srcset=\"https:\/\/www.myportugalexperience.com\/blog\/wp-content\/uploads\/2025\/07\/what-to-do-in-algarve.jpg 1254w, https:\/\/www.myportugalexperience.com\/blog\/wp-content\/uploads\/2025\/07\/what-to-do-in-algarve-300x200.jpg 300w, https:\/\/www.myportugalexperience.com\/blog\/wp-content\/uploads\/2025\/07\/what-to-do-in-algarve-1024x682.jpg 1024w, https:\/\/www.myportugalexperience.com\/blog\/wp-content\/uploads\/2025\/07\/what-to-do-in-algarve-768x511.jpg 768w\" sizes=\"(max-width: 1254px) 100vw, 1254px\" \/><\/div>\n\t\t<\/a>\n\t\t\t\t<div class=\"elementor-post__text\">\n\t\t\t\t<h3 class=\"elementor-post__title\">\n\t\t\t<a href=\"https:\/\/www.myportugalexperience.com\/blog\/que-fazer-algarve\/\" >\n\t\t\t\tO que fazer no Algarve se quiseres um pouco de tudo\t\t\t<\/a>\n\t\t<\/h3>\n\t\t\t\t<\/div>\n\t\t\t\t<\/article>\n\t\t\t\t<article class=\"elementor-post elementor-grid-item post-233 post type-post status-publish format-standard has-post-thumbnail hentry category-algarve-2\" role=\"listitem\">\n\t\t\t\t<a class=\"elementor-post__thumbnail__link\" href=\"https:\/\/www.myportugalexperience.com\/blog\/guia-para-umas-ferias-em-familia-no-algarve-inesqueciveis\/\" tabindex=\"-1\" >\n\t\t\t<div class=\"elementor-post__thumbnail\"><img loading=\"lazy\" decoding=\"async\" width=\"1280\" height=\"853\" src=\"https:\/\/www.myportugalexperience.com\/blog\/wp-content\/uploads\/2022\/03\/family-holidays-in-Algarve.jpg\" class=\"attachment-full size-full wp-image-230\" alt=\"family holidays in Algarve\" srcset=\"https:\/\/www.myportugalexperience.com\/blog\/wp-content\/uploads\/2022\/03\/family-holidays-in-Algarve.jpg 1280w, https:\/\/www.myportugalexperience.com\/blog\/wp-content\/uploads\/2022\/03\/family-holidays-in-Algarve-360x240.jpg 360w, https:\/\/www.myportugalexperience.com\/blog\/wp-content\/uploads\/2022\/03\/family-holidays-in-Algarve-768x512.jpg 768w\" sizes=\"(max-width: 1280px) 100vw, 1280px\" \/><\/div>\n\t\t<\/a>\n\t\t\t\t<div class=\"elementor-post__text\">\n\t\t\t\t<h3 class=\"elementor-post__title\">\n\t\t\t<a href=\"https:\/\/www.myportugalexperience.com\/blog\/guia-para-umas-ferias-em-familia-no-algarve-inesqueciveis\/\" >\n\t\t\t\tGuia para umas f\u00e9rias em fam\u00edlia no Algarve inesquec\u00edveis\t\t\t<\/a>\n\t\t<\/h3>\n\t\t\t\t<\/div>\n\t\t\t\t<\/article>\n\t\t\t\t<article class=\"elementor-post elementor-grid-item post-170 post type-post status-publish format-standard has-post-thumbnail hentry category-algarve-2\" role=\"listitem\">\n\t\t\t\t<a class=\"elementor-post__thumbnail__link\" href=\"https:\/\/www.myportugalexperience.com\/blog\/um-algarve-escondido-via-algarviana\/\" tabindex=\"-1\" >\n\t\t\t<div class=\"elementor-post__thumbnail\"><img loading=\"lazy\" decoding=\"async\" width=\"722\" height=\"413\" src=\"https:\/\/www.myportugalexperience.com\/blog\/wp-content\/uploads\/2020\/06\/algarve-escondido.jpeg\" class=\"attachment-full size-full wp-image-171\" alt=\"algarve escondido\" \/><\/div>\n\t\t<\/a>\n\t\t\t\t<div class=\"elementor-post__text\">\n\t\t\t\t<h3 class=\"elementor-post__title\">\n\t\t\t<a href=\"https:\/\/www.myportugalexperience.com\/blog\/um-algarve-escondido-via-algarviana\/\" >\n\t\t\t\tUm Algarve escondido: via algarviana\t\t\t<\/a>\n\t\t<\/h3>\n\t\t\t\t<\/div>\n\t\t\t\t<\/article>\n\t\t\t\t<\/div>\n\t\t\t\t\t<span class=\"e-load-more-spinner\">\n\t\t\t\t<svg aria-hidden=\"true\" class=\"e-font-icon-svg e-fas-spinner\" viewBox=\"0 0 512 512\" xmlns=\"http:\/\/www.w3.org\/2000\/svg\"><path d=\"M304 48c0 26.51-21.49 48-48 48s-48-21.49-48-48 21.49-48 48-48 48 21.49 48 48zm-48 368c-26.51 0-48 21.49-48 48s21.49 48 48 48 48-21.49 48-48-21.49-48-48-48zm208-208c-26.51 0-48 21.49-48 48s21.49 48 48 48 48-21.49 48-48-21.49-48-48-48zM96 256c0-26.51-21.49-48-48-48S0 229.49 0 256s21.49 48 48 48 48-21.49 48-48zm12.922 99.078c-26.51 0-48 21.49-48 48s21.49 48 48 48 48-21.49 48-48c0-26.509-21.491-48-48-48zm294.156 0c-26.51 0-48 21.49-48 48s21.49 48 48 48 48-21.49 48-48c0-26.509-21.49-48-48-48zM108.922 60.922c-26.51 0-48 21.49-48 48s21.49 48 48 48 48-21.49 48-48-21.491-48-48-48z\"><\/path><\/svg>\t\t\t<\/span>\n\t\t\n\t\t\t\t<div class=\"e-load-more-anchor\" data-page=\"1\" data-max-page=\"2\" data-next-page=\"https:\/\/www.myportugalexperience.com\/blog\/wp-json\/wp\/v2\/pages\/661\/page\/2\/\"><\/div>\n\t\t\t\t<div class=\"elementor-button-wrapper\">\n\t\t\t<a class=\"elementor-button elementor-size-sm\" role=\"button\">\n\t\t\t\t\t\t<span class=\"elementor-button-content-wrapper\">\n\t\t\t\t\t\t\t\t\t<span class=\"elementor-button-text\">Carregar mais<\/span>\n\t\t\t\t\t<\/span>\n\t\t\t\t\t<\/a>\n\t\t<\/div>\n\t\t\t\t<div class=\"e-load-more-message\"><\/div>\n\t\t\t\t\t\t<\/div>\n\t\t\t\t<\/div>\n\t\t\t\t<\/div>\n\t\t<div id=\"e-n-tab-content-506389953\" role=\"tabpanel\" aria-labelledby=\"e-n-tab-title-506389953\" data-tab-index=\"3\" style=\"--n-tabs-title-order: 3;\" class=\" elementor-element elementor-element-64a1d73 e-flex e-con-boxed e-con e-child\" data-id=\"64a1d73\" data-element_type=\"container\" data-e-type=\"container\">\n\t\t\t\t\t<div class=\"e-con-inner\">\n\t\t\t\t<div class=\"elementor-element elementor-element-3976283 elementor-grid-3 elementor-grid-tablet-2 elementor-grid-mobile-1 elementor-posts--thumbnail-top load-more-align-center elementor-widget elementor-widget-posts\" data-id=\"3976283\" data-element_type=\"widget\" data-e-type=\"widget\" data-settings=\"{&quot;pagination_type&quot;:&quot;load_more_on_click&quot;,&quot;classic_row_gap&quot;:{&quot;unit&quot;:&quot;px&quot;,&quot;size&quot;:50,&quot;sizes&quot;:[]},&quot;classic_columns&quot;:&quot;3&quot;,&quot;classic_columns_tablet&quot;:&quot;2&quot;,&quot;classic_columns_mobile&quot;:&quot;1&quot;,&quot;classic_row_gap_tablet&quot;:{&quot;unit&quot;:&quot;px&quot;,&quot;size&quot;:&quot;&quot;,&quot;sizes&quot;:[]},&quot;classic_row_gap_mobile&quot;:{&quot;unit&quot;:&quot;px&quot;,&quot;size&quot;:&quot;&quot;,&quot;sizes&quot;:[]},&quot;load_more_spinner&quot;:{&quot;value&quot;:&quot;fas fa-spinner&quot;,&quot;library&quot;:&quot;fa-solid&quot;}}\" data-widget_type=\"posts.classic\">\n\t\t\t\t<div class=\"elementor-widget-container\">\n\t\t\t\t\t\t\t<div class=\"elementor-posts-container elementor-posts elementor-posts--skin-classic elementor-grid\" role=\"list\">\n\t\t\t\t<article class=\"elementor-post elementor-grid-item post-2913 post type-post status-publish format-standard has-post-thumbnail hentry category-algarve-2 category-extra-pt\" role=\"listitem\">\n\t\t\t\t<a class=\"elementor-post__thumbnail__link\" href=\"https:\/\/www.myportugalexperience.com\/blog\/algarve-praias\/\" tabindex=\"-1\" >\n\t\t\t<div class=\"elementor-post__thumbnail\"><img loading=\"lazy\" decoding=\"async\" width=\"1315\" height=\"739\" src=\"https:\/\/www.myportugalexperience.com\/blog\/wp-content\/uploads\/2026\/03\/beaches-in-Algarve.jpg\" class=\"attachment-full size-full wp-image-2784\" alt=\"\" srcset=\"https:\/\/www.myportugalexperience.com\/blog\/wp-content\/uploads\/2026\/03\/beaches-in-Algarve.jpg 1315w, https:\/\/www.myportugalexperience.com\/blog\/wp-content\/uploads\/2026\/03\/beaches-in-Algarve-300x169.jpg 300w, https:\/\/www.myportugalexperience.com\/blog\/wp-content\/uploads\/2026\/03\/beaches-in-Algarve-1024x575.jpg 1024w, https:\/\/www.myportugalexperience.com\/blog\/wp-content\/uploads\/2026\/03\/beaches-in-Algarve-768x432.jpg 768w\" sizes=\"(max-width: 1315px) 100vw, 1315px\" \/><\/div>\n\t\t<\/a>\n\t\t\t\t<div class=\"elementor-post__text\">\n\t\t\t\t<h3 class=\"elementor-post__title\">\n\t\t\t<a href=\"https:\/\/www.myportugalexperience.com\/blog\/algarve-praias\/\" >\n\t\t\t\tPraias do Algarve: O Seu Guia Completo da Costa\t\t\t<\/a>\n\t\t<\/h3>\n\t\t\t\t<\/div>\n\t\t\t\t<\/article>\n\t\t\t\t<article class=\"elementor-post elementor-grid-item post-2155 post type-post status-publish format-standard has-post-thumbnail hentry category-algarve-2 category-extra-pt\" role=\"listitem\">\n\t\t\t\t<a class=\"elementor-post__thumbnail__link\" href=\"https:\/\/www.myportugalexperience.com\/blog\/ponte-medieval-de-paderne\/\" tabindex=\"-1\" >\n\t\t\t<div class=\"elementor-post__thumbnail\"><img loading=\"lazy\" decoding=\"async\" width=\"680\" height=\"382\" src=\"https:\/\/www.myportugalexperience.com\/blog\/wp-content\/uploads\/2026\/01\/Ponte-medieval-Paderne.webp\" class=\"attachment-full size-full wp-image-2061\" alt=\"Ponte medieval Paderne\" srcset=\"https:\/\/www.myportugalexperience.com\/blog\/wp-content\/uploads\/2026\/01\/Ponte-medieval-Paderne.webp 680w, https:\/\/www.myportugalexperience.com\/blog\/wp-content\/uploads\/2026\/01\/Ponte-medieval-Paderne-300x169.webp 300w\" sizes=\"(max-width: 680px) 100vw, 680px\" \/><\/div>\n\t\t<\/a>\n\t\t\t\t<div class=\"elementor-post__text\">\n\t\t\t\t<h3 class=\"elementor-post__title\">\n\t\t\t<a href=\"https:\/\/www.myportugalexperience.com\/blog\/ponte-medieval-de-paderne\/\" >\n\t\t\t\tExplorar a Ponte Medieval de Paderne e o interior do Algarve\t\t\t<\/a>\n\t\t<\/h3>\n\t\t\t\t<\/div>\n\t\t\t\t<\/article>\n\t\t\t\t<article class=\"elementor-post elementor-grid-item post-185 post type-post status-publish format-standard has-post-thumbnail hentry category-extra-pt\" role=\"listitem\">\n\t\t\t\t<a class=\"elementor-post__thumbnail__link\" href=\"https:\/\/www.myportugalexperience.com\/blog\/como-aproveitar-as-suas-ferias-de-verao-no-algarve-em-tempos-de-pandemia\/\" tabindex=\"-1\" >\n\t\t\t<div class=\"elementor-post__thumbnail\"><img loading=\"lazy\" decoding=\"async\" width=\"722\" height=\"413\" src=\"https:\/\/www.myportugalexperience.com\/blog\/wp-content\/uploads\/2020\/07\/ferias-no-algarve-em-tempo-de-pandemia.jpg\" class=\"attachment-full size-full wp-image-186\" alt=\"f\u00e9rias no algarve em tempo de pandemia\" \/><\/div>\n\t\t<\/a>\n\t\t\t\t<div class=\"elementor-post__text\">\n\t\t\t\t<h3 class=\"elementor-post__title\">\n\t\t\t<a href=\"https:\/\/www.myportugalexperience.com\/blog\/como-aproveitar-as-suas-ferias-de-verao-no-algarve-em-tempos-de-pandemia\/\" >\n\t\t\t\tComo aproveitar as suas f\u00e9rias de ver\u00e3o no Algarve em tempos de pandemia?\t\t\t<\/a>\n\t\t<\/h3>\n\t\t\t\t<\/div>\n\t\t\t\t<\/article>\n\t\t\t\t<article class=\"elementor-post elementor-grid-item post-10 post type-post status-publish format-standard has-post-thumbnail hentry category-extra-pt\" role=\"listitem\">\n\t\t\t\t<a class=\"elementor-post__thumbnail__link\" href=\"https:\/\/www.myportugalexperience.com\/blog\/venha-de-ferias-com-a-confianca-de-encontrar-uma-casa-desinfetada\/\" tabindex=\"-1\" >\n\t\t\t<div class=\"elementor-post__thumbnail\"><img loading=\"lazy\" decoding=\"async\" width=\"737\" height=\"421\" src=\"https:\/\/www.myportugalexperience.com\/blog\/wp-content\/uploads\/2020\/05\/desinfecao-casas-de-ferias-covid19-1.jpg\" class=\"attachment-full size-full wp-image-20\" alt=\"desinfecao casas de ferias covid19\" \/><\/div>\n\t\t<\/a>\n\t\t\t\t<div class=\"elementor-post__text\">\n\t\t\t\t<h3 class=\"elementor-post__title\">\n\t\t\t<a href=\"https:\/\/www.myportugalexperience.com\/blog\/venha-de-ferias-com-a-confianca-de-encontrar-uma-casa-desinfetada\/\" >\n\t\t\t\tVenha de f\u00e9rias com a confian\u00e7a de encontrar uma casa desinfetada!\t\t\t<\/a>\n\t\t<\/h3>\n\t\t\t\t<\/div>\n\t\t\t\t<\/article>\n\t\t\t\t<\/div>\n\t\t\t\t\t<span class=\"e-load-more-spinner\">\n\t\t\t\t<svg aria-hidden=\"true\" class=\"e-font-icon-svg e-fas-spinner\" viewBox=\"0 0 512 512\" xmlns=\"http:\/\/www.w3.org\/2000\/svg\"><path d=\"M304 48c0 26.51-21.49 48-48 48s-48-21.49-48-48 21.49-48 48-48 48 21.49 48 48zm-48 368c-26.51 0-48 21.49-48 48s21.49 48 48 48 48-21.49 48-48-21.49-48-48-48zm208-208c-26.51 0-48 21.49-48 48s21.49 48 48 48 48-21.49 48-48-21.49-48-48-48zM96 256c0-26.51-21.49-48-48-48S0 229.49 0 256s21.49 48 48 48 48-21.49 48-48zm12.922 99.078c-26.51 0-48 21.49-48 48s21.49 48 48 48 48-21.49 48-48c0-26.509-21.491-48-48-48zm294.156 0c-26.51 0-48 21.49-48 48s21.49 48 48 48 48-21.49 48-48c0-26.509-21.49-48-48-48zM108.922 60.922c-26.51 0-48 21.49-48 48s21.49 48 48 48 48-21.49 48-48-21.491-48-48-48z\"><\/path><\/svg>\t\t\t<\/span>\n\t\t\n\t\t\t\t\t\t<\/div>\n\t\t\t\t<\/div>\n\t\t\t\t\t<\/div>\n\t\t\t\t<\/div>\n\t\t\t\t\t<\/div>\n\t\t<\/div>\n\t\t\t\t\t\t<\/div>\n\t\t\t\t<\/div>\n\t\t\t\t<\/div>\n\t\t\t\t<\/div>\n\t\t","protected":false},"excerpt":{"rendered":"<p>Turismo em Albufeira Informa\u00e7\u00f5es sobre o Algarve Utiliza as nossas guias de turismo em Albufeira e Algarve para come\u00e7ar a planear a sua viagem ao<\/p>\n","protected":false},"author":3,"featured_media":616,"parent":0,"menu_order":0,"comment_status":"closed","ping_status":"closed","template":"","meta":{"footnotes":""},"class_list":["post-661","page","type-page","status-publish","has-post-thumbnail","hentry"],"yoast_head":"<!-- This site is optimized with the Yoast SEO plugin v26.5 - https:\/\/yoast.com\/wordpress\/plugins\/seo\/ -->\n<title>Turismo em Albufeira\u200b &amp; Algarve | OC Villas<\/title>\n<meta name=\"description\" content=\"Utiliza os nossos guias de turismo em Algarve e Albufeira para come\u00e7ares a planear a tua viagem ao sul de Portugal.\" \/>\n<meta name=\"robots\" content=\"index, follow, max-snippet:-1, max-image-preview:large, max-video-preview:-1\" \/>\n<link rel=\"canonical\" href=\"https:\/\/www.myportugalexperience.com\/blog\/\" \/>\n<meta property=\"og:locale\" content=\"pt_PT\" \/>\n<meta property=\"og:type\" content=\"article\" \/>\n<meta property=\"og:title\" content=\"Turismo em Albufeira\u200b &amp; Algarve | OC Villas\" \/>\n<meta property=\"og:description\" content=\"Utiliza os nossos guias de turismo em Algarve e Albufeira para come\u00e7ares a planear a tua viagem ao sul de Portugal.\" \/>\n<meta property=\"og:url\" content=\"https:\/\/www.myportugalexperience.com\/blog\/\" \/>\n<meta property=\"og:site_name\" content=\"Blog\" \/>\n<meta property=\"article:modified_time\" content=\"2026-03-10T12:36:39+00:00\" \/>\n<meta property=\"og:image\" content=\"https:\/\/www.myportugalexperience.com\/blog\/wp-content\/uploads\/2025\/07\/albufeira-tourist-information-4.webp\" \/>\n\t<meta property=\"og:image:width\" content=\"1920\" \/>\n\t<meta property=\"og:image:height\" content=\"400\" \/>\n\t<meta property=\"og:image:type\" content=\"image\/webp\" \/>\n<meta name=\"twitter:card\" content=\"summary_large_image\" \/>\n<meta name=\"twitter:label1\" content=\"Est. reading time\" \/>\n\t<meta name=\"twitter:data1\" content=\"8 minutes\" \/>\n<script type=\"application\/ld+json\" class=\"yoast-schema-graph\">{\"@context\":\"https:\/\/schema.org\",\"@graph\":[{\"@type\":\"WebPage\",\"@id\":\"https:\/\/www.myportugalexperience.com\/blog\/\",\"url\":\"https:\/\/www.myportugalexperience.com\/blog\/\",\"name\":\"Turismo em Albufeira\u200b & Algarve | OC Villas\",\"isPartOf\":{\"@id\":\"https:\/\/www.myportugalexperience.com\/blog\/#website\"},\"primaryImageOfPage\":{\"@id\":\"https:\/\/www.myportugalexperience.com\/blog\/#primaryimage\"},\"image\":{\"@id\":\"https:\/\/www.myportugalexperience.com\/blog\/#primaryimage\"},\"thumbnailUrl\":\"https:\/\/www.myportugalexperience.com\/blog\/wp-content\/uploads\/2025\/07\/albufeira-tourist-information-4.webp\",\"datePublished\":\"2025-07-07T13:11:27+00:00\",\"dateModified\":\"2026-03-10T12:36:39+00:00\",\"description\":\"Utiliza os nossos guias de turismo em Algarve e Albufeira para come\u00e7ares a planear a tua viagem ao sul de Portugal.\",\"breadcrumb\":{\"@id\":\"https:\/\/www.myportugalexperience.com\/blog\/#breadcrumb\"},\"inLanguage\":\"pt\",\"potentialAction\":[{\"@type\":\"ReadAction\",\"target\":[\"https:\/\/www.myportugalexperience.com\/blog\/\"]}]},{\"@type\":\"ImageObject\",\"inLanguage\":\"pt\",\"@id\":\"https:\/\/www.myportugalexperience.com\/blog\/#primaryimage\",\"url\":\"https:\/\/www.myportugalexperience.com\/blog\/wp-content\/uploads\/2025\/07\/albufeira-tourist-information-4.webp\",\"contentUrl\":\"https:\/\/www.myportugalexperience.com\/blog\/wp-content\/uploads\/2025\/07\/albufeira-tourist-information-4.webp\",\"width\":1920,\"height\":400},{\"@type\":\"BreadcrumbList\",\"@id\":\"https:\/\/www.myportugalexperience.com\/blog\/#breadcrumb\",\"itemListElement\":[{\"@type\":\"ListItem\",\"position\":1,\"name\":\"Home\",\"item\":\"https:\/\/www.myportugalexperience.com\/blog\/\"},{\"@type\":\"ListItem\",\"position\":2,\"name\":\"Turismo em Albufeira\u200b\"}]},{\"@type\":\"WebSite\",\"@id\":\"https:\/\/www.myportugalexperience.com\/blog\/#website\",\"url\":\"https:\/\/www.myportugalexperience.com\/blog\/\",\"name\":\"Blog\",\"description\":\"OC VILLAS\",\"potentialAction\":[{\"@type\":\"SearchAction\",\"target\":{\"@type\":\"EntryPoint\",\"urlTemplate\":\"https:\/\/www.myportugalexperience.com\/blog\/?s={search_term_string}\"},\"query-input\":{\"@type\":\"PropertyValueSpecification\",\"valueRequired\":true,\"valueName\":\"search_term_string\"}}],\"inLanguage\":\"pt\"}]}<\/script>\n<!-- \/ Yoast SEO plugin. -->","yoast_head_json":{"title":"Turismo em Albufeira\u200b & Algarve | OC Villas","description":"Utiliza os nossos guias de turismo em Algarve e Albufeira para come\u00e7ares a planear a tua viagem ao sul de Portugal.","robots":{"index":"index","follow":"follow","max-snippet":"max-snippet:-1","max-image-preview":"max-image-preview:large","max-video-preview":"max-video-preview:-1"},"canonical":"https:\/\/www.myportugalexperience.com\/blog\/","og_locale":"pt_PT","og_type":"article","og_title":"Turismo em Albufeira\u200b & Algarve | OC Villas","og_description":"Utiliza os nossos guias de turismo em Algarve e Albufeira para come\u00e7ares a planear a tua viagem ao sul de Portugal.","og_url":"https:\/\/www.myportugalexperience.com\/blog\/","og_site_name":"Blog","article_modified_time":"2026-03-10T12:36:39+00:00","og_image":[{"width":1920,"height":400,"url":"https:\/\/www.myportugalexperience.com\/blog\/wp-content\/uploads\/2025\/07\/albufeira-tourist-information-4.webp","type":"image\/webp"}],"twitter_card":"summary_large_image","twitter_misc":{"Est. reading time":"8 minutes"},"schema":{"@context":"https:\/\/schema.org","@graph":[{"@type":"WebPage","@id":"https:\/\/www.myportugalexperience.com\/blog\/","url":"https:\/\/www.myportugalexperience.com\/blog\/","name":"Turismo em Albufeira\u200b & Algarve | OC Villas","isPartOf":{"@id":"https:\/\/www.myportugalexperience.com\/blog\/#website"},"primaryImageOfPage":{"@id":"https:\/\/www.myportugalexperience.com\/blog\/#primaryimage"},"image":{"@id":"https:\/\/www.myportugalexperience.com\/blog\/#primaryimage"},"thumbnailUrl":"https:\/\/www.myportugalexperience.com\/blog\/wp-content\/uploads\/2025\/07\/albufeira-tourist-information-4.webp","datePublished":"2025-07-07T13:11:27+00:00","dateModified":"2026-03-10T12:36:39+00:00","description":"Utiliza os nossos guias de turismo em Algarve e Albufeira para come\u00e7ares a planear a tua viagem ao sul de Portugal.","breadcrumb":{"@id":"https:\/\/www.myportugalexperience.com\/blog\/#breadcrumb"},"inLanguage":"pt","potentialAction":[{"@type":"ReadAction","target":["https:\/\/www.myportugalexperience.com\/blog\/"]}]},{"@type":"ImageObject","inLanguage":"pt","@id":"https:\/\/www.myportugalexperience.com\/blog\/#primaryimage","url":"https:\/\/www.myportugalexperience.com\/blog\/wp-content\/uploads\/2025\/07\/albufeira-tourist-information-4.webp","contentUrl":"https:\/\/www.myportugalexperience.com\/blog\/wp-content\/uploads\/2025\/07\/albufeira-tourist-information-4.webp","width":1920,"height":400},{"@type":"BreadcrumbList","@id":"https:\/\/www.myportugalexperience.com\/blog\/#breadcrumb","itemListElement":[{"@type":"ListItem","position":1,"name":"Home","item":"https:\/\/www.myportugalexperience.com\/blog\/"},{"@type":"ListItem","position":2,"name":"Turismo em Albufeira\u200b"}]},{"@type":"WebSite","@id":"https:\/\/www.myportugalexperience.com\/blog\/#website","url":"https:\/\/www.myportugalexperience.com\/blog\/","name":"Blog","description":"OC VILLAS","potentialAction":[{"@type":"SearchAction","target":{"@type":"EntryPoint","urlTemplate":"https:\/\/www.myportugalexperience.com\/blog\/?s={search_term_string}"},"query-input":{"@type":"PropertyValueSpecification","valueRequired":true,"valueName":"search_term_string"}}],"inLanguage":"pt"}]}},"_links":{"self":[{"href":"https:\/\/www.myportugalexperience.com\/blog\/wp-json\/wp\/v2\/pages\/661","targetHints":{"allow":["GET"]}}],"collection":[{"href":"https:\/\/www.myportugalexperience.com\/blog\/wp-json\/wp\/v2\/pages"}],"about":[{"href":"https:\/\/www.myportugalexperience.com\/blog\/wp-json\/wp\/v2\/types\/page"}],"author":[{"embeddable":true,"href":"https:\/\/www.myportugalexperience.com\/blog\/wp-json\/wp\/v2\/users\/3"}],"replies":[{"embeddable":true,"href":"https:\/\/www.myportugalexperience.com\/blog\/wp-json\/wp\/v2\/comments?post=661"}],"version-history":[{"count":61,"href":"https:\/\/www.myportugalexperience.com\/blog\/wp-json\/wp\/v2\/pages\/661\/revisions"}],"predecessor-version":[{"id":2729,"href":"https:\/\/www.myportugalexperience.com\/blog\/wp-json\/wp\/v2\/pages\/661\/revisions\/2729"}],"wp:featuredmedia":[{"embeddable":true,"href":"https:\/\/www.myportugalexperience.com\/blog\/wp-json\/wp\/v2\/media\/616"}],"wp:attachment":[{"href":"https:\/\/www.myportugalexperience.com\/blog\/wp-json\/wp\/v2\/media?parent=661"}],"curies":[{"name":"wp","href":"https:\/\/api.w.org\/{rel}","templated":true}]}}